{"id":229,"date":"2022-04-25T14:19:42","date_gmt":"2022-04-25T14:19:42","guid":{"rendered":"https:\/\/suvremene-teme.vern.hr\/?page_id=229"},"modified":"2024-07-24T11:50:14","modified_gmt":"2024-07-24T11:50:14","slug":"recenzenti-2008-2019","status":"publish","type":"page","link":"https:\/\/suvremene-teme.vern.hr\/en\/recenzenti-2008-2019\/","title":{"rendered":"Reviewers 2008. - 2019."},"content":{"rendered":"<div class=\"translation-block\"><ul>\n\t<li>Babi\u0107, Zdenko, Institute of Economics, Zagreb<\/li>\n\t<li>Baccarini, Elvio, Faculty of Humanities and Social Sciences, Rijeka<\/li>\n\t<li>Baketa, Nikola, Faculty of Political Science, Zagreb<\/li>\n\t<li>Balabani\u0107, Ivan, Catholic university of Croatia, Zagreb<\/li>\n\t<li>Balog, Antal, Faculty of Evangelical Theology, Osijek<\/li>\n\t\n\t<li>Biland\u017ei\u0107, Mirko, Faculty of Humanities and Social Sciences, Zagreb<\/li>\n\t<li>Blagai\u0107 Bergman, Marina, Institute of Ethnology and Folklore Research, Zagreb<\/li>\n\t<li>Bouillet, Dejana, Faculty of Teacher Education, Zagreb<\/li>\n\t<li>Brankovi\u0107, Nina, Faculty of Political Science, Zagreb<\/li>\n\t<li>Brautovi\u0107, Mato, University of Dubrovnik<\/li>\n\t<li>Cipek, Tihomir, Faculty of Political Science, Zagreb<\/li>\n\t<li>\u010cepo, Dario, Faculty of Law, Zagreb<\/li>\n\t<li>\u010cular, Goran, Faculty of Political Science, Zagreb<\/li>\n\t<li>D\u017eihi\u0107, Vedran, University of Vienna<\/li>\n\t<li>Gali\u0107, Zvonimir, Faculty of Humanities and Social Sciences, Zagreb<\/li>\n\t<li>Had\u017ei\u0107, Slobodan, University North<\/li>\n\t<li>Jeli\u0107, Margareta, Faculty of Humanities and Social Sciences, Zagreb<\/li>\n\t<li>Jelin\u010di\u0107, Danijela, Institute for Development and International Relations, Zagreb<\/li>\n\t<li>Je\u017ei\u0107, Zoran, Faculty of Economics and Business, Rijeka<\/li>\n\t<li>Jovi\u0107, Dejan, Faculty of Political Science, Zagreb<\/li>\n\t<li>Kasapovi\u0107, Mirjana, Faculty of Political Science, Zagreb<\/li>\n\t<li>Ka\u0161i\u0107, Biljana, University of Zadar<\/li>\n\t<li>Katz, Vera, Institute for History, Sarajevo<\/li>\n\t<li>Knezovi\u0107, Sandro, Institute for Development and International Relations, Zagreb<\/li>\n\t<li>Kornfein, Iva, Institute for Development and International Relations, Zagreb<\/li>\n\t<li>Kos-Stani\u0161i\u0107, Lidija, Faculty of Political Science, Zagreb<\/li>\n\t<li>Kursar, Ton\u010di, Faculty of Political Science, Zagreb<\/li>\n\t<li>Lali\u0107, Dra\u017een, Faculty of Political Science, Zagreb<\/li>\n\t<li>Leburi\u0107, An\u010di, Faculty of Humanities and Social Sciences, Split<\/li>\n\t<li>Lu\u0161a, \u0110ana, Faculty of Political Science, Zagreb<\/li>\n\t<li>Majstorovi\u0107 Jedovnicki, Dunja, Faculty of Political Science, Zagreb<\/li>\n\t<li>Maldini, Pero, University of Dubrovnik<\/li>\n\t<li>Marinovi\u0107, Ankica, Institute for Social Research, Zagreb<\/li>\n\t<li>Marke\u0161i\u0107, Ivan, Institute of Social Sciences Ivo Pilar, Zagreb<\/li>\n\t<li>Markovinovi\u0107, Hrvoje, Faculty of Law, Zagreb<\/li>\n\t<li>Matan, Ana, Faculty of Political Science, Zagreb<\/li>\n\t<li>Mende\u0161, Ivona, Open Government Partnership, Zagreb<\/li>\n\t<li>Milardovi\u0107, An\u0111elko, Institute for Migration and Ethnic Studies, Zagreb<\/li>\n\t<li>Mrdulja\u0161, Sa\u0161a, Institute of Social Sciences Ivo Pilar, Split<\/li>\n\t<li>Munta, Mario, Faculty of Political Science, Zagreb<\/li>\n\t<li>Musladin, Marijana, University of Dubrovnik<\/li>\n\t<li>Nazor, Ante, Croatian Memorial Documentation Center of the Homeland War, Zagreb<\/li>\n\t<li>Pai\u0107, \u017darko, Faculty of Textile Technology, Zagreb<\/li>\n\t<li>Parma\u010d Kova\u010di\u0107, Maja, Faculty of Humanities and Social Sciences, Zagreb<\/li>\n\t<li>Paukovi\u0107, Davor, University of Dubrovnik<\/li>\n\t<li>Pavlakovi\u0107, Vjeran, Faculty of Humanities and Social Sciences, Rijeka<\/li>\n\t<li>Peri\u0161in, Tamara, Faculty of Law, Zagreb<\/li>\n\t<li>Picula, Bo\u0161ko, Dag Hammarskj\u00f6ld University College of International Relations and Diplomacy, Zagreb<\/li>\n\t<li>Pletenac, Tomislav, Faculty of Humanities and Social Sciences, Zagreb<\/li>\n\t<li>Podolnjak, Robert, Faculty of Law, Zagreb<\/li>\n\t<li>Pol\u0161ek, Darko, Faculty of Humanities and Social Sciences, Zagreb<\/li>\n\t<li>Popovi\u0107, Petar, DIU Libertas<\/li>\n\t<li>Puljiz, Vlado, Faculty of Law, Zagreb<\/li>\n\t<li>Ragu\u017e, Jak\u0161a, Croatian Institute of History, Zagreb<\/li>\n\t<li>Raos, Marinko, Ministry of Foreign and European Affairs, Zagreb<\/li>\n\t<li>Raos, Vi\u0161eslav, Faculty of Political Science, Zagreb<\/li>\n\t<li>Sahad\u017ei\u0107, Maja, Faculty of Law, Zenica<\/li>\n\t<li>\u0160alaj, Berto, Faculty of Political Science, Zagreb<\/li>\n\t<li>\u0160arenac, Danilo, Institute for Contemporary History, Belgrade<\/li>\n\t<li>\u0160elo \u0160abi\u0107, Senada, Institute for Development and International Relations, Zagreb<\/li>\n\t<li>\u0160imle\u0161a, Dra\u017een, Institute of Social Sciences Ivo Pilar, Zagreb<\/li>\n\t<li>\u0160irini\u0107, Danijela, Faculty of Political Science, Zagreb<\/li>\n\t<li>\u0160pehar, Hrvoje, Faculty of Political Science, Zagreb<\/li>\n\t<li>\u0160poljar Vr\u017eina, Sanja M., Institute of Social Sciences Ivo Pilar, Zagreb<\/li>\n\t<li>\u0160vob-\u0110oki\u0107, Nada, Institute for Development and International Relations, Zagreb<\/li>\n\t<li>Tatalovi\u0107, Sini\u0161a, Faculty of Political Science, Zagreb<\/li>\n\t<li>Tomai\u0107, Tatjana, Institute of Social Sciences Ivo Pilar, Pula<\/li>\n\t<li>Vardari-Kesler, Alma, University of Tel Aviv<\/li>\n\t<li>Vin\u0161\u0107ak, Tomo, Faculty of Humanities and Social Sciences, Zagreb?<\/li>\n\t<li>Zorko, Marta, Faculty of Political Science, Zagreb<\/li>\n\t<li>\u017dabkar, Anton, Faculty of Social Sciences, Ljubljana<\/li>\n\t<li>\u017ditinski, Maja, University of Dubrovnik<\/li>\n<\/ul><\/div>","protected":false},"excerpt":{"rendered":"<p>Babi\u0107, Zdenko, Ekonomski institut, Zagreb Baccarini, Elvio, Filozofski fakultet, Rijeka Baketa, Nikola, Fakultet politi\u010dkih znanosti, Zagreb Balabani\u0107, Ivan, Hrvatsko katoli\u010dko sveu\u010dili\u0161te, Zagreb Balog, Antal, Evan\u0111eoski teolo\u0161ki fakultet, Osijek Biland\u017ei\u0107, Mirko, Filozofski fakultet, Zagreb Blagai\u0107 Bergman, Marina, Institut za etnologiju i folkloristiku, Zagreb Bouillet, Dejana, U\u010diteljski fakultet, Zagreb Brankovi\u0107, Nina, Fakultet politi\u010dkih znanosti, Zagreb Brautovi\u0107, Mato,&#8230;<\/p>","protected":false},"author":6,"featured_media":0,"parent":0,"menu_order":0,"comment_status":"closed","ping_status":"closed","template":"","meta":{"_kad_post_transparent":"","_kad_post_title":"","_kad_post_layout":"","_kad_post_sidebar_id":"","_kad_post_content_style":"","_kad_post_vertical_padding":"","_kad_post_feature":"","_kad_post_feature_position":"","_kad_post_header":false,"_kad_post_footer":false,"_kad_post_classname":"","footnotes":""},"coauthors":[589],"class_list":["post-229","page","type-page","status-publish","hentry"],"_links":{"self":[{"href":"https:\/\/suvremene-teme.vern.hr\/en\/wp-json\/wp\/v2\/pages\/229","targetHints":{"allow":["GET"]}}],"collection":[{"href":"https:\/\/suvremene-teme.vern.hr\/en\/wp-json\/wp\/v2\/pages"}],"about":[{"href":"https:\/\/suvremene-teme.vern.hr\/en\/wp-json\/wp\/v2\/types\/page"}],"author":[{"embeddable":true,"href":"https:\/\/suvremene-teme.vern.hr\/en\/wp-json\/wp\/v2\/users\/6"}],"replies":[{"embeddable":true,"href":"https:\/\/suvremene-teme.vern.hr\/en\/wp-json\/wp\/v2\/comments?post=229"}],"version-history":[{"count":6,"href":"https:\/\/suvremene-teme.vern.hr\/en\/wp-json\/wp\/v2\/pages\/229\/revisions"}],"predecessor-version":[{"id":1378,"href":"https:\/\/suvremene-teme.vern.hr\/en\/wp-json\/wp\/v2\/pages\/229\/revisions\/1378"}],"wp:attachment":[{"href":"https:\/\/suvremene-teme.vern.hr\/en\/wp-json\/wp\/v2\/media?parent=229"}],"wp:term":[{"taxonomy":"author","embeddable":true,"href":"https:\/\/suvremene-teme.vern.hr\/en\/wp-json\/wp\/v2\/coauthors?post=229"}],"curies":[{"name":"wp","href":"https:\/\/api.w.org\/{rel}","templated":true}]}}