{"id":134,"date":"2022-04-25T09:45:50","date_gmt":"2022-04-25T09:45:50","guid":{"rendered":"https:\/\/suvremene-teme.vern.hr\/?page_id=134"},"modified":"2025-12-22T10:10:17","modified_gmt":"2025-12-22T10:10:17","slug":"posljednja-izdanja","status":"publish","type":"page","link":"https:\/\/suvremene-teme.vern.hr\/en\/posljednja-izdanja\/","title":{"rendered":"Latest issues"},"content":{"rendered":"<style>.kt-tabs-id_be5b32-5e > .kt-tabs-content-wrap > .wp-block-kadence-tab{border-top:4px solid #eeeeee;border-right:4px solid #eeeeee;border-bottom:4px solid #eeeeee;border-left:4px solid #eeeeee;border-top-left-radius:0px;border-top-right-radius:0px;border-bottom-right-radius:0px;border-bottom-left-radius:0px;padding-top:20px;padding-right:20px;padding-bottom:20px;padding-left:20px;min-height:400px;background:#ffffff;}.wp-block-kadence-tabs .kt-tabs-id_be5b32-5e > .kt-tabs-title-list li{margin-top:0px;margin-right:-4px;margin-bottom:10px;margin-left:0px;}.wp-block-kadence-tabs .kt-tabs-id_be5b32-5e > .kt-tabs-title-list li .kt-tab-title, .wp-block-kadence-tabs .kt-tabs-id_be5b32-5e > .kt-tabs-content-wrap > .kt-tabs-accordion-title .kt-tab-title{line-height:1.4em;font-weight:regular;font-style:normal;border-top-width:4px;border-right-width:0px;border-bottom-width:4px;border-left-width:4px;border-top-left-radius:10px;border-top-right-radius:0px;border-bottom-right-radius:0px;border-bottom-left-radius:10px;padding-top:12px;padding-right:8px;padding-bottom:12px;padding-left:20px;border-color:#eeeeee;color:#444444;background:#eeeeee;}.wp-block-kadence-tabs .kt-tabs-id_be5b32-5e > .kt-tabs-content-wrap > .kt-tabs-accordion-title .kt-tab-title{margin-top:0px;margin-right:-4px;margin-bottom:10px;margin-left:0px;}.wp-block-kadence-tabs .kt-tabs-id_be5b32-5e > .kt-tabs-title-list li .kt-tab-title:hover, .wp-block-kadence-tabs .kt-tabs-id_be5b32-5e > .kt-tabs-content-wrap > .kt-tabs-accordion-title .kt-tab-title:hover{border-color:#e9e9e9;color:#444444;background:#e9e9e9;}.wp-block-kadence-tabs .kt-tabs-id_be5b32-5e > .kt-tabs-title-list li.kt-tab-title-active .kt-tab-title, .wp-block-kadence-tabs .kt-tabs-id_be5b32-5e > .kt-tabs-content-wrap > .kt-tabs-accordion-title.kt-tab-title-active .kt-tab-title{border-color:#eeeeee;color:#444444;background:#ffffff;}@media all and (min-width: 1025px){.wp-block-kadence-tabs .kt-tabs-id_be5b32-5e{display:flex;}.wp-block-kadence-tabs .kt-tabs-id_be5b32-5e > .kt-tabs-title-list{float:none;width:30%;}.wp-block-kadence-tabs .kt-tabs-id_be5b32-5e > .kt-tabs-content-wrap{float:none;width:auto;-webkit-flex:1;flex:1;}}@media all and (max-width: 1024px){.kt-tabs-id_be5b32-5e > .kt-tabs-content-wrap > .wp-block-kadence-tab{border-top:4px solid #eeeeee;border-right:4px solid #eeeeee;border-bottom:4px solid #eeeeee;border-left:4px solid #eeeeee;}}@media all and (max-width: 767px){.kt-tabs-id_be5b32-5e > .kt-tabs-content-wrap > .wp-block-kadence-tab{border-top:4px solid #eeeeee;border-right:4px solid #eeeeee;border-bottom:4px solid #eeeeee;border-left:4px solid #eeeeee;}}<\/style>\n<div class=\"wp-block-kadence-tabs alignnone\"><div class=\"kt-tabs-wrap kt-tabs-id_be5b32-5e kt-tabs-has-17-tabs kt-active-tab-1 kt-tabs-layout-vtabs kt-tabs-tablet-layout-accordion kt-tabs-mobile-layout-accordion kt-tab-alignment-left kt-create-accordion\"><ul class=\"kt-tabs-title-list\"><li id=\"tab-suvremeneteme2025-2\" class=\"kt-title-item kt-title-item-1 kt-tabs-svg-show-always kt-tabs-icon-side-right kt-tab-title-active\"><a href=\"#tab-suvremeneteme2025-2\" data-tab=\"1\" class=\"kt-tab-title kt-tab-title-1\"><span class=\"kt-title-text\">Suvremene teme 2025 &#8211; 2<\/span><\/a><\/li><li id=\"tab-suvremeneteme2025\" class=\"kt-title-item kt-title-item-2 kt-tabs-svg-show-always kt-tabs-icon-side-right kt-tab-title-inactive\"><a href=\"#tab-suvremeneteme2025\" data-tab=\"2\" class=\"kt-tab-title kt-tab-title-2\"><span class=\"kt-title-text\">Suvremene teme 2025<\/span><\/a><\/li><li id=\"tab-suvremeneteme2024\" class=\"kt-title-item kt-title-item-3 kt-tabs-svg-show-always kt-tabs-icon-side-right kt-tab-title-inactive\"><a href=\"#tab-suvremeneteme2024\" data-tab=\"3\" class=\"kt-tab-title kt-tab-title-3\"><span class=\"kt-title-text\">Suvremene teme 2024<\/span><\/a><\/li><li id=\"tab-suvremeneteme2023\" class=\"kt-title-item kt-title-item-4 kt-tabs-svg-show-always kt-tabs-icon-side-right kt-tab-title-inactive\"><a href=\"#tab-suvremeneteme2023\" data-tab=\"4\" class=\"kt-tab-title kt-tab-title-4\"><span class=\"kt-title-text\">Contemporary Issues 2023<\/span><\/a><\/li><li id=\"tab-suvremeneteme2022\" class=\"kt-title-item kt-title-item-5 kt-tabs-svg-show-always kt-tabs-icon-side-right kt-tab-title-inactive\"><a href=\"#tab-suvremeneteme2022\" data-tab=\"5\" class=\"kt-tab-title kt-tab-title-5\"><span class=\"kt-title-text\">Suvremene teme 2022<\/span><\/a><\/li><li id=\"tab-suvremeneteme2021\" class=\"kt-title-item kt-title-item-6 kt-tabs-svg-show-always kt-tabs-icon-side-right kt-tab-title-inactive\"><a href=\"#tab-suvremeneteme2021\" data-tab=\"6\" class=\"kt-tab-title kt-tab-title-6\"><span class=\"kt-title-text\">Suvremene teme 2021 <\/span><\/a><\/li><li id=\"tab-suvremeneteme2020\" class=\"kt-title-item kt-title-item-7 kt-tabs-svg-show-always kt-tabs-icon-side-right kt-tab-title-inactive\"><a href=\"#tab-suvremeneteme2020\" data-tab=\"7\" class=\"kt-tab-title kt-tab-title-7\"><span class=\"kt-title-text\">Suvremene teme 2020<\/span><\/a><\/li><li id=\"tab-suvremeneteme2019\" class=\"kt-title-item kt-title-item-8 kt-tabs-svg-show-always kt-tabs-icon-side-right kt-tab-title-inactive\"><a href=\"#tab-suvremeneteme2019\" data-tab=\"8\" class=\"kt-tab-title kt-tab-title-8\"><span class=\"kt-title-text\">Suvremene teme 2019<\/span><\/a><\/li><li id=\"tab-suvremeneteme2018\" class=\"kt-title-item kt-title-item-9 kt-tabs-svg-show-always kt-tabs-icon-side-right kt-tab-title-inactive\"><a href=\"#tab-suvremeneteme2018\" data-tab=\"9\" class=\"kt-tab-title kt-tab-title-9\"><span class=\"kt-title-text\">Suvremene teme 2018<\/span><\/a><\/li><li id=\"tab-suvremeneteme2016\" class=\"kt-title-item kt-title-item-10 kt-tabs-svg-show-always kt-tabs-icon-side-right kt-tab-title-inactive\"><a href=\"#tab-suvremeneteme2016\" data-tab=\"10\" class=\"kt-tab-title kt-tab-title-10\"><span class=\"kt-title-text\">Suvremene teme 2016<\/span><\/a><\/li><li id=\"tab-suvremeneteme2014\" class=\"kt-title-item kt-title-item-11 kt-tabs-svg-show-always kt-tabs-icon-side-right kt-tab-title-inactive\"><a href=\"#tab-suvremeneteme2014\" data-tab=\"11\" class=\"kt-tab-title kt-tab-title-11\"><span class=\"kt-title-text\">Suvremene teme 2014<\/span><\/a><\/li><li id=\"tab-suvremeneteme2013\" class=\"kt-title-item kt-title-item-12 kt-tabs-svg-show-always kt-tabs-icon-side-right kt-tab-title-inactive\"><a href=\"#tab-suvremeneteme2013\" data-tab=\"12\" class=\"kt-tab-title kt-tab-title-12\"><span class=\"kt-title-text\">Suvremene teme 2013<\/span><\/a><\/li><li id=\"tab-suvremeneteme2012\" class=\"kt-title-item kt-title-item-13 kt-tabs-svg-show-always kt-tabs-icon-side-right kt-tab-title-inactive\"><a href=\"#tab-suvremeneteme2012\" data-tab=\"13\" class=\"kt-tab-title kt-tab-title-13\"><span class=\"kt-title-text\">Suvremene teme 2012<\/span><\/a><\/li><li id=\"tab-suvremeneteme2011\" class=\"kt-title-item kt-title-item-14 kt-tabs-svg-show-always kt-tabs-icon-side-right kt-tab-title-inactive\"><a href=\"#tab-suvremeneteme2011\" data-tab=\"14\" class=\"kt-tab-title kt-tab-title-14\"><span class=\"kt-title-text\">Suvremene teme 2011<\/span><\/a><\/li><li id=\"tab-suvremeneteme2010\" class=\"kt-title-item kt-title-item-15 kt-tabs-svg-show-always kt-tabs-icon-side-right kt-tab-title-inactive\"><a href=\"#tab-suvremeneteme2010\" data-tab=\"15\" class=\"kt-tab-title kt-tab-title-15\"><span class=\"kt-title-text\">Suvremene teme 2010<\/span><\/a><\/li><li id=\"tab-suvremeneteme2009\" class=\"kt-title-item kt-title-item-16 kt-tabs-svg-show-always kt-tabs-icon-side-right kt-tab-title-inactive\"><a href=\"#tab-suvremeneteme2009\" data-tab=\"16\" class=\"kt-tab-title kt-tab-title-16\"><span class=\"kt-title-text\">Suvremene teme 2009<\/span><\/a><\/li><li id=\"tab-suvremeneteme2008\" class=\"kt-title-item kt-title-item-17 kt-tabs-svg-show-always kt-tabs-icon-side-right kt-tab-title-inactive\"><a href=\"#tab-suvremeneteme2008\" data-tab=\"17\" class=\"kt-tab-title kt-tab-title-17\"><span class=\"kt-title-text\">Suvremene teme 2008<\/span><\/a><\/li><\/ul><div class=\"kt-tabs-content-wrap\">\n<div class=\"wp-block-kadence-tab kt-tab-inner-content kt-inner-tab-1 kt-inner-tab_57dc27-4a\"><div class=\"kt-tab-inner-content-inner\"><style>.kb-posts-id-_9ab64a-16 .kb-post-list-item{display:grid;}<\/style><ul class=\"wp-block-kadence-posts kb-posts kadence-posts-list kb-posts-id-_9ab64a-16 content-wrap grid-cols kb-posts-style-boxed grid-sm-col-2 grid-lg-col-2 item-image-style-above\"><li class=\"kb-post-list-item\">\n\t<article class=\"entry content-bg loop-entry post-1526 post type-post status-publish format-standard hentry category-2025-2\">\n\t\t\t\t<div class=\"entry-content-wrap\">\n\t\t\t<header class=\"entry-header\">\n\t\t<div class=\"entry-taxonomies\">\n\t\t<span class=\"category-links term-links category-style-normal\">\n\t\t\t<a href=\"https:\/\/suvremene-teme.vern.hr\/en\/category\/godina-izdanja\/2025-2\/\" class=\"category-link-2025-2\" rel=\"tag\">2025 &#8211; 2<\/a>\t\t<\/span>\n\t<\/div><!-- .entry-taxonomies -->\n\t<h2 class=\"entry-title\"><a href=\"https:\/\/suvremene-teme.vern.hr\/en\/uvodnik-2\/\" rel=\"bookmark\">Editorial<\/a><\/h2>\t<div class=\"entry-meta entry-meta-divider-dot\">\n\t\t\t<span class=\"posted-by\">\r\n\t\tBy&nbsp;<a href=\"\" title=\"Posts by Prof. dr. sc. Vlatko Cvrtila, glavni i odgovorni urednik\" class=\"author url fn\" rel=\"author\">Prof. dr. sc. Vlatko Cvrtila, glavni i odgovorni urednik<\/a>\t\t<\/span>\r\n\t\t\t\t\t<span class=\"posted-on\">\n\t\t\t\t<time class=\"entry-date published\" datetime=\"2025-12-22T10:03:58+00:00\">22. December 2025.<\/time><time class=\"updated\" datetime=\"2025-12-22T10:04:00+00:00\">22. December 2025.<\/time>\t\t\t<\/span>\n\t\t\t\t<\/div><!-- .entry-meta -->\n\t<\/header><!-- .entry-header -->\n\t<div class=\"entry-summary\">\n\t\t<p>U drugom broju \u010dasopisa Suvremene teme u 2025. godini objavljujemo raznolike priloge iz humanisti\u010dkih, dru\u0161tvenih i informacijskih znanosti u kojima Autori promi\u0161ljaju suvremene fenomene kroz jezik, obrazovanje, radne odnose, medije i digitalne tehnologije. Iako su tematski i metodolo\u0161ki razli\u010diti, radovi dijele zajedni\u010dku ambiciju: precizno opisati i kriti\u010dki interpretirati obrasce iskustava u kasno\u2011modernom dru\u0161tvu te ponuditi&#8230;<\/p>\n\t<\/div><!-- .entry-summary -->\n\t<footer class=\"entry-footer\">\n\t\t\t<div class=\"entry-actions\">\n\t\t\t<p class=\"more-link-wrap\">\n\t\t\t\t<a href=\"https:\/\/suvremene-teme.vern.hr\/en\/uvodnik-2\/\" class=\"post-more-link\">\n\t\t\t\t\tRead More<span class=\"screen-reader-text\"> Editorial<\/span><span class=\"kadence-svg-iconset svg-baseline\"><svg aria-hidden=\"true\" class=\"kadence-svg-icon kadence-arrow-right-alt-svg\" fill=\"currentColor\" version=\"1.1\" xmlns=\"http:\/\/www.w3.org\/2000\/svg\" width=\"27\" height=\"28\" viewbox=\"0 0 27 28\"><title>Continue<\/title><path d=\"M27 13.953c0 0.141-0.063 0.281-0.156 0.375l-6 5.531c-0.156 0.141-0.359 0.172-0.547 0.094-0.172-0.078-0.297-0.25-0.297-0.453v-3.5h-19.5c-0.281 0-0.5-0.219-0.5-0.5v-3c0-0.281 0.219-0.5 0.5-0.5h19.5v-3.5c0-0.203 0.109-0.375 0.297-0.453s0.391-0.047 0.547 0.078l6 5.469c0.094 0.094 0.156 0.219 0.156 0.359v0z\"><\/path>\n\t\t\t<\/svg><\/span>\t\t\t\t<\/a>\n\t\t\t<\/p>\n\t\t<\/div><!-- .entry-actions -->\n\t\t<\/footer><!-- .entry-footer -->\t\t<\/div>\n\t<\/article>\n<\/li>\n<li class=\"kb-post-list-item\">\n\t<article class=\"entry content-bg loop-entry post-1524 post type-post status-publish format-standard hentry category-2025-2 tag-satira tag-tekstna-vrsta tag-turisticki-vodic tag-turizam tag-zanr\">\n\t\t\t\t<div class=\"entry-content-wrap\">\n\t\t\t<header class=\"entry-header\">\n\t\t<div class=\"entry-taxonomies\">\n\t\t<span class=\"category-links term-links category-style-normal\">\n\t\t\t<a href=\"https:\/\/suvremene-teme.vern.hr\/en\/category\/godina-izdanja\/2025-2\/\" class=\"category-link-2025-2\" rel=\"tag\">2025 &#8211; 2<\/a>\t\t<\/span>\n\t<\/div><!-- .entry-taxonomies -->\n\t<h2 class=\"entry-title\"><a href=\"https:\/\/suvremene-teme.vern.hr\/en\/turisticki-vodic-kao-satiricna-tekstna-vrsta\/\" rel=\"bookmark\">Turisti\u010dki vodi\u010d kao satiri\u010dna tekstna vrsta<\/a><\/h2>\t<div class=\"entry-meta entry-meta-divider-dot\">\n\t\t\t<span class=\"posted-by\">\r\n\t\tBy&nbsp;<a href=\"\" title=\"Posts by Irena Medve\u0161ek\" class=\"author url fn\" rel=\"author\">Irena Medve\u0161ek<\/a>\t\t<\/span>\r\n\t\t\t\t\t<span class=\"posted-on\">\n\t\t\t\t<time class=\"entry-date published\" datetime=\"2025-12-22T10:00:44+00:00\">22. December 2025.<\/time><time class=\"updated\" datetime=\"2025-12-22T10:00:46+00:00\">22. December 2025.<\/time>\t\t\t<\/span>\n\t\t\t\t<\/div><!-- .entry-meta -->\n\t<\/header><!-- .entry-header -->\n\t<div class=\"entry-summary\">\n\t\t<p>Tekstna se vrsta turisti\u010dkog vodi\u010da tipi\u010dno slu\u017ei \u010dvrstim konceptom kojim se na standardiziran na\u010din opisuje prostor. U pravilu se sastoji od triju dijelova koji mu definiraju strukturu: informacija o zemlji, prakti\u010dnih informacija i opisa destinacije (M\u00fcller, 2012, str. 27). Kako su dosada\u0161nja istra\u017eivanja pokazala taj je koncept fleksibilan pa se ovaj rad bavi dvama satiri\u010dnim&#8230;<\/p>\n\t<\/div><!-- .entry-summary -->\n\t<footer class=\"entry-footer\">\n\t\t\t<div class=\"entry-actions\">\n\t\t\t<p class=\"more-link-wrap\">\n\t\t\t\t<a href=\"https:\/\/suvremene-teme.vern.hr\/en\/turisticki-vodic-kao-satiricna-tekstna-vrsta\/\" class=\"post-more-link\">\n\t\t\t\t\tRead More<span class=\"screen-reader-text\"> Turisti\u010dki vodi\u010d kao satiri\u010dna tekstna vrsta<\/span><span class=\"kadence-svg-iconset svg-baseline\"><svg aria-hidden=\"true\" class=\"kadence-svg-icon kadence-arrow-right-alt-svg\" fill=\"currentColor\" version=\"1.1\" xmlns=\"http:\/\/www.w3.org\/2000\/svg\" width=\"27\" height=\"28\" viewbox=\"0 0 27 28\"><title>Continue<\/title><path d=\"M27 13.953c0 0.141-0.063 0.281-0.156 0.375l-6 5.531c-0.156 0.141-0.359 0.172-0.547 0.094-0.172-0.078-0.297-0.25-0.297-0.453v-3.5h-19.5c-0.281 0-0.5-0.219-0.5-0.5v-3c0-0.281 0.219-0.5 0.5-0.5h19.5v-3.5c0-0.203 0.109-0.375 0.297-0.453s0.391-0.047 0.547 0.078l6 5.469c0.094 0.094 0.156 0.219 0.156 0.359v0z\"><\/path>\n\t\t\t<\/svg><\/span>\t\t\t\t<\/a>\n\t\t\t<\/p>\n\t\t<\/div><!-- .entry-actions -->\n\t\t<\/footer><!-- .entry-footer -->\t\t<\/div>\n\t<\/article>\n<\/li>\n<li class=\"kb-post-list-item\">\n\t<article class=\"entry content-bg loop-entry post-1521 post type-post status-publish format-standard hentry category-2025-2 tag-kvaliteta tag-obrazovna-usluga tag-visokoskolsko-obrazovanje tag-zadovoljstvo-studenata\">\n\t\t\t\t<div class=\"entry-content-wrap\">\n\t\t\t<header class=\"entry-header\">\n\t\t<div class=\"entry-taxonomies\">\n\t\t<span class=\"category-links term-links category-style-normal\">\n\t\t\t<a href=\"https:\/\/suvremene-teme.vern.hr\/en\/category\/godina-izdanja\/2025-2\/\" class=\"category-link-2025-2\" rel=\"tag\">2025 &#8211; 2<\/a>\t\t<\/span>\n\t<\/div><!-- .entry-taxonomies -->\n\t<h2 class=\"entry-title\"><a href=\"https:\/\/suvremene-teme.vern.hr\/en\/kvaliteta-obrazovne-usluge-na-privatnim-visokoskolskim-institucijama-u-podrucju-poslovnih-znanosti\/\" rel=\"bookmark\">Kvaliteta obrazovne usluge na privatnim visoko\u0161kolskim institucijama u podru\u010dju poslovnih znanosti<\/a><\/h2>\t<div class=\"entry-meta entry-meta-divider-dot\">\n\t\t\t<span class=\"posted-by\">\r\n\t\tBy&nbsp;<a href=\"\" title=\"Posts by Sendi De\u017eeli\u0107\" class=\"author url fn\" rel=\"author\">Sendi De\u017eeli\u0107<\/a>\t\t<\/span>\r\n\t\t\t\t\t<span class=\"posted-on\">\n\t\t\t\t<time class=\"entry-date published\" datetime=\"2025-12-22T09:58:28+00:00\">22. December 2025.<\/time><time class=\"updated\" datetime=\"2025-12-22T09:58:30+00:00\">22. December 2025.<\/time>\t\t\t<\/span>\n\t\t\t\t<\/div><!-- .entry-meta -->\n\t<\/header><!-- .entry-header -->\n\t<div class=\"entry-summary\">\n\t\t<p>Cilj rada je ispitati s kojim su dimenzijama obrazovne usluge studenti privatnih visoko\u0161kolskih institucija najzadovoljniji te istra\u017eiti me\u0111usobnu povezanost tih dimenzija, kao i odnos zadovoljstva s akademskom uspje\u0161no\u0161\u0107u. Istra\u017eivanje je provedeno na uzorku od 654 studenta na privatnim visoko\u0161kolskim institucijama koje nude obrazovanje u podru\u010dju poslovnih znanosti. Podaci su prikupljeni standardiziranim upitnikom i analizirani pomo\u0107u&#8230;<\/p>\n\t<\/div><!-- .entry-summary -->\n\t<footer class=\"entry-footer\">\n\t\t\t<div class=\"entry-actions\">\n\t\t\t<p class=\"more-link-wrap\">\n\t\t\t\t<a href=\"https:\/\/suvremene-teme.vern.hr\/en\/kvaliteta-obrazovne-usluge-na-privatnim-visokoskolskim-institucijama-u-podrucju-poslovnih-znanosti\/\" class=\"post-more-link\">\n\t\t\t\t\tRead More<span class=\"screen-reader-text\"> Kvaliteta obrazovne usluge na privatnim visoko\u0161kolskim institucijama u podru\u010dju poslovnih znanosti<\/span><span class=\"kadence-svg-iconset svg-baseline\"><svg aria-hidden=\"true\" class=\"kadence-svg-icon kadence-arrow-right-alt-svg\" fill=\"currentColor\" version=\"1.1\" xmlns=\"http:\/\/www.w3.org\/2000\/svg\" width=\"27\" height=\"28\" viewbox=\"0 0 27 28\"><title>Continue<\/title><path d=\"M27 13.953c0 0.141-0.063 0.281-0.156 0.375l-6 5.531c-0.156 0.141-0.359 0.172-0.547 0.094-0.172-0.078-0.297-0.25-0.297-0.453v-3.5h-19.5c-0.281 0-0.5-0.219-0.5-0.5v-3c0-0.281 0.219-0.5 0.5-0.5h19.5v-3.5c0-0.203 0.109-0.375 0.297-0.453s0.391-0.047 0.547 0.078l6 5.469c0.094 0.094 0.156 0.219 0.156 0.359v0z\"><\/path>\n\t\t\t<\/svg><\/span>\t\t\t\t<\/a>\n\t\t\t<\/p>\n\t\t<\/div><!-- .entry-actions -->\n\t\t<\/footer><!-- .entry-footer -->\t\t<\/div>\n\t<\/article>\n<\/li>\n<li class=\"kb-post-list-item\">\n\t<article class=\"entry content-bg loop-entry post-1516 post type-post status-publish format-standard hentry category-2025-2 tag-knjiznice tag-radni-odnosi tag-seksualno-ponasanje\">\n\t\t\t\t<div class=\"entry-content-wrap\">\n\t\t\t<header class=\"entry-header\">\n\t\t<div class=\"entry-taxonomies\">\n\t\t<span class=\"category-links term-links category-style-normal\">\n\t\t\t<a href=\"https:\/\/suvremene-teme.vern.hr\/en\/category\/godina-izdanja\/2025-2\/\" class=\"category-link-2025-2\" rel=\"tag\">2025 &#8211; 2<\/a>\t\t<\/span>\n\t<\/div><!-- .entry-taxonomies -->\n\t<h2 class=\"entry-title\"><a href=\"https:\/\/suvremene-teme.vern.hr\/en\/percepcija-seksualnih-situacija-u-knjiznici-prilog-istrazivanjuradnih-odnosa-u-hrvatskim-knjiznicama\/\" rel=\"bookmark\">Percepcija seksualnih situacija u knji\u017enici: prilog istra\u017eivanju radnih odnosa u hrvatskim knji\u017enicama<\/a><\/h2>\t<div class=\"entry-meta entry-meta-divider-dot\">\n\t\t\t<span class=\"posted-by\">\r\n\t\tBy&nbsp;<a href=\"\" title=\"Posts by Ivo Toki\u0107\" class=\"author url fn\" rel=\"author\">Ivo Toki\u0107<\/a>\t\t<\/span>\r\n\t\t\t\t\t<span class=\"posted-on\">\n\t\t\t\t<time class=\"entry-date published\" datetime=\"2025-12-22T09:48:58+00:00\">22. December 2025.<\/time><time class=\"updated\" datetime=\"2025-12-22T13:27:56+00:00\">22. December 2025.<\/time>\t\t\t<\/span>\n\t\t\t\t<\/div><!-- .entry-meta -->\n\t<\/header><!-- .entry-header -->\n\t<div class=\"entry-summary\">\n\t\t<p>Ljudska seksualnost je pokreta\u010d koji na razli\u010dite psiholo\u0161ke, sociolo\u0161ke i kulturolo\u0161ke na\u010dine utje\u010de na pona\u0161anje pojedinca, pa tako i na njegove interpersonalne odnose na radnom mjestu. U radu se istra\u017euju socijalne interakcije knji\u017eni\u010dara s kolegama knji\u017eni\u010darima i korisnicima koje se povezuju uz neki vid seksualnog pona\u0161anja. Istra\u017eivanje je obuhvatilo one oblike pona\u0161anja koji pripadaju konceptu&#8230;<\/p>\n\t<\/div><!-- .entry-summary -->\n\t<footer class=\"entry-footer\">\n\t\t\t<div class=\"entry-actions\">\n\t\t\t<p class=\"more-link-wrap\">\n\t\t\t\t<a href=\"https:\/\/suvremene-teme.vern.hr\/en\/percepcija-seksualnih-situacija-u-knjiznici-prilog-istrazivanjuradnih-odnosa-u-hrvatskim-knjiznicama\/\" class=\"post-more-link\">\n\t\t\t\t\tRead More<span class=\"screen-reader-text\"> Percepcija seksualnih situacija u knji\u017enici: prilog istra\u017eivanju radnih odnosa u hrvatskim knji\u017enicama<\/span><span class=\"kadence-svg-iconset svg-baseline\"><svg aria-hidden=\"true\" class=\"kadence-svg-icon kadence-arrow-right-alt-svg\" fill=\"currentColor\" version=\"1.1\" xmlns=\"http:\/\/www.w3.org\/2000\/svg\" width=\"27\" height=\"28\" viewbox=\"0 0 27 28\"><title>Continue<\/title><path d=\"M27 13.953c0 0.141-0.063 0.281-0.156 0.375l-6 5.531c-0.156 0.141-0.359 0.172-0.547 0.094-0.172-0.078-0.297-0.25-0.297-0.453v-3.5h-19.5c-0.281 0-0.5-0.219-0.5-0.5v-3c0-0.281 0.219-0.5 0.5-0.5h19.5v-3.5c0-0.203 0.109-0.375 0.297-0.453s0.391-0.047 0.547 0.078l6 5.469c0.094 0.094 0.156 0.219 0.156 0.359v0z\"><\/path>\n\t\t\t<\/svg><\/span>\t\t\t\t<\/a>\n\t\t\t<\/p>\n\t\t<\/div><!-- .entry-actions -->\n\t\t<\/footer><!-- .entry-footer -->\t\t<\/div>\n\t<\/article>\n<\/li>\n<li class=\"kb-post-list-item\">\n\t<article class=\"entry content-bg loop-entry post-1514 post type-post status-publish format-standard hentry category-2025-2 tag-koncert tag-medijska-analiza tag-medijski-portali tag-teorija-uokvirivanja\">\n\t\t\t\t<div class=\"entry-content-wrap\">\n\t\t\t<header class=\"entry-header\">\n\t\t<div class=\"entry-taxonomies\">\n\t\t<span class=\"category-links term-links category-style-normal\">\n\t\t\t<a href=\"https:\/\/suvremene-teme.vern.hr\/en\/category\/godina-izdanja\/2025-2\/\" class=\"category-link-2025-2\" rel=\"tag\">2025 &#8211; 2<\/a>\t\t<\/span>\n\t<\/div><!-- .entry-taxonomies -->\n\t<h2 class=\"entry-title\"><a href=\"https:\/\/suvremene-teme.vern.hr\/en\/medijsko-izvjestavanje-i-interpretativni-okvirianaliza-izvjestavanja-informativnih-portala-o-koncertu-markaperkovica-thompsona-2025-na-hipodromu-u-zagrebu\/\" rel=\"bookmark\">Medijsko izvje\u0161tavanje i interpretativni okviri: Analiza izvje\u0161tavanja informativnih portala o koncertu Marka Perkovi\u0107a Thompsona 2025. na Hipodromu u Zagrebu<\/a><\/h2>\t<div class=\"entry-meta entry-meta-divider-dot\">\n\t\t\t<span class=\"posted-by\">\r\n\t\tBy&nbsp;<a href=\"\" title=\"Posts by Lucija Peri\u0161a, Kre\u0161imir Dabo\" class=\"author url fn\" rel=\"author\">Lucija Peri\u0161a, Kre\u0161imir Dabo<\/a>\t\t<\/span>\r\n\t\t\t\t\t<span class=\"posted-on\">\n\t\t\t\t<time class=\"entry-date published\" datetime=\"2025-12-22T09:46:02+00:00\">22. December 2025.<\/time><time class=\"updated\" datetime=\"2025-12-22T13:28:22+00:00\">22. December 2025.<\/time>\t\t\t<\/span>\n\t\t\t\t<\/div><!-- .entry-meta -->\n\t<\/header><!-- .entry-header -->\n\t<div class=\"entry-summary\">\n\t\t<p>Ovaj rad istra\u017euje na\u010din medijskog uokvirivanja (framing) kao procesa strukturiranja i interpretacije javnih doga\u0111aja, s posebnim naglaskom na izvje\u0161tavanje o koncertu Marka Perkovi\u0107a Thompsona odr\u017eanom 5. srpnja 2025. godine u Zagrebu. Primjenom analize sadr\u017eaja, istra\u017eivanje obuhva\u0107a analizu triju naj\u010ditanijih hrvatskih internetskih portala (Dnevnik.hr, 24sata.hr i Index.hr) u razdoblju od tri dana prije i tri dana&#8230;<\/p>\n\t<\/div><!-- .entry-summary -->\n\t<footer class=\"entry-footer\">\n\t\t\t<div class=\"entry-actions\">\n\t\t\t<p class=\"more-link-wrap\">\n\t\t\t\t<a href=\"https:\/\/suvremene-teme.vern.hr\/en\/medijsko-izvjestavanje-i-interpretativni-okvirianaliza-izvjestavanja-informativnih-portala-o-koncertu-markaperkovica-thompsona-2025-na-hipodromu-u-zagrebu\/\" class=\"post-more-link\">\n\t\t\t\t\tRead More<span class=\"screen-reader-text\"> Medijsko izvje\u0161tavanje i interpretativni okviri: Analiza izvje\u0161tavanja informativnih portala o koncertu Marka Perkovi\u0107a Thompsona 2025. na Hipodromu u Zagrebu<\/span><span class=\"kadence-svg-iconset svg-baseline\"><svg aria-hidden=\"true\" class=\"kadence-svg-icon kadence-arrow-right-alt-svg\" fill=\"currentColor\" version=\"1.1\" xmlns=\"http:\/\/www.w3.org\/2000\/svg\" width=\"27\" height=\"28\" viewbox=\"0 0 27 28\"><title>Continue<\/title><path d=\"M27 13.953c0 0.141-0.063 0.281-0.156 0.375l-6 5.531c-0.156 0.141-0.359 0.172-0.547 0.094-0.172-0.078-0.297-0.25-0.297-0.453v-3.5h-19.5c-0.281 0-0.5-0.219-0.5-0.5v-3c0-0.281 0.219-0.5 0.5-0.5h19.5v-3.5c0-0.203 0.109-0.375 0.297-0.453s0.391-0.047 0.547 0.078l6 5.469c0.094 0.094 0.156 0.219 0.156 0.359v0z\"><\/path>\n\t\t\t<\/svg><\/span>\t\t\t\t<\/a>\n\t\t\t<\/p>\n\t\t<\/div><!-- .entry-actions -->\n\t\t<\/footer><!-- .entry-footer -->\t\t<\/div>\n\t<\/article>\n<\/li>\n<li class=\"kb-post-list-item\">\n\t<article class=\"entry content-bg loop-entry post-1512 post type-post status-publish format-standard hentry category-2025-2 tag-dizajn-digitalnih-usluga tag-konceptualni-okvir tag-korisnicko-iskustvo tag-vrijednost-u-koristenju tag-vrijednost-za-kupca\">\n\t\t\t\t<div class=\"entry-content-wrap\">\n\t\t\t<header class=\"entry-header\">\n\t\t<div class=\"entry-taxonomies\">\n\t\t<span class=\"category-links term-links category-style-normal\">\n\t\t\t<a href=\"https:\/\/suvremene-teme.vern.hr\/en\/category\/godina-izdanja\/2025-2\/\" class=\"category-link-2025-2\" rel=\"tag\">2025 &#8211; 2<\/a>\t\t<\/span>\n\t<\/div><!-- .entry-taxonomies -->\n\t<h2 class=\"entry-title\"><a href=\"https:\/\/suvremene-teme.vern.hr\/en\/korisnicko-iskustvo-kao-vrijednost-za-kupcau-dizajnu-digitalnih-usluga\/\" rel=\"bookmark\">Korisni\u010dko iskustvo kao vrijednost za kupca u dizajnu digitalnih usluga<\/a><\/h2>\t<div class=\"entry-meta entry-meta-divider-dot\">\n\t\t\t<span class=\"posted-by\">\r\n\t\tBy&nbsp;<a href=\"\" title=\"Posts by Jadranka Musulin\" class=\"author url fn\" rel=\"author\">Jadranka Musulin<\/a>\t\t<\/span>\r\n\t\t\t\t\t<span class=\"posted-on\">\n\t\t\t\t<time class=\"entry-date published\" datetime=\"2025-12-22T09:42:12+00:00\">22. December 2025.<\/time><time class=\"updated\" datetime=\"2025-12-22T09:52:11+00:00\">22. December 2025.<\/time>\t\t\t<\/span>\n\t\t\t\t<\/div><!-- .entry-meta -->\n\t<\/header><!-- .entry-header -->\n\t<div class=\"entry-summary\">\n\t\t<p>Rad istra\u017euje odnos izme\u0111u koncepta vrijednosti za kupca i korisni\u010dkog iskustva radi razumijevanja na\u010dina na koji se vrijednost u digitalnim uslugama stvara i do\u017eivljava kroz korisni\u010dko iskustvo. Polaze\u0107i od analize teorijskih pristupa vrijednosti, od utilitaristi\u010dkih do do\u017eivljajnih i fenomenolo\u0161kih, te razli\u010ditih konceptualizacija korisni\u010dkog iskustva, rad integrira spoznaje iz dvaju podru\u010dja i predla\u017ee konceptualni okvir koji&#8230;<\/p>\n\t<\/div><!-- .entry-summary -->\n\t<footer class=\"entry-footer\">\n\t\t\t<div class=\"entry-actions\">\n\t\t\t<p class=\"more-link-wrap\">\n\t\t\t\t<a href=\"https:\/\/suvremene-teme.vern.hr\/en\/korisnicko-iskustvo-kao-vrijednost-za-kupcau-dizajnu-digitalnih-usluga\/\" class=\"post-more-link\">\n\t\t\t\t\tRead More<span class=\"screen-reader-text\"> Korisni\u010dko iskustvo kao vrijednost za kupca u dizajnu digitalnih usluga<\/span><span class=\"kadence-svg-iconset svg-baseline\"><svg aria-hidden=\"true\" class=\"kadence-svg-icon kadence-arrow-right-alt-svg\" fill=\"currentColor\" version=\"1.1\" xmlns=\"http:\/\/www.w3.org\/2000\/svg\" width=\"27\" height=\"28\" viewbox=\"0 0 27 28\"><title>Continue<\/title><path d=\"M27 13.953c0 0.141-0.063 0.281-0.156 0.375l-6 5.531c-0.156 0.141-0.359 0.172-0.547 0.094-0.172-0.078-0.297-0.25-0.297-0.453v-3.5h-19.5c-0.281 0-0.5-0.219-0.5-0.5v-3c0-0.281 0.219-0.5 0.5-0.5h19.5v-3.5c0-0.203 0.109-0.375 0.297-0.453s0.391-0.047 0.547 0.078l6 5.469c0.094 0.094 0.156 0.219 0.156 0.359v0z\"><\/path>\n\t\t\t<\/svg><\/span>\t\t\t\t<\/a>\n\t\t\t<\/p>\n\t\t<\/div><!-- .entry-actions -->\n\t\t<\/footer><!-- .entry-footer -->\t\t<\/div>\n\t<\/article>\n<\/li>\n<li class=\"kb-post-list-item\">\n\t<article class=\"entry content-bg loop-entry post-1510 post type-post status-publish format-standard hentry category-2025-2 tag-konstruktivno-novinarstvo tag-prikazi-knjiga\">\n\t\t\t\t<div class=\"entry-content-wrap\">\n\t\t\t<header class=\"entry-header\">\n\t\t<div class=\"entry-taxonomies\">\n\t\t<span class=\"category-links term-links category-style-normal\">\n\t\t\t<a href=\"https:\/\/suvremene-teme.vern.hr\/en\/category\/godina-izdanja\/2025-2\/\" class=\"category-link-2025-2\" rel=\"tag\">2025 &#8211; 2<\/a>\t\t<\/span>\n\t<\/div><!-- .entry-taxonomies -->\n\t<h2 class=\"entry-title\"><a href=\"https:\/\/suvremene-teme.vern.hr\/en\/prikazi-knjiga-2\/\" rel=\"bookmark\">Prikazi Knjiga<\/a><\/h2>\t<div class=\"entry-meta entry-meta-divider-dot\">\n\t\t\t<span class=\"posted-by\">\r\n\t\tBy&nbsp;<a href=\"\" title=\"Posts by Marinela Mesar\" class=\"author url fn\" rel=\"author\">Marinela Mesar<\/a>\t\t<\/span>\r\n\t\t\t\t\t<span class=\"posted-on\">\n\t\t\t\t<time class=\"entry-date published\" datetime=\"2025-12-22T09:35:16+00:00\">22. December 2025.<\/time><time class=\"updated\" datetime=\"2025-12-22T09:52:55+00:00\">22. December 2025.<\/time>\t\t\t<\/span>\n\t\t\t\t<\/div><!-- .entry-meta -->\n\t<\/header><!-- .entry-header -->\n\t<div class=\"entry-summary\">\n\t\t<p>Bro, P. (2025.)Konstruktivno novinarstvo.Agencija za elektroni\u010dke medije, Zagreb. Puni \u010dlanak<\/p>\n\t<\/div><!-- .entry-summary -->\n\t<footer class=\"entry-footer\">\n\t\t\t<div class=\"entry-actions\">\n\t\t\t<p class=\"more-link-wrap\">\n\t\t\t\t<a href=\"https:\/\/suvremene-teme.vern.hr\/en\/prikazi-knjiga-2\/\" class=\"post-more-link\">\n\t\t\t\t\tRead More<span class=\"screen-reader-text\"> Prikazi Knjiga<\/span><span class=\"kadence-svg-iconset svg-baseline\"><svg aria-hidden=\"true\" class=\"kadence-svg-icon kadence-arrow-right-alt-svg\" fill=\"currentColor\" version=\"1.1\" xmlns=\"http:\/\/www.w3.org\/2000\/svg\" width=\"27\" height=\"28\" viewbox=\"0 0 27 28\"><title>Continue<\/title><path d=\"M27 13.953c0 0.141-0.063 0.281-0.156 0.375l-6 5.531c-0.156 0.141-0.359 0.172-0.547 0.094-0.172-0.078-0.297-0.25-0.297-0.453v-3.5h-19.5c-0.281 0-0.5-0.219-0.5-0.5v-3c0-0.281 0.219-0.5 0.5-0.5h19.5v-3.5c0-0.203 0.109-0.375 0.297-0.453s0.391-0.047 0.547 0.078l6 5.469c0.094 0.094 0.156 0.219 0.156 0.359v0z\"><\/path>\n\t\t\t<\/svg><\/span>\t\t\t\t<\/a>\n\t\t\t<\/p>\n\t\t<\/div><!-- .entry-actions -->\n\t\t<\/footer><!-- .entry-footer -->\t\t<\/div>\n\t<\/article>\n<\/li>\n<\/ul><\/div><\/div>\n\n\n\n<div class=\"wp-block-kadence-tab kt-tab-inner-content kt-inner-tab-2 kt-inner-tab_130f7e-6f\"><div class=\"kt-tab-inner-content-inner\">\n<div class=\"wp-block-columns is-layout-flex wp-container-core-columns-is-layout-9d6595d7 wp-block-columns-is-layout-flex\">\n<div class=\"wp-block-column is-layout-flow wp-block-column-is-layout-flow\" style=\"flex-basis:100%\">\n<div class=\"wp-block-columns is-layout-flex wp-container-core-columns-is-layout-9d6595d7 wp-block-columns-is-layout-flex\">\n<div class=\"wp-block-column is-layout-flow wp-block-column-is-layout-flow\" style=\"flex-basis:100%\"><style>.kb-posts-id-_74611d-96 .kb-post-list-item{display:grid;}<\/style><ul class=\"wp-block-kadence-posts kb-posts kadence-posts-list kb-posts-id-_74611d-96 content-wrap grid-cols kb-posts-style-boxed grid-sm-col-2 grid-lg-col-2 item-image-style-above\"><li class=\"kb-post-list-item\">\n\t<article class=\"entry content-bg loop-entry post-1465 post type-post status-publish format-standard hentry category-679\">\n\t\t\t\t<div class=\"entry-content-wrap\">\n\t\t\t<header class=\"entry-header\">\n\t\t<div class=\"entry-taxonomies\">\n\t\t<span class=\"category-links term-links category-style-normal\">\n\t\t\t<a href=\"https:\/\/suvremene-teme.vern.hr\/en\/category\/godina-izdanja\/2025\/\" class=\"category-link-2025\" rel=\"tag\">2025<\/a>\t\t<\/span>\n\t<\/div><!-- .entry-taxonomies -->\n\t<h2 class=\"entry-title\"><a href=\"https:\/\/suvremene-teme.vern.hr\/en\/uvodnik\/\" rel=\"bookmark\">Editorial<\/a><\/h2>\t<div class=\"entry-meta entry-meta-divider-dot\">\n\t\t\t<span class=\"posted-by\">\r\n\t\tBy&nbsp;<a href=\"\" title=\"Posts by Prof. dr. sc. Vlatko Cvrtila, glavni i odgovorni urednik\" class=\"author url fn\" rel=\"author\">Prof. dr. sc. Vlatko Cvrtila, glavni i odgovorni urednik<\/a>\t\t<\/span>\r\n\t\t\t\t\t<span class=\"posted-on\">\n\t\t\t\t<time class=\"entry-date published\" datetime=\"2025-07-08T10:15:35+00:00\">8. July 2025.<\/time><time class=\"updated\" datetime=\"2025-07-08T10:57:02+00:00\">8. July 2025.<\/time>\t\t\t<\/span>\n\t\t\t\t<\/div><!-- .entry-meta -->\n\t<\/header><!-- .entry-header -->\n\t<div class=\"entry-summary\">\n\t\t<p>U vremenu ubrzanih dru\u0161tvenih promjena, tehnolo\u0161kih inovacija i globalnih izazova koji nadilaze granice pojedinih znanstvenih disciplina, interdisciplinarnost se sve sna\u017enije afirmira kao temeljna orijentacija suvremenog znanstvenog istra\u017eivanja. Pitanja s kojima se susre\u0107emo \u2013 od promjena u me\u0111unarodnom poretku, gospodarskih i geopoliti\u010dkih turbulencija, klimatskih promjena, dru\u0161tvene nejednakosti, kulturnih i komunikacijskih transformacija do digitalne etike i umjetne&#8230;<\/p>\n\t<\/div><!-- .entry-summary -->\n\t<footer class=\"entry-footer\">\n\t\t\t<div class=\"entry-actions\">\n\t\t\t<p class=\"more-link-wrap\">\n\t\t\t\t<a href=\"https:\/\/suvremene-teme.vern.hr\/en\/uvodnik\/\" class=\"post-more-link\">\n\t\t\t\t\tRead More<span class=\"screen-reader-text\"> Editorial<\/span><span class=\"kadence-svg-iconset svg-baseline\"><svg aria-hidden=\"true\" class=\"kadence-svg-icon kadence-arrow-right-alt-svg\" fill=\"currentColor\" version=\"1.1\" xmlns=\"http:\/\/www.w3.org\/2000\/svg\" width=\"27\" height=\"28\" viewbox=\"0 0 27 28\"><title>Continue<\/title><path d=\"M27 13.953c0 0.141-0.063 0.281-0.156 0.375l-6 5.531c-0.156 0.141-0.359 0.172-0.547 0.094-0.172-0.078-0.297-0.25-0.297-0.453v-3.5h-19.5c-0.281 0-0.5-0.219-0.5-0.5v-3c0-0.281 0.219-0.5 0.5-0.5h19.5v-3.5c0-0.203 0.109-0.375 0.297-0.453s0.391-0.047 0.547 0.078l6 5.469c0.094 0.094 0.156 0.219 0.156 0.359v0z\"><\/path>\n\t\t\t<\/svg><\/span>\t\t\t\t<\/a>\n\t\t\t<\/p>\n\t\t<\/div><!-- .entry-actions -->\n\t\t<\/footer><!-- .entry-footer -->\t\t<\/div>\n\t<\/article>\n<\/li>\n<li class=\"kb-post-list-item\">\n\t<article class=\"entry content-bg loop-entry post-1463 post type-post status-publish format-standard hentry category-679 tag-analiza-sadrzaja tag-anketa tag-eco-influencer tag-influencer tag-odrzivost tag-zeleni-influencer\">\n\t\t\t\t<div class=\"entry-content-wrap\">\n\t\t\t<header class=\"entry-header\">\n\t\t<div class=\"entry-taxonomies\">\n\t\t<span class=\"category-links term-links category-style-normal\">\n\t\t\t<a href=\"https:\/\/suvremene-teme.vern.hr\/en\/category\/godina-izdanja\/2025\/\" class=\"category-link-2025\" rel=\"tag\">2025<\/a>\t\t<\/span>\n\t<\/div><!-- .entry-taxonomies -->\n\t<h2 class=\"entry-title\"><a href=\"https:\/\/suvremene-teme.vern.hr\/en\/strategije-i-ucinkovitost-komunikacijskih-alata-zelenihinfluencera-na-instagramu\/\" rel=\"bookmark\">Strategije i u\u010dinkovitost komunikacijskih alata \u201ezelenih\u201cinfluencera na Instagramu<\/a><\/h2>\t<div class=\"entry-meta entry-meta-divider-dot\">\n\t\t\t<span class=\"posted-by\">\r\n\t\tBy&nbsp;<a href=\"\" title=\"Posts by Ana \u0160kreblin, Tamara Kuni\u0107, Danijel Laba\u0161\" class=\"author url fn\" rel=\"author\">Ana \u0160kreblin, Tamara Kuni\u0107, Danijel Laba\u0161<\/a>\t\t<\/span>\r\n\t\t\t\t\t<span class=\"posted-on\">\n\t\t\t\t<time class=\"entry-date published\" datetime=\"2025-07-08T10:12:26+00:00\">8. July 2025.<\/time><time class=\"updated\" datetime=\"2025-07-08T14:40:27+00:00\">8. July 2025.<\/time>\t\t\t<\/span>\n\t\t\t\t<\/div><!-- .entry-meta -->\n\t<\/header><!-- .entry-header -->\n\t<div class=\"entry-summary\">\n\t\t<p>U digitalnoj konvergenciji i razvoju novih komunikacijskih mogu\u0107nosti, predvodnici mnijenja na dru\u0161tvenim mre\u017eama, posebno oni koji se fokusiraju na ekolo\u0161ke teme, postali su klju\u010dni dio marketin\u0161kih strategija brendova za promociju svojih proizvoda. Njihov cilj je inspirirati publikuda usvoje odr\u017eivije \u017eivotne navike i donose informirane odluke radi smanjenja otpada i boljeg kori\u0161tenja ograni\u010denih resursa. \u010cesto obra\u0111uju&#8230;<\/p>\n\t<\/div><!-- .entry-summary -->\n\t<footer class=\"entry-footer\">\n\t\t\t<div class=\"entry-actions\">\n\t\t\t<p class=\"more-link-wrap\">\n\t\t\t\t<a href=\"https:\/\/suvremene-teme.vern.hr\/en\/strategije-i-ucinkovitost-komunikacijskih-alata-zelenihinfluencera-na-instagramu\/\" class=\"post-more-link\">\n\t\t\t\t\tRead More<span class=\"screen-reader-text\"> Strategije i u\u010dinkovitost komunikacijskih alata \u201ezelenih\u201cinfluencera na Instagramu<\/span><span class=\"kadence-svg-iconset svg-baseline\"><svg aria-hidden=\"true\" class=\"kadence-svg-icon kadence-arrow-right-alt-svg\" fill=\"currentColor\" version=\"1.1\" xmlns=\"http:\/\/www.w3.org\/2000\/svg\" width=\"27\" height=\"28\" viewbox=\"0 0 27 28\"><title>Continue<\/title><path d=\"M27 13.953c0 0.141-0.063 0.281-0.156 0.375l-6 5.531c-0.156 0.141-0.359 0.172-0.547 0.094-0.172-0.078-0.297-0.25-0.297-0.453v-3.5h-19.5c-0.281 0-0.5-0.219-0.5-0.5v-3c0-0.281 0.219-0.5 0.5-0.5h19.5v-3.5c0-0.203 0.109-0.375 0.297-0.453s0.391-0.047 0.547 0.078l6 5.469c0.094 0.094 0.156 0.219 0.156 0.359v0z\"><\/path>\n\t\t\t<\/svg><\/span>\t\t\t\t<\/a>\n\t\t\t<\/p>\n\t\t<\/div><!-- .entry-actions -->\n\t\t<\/footer><!-- .entry-footer -->\t\t<\/div>\n\t<\/article>\n<\/li>\n<li class=\"kb-post-list-item\">\n\t<article class=\"entry content-bg loop-entry post-1461 post type-post status-publish format-standard hentry category-679 tag-algoritamska-personalizacija tag-digitalni-mediji tag-ehokomore tag-jugoistocna-europa\">\n\t\t\t\t<div class=\"entry-content-wrap\">\n\t\t\t<header class=\"entry-header\">\n\t\t<div class=\"entry-taxonomies\">\n\t\t<span class=\"category-links term-links category-style-normal\">\n\t\t\t<a href=\"https:\/\/suvremene-teme.vern.hr\/en\/category\/godina-izdanja\/2025\/\" class=\"category-link-2025\" rel=\"tag\">2025<\/a>\t\t<\/span>\n\t<\/div><!-- .entry-taxonomies -->\n\t<h2 class=\"entry-title\"><a href=\"https:\/\/suvremene-teme.vern.hr\/en\/digitalni-mediji-i-percepcija-vojnog-poziva-algoritamska-personalizacija-i-eho-komore-u-jugoistocnoj-europi\/\" rel=\"bookmark\">Digitalni mediji i percepcija vojnog poziva: algoritamska personalizacija i eho-komore u Jugoisto\u010dnoj Europi<\/a><\/h2>\t<div class=\"entry-meta entry-meta-divider-dot\">\n\t\t\t<span class=\"posted-by\">\r\n\t\tBy&nbsp;<a href=\"\" title=\"Posts by Marija Gombar\" class=\"author url fn\" rel=\"author\">Marija Gombar<\/a>\t\t<\/span>\r\n\t\t\t\t\t<span class=\"posted-on\">\n\t\t\t\t<time class=\"entry-date published\" datetime=\"2025-07-08T10:09:54+00:00\">8. July 2025.<\/time><time class=\"updated\" datetime=\"2025-07-08T14:37:14+00:00\">8. July 2025.<\/time>\t\t\t<\/span>\n\t\t\t\t<\/div><!-- .entry-meta -->\n\t<\/header><!-- .entry-header -->\n\t<div class=\"entry-summary\">\n\t\t<p>Ovaj znanstveni rad analizira utjecaj algoritamske personalizacije i fenomena eho-komora na percepciju vojnog poziva me\u0111u mladima u jugoisto\u010dnoj Europi, s posebnim fokusom na razlike izme\u0111u zemalja \u010dlanica i ne\u010dlanica EU-a. Cilj istra\u017eivanja je razumjeti kako digitalni mediji oblikuju stavove mladih prema vojnoj karijeri u kontekstu povijesnih, kulturnih i socioekonomskih \u010dimbenika regije. Kvalitativnom analizom sadr\u017eaja promotivnih&#8230;<\/p>\n\t<\/div><!-- .entry-summary -->\n\t<footer class=\"entry-footer\">\n\t\t\t<div class=\"entry-actions\">\n\t\t\t<p class=\"more-link-wrap\">\n\t\t\t\t<a href=\"https:\/\/suvremene-teme.vern.hr\/en\/digitalni-mediji-i-percepcija-vojnog-poziva-algoritamska-personalizacija-i-eho-komore-u-jugoistocnoj-europi\/\" class=\"post-more-link\">\n\t\t\t\t\tRead More<span class=\"screen-reader-text\"> Digitalni mediji i percepcija vojnog poziva: algoritamska personalizacija i eho-komore u Jugoisto\u010dnoj Europi<\/span><span class=\"kadence-svg-iconset svg-baseline\"><svg aria-hidden=\"true\" class=\"kadence-svg-icon kadence-arrow-right-alt-svg\" fill=\"currentColor\" version=\"1.1\" xmlns=\"http:\/\/www.w3.org\/2000\/svg\" width=\"27\" height=\"28\" viewbox=\"0 0 27 28\"><title>Continue<\/title><path d=\"M27 13.953c0 0.141-0.063 0.281-0.156 0.375l-6 5.531c-0.156 0.141-0.359 0.172-0.547 0.094-0.172-0.078-0.297-0.25-0.297-0.453v-3.5h-19.5c-0.281 0-0.5-0.219-0.5-0.5v-3c0-0.281 0.219-0.5 0.5-0.5h19.5v-3.5c0-0.203 0.109-0.375 0.297-0.453s0.391-0.047 0.547 0.078l6 5.469c0.094 0.094 0.156 0.219 0.156 0.359v0z\"><\/path>\n\t\t\t<\/svg><\/span>\t\t\t\t<\/a>\n\t\t\t<\/p>\n\t\t<\/div><!-- .entry-actions -->\n\t\t<\/footer><!-- .entry-footer -->\t\t<\/div>\n\t<\/article>\n<\/li>\n<li class=\"kb-post-list-item\">\n\t<article class=\"entry content-bg loop-entry post-1459 post type-post status-publish format-standard hentry category-679 tag-generacijska-tranzicija tag-obiteljska-poduzeca tag-vanjski-faktori\">\n\t\t\t\t<div class=\"entry-content-wrap\">\n\t\t\t<header class=\"entry-header\">\n\t\t<div class=\"entry-taxonomies\">\n\t\t<span class=\"category-links term-links category-style-normal\">\n\t\t\t<a href=\"https:\/\/suvremene-teme.vern.hr\/en\/category\/godina-izdanja\/2025\/\" class=\"category-link-2025\" rel=\"tag\">2025<\/a>\t\t<\/span>\n\t<\/div><!-- .entry-taxonomies -->\n\t<h2 class=\"entry-title\"><a href=\"https:\/\/suvremene-teme.vern.hr\/en\/utjecaj-vanjskih-faktora-na-generacijsku-tranziciju-uobiteljskim-poduzecima-iz-perspektive-internih-i-vanjskih-dionika\/\" rel=\"bookmark\">Utjecaj vanjskih faktora na generacijsku tranziciju uobiteljskim poduze\u0107ima iz perspektive internih i vanjskih dionika<\/a><\/h2>\t<div class=\"entry-meta entry-meta-divider-dot\">\n\t\t\t<span class=\"posted-by\">\r\n\t\tBy&nbsp;<a href=\"\" title=\"Posts by Iva Senegovi\u0107\" class=\"author url fn\" rel=\"author\">Iva Senegovi\u0107<\/a>\t\t<\/span>\r\n\t\t\t\t\t<span class=\"posted-on\">\n\t\t\t\t<time class=\"entry-date published\" datetime=\"2025-07-08T10:08:42+00:00\">8. July 2025.<\/time><time class=\"updated\" datetime=\"2025-07-08T14:40:12+00:00\">8. July 2025.<\/time>\t\t\t<\/span>\n\t\t\t\t<\/div><!-- .entry-meta -->\n\t<\/header><!-- .entry-header -->\n\t<div class=\"entry-summary\">\n\t\t<p>Obiteljska poduze\u0107a va\u017ean su segment svakog gospodarstva radi njihovog dru\u0161tveno-ekonomskog zna\u010daja, a generacijska tranzicija jedan je od njihovih najve\u0107ih izazova. Generacijska tranzicija odvija se u vrlo specifi\u010dnom, promjenjivom i neizvjesnom kontekstu koji oblikuju internii vanjski faktori, njihova interakcija i dionici koji svojom (ne)aktivno\u0161\u0107u utje\u010du na uspje\u0161nost provo\u0111enja tranzicije. Ve\u0107ina dosada\u0161njih istra\u017eivanja odnosi se na interne&#8230;<\/p>\n\t<\/div><!-- .entry-summary -->\n\t<footer class=\"entry-footer\">\n\t\t\t<div class=\"entry-actions\">\n\t\t\t<p class=\"more-link-wrap\">\n\t\t\t\t<a href=\"https:\/\/suvremene-teme.vern.hr\/en\/utjecaj-vanjskih-faktora-na-generacijsku-tranziciju-uobiteljskim-poduzecima-iz-perspektive-internih-i-vanjskih-dionika\/\" class=\"post-more-link\">\n\t\t\t\t\tRead More<span class=\"screen-reader-text\"> Utjecaj vanjskih faktora na generacijsku tranziciju uobiteljskim poduze\u0107ima iz perspektive internih i vanjskih dionika<\/span><span class=\"kadence-svg-iconset svg-baseline\"><svg aria-hidden=\"true\" class=\"kadence-svg-icon kadence-arrow-right-alt-svg\" fill=\"currentColor\" version=\"1.1\" xmlns=\"http:\/\/www.w3.org\/2000\/svg\" width=\"27\" height=\"28\" viewbox=\"0 0 27 28\"><title>Continue<\/title><path d=\"M27 13.953c0 0.141-0.063 0.281-0.156 0.375l-6 5.531c-0.156 0.141-0.359 0.172-0.547 0.094-0.172-0.078-0.297-0.25-0.297-0.453v-3.5h-19.5c-0.281 0-0.5-0.219-0.5-0.5v-3c0-0.281 0.219-0.5 0.5-0.5h19.5v-3.5c0-0.203 0.109-0.375 0.297-0.453s0.391-0.047 0.547 0.078l6 5.469c0.094 0.094 0.156 0.219 0.156 0.359v0z\"><\/path>\n\t\t\t<\/svg><\/span>\t\t\t\t<\/a>\n\t\t\t<\/p>\n\t\t<\/div><!-- .entry-actions -->\n\t\t<\/footer><!-- .entry-footer -->\t\t<\/div>\n\t<\/article>\n<\/li>\n<li class=\"kb-post-list-item\">\n\t<article class=\"entry content-bg loop-entry post-1457 post type-post status-publish format-standard hentry category-679 tag-izoliranost tag-kultura tag-male-zajednice tag-neformalno-pomaganje tag-vodstvo-sluzenjem\">\n\t\t\t\t<div class=\"entry-content-wrap\">\n\t\t\t<header class=\"entry-header\">\n\t\t<div class=\"entry-taxonomies\">\n\t\t<span class=\"category-links term-links category-style-normal\">\n\t\t\t<a href=\"https:\/\/suvremene-teme.vern.hr\/en\/category\/godina-izdanja\/2025\/\" class=\"category-link-2025\" rel=\"tag\">2025<\/a>\t\t<\/span>\n\t<\/div><!-- .entry-taxonomies -->\n\t<h2 class=\"entry-title\"><a href=\"https:\/\/suvremene-teme.vern.hr\/en\/vodstvo-sluzenjem-kao-model-vodstva-u-malim-udaljenim-zajednicama\/\" rel=\"bookmark\">Vodstvo slu\u017eenjem kao model vodstva u malim udaljenim zajednicama<\/a><\/h2>\t<div class=\"entry-meta entry-meta-divider-dot\">\n\t\t\t<span class=\"posted-by\">\r\n\t\tBy&nbsp;<a href=\"\" title=\"Posts by Rino Medi\u0107\" class=\"author url fn\" rel=\"author\">Rino Medi\u0107<\/a>\t\t<\/span>\r\n\t\t\t\t\t<span class=\"posted-on\">\n\t\t\t\t<time class=\"entry-date published\" datetime=\"2025-07-08T10:06:51+00:00\">8. July 2025.<\/time><time class=\"updated\" datetime=\"2025-07-08T14:38:45+00:00\">8. July 2025.<\/time>\t\t\t<\/span>\n\t\t\t\t<\/div><!-- .entry-meta -->\n\t<\/header><!-- .entry-header -->\n\t<div class=\"entry-summary\">\n\t\t<p>Povijest i kultura kojom obiluju male udaljene zajednice izvor je njihova bogatstva, dok im s druge strane njihova izoliranost donosi razne izazove s kojima se suo\u010davaju u svakodnevnom \u017eivotu. Izuzetak nisu niti dvije male udaljene zajednice na Jadranu, Vis i Pelje\u0161ac, koje ovajrad prou\u010dava. Rastu\u0107a globalizacija dovela je do toga da je danas te\u0161ko neko&#8230;<\/p>\n\t<\/div><!-- .entry-summary -->\n\t<footer class=\"entry-footer\">\n\t\t\t<div class=\"entry-actions\">\n\t\t\t<p class=\"more-link-wrap\">\n\t\t\t\t<a href=\"https:\/\/suvremene-teme.vern.hr\/en\/vodstvo-sluzenjem-kao-model-vodstva-u-malim-udaljenim-zajednicama\/\" class=\"post-more-link\">\n\t\t\t\t\tRead More<span class=\"screen-reader-text\"> Vodstvo slu\u017eenjem kao model vodstva u malim udaljenim zajednicama<\/span><span class=\"kadence-svg-iconset svg-baseline\"><svg aria-hidden=\"true\" class=\"kadence-svg-icon kadence-arrow-right-alt-svg\" fill=\"currentColor\" version=\"1.1\" xmlns=\"http:\/\/www.w3.org\/2000\/svg\" width=\"27\" height=\"28\" viewbox=\"0 0 27 28\"><title>Continue<\/title><path d=\"M27 13.953c0 0.141-0.063 0.281-0.156 0.375l-6 5.531c-0.156 0.141-0.359 0.172-0.547 0.094-0.172-0.078-0.297-0.25-0.297-0.453v-3.5h-19.5c-0.281 0-0.5-0.219-0.5-0.5v-3c0-0.281 0.219-0.5 0.5-0.5h19.5v-3.5c0-0.203 0.109-0.375 0.297-0.453s0.391-0.047 0.547 0.078l6 5.469c0.094 0.094 0.156 0.219 0.156 0.359v0z\"><\/path>\n\t\t\t<\/svg><\/span>\t\t\t\t<\/a>\n\t\t\t<\/p>\n\t\t<\/div><!-- .entry-actions -->\n\t\t<\/footer><!-- .entry-footer -->\t\t<\/div>\n\t<\/article>\n<\/li>\n<li class=\"kb-post-list-item\">\n\t<article class=\"entry content-bg loop-entry post-1455 post type-post status-publish format-standard hentry category-679 tag-ekonomija-paznje tag-konstrukcija-identiteta tag-kontroverza tag-retoricke-strategije\">\n\t\t\t\t<div class=\"entry-content-wrap\">\n\t\t\t<header class=\"entry-header\">\n\t\t<div class=\"entry-taxonomies\">\n\t\t<span class=\"category-links term-links category-style-normal\">\n\t\t\t<a href=\"https:\/\/suvremene-teme.vern.hr\/en\/category\/godina-izdanja\/2025\/\" class=\"category-link-2025\" rel=\"tag\">2025<\/a>\t\t<\/span>\n\t<\/div><!-- .entry-taxonomies -->\n\t<h2 class=\"entry-title\"><a href=\"https:\/\/suvremene-teme.vern.hr\/en\/retoricke-strategije-kontroverza-i-konstrukcija-identiteta-andrew-tate-u-digitalnom-okruzenju\/\" rel=\"bookmark\">Retori\u010dke strategije, kontroverza i konstrukcija identiteta: Andrew Tate u digitalnom okru\u017eenju<\/a><\/h2>\t<div class=\"entry-meta entry-meta-divider-dot\">\n\t\t\t<span class=\"posted-by\">\r\n\t\tBy&nbsp;<a href=\"\" title=\"Posts by Borjan Cvrtila\" class=\"author url fn\" rel=\"author\">Borjan Cvrtila<\/a>\t\t<\/span>\r\n\t\t\t\t\t<span class=\"posted-on\">\n\t\t\t\t<time class=\"entry-date published\" datetime=\"2025-07-08T10:05:31+00:00\">8. July 2025.<\/time><time class=\"updated\" datetime=\"2025-07-08T14:39:35+00:00\">8. July 2025.<\/time>\t\t\t<\/span>\n\t\t\t\t<\/div><!-- .entry-meta -->\n\t<\/header><!-- .entry-header -->\n\t<div class=\"entry-summary\">\n\t\t<p>Ovaj rad analizira na\u010dine na koje Andrew Tate, kao kontroverzna figura suvremenog digitalnog doba, koristi retori\u010dke strategije za izgradnju i odr\u017eavanje svog javnog imid\u017ea na dru\u0161tvenim mre\u017eama. Fokus je na spoju komunikacijskih taktika, algoritamske logike vidljivosti i emocionalne polarizacije koje pridonose njegovoj popularnosti i utjecaju. Kroz kombinaciju reprezentacijskog pristupa studijama slavnih osoba i retori\u010dke analize,&#8230;<\/p>\n\t<\/div><!-- .entry-summary -->\n\t<footer class=\"entry-footer\">\n\t\t\t<div class=\"entry-actions\">\n\t\t\t<p class=\"more-link-wrap\">\n\t\t\t\t<a href=\"https:\/\/suvremene-teme.vern.hr\/en\/retoricke-strategije-kontroverza-i-konstrukcija-identiteta-andrew-tate-u-digitalnom-okruzenju\/\" class=\"post-more-link\">\n\t\t\t\t\tRead More<span class=\"screen-reader-text\"> Retori\u010dke strategije, kontroverza i konstrukcija identiteta: Andrew Tate u digitalnom okru\u017eenju<\/span><span class=\"kadence-svg-iconset svg-baseline\"><svg aria-hidden=\"true\" class=\"kadence-svg-icon kadence-arrow-right-alt-svg\" fill=\"currentColor\" version=\"1.1\" xmlns=\"http:\/\/www.w3.org\/2000\/svg\" width=\"27\" height=\"28\" viewbox=\"0 0 27 28\"><title>Continue<\/title><path d=\"M27 13.953c0 0.141-0.063 0.281-0.156 0.375l-6 5.531c-0.156 0.141-0.359 0.172-0.547 0.094-0.172-0.078-0.297-0.25-0.297-0.453v-3.5h-19.5c-0.281 0-0.5-0.219-0.5-0.5v-3c0-0.281 0.219-0.5 0.5-0.5h19.5v-3.5c0-0.203 0.109-0.375 0.297-0.453s0.391-0.047 0.547 0.078l6 5.469c0.094 0.094 0.156 0.219 0.156 0.359v0z\"><\/path>\n\t\t\t<\/svg><\/span>\t\t\t\t<\/a>\n\t\t\t<\/p>\n\t\t<\/div><!-- .entry-actions -->\n\t\t<\/footer><!-- .entry-footer -->\t\t<\/div>\n\t<\/article>\n<\/li>\n<li class=\"kb-post-list-item\">\n\t<article class=\"entry content-bg loop-entry post-1439 post type-post status-publish format-standard hentry category-679 tag-artificial-intelligence-systems tag-digital-advertising tag-influencer-marketing tag-native-advertising\">\n\t\t\t\t<div class=\"entry-content-wrap\">\n\t\t\t<header class=\"entry-header\">\n\t\t<div class=\"entry-taxonomies\">\n\t\t<span class=\"category-links term-links category-style-normal\">\n\t\t\t<a href=\"https:\/\/suvremene-teme.vern.hr\/en\/category\/godina-izdanja\/2025\/\" class=\"category-link-2025\" rel=\"tag\">2025<\/a>\t\t<\/span>\n\t<\/div><!-- .entry-taxonomies -->\n\t<h2 class=\"entry-title\"><a href=\"https:\/\/suvremene-teme.vern.hr\/en\/legal-and-ethical-challenges-of-digital-advertising\/\" rel=\"bookmark\">Legal and ethical challenges of digital advertising<\/a><\/h2>\t<div class=\"entry-meta entry-meta-divider-dot\">\n\t\t\t<span class=\"posted-by\">\r\n\t\tBy&nbsp;<a href=\"\" title=\"Posts by Kamilo Antolovi\u0107, Mario Fraculj, Ema Dugonji\u0107\" class=\"author url fn\" rel=\"author\">Kamilo Antolovi\u0107, Mario Fraculj, Ema Dugonji\u0107<\/a>\t\t<\/span>\r\n\t\t\t\t\t<span class=\"posted-on\">\n\t\t\t\t<time class=\"entry-date published\" datetime=\"2025-07-08T09:55:32+00:00\">8. July 2025.<\/time><time class=\"updated\" datetime=\"2025-12-22T09:34:52+00:00\">22. December 2025.<\/time>\t\t\t<\/span>\n\t\t\t\t<\/div><!-- .entry-meta -->\n\t<\/header><!-- .entry-header -->\n\t<div class=\"entry-summary\">\n\t\t<p>The challenges of social responsibility of marketing, particularly its legal and ethical components, encompass the entire marketing process, with a specific emphasis on marketing communication and advertising. Public and consumer criticism regarding unlawful and unethical advertising practices is most frequently directed towards digital advertising due to the accessibility, prevalent use, influence, and substantial investment in&#8230;<\/p>\n\t<\/div><!-- .entry-summary -->\n\t<footer class=\"entry-footer\">\n\t\t\t<div class=\"entry-actions\">\n\t\t\t<p class=\"more-link-wrap\">\n\t\t\t\t<a href=\"https:\/\/suvremene-teme.vern.hr\/en\/legal-and-ethical-challenges-of-digital-advertising\/\" class=\"post-more-link\">\n\t\t\t\t\tRead More<span class=\"screen-reader-text\"> Legal and ethical challenges of digital advertising<\/span><span class=\"kadence-svg-iconset svg-baseline\"><svg aria-hidden=\"true\" class=\"kadence-svg-icon kadence-arrow-right-alt-svg\" fill=\"currentColor\" version=\"1.1\" xmlns=\"http:\/\/www.w3.org\/2000\/svg\" width=\"27\" height=\"28\" viewbox=\"0 0 27 28\"><title>Continue<\/title><path d=\"M27 13.953c0 0.141-0.063 0.281-0.156 0.375l-6 5.531c-0.156 0.141-0.359 0.172-0.547 0.094-0.172-0.078-0.297-0.25-0.297-0.453v-3.5h-19.5c-0.281 0-0.5-0.219-0.5-0.5v-3c0-0.281 0.219-0.5 0.5-0.5h19.5v-3.5c0-0.203 0.109-0.375 0.297-0.453s0.391-0.047 0.547 0.078l6 5.469c0.094 0.094 0.156 0.219 0.156 0.359v0z\"><\/path>\n\t\t\t<\/svg><\/span>\t\t\t\t<\/a>\n\t\t\t<\/p>\n\t\t<\/div><!-- .entry-actions -->\n\t\t<\/footer><!-- .entry-footer -->\t\t<\/div>\n\t<\/article>\n<\/li>\n<\/ul><\/div>\n<\/div>\n<\/div>\n<\/div>\n<\/div><\/div>\n\n\n\n<div class=\"wp-block-kadence-tab kt-tab-inner-content kt-inner-tab-3 kt-inner-tab_af83c9-92\"><div class=\"kt-tab-inner-content-inner\"><style>.kb-posts-id-_c3f663-a2 .kb-post-list-item{display:grid;}<\/style><ul class=\"wp-block-kadence-posts kb-posts kadence-posts-list kb-posts-id-_c3f663-a2 content-wrap grid-cols kb-posts-style-boxed grid-sm-col-2 grid-lg-col-2 item-image-style-above\"><li class=\"kb-post-list-item\">\n\t<article class=\"entry content-bg loop-entry post-1411 post type-post status-publish format-standard hentry category-649\">\n\t\t\t\t<div class=\"entry-content-wrap\">\n\t\t\t<header class=\"entry-header\">\n\t\t<div class=\"entry-taxonomies\">\n\t\t<span class=\"category-links term-links category-style-normal\">\n\t\t\t<a href=\"https:\/\/suvremene-teme.vern.hr\/en\/category\/godina-izdanja\/2024\/\" class=\"category-link-2024\" rel=\"tag\">2024<\/a>\t\t<\/span>\n\t<\/div><!-- .entry-taxonomies -->\n\t<h2 class=\"entry-title\"><a href=\"https:\/\/suvremene-teme.vern.hr\/en\/uvodna-rijec-3\/\" rel=\"bookmark\">A Word from the Editor<\/a><\/h2>\t<div class=\"entry-meta entry-meta-divider-dot\">\n\t\t\t<span class=\"posted-by\">\r\n\t\tBy&nbsp;<a href=\"\" title=\"Posts by doc. dr. sc. Mirela Holy, glavna i odgovorna urednica\" class=\"author url fn\" rel=\"author\">doc. dr. sc. Mirela Holy, glavna i odgovorna urednica<\/a>\t\t<\/span>\r\n\t\t\t\t\t<span class=\"posted-on\">\n\t\t\t\t<time class=\"entry-date published\" datetime=\"2024-12-19T12:15:44+00:00\">19. December 2024.<\/time><time class=\"updated\" datetime=\"2024-12-20T14:08:22+00:00\">20. December 2024.<\/time>\t\t\t<\/span>\n\t\t\t\t<\/div><!-- .entry-meta -->\n\t<\/header><!-- .entry-header -->\n\t<div class=\"entry-summary\">\n\t\t<p>Interdisciplinarnost kao izazov i prilika u svijetu intersekcijskih kriza U izdanju me\u0111unarodnog \u010dasopisa za dru\u0161tvene i humanisti\u010dke znanosti Contemporary Issues za 2024. godinu, predstavljamo sedam zanimljivih \u010dlanaka koji obra\u0111uju aktualne teme iz podru\u010dja rodnih studija, digitalne transformacije u obrazovanju, brendiranja nacija, politi\u010dke komunikacije, okoli\u0161nih izazova i europske integracije. Ovi \u010dlanci nude svje\u017ee perspektive i utemeljene&#8230;<\/p>\n\t<\/div><!-- .entry-summary -->\n\t<footer class=\"entry-footer\">\n\t\t\t<div class=\"entry-actions\">\n\t\t\t<p class=\"more-link-wrap\">\n\t\t\t\t<a href=\"https:\/\/suvremene-teme.vern.hr\/en\/uvodna-rijec-3\/\" class=\"post-more-link\">\n\t\t\t\t\tRead More<span class=\"screen-reader-text\"> A Word from the Editor<\/span><span class=\"kadence-svg-iconset svg-baseline\"><svg aria-hidden=\"true\" class=\"kadence-svg-icon kadence-arrow-right-alt-svg\" fill=\"currentColor\" version=\"1.1\" xmlns=\"http:\/\/www.w3.org\/2000\/svg\" width=\"27\" height=\"28\" viewbox=\"0 0 27 28\"><title>Continue<\/title><path d=\"M27 13.953c0 0.141-0.063 0.281-0.156 0.375l-6 5.531c-0.156 0.141-0.359 0.172-0.547 0.094-0.172-0.078-0.297-0.25-0.297-0.453v-3.5h-19.5c-0.281 0-0.5-0.219-0.5-0.5v-3c0-0.281 0.219-0.5 0.5-0.5h19.5v-3.5c0-0.203 0.109-0.375 0.297-0.453s0.391-0.047 0.547 0.078l6 5.469c0.094 0.094 0.156 0.219 0.156 0.359v0z\"><\/path>\n\t\t\t<\/svg><\/span>\t\t\t\t<\/a>\n\t\t\t<\/p>\n\t\t<\/div><!-- .entry-actions -->\n\t\t<\/footer><!-- .entry-footer -->\t\t<\/div>\n\t<\/article>\n<\/li>\n<li class=\"kb-post-list-item\">\n\t<article class=\"entry content-bg loop-entry post-1408 post type-post status-publish format-standard hentry category-649 tag-barriers tag-networking tag-old-boys-clubs tag-systematic-literature-review tag-thematic-analysis tag-women\">\n\t\t\t\t<div class=\"entry-content-wrap\">\n\t\t\t<header class=\"entry-header\">\n\t\t<div class=\"entry-taxonomies\">\n\t\t<span class=\"category-links term-links category-style-normal\">\n\t\t\t<a href=\"https:\/\/suvremene-teme.vern.hr\/en\/category\/godina-izdanja\/2024\/\" class=\"category-link-2024\" rel=\"tag\">2024<\/a>\t\t<\/span>\n\t<\/div><!-- .entry-taxonomies -->\n\t<h2 class=\"entry-title\"><a href=\"https:\/\/suvremene-teme.vern.hr\/en\/networking-as-an-organisational-and-structural-barrier-for-womena-systematic-literature-review-1985-2021\/\" rel=\"bookmark\">Networking as an Organisational and Structural Barrier for Women:A Systematic Literature Review (1985-2021)<\/a><\/h2>\t<div class=\"entry-meta entry-meta-divider-dot\">\n\t\t\t<span class=\"posted-by\">\r\n\t\tBy&nbsp;<a href=\"\" title=\"Posts by Martina Topi\u0107, PhD, Christine Carbery, Adalberto Arrigoni, PhD, Teela Clayton, Niki Kyriakidou, PhD, Chian Gatewood, Sujana Shafique, Sallyann Halliday\" class=\"author url fn\" rel=\"author\">Martina Topi\u0107, PhD, Christine Carbery, Adalberto Arrigoni, PhD, Teela Clayton, Niki Kyriakidou, PhD, Chian Gatewood, Sujana Shafique, Sallyann Halliday<\/a>\t\t<\/span>\r\n\t\t\t\t\t<span class=\"posted-on\">\n\t\t\t\t<time class=\"entry-date published\" datetime=\"2024-12-19T11:35:48+00:00\">19. December 2024.<\/time><time class=\"updated\" datetime=\"2024-12-29T18:57:58+00:00\">29. December 2024.<\/time>\t\t\t<\/span>\n\t\t\t\t<\/div><!-- .entry-meta -->\n\t<\/header><!-- .entry-header -->\n\t<div class=\"entry-summary\">\n\t\t<p>Izvorni znanstveni \u010dlanak: https:\/\/doi.org\/10.46917\/st.15.1.1 This paper analyses the literature on women and networking between 1985 and 2021 to explore what is known about networking and its effect on women, and what new research is needed on networking. The authors analysed a total of 78 articles published in women and gender studies journals. Thematic analysis and&#8230;<\/p>\n\t<\/div><!-- .entry-summary -->\n\t<footer class=\"entry-footer\">\n\t\t\t<div class=\"entry-actions\">\n\t\t\t<p class=\"more-link-wrap\">\n\t\t\t\t<a href=\"https:\/\/suvremene-teme.vern.hr\/en\/networking-as-an-organisational-and-structural-barrier-for-womena-systematic-literature-review-1985-2021\/\" class=\"post-more-link\">\n\t\t\t\t\tRead More<span class=\"screen-reader-text\"> Networking as an Organisational and Structural Barrier for Women:A Systematic Literature Review (1985-2021)<\/span><span class=\"kadence-svg-iconset svg-baseline\"><svg aria-hidden=\"true\" class=\"kadence-svg-icon kadence-arrow-right-alt-svg\" fill=\"currentColor\" version=\"1.1\" xmlns=\"http:\/\/www.w3.org\/2000\/svg\" width=\"27\" height=\"28\" viewbox=\"0 0 27 28\"><title>Continue<\/title><path d=\"M27 13.953c0 0.141-0.063 0.281-0.156 0.375l-6 5.531c-0.156 0.141-0.359 0.172-0.547 0.094-0.172-0.078-0.297-0.25-0.297-0.453v-3.5h-19.5c-0.281 0-0.5-0.219-0.5-0.5v-3c0-0.281 0.219-0.5 0.5-0.5h19.5v-3.5c0-0.203 0.109-0.375 0.297-0.453s0.391-0.047 0.547 0.078l6 5.469c0.094 0.094 0.156 0.219 0.156 0.359v0z\"><\/path>\n\t\t\t<\/svg><\/span>\t\t\t\t<\/a>\n\t\t\t<\/p>\n\t\t<\/div><!-- .entry-actions -->\n\t\t<\/footer><!-- .entry-footer -->\t\t<\/div>\n\t<\/article>\n<\/li>\n<li class=\"kb-post-list-item\">\n\t<article class=\"entry content-bg loop-entry post-1385 post type-post status-publish format-standard hentry category-649 tag-polikriza tag-promjene tag-znanstvena-paradigma tag-znanstvena-revolucija\">\n\t\t\t\t<div class=\"entry-content-wrap\">\n\t\t\t<header class=\"entry-header\">\n\t\t<div class=\"entry-taxonomies\">\n\t\t<span class=\"category-links term-links category-style-normal\">\n\t\t\t<a href=\"https:\/\/suvremene-teme.vern.hr\/en\/category\/godina-izdanja\/2024\/\" class=\"category-link-2024\" rel=\"tag\">2024<\/a>\t\t<\/span>\n\t<\/div><!-- .entry-taxonomies -->\n\t<h2 class=\"entry-title\"><a href=\"https:\/\/suvremene-teme.vern.hr\/en\/analiza-uzroka-neuspjeha-suocavanja-s-kljucnim-ekoloskim-idrustvenim-izazovima-covjecanstva\/\" rel=\"bookmark\">Analiza uzroka neuspjeha suo\u010davanja s klju\u010dnim ekolo\u0161kim idru\u0161tvenim izazovima \u010dovje\u010danstva<\/a><\/h2>\t<div class=\"entry-meta entry-meta-divider-dot\">\n\t\t\t<span class=\"posted-by\">\r\n\t\tBy&nbsp;<a href=\"\" title=\"Posts by mr. sc. MILJENKO CIME\u0160A\" class=\"author url fn\" rel=\"author\">mr. sc. MILJENKO CIME\u0160A<\/a>\t\t<\/span>\r\n\t\t\t\t\t<span class=\"posted-on\">\n\t\t\t\t<time class=\"entry-date published\" datetime=\"2024-12-19T11:28:00+00:00\">19. December 2024.<\/time><time class=\"updated\" datetime=\"2024-12-29T18:57:15+00:00\">29. December 2024.<\/time>\t\t\t<\/span>\n\t\t\t\t<\/div><!-- .entry-meta -->\n\t<\/header><!-- .entry-header -->\n\t<div class=\"entry-summary\">\n\t\t<p>Izvorni znanstveni \u010dlanak: https:\/\/doi.org\/10.46917\/st.15.1.2 Klimatske promjene predstavljaju jedan od najve\u0107ih izazova \u010dovje\u010danstva. Teza istra\u017eivanja je da klju\u010dni razlozi neuspjeha dosada\u0161njih napora na ubla\u017eavanja klimatskih promjena le\u017ee u jazu izme\u0111u stvarne prirode tog izazova te razine znanstvenog razvoja i na njemu temeljenih rje\u0161enja. Na osnovi analize literature izvr\u0161en je odabir \u010detiri alata koji su zatim kori\u0161teni&#8230;<\/p>\n\t<\/div><!-- .entry-summary -->\n\t<footer class=\"entry-footer\">\n\t\t\t<div class=\"entry-actions\">\n\t\t\t<p class=\"more-link-wrap\">\n\t\t\t\t<a href=\"https:\/\/suvremene-teme.vern.hr\/en\/analiza-uzroka-neuspjeha-suocavanja-s-kljucnim-ekoloskim-idrustvenim-izazovima-covjecanstva\/\" class=\"post-more-link\">\n\t\t\t\t\tRead More<span class=\"screen-reader-text\"> Analiza uzroka neuspjeha suo\u010davanja s klju\u010dnim ekolo\u0161kim idru\u0161tvenim izazovima \u010dovje\u010danstva<\/span><span class=\"kadence-svg-iconset svg-baseline\"><svg aria-hidden=\"true\" class=\"kadence-svg-icon kadence-arrow-right-alt-svg\" fill=\"currentColor\" version=\"1.1\" xmlns=\"http:\/\/www.w3.org\/2000\/svg\" width=\"27\" height=\"28\" viewbox=\"0 0 27 28\"><title>Continue<\/title><path d=\"M27 13.953c0 0.141-0.063 0.281-0.156 0.375l-6 5.531c-0.156 0.141-0.359 0.172-0.547 0.094-0.172-0.078-0.297-0.25-0.297-0.453v-3.5h-19.5c-0.281 0-0.5-0.219-0.5-0.5v-3c0-0.281 0.219-0.5 0.5-0.5h19.5v-3.5c0-0.203 0.109-0.375 0.297-0.453s0.391-0.047 0.547 0.078l6 5.469c0.094 0.094 0.156 0.219 0.156 0.359v0z\"><\/path>\n\t\t\t<\/svg><\/span>\t\t\t\t<\/a>\n\t\t\t<\/p>\n\t\t<\/div><!-- .entry-actions -->\n\t\t<\/footer><!-- .entry-footer -->\t\t<\/div>\n\t<\/article>\n<\/li>\n<li class=\"kb-post-list-item\">\n\t<article class=\"entry content-bg loop-entry post-1405 post type-post status-publish format-standard hentry category-649 tag-brand-strategy tag-country-brand tag-nation-brand-dimensions tag-nation-branding tag-the-republic-of-croatia\">\n\t\t\t\t<div class=\"entry-content-wrap\">\n\t\t\t<header class=\"entry-header\">\n\t\t<div class=\"entry-taxonomies\">\n\t\t<span class=\"category-links term-links category-style-normal\">\n\t\t\t<a href=\"https:\/\/suvremene-teme.vern.hr\/en\/category\/godina-izdanja\/2024\/\" class=\"category-link-2024\" rel=\"tag\">2024<\/a>\t\t<\/span>\n\t<\/div><!-- .entry-taxonomies -->\n\t<h2 class=\"entry-title\"><a href=\"https:\/\/suvremene-teme.vern.hr\/en\/analysis-of-the-perception-of-the-republic-of-croatia-as-a-brandrecommendations-for-developing-a-nation-branding-strategy\/\" rel=\"bookmark\">Analysis of the Perception of the Republic of Croatia as a Brand:Recommendations for Developing a Nation Branding Strategy<\/a><\/h2>\t<div class=\"entry-meta entry-meta-divider-dot\">\n\t\t\t<span class=\"posted-by\">\r\n\t\tBy&nbsp;<a href=\"\" title=\"Posts by JADRANKA IVANKOVI\u0106, PhD, MARIN MITROVI\u0106, DIANA PLANTI\u0106 TADI\u0106, PhD\" class=\"author url fn\" rel=\"author\">JADRANKA IVANKOVI\u0106, PhD, MARIN MITROVI\u0106, DIANA PLANTI\u0106 TADI\u0106, PhD<\/a>\t\t<\/span>\r\n\t\t\t\t\t<span class=\"posted-on\">\n\t\t\t\t<time class=\"entry-date published\" datetime=\"2024-12-19T11:27:05+00:00\">19. December 2024.<\/time><time class=\"updated\" datetime=\"2024-12-29T18:56:46+00:00\">29. December 2024.<\/time>\t\t\t<\/span>\n\t\t\t\t<\/div><!-- .entry-meta -->\n\t<\/header><!-- .entry-header -->\n\t<div class=\"entry-summary\">\n\t\t<p>Pregledni rad: https:\/\/doi.org\/10.46917\/st.15.1.3 The aim of the paper was to investigate the national identity and image of the Republic of Croatia to identify opportunities and give recommendations for creating a branding strategy for Croatia. A comparative analysis of the perception of Croatia as a brand is presented based on a survey conducted on a sample&#8230;<\/p>\n\t<\/div><!-- .entry-summary -->\n\t<footer class=\"entry-footer\">\n\t\t\t<div class=\"entry-actions\">\n\t\t\t<p class=\"more-link-wrap\">\n\t\t\t\t<a href=\"https:\/\/suvremene-teme.vern.hr\/en\/analysis-of-the-perception-of-the-republic-of-croatia-as-a-brandrecommendations-for-developing-a-nation-branding-strategy\/\" class=\"post-more-link\">\n\t\t\t\t\tRead More<span class=\"screen-reader-text\"> Analysis of the Perception of the Republic of Croatia as a Brand:Recommendations for Developing a Nation Branding Strategy<\/span><span class=\"kadence-svg-iconset svg-baseline\"><svg aria-hidden=\"true\" class=\"kadence-svg-icon kadence-arrow-right-alt-svg\" fill=\"currentColor\" version=\"1.1\" xmlns=\"http:\/\/www.w3.org\/2000\/svg\" width=\"27\" height=\"28\" viewbox=\"0 0 27 28\"><title>Continue<\/title><path d=\"M27 13.953c0 0.141-0.063 0.281-0.156 0.375l-6 5.531c-0.156 0.141-0.359 0.172-0.547 0.094-0.172-0.078-0.297-0.25-0.297-0.453v-3.5h-19.5c-0.281 0-0.5-0.219-0.5-0.5v-3c0-0.281 0.219-0.5 0.5-0.5h19.5v-3.5c0-0.203 0.109-0.375 0.297-0.453s0.391-0.047 0.547 0.078l6 5.469c0.094 0.094 0.156 0.219 0.156 0.359v0z\"><\/path>\n\t\t\t<\/svg><\/span>\t\t\t\t<\/a>\n\t\t\t<\/p>\n\t\t<\/div><!-- .entry-actions -->\n\t\t<\/footer><!-- .entry-footer -->\t\t<\/div>\n\t<\/article>\n<\/li>\n<li class=\"kb-post-list-item\">\n\t<article class=\"entry content-bg loop-entry post-1401 post type-post status-publish format-standard hentry category-649 tag-demokratski-deficit tag-europska-unija tag-konstitucionalizam tag-politicka-teorija-europske-integracije tag-supsidijarnost\">\n\t\t\t\t<div class=\"entry-content-wrap\">\n\t\t\t<header class=\"entry-header\">\n\t\t<div class=\"entry-taxonomies\">\n\t\t<span class=\"category-links term-links category-style-normal\">\n\t\t\t<a href=\"https:\/\/suvremene-teme.vern.hr\/en\/category\/godina-izdanja\/2024\/\" class=\"category-link-2024\" rel=\"tag\">2024<\/a>\t\t<\/span>\n\t<\/div><!-- .entry-taxonomies -->\n\t<h2 class=\"entry-title\"><a href=\"https:\/\/suvremene-teme.vern.hr\/en\/konstitucionalizacija-europske-unije-izmedu-demokratskog-deficita-i-nacela-supsidijarnosti\/\" rel=\"bookmark\">Konstitucionalizacija Europske unije izme\u0111u demokratskog deficita i na\u010dela supsidijarnosti.<\/a><\/h2>\t<div class=\"entry-meta entry-meta-divider-dot\">\n\t\t\t<span class=\"posted-by\">\r\n\t\tBy&nbsp;<a href=\"\" title=\"Posts by dr. sc. HRVOJE \u0160PEHAR, MIROSLAV JURANEK\" class=\"author url fn\" rel=\"author\">dr. sc. HRVOJE \u0160PEHAR, MIROSLAV JURANEK<\/a>\t\t<\/span>\r\n\t\t\t\t\t<span class=\"posted-on\">\n\t\t\t\t<time class=\"entry-date published\" datetime=\"2024-12-19T11:20:08+00:00\">19. December 2024.<\/time><time class=\"updated\" datetime=\"2024-12-29T18:56:02+00:00\">29. December 2024.<\/time>\t\t\t<\/span>\n\t\t\t\t<\/div><!-- .entry-meta -->\n\t<\/header><!-- .entry-header -->\n\t<div class=\"entry-summary\">\n\t\t<p>Pregledni rad: https:\/\/doi.org\/10.46917\/st.15.1.4 U radu se istra\u017euje kratka povijesna genealogija politi\u010dkog sustava Europske unije u pogledu analize razvoja sustava kvazi-konfederacije i me\u0111udr\u017eavne suradnje, koja, nakon neuspjele konstitucionalizacije i trenuta\u010dnoga stanja osniva\u010dkih ugovora, u velikoj mjeri ovisi o klju\u010dnim akterima na me\u0111uvladinoj razini. Budu\u0107i da je asimetri\u010dni i specifi\u010dni politi\u010dki sustav Europske unije sa\u010dinjen od brojnih&#8230;<\/p>\n\t<\/div><!-- .entry-summary -->\n\t<footer class=\"entry-footer\">\n\t\t\t<div class=\"entry-actions\">\n\t\t\t<p class=\"more-link-wrap\">\n\t\t\t\t<a href=\"https:\/\/suvremene-teme.vern.hr\/en\/konstitucionalizacija-europske-unije-izmedu-demokratskog-deficita-i-nacela-supsidijarnosti\/\" class=\"post-more-link\">\n\t\t\t\t\tRead More<span class=\"screen-reader-text\"> Konstitucionalizacija Europske unije izme\u0111u demokratskog deficita i na\u010dela supsidijarnosti.<\/span><span class=\"kadence-svg-iconset svg-baseline\"><svg aria-hidden=\"true\" class=\"kadence-svg-icon kadence-arrow-right-alt-svg\" fill=\"currentColor\" version=\"1.1\" xmlns=\"http:\/\/www.w3.org\/2000\/svg\" width=\"27\" height=\"28\" viewbox=\"0 0 27 28\"><title>Continue<\/title><path d=\"M27 13.953c0 0.141-0.063 0.281-0.156 0.375l-6 5.531c-0.156 0.141-0.359 0.172-0.547 0.094-0.172-0.078-0.297-0.25-0.297-0.453v-3.5h-19.5c-0.281 0-0.5-0.219-0.5-0.5v-3c0-0.281 0.219-0.5 0.5-0.5h19.5v-3.5c0-0.203 0.109-0.375 0.297-0.453s0.391-0.047 0.547 0.078l6 5.469c0.094 0.094 0.156 0.219 0.156 0.359v0z\"><\/path>\n\t\t\t<\/svg><\/span>\t\t\t\t<\/a>\n\t\t\t<\/p>\n\t\t<\/div><!-- .entry-actions -->\n\t\t<\/footer><!-- .entry-footer -->\t\t<\/div>\n\t<\/article>\n<\/li>\n<li class=\"kb-post-list-item\">\n\t<article class=\"entry content-bg loop-entry post-1397 post type-post status-publish format-standard hentry category-649 tag-andrej-plenkovic tag-drustvene-mreze tag-politicka-komunikacija-u-hrvatskoj tag-politicki-diskurs tag-zoran-milanovic\">\n\t\t\t\t<div class=\"entry-content-wrap\">\n\t\t\t<header class=\"entry-header\">\n\t\t<div class=\"entry-taxonomies\">\n\t\t<span class=\"category-links term-links category-style-normal\">\n\t\t\t<a href=\"https:\/\/suvremene-teme.vern.hr\/en\/category\/godina-izdanja\/2024\/\" class=\"category-link-2024\" rel=\"tag\">2024<\/a>\t\t<\/span>\n\t<\/div><!-- .entry-taxonomies -->\n\t<h2 class=\"entry-title\"><a href=\"https:\/\/suvremene-teme.vern.hr\/en\/koristenje-drustvenih-mreza-u-hrvatskom-politickom-diskursu\/\" rel=\"bookmark\">Kori\u0161tenje dru\u0161tvenih mre\u017ea u hrvatskom politi\u010dkom diskursu<\/a><\/h2>\t<div class=\"entry-meta entry-meta-divider-dot\">\n\t\t\t<span class=\"posted-by\">\r\n\t\tBy&nbsp;<a href=\"\" title=\"Posts by doc. dr. sc. ZDRAVKA BIO\u010cINA, TOMISLAV KARAULA, SUN\u010cICA \u017dNIDAR\" class=\"author url fn\" rel=\"author\">doc. dr. sc. ZDRAVKA BIO\u010cINA, TOMISLAV KARAULA, SUN\u010cICA \u017dNIDAR<\/a>\t\t<\/span>\r\n\t\t\t\t\t<span class=\"posted-on\">\n\t\t\t\t<time class=\"entry-date published\" datetime=\"2024-12-19T11:16:52+00:00\">19. December 2024.<\/time><time class=\"updated\" datetime=\"2025-01-21T11:08:36+00:00\">21. January 2025.<\/time>\t\t\t<\/span>\n\t\t\t\t<\/div><!-- .entry-meta -->\n\t<\/header><!-- .entry-header -->\n\t<div class=\"entry-summary\">\n\t\t<p>Prethodno priop\u0107enje: https:\/\/doi.org\/10.46917\/st.15.1.5 Ovaj rad ispituje koliko i kako najpra\u0107eniji politi\u010dari u Hrvatskoj koriste dru\u0161tvene mre\u017ee i kakve su navike i stav gra\u0111ana o njihovoj online komunikaciji. Anketa provedena u suradnji s kompanijom Valicon pokazala je kako ve\u0107ina ispitanika (67,1 % od njih 608) smatra da hrvatski politi\u010dari trebaju biti prisutni na dru\u0161tvenim mre\u017eama. Me\u0111utim,&#8230;<\/p>\n\t<\/div><!-- .entry-summary -->\n\t<footer class=\"entry-footer\">\n\t\t\t<div class=\"entry-actions\">\n\t\t\t<p class=\"more-link-wrap\">\n\t\t\t\t<a href=\"https:\/\/suvremene-teme.vern.hr\/en\/koristenje-drustvenih-mreza-u-hrvatskom-politickom-diskursu\/\" class=\"post-more-link\">\n\t\t\t\t\tRead More<span class=\"screen-reader-text\"> Kori\u0161tenje dru\u0161tvenih mre\u017ea u hrvatskom politi\u010dkom diskursu<\/span><span class=\"kadence-svg-iconset svg-baseline\"><svg aria-hidden=\"true\" class=\"kadence-svg-icon kadence-arrow-right-alt-svg\" fill=\"currentColor\" version=\"1.1\" xmlns=\"http:\/\/www.w3.org\/2000\/svg\" width=\"27\" height=\"28\" viewbox=\"0 0 27 28\"><title>Continue<\/title><path d=\"M27 13.953c0 0.141-0.063 0.281-0.156 0.375l-6 5.531c-0.156 0.141-0.359 0.172-0.547 0.094-0.172-0.078-0.297-0.25-0.297-0.453v-3.5h-19.5c-0.281 0-0.5-0.219-0.5-0.5v-3c0-0.281 0.219-0.5 0.5-0.5h19.5v-3.5c0-0.203 0.109-0.375 0.297-0.453s0.391-0.047 0.547 0.078l6 5.469c0.094 0.094 0.156 0.219 0.156 0.359v0z\"><\/path>\n\t\t\t<\/svg><\/span>\t\t\t\t<\/a>\n\t\t\t<\/p>\n\t\t<\/div><!-- .entry-actions -->\n\t\t<\/footer><!-- .entry-footer -->\t\t<\/div>\n\t<\/article>\n<\/li>\n<li class=\"kb-post-list-item\">\n\t<article class=\"entry content-bg loop-entry post-1394 post type-post status-publish format-standard hentry category-649 tag-digitalna-transformacija tag-online-obrazovanje tag-studenti tag-visokoskolske-ustanove\">\n\t\t\t\t<div class=\"entry-content-wrap\">\n\t\t\t<header class=\"entry-header\">\n\t\t<div class=\"entry-taxonomies\">\n\t\t<span class=\"category-links term-links category-style-normal\">\n\t\t\t<a href=\"https:\/\/suvremene-teme.vern.hr\/en\/category\/godina-izdanja\/2024\/\" class=\"category-link-2024\" rel=\"tag\">2024<\/a>\t\t<\/span>\n\t<\/div><!-- .entry-taxonomies -->\n\t<h2 class=\"entry-title\"><a href=\"https:\/\/suvremene-teme.vern.hr\/en\/digitalna-transformacija-obrazovanja-na-primjeruprivatnih-visokoskolskih-institucija\/\" rel=\"bookmark\">Digitalna transformacija obrazovanja na primjeruprivatnih visoko\u0161kolskih institucija<\/a><\/h2>\t<div class=\"entry-meta entry-meta-divider-dot\">\n\t\t\t<span class=\"posted-by\">\r\n\t\tBy&nbsp;<a href=\"\" title=\"Posts by dr. sc. KONSTANCA KOREN\u010cI\u0106 KAMPL, mr. sc. DUBRAVKA MARAS, BRUNO RAGU\u017d\" class=\"author url fn\" rel=\"author\">dr. sc. KONSTANCA KOREN\u010cI\u0106 KAMPL, mr. sc. DUBRAVKA MARAS, BRUNO RAGU\u017d<\/a>\t\t<\/span>\r\n\t\t\t\t\t<span class=\"posted-on\">\n\t\t\t\t<time class=\"entry-date published\" datetime=\"2024-12-19T11:03:34+00:00\">19. December 2024.<\/time><time class=\"updated\" datetime=\"2024-12-29T18:54:41+00:00\">29. December 2024.<\/time>\t\t\t<\/span>\n\t\t\t\t<\/div><!-- .entry-meta -->\n\t<\/header><!-- .entry-header -->\n\t<div class=\"entry-summary\">\n\t\t<p>Pregledni rad: https:\/\/doi.org\/10.46917\/st.15.1.6 Ovim se radom \u017eele ispitati stavovi studenata o online obrazovanju pri \u010demu se naglasak stavlja na propitivanje uporabe digitalnih tehnologija u nastavnom procesu. Nakon provedenog istra\u017eivanja, dobiveni rezultati mo\u0107i \u0107e se koristiti prije svega kao podloga za prilagodbu postoje\u0107ih nastavnih procesa radi dobrobiti studenata i nastave, ali i za razvoj budu\u0107ih edukacijskih&#8230;<\/p>\n\t<\/div><!-- .entry-summary -->\n\t<footer class=\"entry-footer\">\n\t\t\t<div class=\"entry-actions\">\n\t\t\t<p class=\"more-link-wrap\">\n\t\t\t\t<a href=\"https:\/\/suvremene-teme.vern.hr\/en\/digitalna-transformacija-obrazovanja-na-primjeruprivatnih-visokoskolskih-institucija\/\" class=\"post-more-link\">\n\t\t\t\t\tRead More<span class=\"screen-reader-text\"> Digitalna transformacija obrazovanja na primjeruprivatnih visoko\u0161kolskih institucija<\/span><span class=\"kadence-svg-iconset svg-baseline\"><svg aria-hidden=\"true\" class=\"kadence-svg-icon kadence-arrow-right-alt-svg\" fill=\"currentColor\" version=\"1.1\" xmlns=\"http:\/\/www.w3.org\/2000\/svg\" width=\"27\" height=\"28\" viewbox=\"0 0 27 28\"><title>Continue<\/title><path d=\"M27 13.953c0 0.141-0.063 0.281-0.156 0.375l-6 5.531c-0.156 0.141-0.359 0.172-0.547 0.094-0.172-0.078-0.297-0.25-0.297-0.453v-3.5h-19.5c-0.281 0-0.5-0.219-0.5-0.5v-3c0-0.281 0.219-0.5 0.5-0.5h19.5v-3.5c0-0.203 0.109-0.375 0.297-0.453s0.391-0.047 0.547 0.078l6 5.469c0.094 0.094 0.156 0.219 0.156 0.359v0z\"><\/path>\n\t\t\t<\/svg><\/span>\t\t\t\t<\/a>\n\t\t\t<\/p>\n\t\t<\/div><!-- .entry-actions -->\n\t\t<\/footer><!-- .entry-footer -->\t\t<\/div>\n\t<\/article>\n<\/li>\n<li class=\"kb-post-list-item\">\n\t<article class=\"entry content-bg loop-entry post-1388 post type-post status-publish format-standard hentry category-649 tag-eurovizija tag-percepcija tag-politika tag-zabava\">\n\t\t\t\t<div class=\"entry-content-wrap\">\n\t\t\t<header class=\"entry-header\">\n\t\t<div class=\"entry-taxonomies\">\n\t\t<span class=\"category-links term-links category-style-normal\">\n\t\t\t<a href=\"https:\/\/suvremene-teme.vern.hr\/en\/category\/godina-izdanja\/2024\/\" class=\"category-link-2024\" rel=\"tag\">2024<\/a>\t\t<\/span>\n\t<\/div><!-- .entry-taxonomies -->\n\t<h2 class=\"entry-title\"><a href=\"https:\/\/suvremene-teme.vern.hr\/en\/percepcija-eurovizije-kao-politicko-zabavnog-dogadajamedu-mladima\/\" rel=\"bookmark\">Percepcija Eurovizije kao politi\u010dko-zabavnog doga\u0111aja me\u0111u mladima<\/a><\/h2>\t<div class=\"entry-meta entry-meta-divider-dot\">\n\t\t\t<span class=\"posted-by\">\r\n\t\tBy&nbsp;<a href=\"\" title=\"Posts by Korina Terek, doc.dr.sc. Dejan Gluva\u010devi\u0107\" class=\"author url fn\" rel=\"author\">Korina Terek, doc.dr.sc. Dejan Gluva\u010devi\u0107<\/a>\t\t<\/span>\r\n\t\t\t\t\t<span class=\"posted-on\">\n\t\t\t\t<time class=\"entry-date published\" datetime=\"2024-12-19T10:56:01+00:00\">19. December 2024.<\/time><time class=\"updated\" datetime=\"2024-12-29T18:53:25+00:00\">29. December 2024.<\/time>\t\t\t<\/span>\n\t\t\t\t<\/div><!-- .entry-meta -->\n\t<\/header><!-- .entry-header -->\n\t<div class=\"entry-summary\">\n\t\t<p>Pregledni rad: https:\/\/doi.org\/10.46917\/st.15.1.7 Eurovizija je zapo\u010dela kao natjecanje u pjevanju \u010diji je cilj bio povezati i ujediniti zemlje koje u njemu sudjeluju. Kao takvo, natjecanje je zami\u0161ljeno kao apoliti\u010dno. Me\u0111utim, u posljednjih deset godina, vidi se zna\u010dajan pomak u percepciji toga \u0161to se smatra pjesmom u duhu Eurovizije i koliko poruka pjesme postaje va\u017ena. Ta&#8230;<\/p>\n\t<\/div><!-- .entry-summary -->\n\t<footer class=\"entry-footer\">\n\t\t\t<div class=\"entry-actions\">\n\t\t\t<p class=\"more-link-wrap\">\n\t\t\t\t<a href=\"https:\/\/suvremene-teme.vern.hr\/en\/percepcija-eurovizije-kao-politicko-zabavnog-dogadajamedu-mladima\/\" class=\"post-more-link\">\n\t\t\t\t\tRead More<span class=\"screen-reader-text\"> Percepcija Eurovizije kao politi\u010dko-zabavnog doga\u0111aja me\u0111u mladima<\/span><span class=\"kadence-svg-iconset svg-baseline\"><svg aria-hidden=\"true\" class=\"kadence-svg-icon kadence-arrow-right-alt-svg\" fill=\"currentColor\" version=\"1.1\" xmlns=\"http:\/\/www.w3.org\/2000\/svg\" width=\"27\" height=\"28\" viewbox=\"0 0 27 28\"><title>Continue<\/title><path d=\"M27 13.953c0 0.141-0.063 0.281-0.156 0.375l-6 5.531c-0.156 0.141-0.359 0.172-0.547 0.094-0.172-0.078-0.297-0.25-0.297-0.453v-3.5h-19.5c-0.281 0-0.5-0.219-0.5-0.5v-3c0-0.281 0.219-0.5 0.5-0.5h19.5v-3.5c0-0.203 0.109-0.375 0.297-0.453s0.391-0.047 0.547 0.078l6 5.469c0.094 0.094 0.156 0.219 0.156 0.359v0z\"><\/path>\n\t\t\t<\/svg><\/span>\t\t\t\t<\/a>\n\t\t\t<\/p>\n\t\t<\/div><!-- .entry-actions -->\n\t\t<\/footer><!-- .entry-footer -->\t\t<\/div>\n\t<\/article>\n<\/li>\n<\/ul><\/div><\/div>\n\n\n\n<div class=\"wp-block-kadence-tab kt-tab-inner-content kt-inner-tab-4 kt-inner-tab_aa5d2d-f6\"><div class=\"kt-tab-inner-content-inner\"><style>.kb-posts-id-_0d862c-a4 .kb-post-list-item{display:grid;}<\/style><ul class=\"wp-block-kadence-posts kb-posts kadence-posts-list kb-posts-id-_0d862c-a4 content-wrap grid-cols kb-posts-style-boxed grid-sm-col-2 grid-lg-col-2 item-image-style-above\"><li class=\"kb-post-list-item\">\n\t<article class=\"entry content-bg loop-entry post-1335 post type-post status-publish format-standard hentry category-621\">\n\t\t\t\t<div class=\"entry-content-wrap\">\n\t\t\t<header class=\"entry-header\">\n\t\t<div class=\"entry-taxonomies\">\n\t\t<span class=\"category-links term-links category-style-normal\">\n\t\t\t<a href=\"https:\/\/suvremene-teme.vern.hr\/en\/category\/godina-izdanja\/2023\/\" class=\"category-link-2023\" rel=\"tag\">2023<\/a>\t\t<\/span>\n\t<\/div><!-- .entry-taxonomies -->\n\t<h2 class=\"entry-title\"><a href=\"https:\/\/suvremene-teme.vern.hr\/en\/uvodna-rijec-2023\/\" rel=\"bookmark\">A Word from the Editor<\/a><\/h2>\t<div class=\"entry-meta entry-meta-divider-dot\">\n\t\t\t<span class=\"posted-by\">\r\n\t\tBy&nbsp;<a href=\"\" title=\"Posts by Nikolina Bor\u010di\u0107, glavna urednica\" class=\"author url fn\" rel=\"author\">Nikolina Bor\u010di\u0107, glavna urednica<\/a>\t\t<\/span>\r\n\t\t\t\t\t<span class=\"posted-on\">\n\t\t\t\t<time class=\"entry-date published\" datetime=\"2023-12-27T16:56:13+00:00\">27. December 2023.<\/time><time class=\"updated\" datetime=\"2023-12-27T18:11:09+00:00\">27. December 2023.<\/time>\t\t\t<\/span>\n\t\t\t\t<\/div><!-- .entry-meta -->\n\t<\/header><!-- .entry-header -->\n\t<div class=\"entry-summary\">\n\t\t<p>The new issue of the magazine Contemporary Issues brings a unique perspective and in-depth\nunderstanding of the key issues that shape our contemporary society. From the digital revolution\nin the media industry to the complexity of political communication, from the challenges faced by\nyoung people to innovations in marketing communication and the overview of the launch of a new\nstudent radio, the papers in this issue represent a mosaic of contemporary social and technological\ntrends...<\/p>\n\t<\/div><!-- .entry-summary -->\n\t<footer class=\"entry-footer\">\n\t\t\t<div class=\"entry-actions\">\n\t\t\t<p class=\"more-link-wrap\">\n\t\t\t\t<a href=\"https:\/\/suvremene-teme.vern.hr\/en\/uvodna-rijec-2023\/\" class=\"post-more-link\">\n\t\t\t\t\tRead More<span class=\"screen-reader-text\"> A Word from the Editor<\/span><span class=\"kadence-svg-iconset svg-baseline\"><svg aria-hidden=\"true\" class=\"kadence-svg-icon kadence-arrow-right-alt-svg\" fill=\"currentColor\" version=\"1.1\" xmlns=\"http:\/\/www.w3.org\/2000\/svg\" width=\"27\" height=\"28\" viewbox=\"0 0 27 28\"><title>Continue<\/title><path d=\"M27 13.953c0 0.141-0.063 0.281-0.156 0.375l-6 5.531c-0.156 0.141-0.359 0.172-0.547 0.094-0.172-0.078-0.297-0.25-0.297-0.453v-3.5h-19.5c-0.281 0-0.5-0.219-0.5-0.5v-3c0-0.281 0.219-0.5 0.5-0.5h19.5v-3.5c0-0.203 0.109-0.375 0.297-0.453s0.391-0.047 0.547 0.078l6 5.469c0.094 0.094 0.156 0.219 0.156 0.359v0z\"><\/path>\n\t\t\t<\/svg><\/span>\t\t\t\t<\/a>\n\t\t\t<\/p>\n\t\t<\/div><!-- .entry-actions -->\n\t\t<\/footer><!-- .entry-footer -->\t\t<\/div>\n\t<\/article>\n<\/li>\n<li class=\"kb-post-list-item\">\n\t<article class=\"entry content-bg loop-entry post-1333 post type-post status-publish format-standard hentry category-621 tag-krizna-komunikacija tag-politicki-imidz tag-politicko-komuniciranje tag-strategije-uvjeravanja\">\n\t\t\t\t<div class=\"entry-content-wrap\">\n\t\t\t<header class=\"entry-header\">\n\t\t<div class=\"entry-taxonomies\">\n\t\t<span class=\"category-links term-links category-style-normal\">\n\t\t\t<a href=\"https:\/\/suvremene-teme.vern.hr\/en\/category\/godina-izdanja\/2023\/\" class=\"category-link-2023\" rel=\"tag\">2023<\/a>\t\t<\/span>\n\t<\/div><!-- .entry-taxonomies -->\n\t<h2 class=\"entry-title\"><a href=\"https:\/\/suvremene-teme.vern.hr\/en\/politicko-komuniciranje-predsjednika-republike-srbije-aleksandra-vucica-uslijed-masovnih-ubojstava-2023-godine\/\" rel=\"bookmark\">Political communication of the president of the Republic of Serbia, Aleksandar Vu\u010di\u0107 due to mass shootings in 2023<\/a><\/h2>\t<div class=\"entry-meta entry-meta-divider-dot\">\n\t\t\t<span class=\"posted-by\">\r\n\t\tBy&nbsp;<a href=\"\" title=\"Posts by Ana Mlinari\u0107, doc. dr. sc. Nikolina Bo\u010di\u0107\" class=\"author url fn\" rel=\"author\">Ana Mlinari\u0107, doc. dr. sc. Nikolina Bo\u010di\u0107<\/a>\t\t<\/span>\r\n\t\t\t\t\t<span class=\"posted-on\">\n\t\t\t\t<time class=\"entry-date published\" datetime=\"2023-12-27T16:53:26+00:00\">27. December 2023.<\/time><time class=\"updated\" datetime=\"2023-12-27T17:54:55+00:00\">27. December 2023.<\/time>\t\t\t<\/span>\n\t\t\t\t<\/div><!-- .entry-meta -->\n\t<\/header><!-- .entry-header -->\n\t<div class=\"entry-summary\">\n\t\t<p>The analysis of political communication in crisis situations is focused\non the strategies and methods leaders apply to confront challenges and\neffectively manage the situation, thereby strengthening public trust.\nThe aim of this research is to analyze and illustrate the communication\napproach of the President of Serbia, Aleksandar Vu\u010di\u0107, during the\nseries of mass murders in 2023...<\/p>\n\t<\/div><!-- .entry-summary -->\n\t<footer class=\"entry-footer\">\n\t\t\t<div class=\"entry-actions\">\n\t\t\t<p class=\"more-link-wrap\">\n\t\t\t\t<a href=\"https:\/\/suvremene-teme.vern.hr\/en\/politicko-komuniciranje-predsjednika-republike-srbije-aleksandra-vucica-uslijed-masovnih-ubojstava-2023-godine\/\" class=\"post-more-link\">\n\t\t\t\t\tRead More<span class=\"screen-reader-text\"> Political communication of the president of the Republic of Serbia, Aleksandar Vu\u010di\u0107 due to mass shootings in 2023<\/span><span class=\"kadence-svg-iconset svg-baseline\"><svg aria-hidden=\"true\" class=\"kadence-svg-icon kadence-arrow-right-alt-svg\" fill=\"currentColor\" version=\"1.1\" xmlns=\"http:\/\/www.w3.org\/2000\/svg\" width=\"27\" height=\"28\" viewbox=\"0 0 27 28\"><title>Continue<\/title><path d=\"M27 13.953c0 0.141-0.063 0.281-0.156 0.375l-6 5.531c-0.156 0.141-0.359 0.172-0.547 0.094-0.172-0.078-0.297-0.25-0.297-0.453v-3.5h-19.5c-0.281 0-0.5-0.219-0.5-0.5v-3c0-0.281 0.219-0.5 0.5-0.5h19.5v-3.5c0-0.203 0.109-0.375 0.297-0.453s0.391-0.047 0.547 0.078l6 5.469c0.094 0.094 0.156 0.219 0.156 0.359v0z\"><\/path>\n\t\t\t<\/svg><\/span>\t\t\t\t<\/a>\n\t\t\t<\/p>\n\t\t<\/div><!-- .entry-actions -->\n\t\t<\/footer><!-- .entry-footer -->\t\t<\/div>\n\t<\/article>\n<\/li>\n<li class=\"kb-post-list-item\">\n\t<article class=\"entry content-bg loop-entry post-1331 post type-post status-publish format-standard hentry category-621 tag-digitalni-marketing-supkultura tag-direktna-marketinska-komunikacija tag-direktni-marketing tag-y-i-z-generacija\">\n\t\t\t\t<div class=\"entry-content-wrap\">\n\t\t\t<header class=\"entry-header\">\n\t\t<div class=\"entry-taxonomies\">\n\t\t<span class=\"category-links term-links category-style-normal\">\n\t\t\t<a href=\"https:\/\/suvremene-teme.vern.hr\/en\/category\/godina-izdanja\/2023\/\" class=\"category-link-2023\" rel=\"tag\">2023<\/a>\t\t<\/span>\n\t<\/div><!-- .entry-taxonomies -->\n\t<h2 class=\"entry-title\"><a href=\"https:\/\/suvremene-teme.vern.hr\/en\/direktna-marketinska-komunikacija-promatrana-kroz-prizmu-supkultura-generacije-y-i-z\/\" rel=\"bookmark\">Direct marketing communication through the lens of the Y and the Z generation subcultures<\/a><\/h2>\t<div class=\"entry-meta entry-meta-divider-dot\">\n\t\t\t<span class=\"posted-by\">\r\n\t\tBy&nbsp;<a href=\"\" title=\"Posts by dr. sc. Ivana Beki\u0107, doc. dr. sc. Jadranka Ivankovi\u0107, Manja \u017duti\u0107\" class=\"author url fn\" rel=\"author\">dr. sc. Ivana Beki\u0107, doc. dr. sc. Jadranka Ivankovi\u0107, Manja \u017duti\u0107<\/a>\t\t<\/span>\r\n\t\t\t\t\t<span class=\"posted-on\">\n\t\t\t\t<time class=\"entry-date published\" datetime=\"2023-12-27T16:50:43+00:00\">27. December 2023.<\/time><time class=\"updated\" datetime=\"2023-12-27T17:52:46+00:00\">27. December 2023.<\/time>\t\t\t<\/span>\n\t\t\t\t<\/div><!-- .entry-meta -->\n\t<\/header><!-- .entry-header -->\n\t<div class=\"entry-summary\">\n\t\t<p>Making the right decisions about marketing communication is\nan important factor in market success. In order to gain and retain\nconsumers, companies invest significant efforts in understanding\ntheir needs and desires and in creating personalized offers and\ncommunication methods. Direct marketing communication has\nthe following characteristics: immediacy, adaptability, personalized\napproach, interactivity and measurability. The development of digital\nchannels leads to...<\/p>\n\t<\/div><!-- .entry-summary -->\n\t<footer class=\"entry-footer\">\n\t\t\t<div class=\"entry-actions\">\n\t\t\t<p class=\"more-link-wrap\">\n\t\t\t\t<a href=\"https:\/\/suvremene-teme.vern.hr\/en\/direktna-marketinska-komunikacija-promatrana-kroz-prizmu-supkultura-generacije-y-i-z\/\" class=\"post-more-link\">\n\t\t\t\t\tRead More<span class=\"screen-reader-text\"> Direct marketing communication through the lens of the Y and the Z generation subcultures<\/span><span class=\"kadence-svg-iconset svg-baseline\"><svg aria-hidden=\"true\" class=\"kadence-svg-icon kadence-arrow-right-alt-svg\" fill=\"currentColor\" version=\"1.1\" xmlns=\"http:\/\/www.w3.org\/2000\/svg\" width=\"27\" height=\"28\" viewbox=\"0 0 27 28\"><title>Continue<\/title><path d=\"M27 13.953c0 0.141-0.063 0.281-0.156 0.375l-6 5.531c-0.156 0.141-0.359 0.172-0.547 0.094-0.172-0.078-0.297-0.25-0.297-0.453v-3.5h-19.5c-0.281 0-0.5-0.219-0.5-0.5v-3c0-0.281 0.219-0.5 0.5-0.5h19.5v-3.5c0-0.203 0.109-0.375 0.297-0.453s0.391-0.047 0.547 0.078l6 5.469c0.094 0.094 0.156 0.219 0.156 0.359v0z\"><\/path>\n\t\t\t<\/svg><\/span>\t\t\t\t<\/a>\n\t\t\t<\/p>\n\t\t<\/div><!-- .entry-actions -->\n\t\t<\/footer><!-- .entry-footer -->\t\t<\/div>\n\t<\/article>\n<\/li>\n<li class=\"kb-post-list-item\">\n\t<article class=\"entry content-bg loop-entry post-1329 post type-post status-publish format-standard hentry category-621 tag-drustveni-mediji tag-generativna-umjetna-inteligencija tag-primjena-alata-umjetne-inteligencije tag-stvaranje-medijskog-sadrzaja tag-umjetna-inteligencija\">\n\t\t\t\t<div class=\"entry-content-wrap\">\n\t\t\t<header class=\"entry-header\">\n\t\t<div class=\"entry-taxonomies\">\n\t\t<span class=\"category-links term-links category-style-normal\">\n\t\t\t<a href=\"https:\/\/suvremene-teme.vern.hr\/en\/category\/godina-izdanja\/2023\/\" class=\"category-link-2023\" rel=\"tag\">2023<\/a>\t\t<\/span>\n\t<\/div><!-- .entry-taxonomies -->\n\t<h2 class=\"entry-title\"><a href=\"https:\/\/suvremene-teme.vern.hr\/en\/uloga-umjetne-inteligencije-u-stvaranju-medijskog-sadrzaja\/\" rel=\"bookmark\">The role of artificial intelligence in media content creation<\/a><\/h2>\t<div class=\"entry-meta entry-meta-divider-dot\">\n\t\t\t<span class=\"posted-by\">\r\n\t\tBy&nbsp;<a href=\"\" title=\"Posts by izv. prof. dr. sc. Domagoj Bebi\u0107\" class=\"author url fn\" rel=\"author\">izv. prof. dr. sc. Domagoj Bebi\u0107<\/a>\t\t<\/span>\r\n\t\t\t\t\t<span class=\"posted-on\">\n\t\t\t\t<time class=\"entry-date published\" datetime=\"2023-12-27T16:47:25+00:00\">27. December 2023.<\/time><time class=\"updated\" datetime=\"2023-12-27T17:56:15+00:00\">27. December 2023.<\/time>\t\t\t<\/span>\n\t\t\t\t<\/div><!-- .entry-meta -->\n\t<\/header><!-- .entry-header -->\n\t<div class=\"entry-summary\">\n\t\t<p>Digitization and the development of artificial intelligence tools have\nrevolutionized numerous spheres, particularly in communication.\nWhile media content was previously exclusively created by individuals,\ntoday there are various linguistic, visual, voice, and video tools that\neffortlessly generate content ready for distribution and consumption.\nAI, as such, is already significantly transforming media and...<\/p>\n\t<\/div><!-- .entry-summary -->\n\t<footer class=\"entry-footer\">\n\t\t\t<div class=\"entry-actions\">\n\t\t\t<p class=\"more-link-wrap\">\n\t\t\t\t<a href=\"https:\/\/suvremene-teme.vern.hr\/en\/uloga-umjetne-inteligencije-u-stvaranju-medijskog-sadrzaja\/\" class=\"post-more-link\">\n\t\t\t\t\tRead More<span class=\"screen-reader-text\"> The role of artificial intelligence in media content creation<\/span><span class=\"kadence-svg-iconset svg-baseline\"><svg aria-hidden=\"true\" class=\"kadence-svg-icon kadence-arrow-right-alt-svg\" fill=\"currentColor\" version=\"1.1\" xmlns=\"http:\/\/www.w3.org\/2000\/svg\" width=\"27\" height=\"28\" viewbox=\"0 0 27 28\"><title>Continue<\/title><path d=\"M27 13.953c0 0.141-0.063 0.281-0.156 0.375l-6 5.531c-0.156 0.141-0.359 0.172-0.547 0.094-0.172-0.078-0.297-0.25-0.297-0.453v-3.5h-19.5c-0.281 0-0.5-0.219-0.5-0.5v-3c0-0.281 0.219-0.5 0.5-0.5h19.5v-3.5c0-0.203 0.109-0.375 0.297-0.453s0.391-0.047 0.547 0.078l6 5.469c0.094 0.094 0.156 0.219 0.156 0.359v0z\"><\/path>\n\t\t\t<\/svg><\/span>\t\t\t\t<\/a>\n\t\t\t<\/p>\n\t\t<\/div><!-- .entry-actions -->\n\t\t<\/footer><!-- .entry-footer -->\t\t<\/div>\n\t<\/article>\n<\/li>\n<li class=\"kb-post-list-item\">\n\t<article class=\"entry content-bg loop-entry post-1327 post type-post status-publish format-standard hentry category-621 tag-radijska-publika tag-radio-u-hrvatskoj tag-radio-zajednice tag-studentski-radio tag-sveuciliste-vern\">\n\t\t\t\t<div class=\"entry-content-wrap\">\n\t\t\t<header class=\"entry-header\">\n\t\t<div class=\"entry-taxonomies\">\n\t\t<span class=\"category-links term-links category-style-normal\">\n\t\t\t<a href=\"https:\/\/suvremene-teme.vern.hr\/en\/category\/godina-izdanja\/2023\/\" class=\"category-link-2023\" rel=\"tag\">2023<\/a>\t\t<\/span>\n\t<\/div><!-- .entry-taxonomies -->\n\t<h2 class=\"entry-title\"><a href=\"https:\/\/suvremene-teme.vern.hr\/en\/analiza-potrebe-i-izrada-plana-pokretanja-studentskog-radija-na-sveucilistu-vern\/\" rel=\"bookmark\">Needs analysis and developing a plan for establishing a student radio at VERN\u2019 University<\/a><\/h2>\t<div class=\"entry-meta entry-meta-divider-dot\">\n\t\t\t<span class=\"posted-by\">\r\n\t\tBy&nbsp;<a href=\"\" title=\"Posts by Silvija Londera \u0160imle\u0161a, Marko Brato\u0161\" class=\"author url fn\" rel=\"author\">Silvija Londera \u0160imle\u0161a, Marko Brato\u0161<\/a>\t\t<\/span>\r\n\t\t\t\t\t<span class=\"posted-on\">\n\t\t\t\t<time class=\"entry-date published\" datetime=\"2023-12-27T16:43:56+00:00\">27. December 2023.<\/time><time class=\"updated\" datetime=\"2023-12-27T17:58:34+00:00\">27. December 2023.<\/time>\t\t\t<\/span>\n\t\t\t\t<\/div><!-- .entry-meta -->\n\t<\/header><!-- .entry-header -->\n\t<div class=\"entry-summary\">\n\t\t<p>From its inception, radio has gone through numerous changes,\nconditioned by the modernization of technology and changes of the\naudience. That is why it remains a relevant, powerful and all-present\nmedia format. The purpose of this paper is to analyze the dominant radio\nmodels - commercial radio, public radio and non-profit radio, with an\nemphasis on student radio as a part of non-profit radio market...<\/p>\n\t<\/div><!-- .entry-summary -->\n\t<footer class=\"entry-footer\">\n\t\t\t<div class=\"entry-actions\">\n\t\t\t<p class=\"more-link-wrap\">\n\t\t\t\t<a href=\"https:\/\/suvremene-teme.vern.hr\/en\/analiza-potrebe-i-izrada-plana-pokretanja-studentskog-radija-na-sveucilistu-vern\/\" class=\"post-more-link\">\n\t\t\t\t\tRead More<span class=\"screen-reader-text\"> Needs analysis and developing a plan for establishing a student radio at VERN\u2019 University<\/span><span class=\"kadence-svg-iconset svg-baseline\"><svg aria-hidden=\"true\" class=\"kadence-svg-icon kadence-arrow-right-alt-svg\" fill=\"currentColor\" version=\"1.1\" xmlns=\"http:\/\/www.w3.org\/2000\/svg\" width=\"27\" height=\"28\" viewbox=\"0 0 27 28\"><title>Continue<\/title><path d=\"M27 13.953c0 0.141-0.063 0.281-0.156 0.375l-6 5.531c-0.156 0.141-0.359 0.172-0.547 0.094-0.172-0.078-0.297-0.25-0.297-0.453v-3.5h-19.5c-0.281 0-0.5-0.219-0.5-0.5v-3c0-0.281 0.219-0.5 0.5-0.5h19.5v-3.5c0-0.203 0.109-0.375 0.297-0.453s0.391-0.047 0.547 0.078l6 5.469c0.094 0.094 0.156 0.219 0.156 0.359v0z\"><\/path>\n\t\t\t<\/svg><\/span>\t\t\t\t<\/a>\n\t\t\t<\/p>\n\t\t<\/div><!-- .entry-actions -->\n\t\t<\/footer><!-- .entry-footer -->\t\t<\/div>\n\t<\/article>\n<\/li>\n<li class=\"kb-post-list-item\">\n\t<article class=\"entry content-bg loop-entry post-1325 post type-post status-publish format-standard hentry category-621 tag-aktivacija tag-financijska-ogranicenja tag-hrvatska tag-mladi\">\n\t\t\t\t<div class=\"entry-content-wrap\">\n\t\t\t<header class=\"entry-header\">\n\t\t<div class=\"entry-taxonomies\">\n\t\t<span class=\"category-links term-links category-style-normal\">\n\t\t\t<a href=\"https:\/\/suvremene-teme.vern.hr\/en\/category\/godina-izdanja\/2023\/\" class=\"category-link-2023\" rel=\"tag\">2023<\/a>\t\t<\/span>\n\t<\/div><!-- .entry-taxonomies -->\n\t<h2 class=\"entry-title\"><a href=\"https:\/\/suvremene-teme.vern.hr\/en\/aktivacija-mladih-u-hrvatskom-drustvu-kakva-je-uloga-financijskih-ogranicenja\/\" rel=\"bookmark\">Youth activation in Croatia: what is the role of financial constraints?<\/a><\/h2>\t<div class=\"entry-meta entry-meta-divider-dot\">\n\t\t\t<span class=\"posted-by\">\r\n\t\tBy&nbsp;<a href=\"\" title=\"Posts by dr. sc. Valerija Botri\u0107\" class=\"author url fn\" rel=\"author\">dr. sc. Valerija Botri\u0107<\/a>\t\t<\/span>\r\n\t\t\t\t\t<span class=\"posted-on\">\n\t\t\t\t<time class=\"entry-date published\" datetime=\"2023-12-27T16:12:39+00:00\">27. December 2023.<\/time><time class=\"updated\" datetime=\"2023-12-27T18:00:16+00:00\">27. December 2023.<\/time>\t\t\t<\/span>\n\t\t\t\t<\/div><!-- .entry-meta -->\n\t<\/header><!-- .entry-header -->\n\t<div class=\"entry-summary\">\n\t\t<p>Previous research documented decline in traditional forms of youth\nactivation in Croatia. In that context financial constraints potentially\naffecting youth participation are not explicitly analysed, but are\nincorporated within the youth socioeconomic status. This paper\nexplores to what extent youth themselves perceive financial constraints\nas important obstacle for more active participation in the society.\nThe results are based on focus groups and the field survey deployed during the spring 2021.<\/p>\n\t<\/div><!-- .entry-summary -->\n\t<footer class=\"entry-footer\">\n\t\t\t<div class=\"entry-actions\">\n\t\t\t<p class=\"more-link-wrap\">\n\t\t\t\t<a href=\"https:\/\/suvremene-teme.vern.hr\/en\/aktivacija-mladih-u-hrvatskom-drustvu-kakva-je-uloga-financijskih-ogranicenja\/\" class=\"post-more-link\">\n\t\t\t\t\tRead More<span class=\"screen-reader-text\"> Youth activation in Croatia: what is the role of financial constraints?<\/span><span class=\"kadence-svg-iconset svg-baseline\"><svg aria-hidden=\"true\" class=\"kadence-svg-icon kadence-arrow-right-alt-svg\" fill=\"currentColor\" version=\"1.1\" xmlns=\"http:\/\/www.w3.org\/2000\/svg\" width=\"27\" height=\"28\" viewbox=\"0 0 27 28\"><title>Continue<\/title><path d=\"M27 13.953c0 0.141-0.063 0.281-0.156 0.375l-6 5.531c-0.156 0.141-0.359 0.172-0.547 0.094-0.172-0.078-0.297-0.25-0.297-0.453v-3.5h-19.5c-0.281 0-0.5-0.219-0.5-0.5v-3c0-0.281 0.219-0.5 0.5-0.5h19.5v-3.5c0-0.203 0.109-0.375 0.297-0.453s0.391-0.047 0.547 0.078l6 5.469c0.094 0.094 0.156 0.219 0.156 0.359v0z\"><\/path>\n\t\t\t<\/svg><\/span>\t\t\t\t<\/a>\n\t\t\t<\/p>\n\t\t<\/div><!-- .entry-actions -->\n\t\t<\/footer><!-- .entry-footer -->\t\t<\/div>\n\t<\/article>\n<\/li>\n<li class=\"kb-post-list-item\">\n\t<article class=\"entry content-bg loop-entry post-1323 post type-post status-publish format-standard hentry category-621 tag-e-savjetovanje tag-javnost tag-mediji tag-online-savjetovanje tag-pametno-zakonodavstvo\">\n\t\t\t\t<div class=\"entry-content-wrap\">\n\t\t\t<header class=\"entry-header\">\n\t\t<div class=\"entry-taxonomies\">\n\t\t<span class=\"category-links term-links category-style-normal\">\n\t\t\t<a href=\"https:\/\/suvremene-teme.vern.hr\/en\/category\/godina-izdanja\/2023\/\" class=\"category-link-2023\" rel=\"tag\">2023<\/a>\t\t<\/span>\n\t<\/div><!-- .entry-taxonomies -->\n\t<h2 class=\"entry-title\"><a href=\"https:\/\/suvremene-teme.vern.hr\/en\/mediji-u-ulozi-savjetovanja-s-javnoscu-prilikom-donosenja-propisa\/\" rel=\"bookmark\">Media in the role of consultation with the public in adopting regulations<\/a><\/h2>\t<div class=\"entry-meta entry-meta-divider-dot\">\n\t\t\t<span class=\"posted-by\">\r\n\t\tBy&nbsp;<a href=\"\" title=\"Posts by Irena Klepac Musta\u010d\" class=\"author url fn\" rel=\"author\">Irena Klepac Musta\u010d<\/a>\t\t<\/span>\r\n\t\t\t\t\t<span class=\"posted-on\">\n\t\t\t\t<time class=\"entry-date published\" datetime=\"2023-12-27T16:08:26+00:00\">27. December 2023.<\/time><time class=\"updated\" datetime=\"2023-12-27T18:01:14+00:00\">27. December 2023.<\/time>\t\t\t<\/span>\n\t\t\t\t<\/div><!-- .entry-meta -->\n\t<\/header><!-- .entry-header -->\n\t<div class=\"entry-summary\">\n\t\t<p>Opinions of those groups that the legislation will affect, play a key role\nin the so-called \u201esmart legislature\u201c. If we want the regulations to fit to\nwhich it applies, it is necessary to achieve the highest possible quality of\ncommunication between the stakeholders of the process. This overview\npaper aims to provide an overview of scientific knowledge and works published in the period from 2017 to 2023 in renowned scientific\njournals or databases...<\/p>\n\t<\/div><!-- .entry-summary -->\n\t<footer class=\"entry-footer\">\n\t\t\t<div class=\"entry-actions\">\n\t\t\t<p class=\"more-link-wrap\">\n\t\t\t\t<a href=\"https:\/\/suvremene-teme.vern.hr\/en\/mediji-u-ulozi-savjetovanja-s-javnoscu-prilikom-donosenja-propisa\/\" class=\"post-more-link\">\n\t\t\t\t\tRead More<span class=\"screen-reader-text\"> Media in the role of consultation with the public in adopting regulations<\/span><span class=\"kadence-svg-iconset svg-baseline\"><svg aria-hidden=\"true\" class=\"kadence-svg-icon kadence-arrow-right-alt-svg\" fill=\"currentColor\" version=\"1.1\" xmlns=\"http:\/\/www.w3.org\/2000\/svg\" width=\"27\" height=\"28\" viewbox=\"0 0 27 28\"><title>Continue<\/title><path d=\"M27 13.953c0 0.141-0.063 0.281-0.156 0.375l-6 5.531c-0.156 0.141-0.359 0.172-0.547 0.094-0.172-0.078-0.297-0.25-0.297-0.453v-3.5h-19.5c-0.281 0-0.5-0.219-0.5-0.5v-3c0-0.281 0.219-0.5 0.5-0.5h19.5v-3.5c0-0.203 0.109-0.375 0.297-0.453s0.391-0.047 0.547 0.078l6 5.469c0.094 0.094 0.156 0.219 0.156 0.359v0z\"><\/path>\n\t\t\t<\/svg><\/span>\t\t\t\t<\/a>\n\t\t\t<\/p>\n\t\t<\/div><!-- .entry-actions -->\n\t\t<\/footer><!-- .entry-footer -->\t\t<\/div>\n\t<\/article>\n<\/li>\n<li class=\"kb-post-list-item\">\n\t<article class=\"entry content-bg loop-entry post-1320 post type-post status-publish format-standard hentry category-621 tag-blaz-mesec-u-suradnji-s-tamarom-rape-zibern tag-prikazi-knjiga\">\n\t\t\t\t<div class=\"entry-content-wrap\">\n\t\t\t<header class=\"entry-header\">\n\t\t<div class=\"entry-taxonomies\">\n\t\t<span class=\"category-links term-links category-style-normal\">\n\t\t\t<a href=\"https:\/\/suvremene-teme.vern.hr\/en\/category\/godina-izdanja\/2023\/\" class=\"category-link-2023\" rel=\"tag\">2023<\/a>\t\t<\/span>\n\t<\/div><!-- .entry-taxonomies -->\n\t<h2 class=\"entry-title\"><a href=\"https:\/\/suvremene-teme.vern.hr\/en\/prikazi-knjiga\/\" rel=\"bookmark\">Prikazi Knjiga<\/a><\/h2>\t<div class=\"entry-meta entry-meta-divider-dot\">\n\t\t\t<span class=\"posted-by\">\r\n\t\tBy&nbsp;<a href=\"\" title=\"Posts by Martina Plantak\" class=\"author url fn\" rel=\"author\">Martina Plantak<\/a>\t\t<\/span>\r\n\t\t\t\t\t<span class=\"posted-on\">\n\t\t\t\t<time class=\"entry-date published\" datetime=\"2023-12-27T15:54:01+00:00\">27. December 2023.<\/time><time class=\"updated\" datetime=\"2023-12-27T17:05:53+00:00\">27. December 2023.<\/time>\t\t\t<\/span>\n\t\t\t\t<\/div><!-- .entry-meta -->\n\t<\/header><!-- .entry-header -->\n\t<div class=\"entry-summary\">\n\t\t<p>Bla\u017e Mesec u suradnji s Tamarom Rape \u017dibern (2023.)\u201eKvalitativno raziskovanje v teoriji in praksi\u201c(Kvalitativno istra\u017eivanje u teoriji i praksi),Ljubljana, In\u0161titut za razvojne in strate\u0161ke analize, 285. Puni \u010dlanak<\/p>\n\t<\/div><!-- .entry-summary -->\n\t<footer class=\"entry-footer\">\n\t\t\t<div class=\"entry-actions\">\n\t\t\t<p class=\"more-link-wrap\">\n\t\t\t\t<a href=\"https:\/\/suvremene-teme.vern.hr\/en\/prikazi-knjiga\/\" class=\"post-more-link\">\n\t\t\t\t\tRead More<span class=\"screen-reader-text\"> Prikazi Knjiga<\/span><span class=\"kadence-svg-iconset svg-baseline\"><svg aria-hidden=\"true\" class=\"kadence-svg-icon kadence-arrow-right-alt-svg\" fill=\"currentColor\" version=\"1.1\" xmlns=\"http:\/\/www.w3.org\/2000\/svg\" width=\"27\" height=\"28\" viewbox=\"0 0 27 28\"><title>Continue<\/title><path d=\"M27 13.953c0 0.141-0.063 0.281-0.156 0.375l-6 5.531c-0.156 0.141-0.359 0.172-0.547 0.094-0.172-0.078-0.297-0.25-0.297-0.453v-3.5h-19.5c-0.281 0-0.5-0.219-0.5-0.5v-3c0-0.281 0.219-0.5 0.5-0.5h19.5v-3.5c0-0.203 0.109-0.375 0.297-0.453s0.391-0.047 0.547 0.078l6 5.469c0.094 0.094 0.156 0.219 0.156 0.359v0z\"><\/path>\n\t\t\t<\/svg><\/span>\t\t\t\t<\/a>\n\t\t\t<\/p>\n\t\t<\/div><!-- .entry-actions -->\n\t\t<\/footer><!-- .entry-footer -->\t\t<\/div>\n\t<\/article>\n<\/li>\n<\/ul><\/div><\/div>\n\n\n\n<div class=\"wp-block-kadence-tab kt-tab-inner-content kt-inner-tab-5 kt-inner-tab_9b0cb9-85\"><div class=\"kt-tab-inner-content-inner\"><style>.kb-posts-id-_90a618-d1 .kb-post-list-item{display:grid;}<\/style><ul class=\"wp-block-kadence-posts kb-posts kadence-posts-list kb-posts-id-_90a618-d1 content-wrap grid-cols kb-posts-style-boxed grid-sm-col-2 grid-lg-col-2 item-image-style-above\"><li class=\"kb-post-list-item\">\n\t<article class=\"entry content-bg loop-entry post-1214 post type-post status-publish format-standard hentry category-588\">\n\t\t\t\t<div class=\"entry-content-wrap\">\n\t\t\t<header class=\"entry-header\">\n\t\t<div class=\"entry-taxonomies\">\n\t\t<span class=\"category-links term-links category-style-normal\">\n\t\t\t<a href=\"https:\/\/suvremene-teme.vern.hr\/en\/category\/godina-izdanja\/2022\/\" class=\"category-link-2022\" rel=\"tag\">2022<\/a>\t\t<\/span>\n\t<\/div><!-- .entry-taxonomies -->\n\t<h2 class=\"entry-title\"><a href=\"https:\/\/suvremene-teme.vern.hr\/en\/uvodna-rijec-2\/\" rel=\"bookmark\">A Word from the Editor<\/a><\/h2>\t<div class=\"entry-meta entry-meta-divider-dot\">\n\t\t\t<span class=\"posted-by\">\r\n\t\tBy&nbsp;<a href=\"https:\/\/suvremene-teme.vern.hr\/en\/author\/nikolina-borcic\/\" title=\"Posts by Nikolina Bor\u010di\u0107\" class=\"author url fn\" rel=\"author\">Nikolina Bor\u010di\u0107<\/a>\t\t<\/span>\r\n\t\t\t\t\t<span class=\"posted-on\">\n\t\t\t\t<time class=\"entry-date published\" datetime=\"2022-12-27T10:55:12+00:00\">27. December 2022.<\/time><time class=\"updated\" datetime=\"2022-12-28T12:18:15+00:00\">28. December 2022.<\/time>\t\t\t<\/span>\n\t\t\t\t<\/div><!-- .entry-meta -->\n\t<\/header><!-- .entry-header -->\n\t<div class=\"entry-summary\">\n\t\t<p>Godinu je obilje\u017eio po\u010detak rata u Ukrajini i ratni diskurs koji je unio neizvjesnost u sve domene na\u0161eg \u017eivota. Mogu\u0107nost pro\u0161irenja rata te ekonomske i energetske posljedice izazvane ratom u Ukrajini dodatno su nakon pandemije dovele u pitanje koncept me\u0111unarodne sigurnosti i politi\u010dke odgovornosti. Tijekom ove godine Hrvatska je pro\u0161la i proces priprema za uvo\u0111enja&#8230;<\/p>\n\t<\/div><!-- .entry-summary -->\n\t<footer class=\"entry-footer\">\n\t\t\t<div class=\"entry-actions\">\n\t\t\t<p class=\"more-link-wrap\">\n\t\t\t\t<a href=\"https:\/\/suvremene-teme.vern.hr\/en\/uvodna-rijec-2\/\" class=\"post-more-link\">\n\t\t\t\t\tRead More<span class=\"screen-reader-text\"> A Word from the Editor<\/span><span class=\"kadence-svg-iconset svg-baseline\"><svg aria-hidden=\"true\" class=\"kadence-svg-icon kadence-arrow-right-alt-svg\" fill=\"currentColor\" version=\"1.1\" xmlns=\"http:\/\/www.w3.org\/2000\/svg\" width=\"27\" height=\"28\" viewbox=\"0 0 27 28\"><title>Continue<\/title><path d=\"M27 13.953c0 0.141-0.063 0.281-0.156 0.375l-6 5.531c-0.156 0.141-0.359 0.172-0.547 0.094-0.172-0.078-0.297-0.25-0.297-0.453v-3.5h-19.5c-0.281 0-0.5-0.219-0.5-0.5v-3c0-0.281 0.219-0.5 0.5-0.5h19.5v-3.5c0-0.203 0.109-0.375 0.297-0.453s0.391-0.047 0.547 0.078l6 5.469c0.094 0.094 0.156 0.219 0.156 0.359v0z\"><\/path>\n\t\t\t<\/svg><\/span>\t\t\t\t<\/a>\n\t\t\t<\/p>\n\t\t<\/div><!-- .entry-actions -->\n\t\t<\/footer><!-- .entry-footer -->\t\t<\/div>\n\t<\/article>\n<\/li>\n<li class=\"kb-post-list-item\">\n\t<article class=\"entry content-bg loop-entry post-1244 post type-post status-publish format-standard hentry category-588 tag-cyber-psihologija tag-drustvene-mreze tag-komjputorski-posredovana-komunikacija tag-online-identitet tag-samorazotkrivanje\">\n\t\t\t\t<div class=\"entry-content-wrap\">\n\t\t\t<header class=\"entry-header\">\n\t\t<div class=\"entry-taxonomies\">\n\t\t<span class=\"category-links term-links category-style-normal\">\n\t\t\t<a href=\"https:\/\/suvremene-teme.vern.hr\/en\/category\/godina-izdanja\/2022\/\" class=\"category-link-2022\" rel=\"tag\">2022<\/a>\t\t<\/span>\n\t<\/div><!-- .entry-taxonomies -->\n\t<h2 class=\"entry-title\"><a href=\"https:\/\/suvremene-teme.vern.hr\/en\/cyber-psihologija-pregled-kljucnih-istrazivackih-podrucja-i-nalaza\/\" rel=\"bookmark\">Cyber psihologija \u2013 pregled klju\u010dnih istra\u017eiva\u010dkih podru\u010dja i nalaza<\/a><\/h2>\t<div class=\"entry-meta entry-meta-divider-dot\">\n\t\t\t<span class=\"posted-by\">\r\n\t\tBy&nbsp;<a href=\"\" title=\"Posts by dr. sc. Irena Miljkovi\u0107 Kre\u010dar\" class=\"author url fn\" rel=\"author\">dr. sc. Irena Miljkovi\u0107 Kre\u010dar<\/a>\t\t<\/span>\r\n\t\t\t\t\t<span class=\"posted-on\">\n\t\t\t\t<time class=\"entry-date published\" datetime=\"2022-12-27T10:54:32+00:00\">27. December 2022.<\/time><time class=\"updated\" datetime=\"2022-12-28T12:26:19+00:00\">28. December 2022.<\/time>\t\t\t<\/span>\n\t\t\t\t<\/div><!-- .entry-meta -->\n\t<\/header><!-- .entry-header -->\n\t<div class=\"entry-summary\">\n\t\t<p>Pregledni rad: https:\/\/doi.org\/10.46917\/st.13.1.1 Od njezinog prvog slu\u017ebenog spominjanja (sredinom 90-ih godina) do danas, Cyber se psihologija prometnula u jedno od najpropulzivnijih istra\u017eiva\u010dkih podru\u010dja psihologije. Iako se konceptualno naslanja na psihologiju medija, te \u010dini svojevrsnu njezinu ekstenziju, specifi\u010dnosti interakcije ljudi s novim tehnologijama stvorile su potrebu za novim teorijskim okvirima i istra\u017eivanjima. U ovom preglednom radu&#8230;<\/p>\n\t<\/div><!-- .entry-summary -->\n\t<footer class=\"entry-footer\">\n\t\t\t<div class=\"entry-actions\">\n\t\t\t<p class=\"more-link-wrap\">\n\t\t\t\t<a href=\"https:\/\/suvremene-teme.vern.hr\/en\/cyber-psihologija-pregled-kljucnih-istrazivackih-podrucja-i-nalaza\/\" class=\"post-more-link\">\n\t\t\t\t\tRead More<span class=\"screen-reader-text\"> Cyber psihologija \u2013 pregled klju\u010dnih istra\u017eiva\u010dkih podru\u010dja i nalaza<\/span><span class=\"kadence-svg-iconset svg-baseline\"><svg aria-hidden=\"true\" class=\"kadence-svg-icon kadence-arrow-right-alt-svg\" fill=\"currentColor\" version=\"1.1\" xmlns=\"http:\/\/www.w3.org\/2000\/svg\" width=\"27\" height=\"28\" viewbox=\"0 0 27 28\"><title>Continue<\/title><path d=\"M27 13.953c0 0.141-0.063 0.281-0.156 0.375l-6 5.531c-0.156 0.141-0.359 0.172-0.547 0.094-0.172-0.078-0.297-0.25-0.297-0.453v-3.5h-19.5c-0.281 0-0.5-0.219-0.5-0.5v-3c0-0.281 0.219-0.5 0.5-0.5h19.5v-3.5c0-0.203 0.109-0.375 0.297-0.453s0.391-0.047 0.547 0.078l6 5.469c0.094 0.094 0.156 0.219 0.156 0.359v0z\"><\/path>\n\t\t\t<\/svg><\/span>\t\t\t\t<\/a>\n\t\t\t<\/p>\n\t\t<\/div><!-- .entry-actions -->\n\t\t<\/footer><!-- .entry-footer -->\t\t<\/div>\n\t<\/article>\n<\/li>\n<li class=\"kb-post-list-item\">\n\t<article class=\"entry content-bg loop-entry post-1242 post type-post status-publish format-standard hentry category-588 tag-drustvene-mreze tag-parlamentarni-izbori-2020 tag-politicka-komunikacija tag-politicki-marketing tag-republika-hrvatska\">\n\t\t\t\t<div class=\"entry-content-wrap\">\n\t\t\t<header class=\"entry-header\">\n\t\t<div class=\"entry-taxonomies\">\n\t\t<span class=\"category-links term-links category-style-normal\">\n\t\t\t<a href=\"https:\/\/suvremene-teme.vern.hr\/en\/category\/godina-izdanja\/2022\/\" class=\"category-link-2022\" rel=\"tag\">2022<\/a>\t\t<\/span>\n\t<\/div><!-- .entry-taxonomies -->\n\t<h2 class=\"entry-title\"><a href=\"https:\/\/suvremene-teme.vern.hr\/en\/analiza-politicke-komunikacije-na-drustvenim-mrezama-tijekom-predizborne-kampanje-za-parlamentarne-izbore-2020\/\" rel=\"bookmark\"><strong>Analiza politi\u010dke komunikacije na dru\u0161tvenim mre\u017eama tijekom predizborne kampanje za parlamentarne izbore 2020.<\/strong><\/a><\/h2>\t<div class=\"entry-meta entry-meta-divider-dot\">\n\t\t\t<span class=\"posted-by\">\r\n\t\tBy&nbsp;<a href=\"\" title=\"Posts by Mislav Peto\u0161i\u0107, Marija Slijep\u010devi\u0107\" class=\"author url fn\" rel=\"author\">Mislav Peto\u0161i\u0107, Marija Slijep\u010devi\u0107<\/a>\t\t<\/span>\r\n\t\t\t\t\t<span class=\"posted-on\">\n\t\t\t\t<time class=\"entry-date published\" datetime=\"2022-12-27T10:52:33+00:00\">27. December 2022.<\/time><time class=\"updated\" datetime=\"2022-12-28T12:27:14+00:00\">28. December 2022.<\/time>\t\t\t<\/span>\n\t\t\t\t<\/div><!-- .entry-meta -->\n\t<\/header><!-- .entry-header -->\n\t<div class=\"entry-summary\">\n\t\t<p>Izvorni znanstveni \u010dlanak: https:\/\/doi.org\/10.46917\/st.13.1.2 Politi\u010dka komunikacija koristi sve raspolo\u017eive kanale, a dru\u0161tvene mre\u017ee jedan su od najkori\u0161tenijih izvora komunikacije u predizbornim periodima. Istra\u017eivanja \u010desto pokazuju kako u politi\u010dkoj komunikaciji dru\u0161tvene mre\u017ee ostaju nedovoljno iskori\u0161ten potencijal, naro\u010dito u podru\u010dju dvosmjerne komunikacije i interaktivnosti s gra\u0111anima. Na kojoj su razini bile politi\u010dke stranke u parlamentarnim izborima utvr\u0111uje&#8230;<\/p>\n\t<\/div><!-- .entry-summary -->\n\t<footer class=\"entry-footer\">\n\t\t\t<div class=\"entry-actions\">\n\t\t\t<p class=\"more-link-wrap\">\n\t\t\t\t<a href=\"https:\/\/suvremene-teme.vern.hr\/en\/analiza-politicke-komunikacije-na-drustvenim-mrezama-tijekom-predizborne-kampanje-za-parlamentarne-izbore-2020\/\" class=\"post-more-link\">\n\t\t\t\t\tRead More<span class=\"screen-reader-text\"> Analiza politi\u010dke komunikacije na dru\u0161tvenim mre\u017eama tijekom predizborne kampanje za parlamentarne izbore 2020.<\/span><span class=\"kadence-svg-iconset svg-baseline\"><svg aria-hidden=\"true\" class=\"kadence-svg-icon kadence-arrow-right-alt-svg\" fill=\"currentColor\" version=\"1.1\" xmlns=\"http:\/\/www.w3.org\/2000\/svg\" width=\"27\" height=\"28\" viewbox=\"0 0 27 28\"><title>Continue<\/title><path d=\"M27 13.953c0 0.141-0.063 0.281-0.156 0.375l-6 5.531c-0.156 0.141-0.359 0.172-0.547 0.094-0.172-0.078-0.297-0.25-0.297-0.453v-3.5h-19.5c-0.281 0-0.5-0.219-0.5-0.5v-3c0-0.281 0.219-0.5 0.5-0.5h19.5v-3.5c0-0.203 0.109-0.375 0.297-0.453s0.391-0.047 0.547 0.078l6 5.469c0.094 0.094 0.156 0.219 0.156 0.359v0z\"><\/path>\n\t\t\t<\/svg><\/span>\t\t\t\t<\/a>\n\t\t\t<\/p>\n\t\t<\/div><!-- .entry-actions -->\n\t\t<\/footer><!-- .entry-footer -->\t\t<\/div>\n\t<\/article>\n<\/li>\n<li class=\"kb-post-list-item\">\n\t<article class=\"entry content-bg loop-entry post-1239 post type-post status-publish format-standard hentry category-588 tag-covid-19 tag-creative-industries tag-crisis-communication tag-media tag-vaccine-marketing-tools\">\n\t\t\t\t<div class=\"entry-content-wrap\">\n\t\t\t<header class=\"entry-header\">\n\t\t<div class=\"entry-taxonomies\">\n\t\t<span class=\"category-links term-links category-style-normal\">\n\t\t\t<a href=\"https:\/\/suvremene-teme.vern.hr\/en\/category\/godina-izdanja\/2022\/\" class=\"category-link-2022\" rel=\"tag\">2022<\/a>\t\t<\/span>\n\t<\/div><!-- .entry-taxonomies -->\n\t<h2 class=\"entry-title\"><a href=\"https:\/\/suvremene-teme.vern.hr\/en\/marketing-communication-of-prevention-measures-during-the-pandemic-in-croatia\/\" rel=\"bookmark\"><strong>Marketing communication of prevention measures during the pandemic in Croatia<\/strong><\/a><\/h2>\t<div class=\"entry-meta entry-meta-divider-dot\">\n\t\t\t<span class=\"posted-by\">\r\n\t\tBy&nbsp;<a href=\"\" title=\"Posts by Martina Topi\u0107, PhD, Marija Geiger Zeman, Phd, Mirela Holy, Phd\" class=\"author url fn\" rel=\"author\">Martina Topi\u0107, PhD, Marija Geiger Zeman, Phd, Mirela Holy, Phd<\/a>\t\t<\/span>\r\n\t\t\t\t\t<span class=\"posted-on\">\n\t\t\t\t<time class=\"entry-date published\" datetime=\"2022-12-27T10:50:35+00:00\">27. December 2022.<\/time><time class=\"updated\" datetime=\"2022-12-28T12:27:46+00:00\">28. December 2022.<\/time>\t\t\t<\/span>\n\t\t\t\t<\/div><!-- .entry-meta -->\n\t<\/header><!-- .entry-header -->\n\t<div class=\"entry-summary\">\n\t\t<p>Izvorni znanstveni \u010dlanak: https:\/\/doi.org\/10.46917\/st.13.1.3 The COVID-19 pandemic has opened up a debate on official health communication and thus \u00a0set a new norm in the healthcare marketing. In the focus of the analysis of this paper is marketing communication of the Croatian COVID-19 vaccine campaign Misli na druge \u2013 cijepi se! (Think of others \u2013 get&#8230;<\/p>\n\t<\/div><!-- .entry-summary -->\n\t<footer class=\"entry-footer\">\n\t\t\t<div class=\"entry-actions\">\n\t\t\t<p class=\"more-link-wrap\">\n\t\t\t\t<a href=\"https:\/\/suvremene-teme.vern.hr\/en\/marketing-communication-of-prevention-measures-during-the-pandemic-in-croatia\/\" class=\"post-more-link\">\n\t\t\t\t\tRead More<span class=\"screen-reader-text\"> Marketing communication of prevention measures during the pandemic in Croatia<\/span><span class=\"kadence-svg-iconset svg-baseline\"><svg aria-hidden=\"true\" class=\"kadence-svg-icon kadence-arrow-right-alt-svg\" fill=\"currentColor\" version=\"1.1\" xmlns=\"http:\/\/www.w3.org\/2000\/svg\" width=\"27\" height=\"28\" viewbox=\"0 0 27 28\"><title>Continue<\/title><path d=\"M27 13.953c0 0.141-0.063 0.281-0.156 0.375l-6 5.531c-0.156 0.141-0.359 0.172-0.547 0.094-0.172-0.078-0.297-0.25-0.297-0.453v-3.5h-19.5c-0.281 0-0.5-0.219-0.5-0.5v-3c0-0.281 0.219-0.5 0.5-0.5h19.5v-3.5c0-0.203 0.109-0.375 0.297-0.453s0.391-0.047 0.547 0.078l6 5.469c0.094 0.094 0.156 0.219 0.156 0.359v0z\"><\/path>\n\t\t\t<\/svg><\/span>\t\t\t\t<\/a>\n\t\t\t<\/p>\n\t\t<\/div><!-- .entry-actions -->\n\t\t<\/footer><!-- .entry-footer -->\t\t<\/div>\n\t<\/article>\n<\/li>\n<li class=\"kb-post-list-item\">\n\t<article class=\"entry content-bg loop-entry post-1237 post type-post status-publish format-standard hentry category-588 tag-covid-19-crisis tag-media-representation tag-newspapers tag-nurses-technicians tag-nursing\">\n\t\t\t\t<div class=\"entry-content-wrap\">\n\t\t\t<header class=\"entry-header\">\n\t\t<div class=\"entry-taxonomies\">\n\t\t<span class=\"category-links term-links category-style-normal\">\n\t\t\t<a href=\"https:\/\/suvremene-teme.vern.hr\/en\/category\/godina-izdanja\/2022\/\" class=\"category-link-2022\" rel=\"tag\">2022<\/a>\t\t<\/span>\n\t<\/div><!-- .entry-taxonomies -->\n\t<h2 class=\"entry-title\"><a href=\"https:\/\/suvremene-teme.vern.hr\/en\/representation-of-the-nursing-profession-in-croatian-daily-newspapers-during-the-covid-19-pandemic\/\" rel=\"bookmark\">Representation of the nursing profession in Croatian daily newspapers during the COVID-19 pandemic<\/a><\/h2>\t<div class=\"entry-meta entry-meta-divider-dot\">\n\t\t\t<span class=\"posted-by\">\r\n\t\tBy&nbsp;<a href=\"\" title=\"Posts by Jadranka Pavi\u0107, Vi\u0161nja Brebri\u0107, Hrvoje Jakopovi\u0107, PhD\" class=\"author url fn\" rel=\"author\">Jadranka Pavi\u0107, Vi\u0161nja Brebri\u0107, Hrvoje Jakopovi\u0107, PhD<\/a>\t\t<\/span>\r\n\t\t\t\t\t<span class=\"posted-on\">\n\t\t\t\t<time class=\"entry-date published\" datetime=\"2022-12-27T10:48:05+00:00\">27. December 2022.<\/time><time class=\"updated\" datetime=\"2022-12-28T12:28:25+00:00\">28. December 2022.<\/time>\t\t\t<\/span>\n\t\t\t\t<\/div><!-- .entry-meta -->\n\t<\/header><!-- .entry-header -->\n\t<div class=\"entry-summary\">\n\t\t<p>Izvorni znanstveni \u010dlanak: https:\/\/doi.org\/10.46917\/st.13.1.4 This paper presents a content analysis conducted with the aim of determining the differences in representation as well as in media coverage and reporting on nurses in Croatia\u2019s daily newspapers at the beginning of the COVID-19 crisis in Croatia and in the period before the crisis. The content analysis confirmed the&#8230;<\/p>\n\t<\/div><!-- .entry-summary -->\n\t<footer class=\"entry-footer\">\n\t\t\t<div class=\"entry-actions\">\n\t\t\t<p class=\"more-link-wrap\">\n\t\t\t\t<a href=\"https:\/\/suvremene-teme.vern.hr\/en\/representation-of-the-nursing-profession-in-croatian-daily-newspapers-during-the-covid-19-pandemic\/\" class=\"post-more-link\">\n\t\t\t\t\tRead More<span class=\"screen-reader-text\"> Representation of the nursing profession in Croatian daily newspapers during the COVID-19 pandemic<\/span><span class=\"kadence-svg-iconset svg-baseline\"><svg aria-hidden=\"true\" class=\"kadence-svg-icon kadence-arrow-right-alt-svg\" fill=\"currentColor\" version=\"1.1\" xmlns=\"http:\/\/www.w3.org\/2000\/svg\" width=\"27\" height=\"28\" viewbox=\"0 0 27 28\"><title>Continue<\/title><path d=\"M27 13.953c0 0.141-0.063 0.281-0.156 0.375l-6 5.531c-0.156 0.141-0.359 0.172-0.547 0.094-0.172-0.078-0.297-0.25-0.297-0.453v-3.5h-19.5c-0.281 0-0.5-0.219-0.5-0.5v-3c0-0.281 0.219-0.5 0.5-0.5h19.5v-3.5c0-0.203 0.109-0.375 0.297-0.453s0.391-0.047 0.547 0.078l6 5.469c0.094 0.094 0.156 0.219 0.156 0.359v0z\"><\/path>\n\t\t\t<\/svg><\/span>\t\t\t\t<\/a>\n\t\t\t<\/p>\n\t\t<\/div><!-- .entry-actions -->\n\t\t<\/footer><!-- .entry-footer -->\t\t<\/div>\n\t<\/article>\n<\/li>\n<li class=\"kb-post-list-item\">\n\t<article class=\"entry content-bg loop-entry post-1235 post type-post status-publish format-standard hentry category-588 tag-bruto-domaci-proizvod-po-stanovniku tag-europska-unija tag-eurozona tag-hrvatska tag-realna-ekonomska-konvergencija\">\n\t\t\t\t<div class=\"entry-content-wrap\">\n\t\t\t<header class=\"entry-header\">\n\t\t<div class=\"entry-taxonomies\">\n\t\t<span class=\"category-links term-links category-style-normal\">\n\t\t\t<a href=\"https:\/\/suvremene-teme.vern.hr\/en\/category\/godina-izdanja\/2022\/\" class=\"category-link-2022\" rel=\"tag\">2022<\/a>\t\t<\/span>\n\t<\/div><!-- .entry-taxonomies -->\n\t<h2 class=\"entry-title\"><a href=\"https:\/\/suvremene-teme.vern.hr\/en\/realna-ekonomska-konvergencija-u-europskoj-uniji-i-eurozoni-pouke-za-hrvatsku\/\" rel=\"bookmark\"><strong>Realna ekonomska konvergencija u Europskoj uniji i eurozoni \u2013 pouke za Hrvatsku<\/strong><\/a><\/h2>\t<div class=\"entry-meta entry-meta-divider-dot\">\n\t\t\t<span class=\"posted-by\">\r\n\t\tBy&nbsp;<a href=\"\" title=\"Posts by dr. sc. Branko Krni\u0107\" class=\"author url fn\" rel=\"author\">dr. sc. Branko Krni\u0107<\/a>\t\t<\/span>\r\n\t\t\t\t\t<span class=\"posted-on\">\n\t\t\t\t<time class=\"entry-date published\" datetime=\"2022-12-27T10:44:19+00:00\">27. December 2022.<\/time><time class=\"updated\" datetime=\"2022-12-28T12:29:03+00:00\">28. December 2022.<\/time>\t\t\t<\/span>\n\t\t\t\t<\/div><!-- .entry-meta -->\n\t<\/header><!-- .entry-header -->\n\t<div class=\"entry-summary\">\n\t\t<p>Pregledni rad: https:\/\/doi.org\/10.46917\/st.13.1.5 Cilj je ovog istra\u017eivanja ispitati teorijske osnove konvergencije i utvrditi dinamiku promjena ekonomskih performansi zemalja Europske unije ovisno o pripadnosti eurozoni. Svrha je dobiti nalaze o ostvarivanju realne konvergencije i o promjenama ekonomskih performansi u uvjetima krize. Nalazi mogu biti relevantni za Hrvatsku koja od 1. 1. 2023. postaje \u010dlanica eurozone. Ekonomske&#8230;<\/p>\n\t<\/div><!-- .entry-summary -->\n\t<footer class=\"entry-footer\">\n\t\t\t<div class=\"entry-actions\">\n\t\t\t<p class=\"more-link-wrap\">\n\t\t\t\t<a href=\"https:\/\/suvremene-teme.vern.hr\/en\/realna-ekonomska-konvergencija-u-europskoj-uniji-i-eurozoni-pouke-za-hrvatsku\/\" class=\"post-more-link\">\n\t\t\t\t\tRead More<span class=\"screen-reader-text\"> Realna ekonomska konvergencija u Europskoj uniji i eurozoni \u2013 pouke za Hrvatsku<\/span><span class=\"kadence-svg-iconset svg-baseline\"><svg aria-hidden=\"true\" class=\"kadence-svg-icon kadence-arrow-right-alt-svg\" fill=\"currentColor\" version=\"1.1\" xmlns=\"http:\/\/www.w3.org\/2000\/svg\" width=\"27\" height=\"28\" viewbox=\"0 0 27 28\"><title>Continue<\/title><path d=\"M27 13.953c0 0.141-0.063 0.281-0.156 0.375l-6 5.531c-0.156 0.141-0.359 0.172-0.547 0.094-0.172-0.078-0.297-0.25-0.297-0.453v-3.5h-19.5c-0.281 0-0.5-0.219-0.5-0.5v-3c0-0.281 0.219-0.5 0.5-0.5h19.5v-3.5c0-0.203 0.109-0.375 0.297-0.453s0.391-0.047 0.547 0.078l6 5.469c0.094 0.094 0.156 0.219 0.156 0.359v0z\"><\/path>\n\t\t\t<\/svg><\/span>\t\t\t\t<\/a>\n\t\t\t<\/p>\n\t\t<\/div><!-- .entry-actions -->\n\t\t<\/footer><!-- .entry-footer -->\t\t<\/div>\n\t<\/article>\n<\/li>\n<li class=\"kb-post-list-item\">\n\t<article class=\"entry content-bg loop-entry post-1224 post type-post status-publish format-standard hentry category-588 tag-javne-osobe tag-karizma tag-odnosi-s-javnoscu tag-studenti tag-znacenje\">\n\t\t\t\t<div class=\"entry-content-wrap\">\n\t\t\t<header class=\"entry-header\">\n\t\t<div class=\"entry-taxonomies\">\n\t\t<span class=\"category-links term-links category-style-normal\">\n\t\t\t<a href=\"https:\/\/suvremene-teme.vern.hr\/en\/category\/godina-izdanja\/2022\/\" class=\"category-link-2022\" rel=\"tag\">2022<\/a>\t\t<\/span>\n\t<\/div><!-- .entry-taxonomies -->\n\t<h2 class=\"entry-title\"><a href=\"https:\/\/suvremene-teme.vern.hr\/en\/studentska-percepcija-karizmaticnih-osoba-u-republici-hrvatskoj\/\" rel=\"bookmark\"><strong>Studentska percepcija karizmati\u010dnih osoba u Republici Hrvatskoj<\/strong><\/a><\/h2>\t<div class=\"entry-meta entry-meta-divider-dot\">\n\t\t\t<span class=\"posted-by\">\r\n\t\tBy&nbsp;<a href=\"https:\/\/suvremene-teme.vern.hr\/en\/author\/stana-odak-krasic\/\" title=\"Posts by Stana Odak Krasi\u0107\" class=\"author url fn\" rel=\"author\">Stana Odak Krasi\u0107<\/a>\t\t<\/span>\r\n\t\t\t\t\t<span class=\"posted-on\">\n\t\t\t\t<time class=\"entry-date published\" datetime=\"2022-12-27T10:43:00+00:00\">27. December 2022.<\/time><time class=\"updated\" datetime=\"2022-12-28T12:29:46+00:00\">28. December 2022.<\/time>\t\t\t<\/span>\n\t\t\t\t<\/div><!-- .entry-meta -->\n\t<\/header><!-- .entry-header -->\n\t<div class=\"entry-summary\">\n\t\t<p>Prethodno priop\u0107enje: https:\/\/doi.org\/10.46917\/st.13.1.6 Za stru\u010dnost, kao najva\u017eniju i najcjenjeniju osobinu dobroga govornika, mo\u017ee se re\u0107i da je i danas jednako va\u017ena kao i u anti\u010dko doba. Jo\u0161 je Ciceron govorio kako dobar govornik mora biti mudar, posjedovati \u0161iroko znanje i visoku razinu op\u0107e kulture. I suvremeni autori nagla\u0161avaju va\u017enost stru\u010dnosti, kompetencije i znanja, kao primarnih,&#8230;<\/p>\n\t<\/div><!-- .entry-summary -->\n\t<footer class=\"entry-footer\">\n\t\t\t<div class=\"entry-actions\">\n\t\t\t<p class=\"more-link-wrap\">\n\t\t\t\t<a href=\"https:\/\/suvremene-teme.vern.hr\/en\/studentska-percepcija-karizmaticnih-osoba-u-republici-hrvatskoj\/\" class=\"post-more-link\">\n\t\t\t\t\tRead More<span class=\"screen-reader-text\"> Studentska percepcija karizmati\u010dnih osoba u Republici Hrvatskoj<\/span><span class=\"kadence-svg-iconset svg-baseline\"><svg aria-hidden=\"true\" class=\"kadence-svg-icon kadence-arrow-right-alt-svg\" fill=\"currentColor\" version=\"1.1\" xmlns=\"http:\/\/www.w3.org\/2000\/svg\" width=\"27\" height=\"28\" viewbox=\"0 0 27 28\"><title>Continue<\/title><path d=\"M27 13.953c0 0.141-0.063 0.281-0.156 0.375l-6 5.531c-0.156 0.141-0.359 0.172-0.547 0.094-0.172-0.078-0.297-0.25-0.297-0.453v-3.5h-19.5c-0.281 0-0.5-0.219-0.5-0.5v-3c0-0.281 0.219-0.5 0.5-0.5h19.5v-3.5c0-0.203 0.109-0.375 0.297-0.453s0.391-0.047 0.547 0.078l6 5.469c0.094 0.094 0.156 0.219 0.156 0.359v0z\"><\/path>\n\t\t\t<\/svg><\/span>\t\t\t\t<\/a>\n\t\t\t<\/p>\n\t\t<\/div><!-- .entry-actions -->\n\t\t<\/footer><!-- .entry-footer -->\t\t<\/div>\n\t<\/article>\n<\/li>\n<li class=\"kb-post-list-item\">\n\t<article class=\"entry content-bg loop-entry post-1229 post type-post status-publish format-standard hentry category-588 tag-hrvatska tag-istanbulska-konvencija tag-novinarski-eticki-kodeks tag-novinarsko-izvjestavanje tag-obiteljsko-nasilje tag-okvir-frame\">\n\t\t\t\t<div class=\"entry-content-wrap\">\n\t\t\t<header class=\"entry-header\">\n\t\t<div class=\"entry-taxonomies\">\n\t\t<span class=\"category-links term-links category-style-normal\">\n\t\t\t<a href=\"https:\/\/suvremene-teme.vern.hr\/en\/category\/godina-izdanja\/2022\/\" class=\"category-link-2022\" rel=\"tag\">2022<\/a>\t\t<\/span>\n\t<\/div><!-- .entry-taxonomies -->\n\t<h2 class=\"entry-title\"><a href=\"https:\/\/suvremene-teme.vern.hr\/en\/izvjestavanje-o-slucaju-obiteljskoga-nasilja-u-hrvatskim-nacionalnim-i-regionalnim-novinama-studija-slucaja\/\" rel=\"bookmark\"><strong>Izvje\u0161tavanje o slu\u010daju obiteljskoga nasilja u hrvatskim nacionalnim i regionalnim novinama (studija slu\u010daja)<\/strong><\/a><\/h2>\t<div class=\"entry-meta entry-meta-divider-dot\">\n\t\t\t<span class=\"posted-by\">\r\n\t\tBy&nbsp;<a href=\"\" title=\"Posts by Danijela Sunara-Jozek\" class=\"author url fn\" rel=\"author\">Danijela Sunara-Jozek<\/a>\t\t<\/span>\r\n\t\t\t\t\t<span class=\"posted-on\">\n\t\t\t\t<time class=\"entry-date published\" datetime=\"2022-12-27T10:42:00+00:00\">27. December 2022.<\/time><time class=\"updated\" datetime=\"2022-12-28T12:30:23+00:00\">28. December 2022.<\/time>\t\t\t<\/span>\n\t\t\t\t<\/div><!-- .entry-meta -->\n\t<\/header><!-- .entry-header -->\n\t<div class=\"entry-summary\">\n\t\t<p>Prethodno priop\u0107enje: https:\/\/doi.org\/10.46917\/st.13.1.7 Cilj je ovoga rada analizirati i usporediti medijsko izvje\u0161tavanje o slu\u010daju obiteljskoga nasilja na studiji slu\u010daja (ubojstvo biv\u0161e supruge 14. listopada 2020. u Koprivnici) u nacionalnim i regionalnim novinama da bi se utvrdilo postoji li razlika u pristupu i na\u010dinu izvje\u0161tavanja. Analizira se po\u0161tuju li novinari Kodeks \u010dasti hrvatskih novinara u izvje\u0161tavanju,&#8230;<\/p>\n\t<\/div><!-- .entry-summary -->\n\t<footer class=\"entry-footer\">\n\t\t\t<div class=\"entry-actions\">\n\t\t\t<p class=\"more-link-wrap\">\n\t\t\t\t<a href=\"https:\/\/suvremene-teme.vern.hr\/en\/izvjestavanje-o-slucaju-obiteljskoga-nasilja-u-hrvatskim-nacionalnim-i-regionalnim-novinama-studija-slucaja\/\" class=\"post-more-link\">\n\t\t\t\t\tRead More<span class=\"screen-reader-text\"> Izvje\u0161tavanje o slu\u010daju obiteljskoga nasilja u hrvatskim nacionalnim i regionalnim novinama (studija slu\u010daja)<\/span><span class=\"kadence-svg-iconset svg-baseline\"><svg aria-hidden=\"true\" class=\"kadence-svg-icon kadence-arrow-right-alt-svg\" fill=\"currentColor\" version=\"1.1\" xmlns=\"http:\/\/www.w3.org\/2000\/svg\" width=\"27\" height=\"28\" viewbox=\"0 0 27 28\"><title>Continue<\/title><path d=\"M27 13.953c0 0.141-0.063 0.281-0.156 0.375l-6 5.531c-0.156 0.141-0.359 0.172-0.547 0.094-0.172-0.078-0.297-0.25-0.297-0.453v-3.5h-19.5c-0.281 0-0.5-0.219-0.5-0.5v-3c0-0.281 0.219-0.5 0.5-0.5h19.5v-3.5c0-0.203 0.109-0.375 0.297-0.453s0.391-0.047 0.547 0.078l6 5.469c0.094 0.094 0.156 0.219 0.156 0.359v0z\"><\/path>\n\t\t\t<\/svg><\/span>\t\t\t\t<\/a>\n\t\t\t<\/p>\n\t\t<\/div><!-- .entry-actions -->\n\t\t<\/footer><!-- .entry-footer -->\t\t<\/div>\n\t<\/article>\n<\/li>\n<\/ul><\/div><\/div>\n\n\n\n<div class=\"wp-block-kadence-tab kt-tab-inner-content kt-inner-tab-6 kt-inner-tab_6ec4b9-99\"><div class=\"kt-tab-inner-content-inner\"><style>.kb-posts-id-_092a13-96 .kb-post-list-item{display:grid;}<\/style><ul class=\"wp-block-kadence-posts kb-posts kadence-posts-list kb-posts-id-_092a13-96 content-wrap grid-cols kb-posts-style-boxed grid-sm-col-2 grid-lg-col-2 item-image-style-above\"><li class=\"kb-post-list-item\">\n\t<article class=\"entry content-bg loop-entry post-240 post type-post status-publish format-standard hentry category-11\">\n\t\t\t\t<div class=\"entry-content-wrap\">\n\t\t\t<header class=\"entry-header\">\n\t<h2 class=\"entry-title\"><a href=\"https:\/\/suvremene-teme.vern.hr\/en\/uvodna-rijec-2021\/\" rel=\"bookmark\">Uvodna rije\u010d &#8211; 2021.<\/a><\/h2>\t<div class=\"entry-meta entry-meta-divider-dot\">\n\t\t\t<span class=\"posted-by\">\r\n\t\tBy&nbsp;<a href=\"https:\/\/suvremene-teme.vern.hr\/en\/author\/nikolina-borcic\/\" title=\"Posts by Nikolina Bor\u010di\u0107\" class=\"author url fn\" rel=\"author\">Nikolina Bor\u010di\u0107<\/a>\t\t<\/span>\r\n\t\t\t\t\t<span class=\"posted-on\">\n\t\t\t\t<time class=\"entry-date published\" datetime=\"2021-04-27T07:28:45+00:00\">27. April 2021.<\/time><time class=\"updated\" datetime=\"2026-04-24T08:12:39+00:00\">24. April 2026.<\/time>\t\t\t<\/span>\n\t\t\t\t<\/div><!-- .entry-meta -->\n\t<\/header><!-- .entry-header -->\n\t<div class=\"entry-summary\">\n\t\t<p>\u201eDuh vremena\u201c u kojem \u017eivimo gotovo ultimativno od nas zahtijeva agilnost i proaktivnost u komunikaciji, ali i u svim drugim aktivnostima u razli\u010ditim podru\u010djima dru\u0161tvenog \u017eivota. Imperativi dana\u0161njeg vremena i kompleksnost svijeta u kojem \u017eivimo \u010dine nu\u017enim sinergijski pristup, koji posebno dolazi do izra\u017eaja u diversificiranom podru\u010dju dru\u0161tvenih znanosti. S obzirom na to, ovaj broj&#8230;<\/p>\n\t<\/div><!-- .entry-summary -->\n\t<footer class=\"entry-footer\">\n\t\t\t<div class=\"entry-actions\">\n\t\t\t<p class=\"more-link-wrap\">\n\t\t\t\t<a href=\"https:\/\/suvremene-teme.vern.hr\/en\/uvodna-rijec-2021\/\" class=\"post-more-link\">\n\t\t\t\t\tVi\u0161e<span class=\"screen-reader-text\"> Uvodna rije\u010d &#8211; 2021.<\/span><span class=\"kadence-svg-iconset svg-baseline\"><svg aria-hidden=\"true\" class=\"kadence-svg-icon kadence-arrow-right-alt-svg\" fill=\"currentColor\" version=\"1.1\" xmlns=\"http:\/\/www.w3.org\/2000\/svg\" width=\"27\" height=\"28\" viewbox=\"0 0 27 28\"><title>Continue<\/title><path d=\"M27 13.953c0 0.141-0.063 0.281-0.156 0.375l-6 5.531c-0.156 0.141-0.359 0.172-0.547 0.094-0.172-0.078-0.297-0.25-0.297-0.453v-3.5h-19.5c-0.281 0-0.5-0.219-0.5-0.5v-3c0-0.281 0.219-0.5 0.5-0.5h19.5v-3.5c0-0.203 0.109-0.375 0.297-0.453s0.391-0.047 0.547 0.078l6 5.469c0.094 0.094 0.156 0.219 0.156 0.359v0z\"><\/path>\n\t\t\t<\/svg><\/span>\t\t\t\t<\/a>\n\t\t\t<\/p>\n\t\t<\/div><!-- .entry-actions -->\n\t\t<\/footer><!-- .entry-footer -->\t\t<\/div>\n\t<\/article>\n<\/li>\n<li class=\"kb-post-list-item\">\n\t<article class=\"entry content-bg loop-entry post-246 post type-post status-publish format-standard hentry category-11 tag-epistemologija-filma tag-filmska-kultura tag-filmska-tehnologija tag-filmsko-djelo tag-ontologija-filma\">\n\t\t\t\t<div class=\"entry-content-wrap\">\n\t\t\t<header class=\"entry-header\">\n\t<h2 class=\"entry-title\"><a href=\"https:\/\/suvremene-teme.vern.hr\/en\/sto-je-sve-film\/\" rel=\"bookmark\">\u0160to je sve film?<\/a><\/h2>\t<div class=\"entry-meta entry-meta-divider-dot\">\n\t\t\t<span class=\"posted-by\">\r\n\t\tBy&nbsp;<a href=\"https:\/\/suvremene-teme.vern.hr\/en\/author\/hrvoje-turkovic\/\" title=\"Posts by Hrvoje Turkovi\u0107\" class=\"author url fn\" rel=\"author\">Hrvoje Turkovi\u0107<\/a>\t\t<\/span>\r\n\t\t\t\t\t<span class=\"posted-on\">\n\t\t\t\t<time class=\"entry-date published\" datetime=\"2021-04-26T07:36:00+00:00\">26. April 2021.<\/time><time class=\"updated\" datetime=\"2026-04-24T08:21:43+00:00\">24. April 2026.<\/time>\t\t\t<\/span>\n\t\t\t\t<\/div><!-- .entry-meta -->\n\t<\/header><!-- .entry-header -->\n\t<div class=\"entry-summary\">\n\t\t<p>Pregledni radhttps:\/\/doi.org\/10.46917\/st.12.1.1 Sa\u017eetak U radu se sa\u017eeto daju jezgrene teorijske odrednice filma, odnosno audiovizualnog djela i podru\u010dja, one koje su relevantnim orijentirima pogodne za empirijska istra\u017eivanja. Prvo, filmsko djelo je ograni\u010dena tvarna pojava u ljudskom okru\u017eju, njome se mo\u017ee baratati i prema njoj nekako \u017eivotno odnositi. Drugo, posrijedi je tehnolo\u0161ki temeljena izra\u0111evina, koja je uvjetovana&#8230;<\/p>\n\t<\/div><!-- .entry-summary -->\n\t<footer class=\"entry-footer\">\n\t\t\t<div class=\"entry-actions\">\n\t\t\t<p class=\"more-link-wrap\">\n\t\t\t\t<a href=\"https:\/\/suvremene-teme.vern.hr\/en\/sto-je-sve-film\/\" class=\"post-more-link\">\n\t\t\t\t\tVi\u0161e<span class=\"screen-reader-text\"> \u0160to je sve film?<\/span><span class=\"kadence-svg-iconset svg-baseline\"><svg aria-hidden=\"true\" class=\"kadence-svg-icon kadence-arrow-right-alt-svg\" fill=\"currentColor\" version=\"1.1\" xmlns=\"http:\/\/www.w3.org\/2000\/svg\" width=\"27\" height=\"28\" viewbox=\"0 0 27 28\"><title>Continue<\/title><path d=\"M27 13.953c0 0.141-0.063 0.281-0.156 0.375l-6 5.531c-0.156 0.141-0.359 0.172-0.547 0.094-0.172-0.078-0.297-0.25-0.297-0.453v-3.5h-19.5c-0.281 0-0.5-0.219-0.5-0.5v-3c0-0.281 0.219-0.5 0.5-0.5h19.5v-3.5c0-0.203 0.109-0.375 0.297-0.453s0.391-0.047 0.547 0.078l6 5.469c0.094 0.094 0.156 0.219 0.156 0.359v0z\"><\/path>\n\t\t\t<\/svg><\/span>\t\t\t\t<\/a>\n\t\t\t<\/p>\n\t\t<\/div><!-- .entry-actions -->\n\t\t<\/footer><!-- .entry-footer -->\t\t<\/div>\n\t<\/article>\n<\/li>\n<li class=\"kb-post-list-item\">\n\t<article class=\"entry content-bg loop-entry post-249 post type-post status-publish format-standard hentry category-11 tag-analiza-sentimenta tag-barack-obama tag-digitalna-participacija tag-facebook tag-interaktivnost\">\n\t\t\t\t<div class=\"entry-content-wrap\">\n\t\t\t<header class=\"entry-header\">\n\t<h2 class=\"entry-title\"><a href=\"https:\/\/suvremene-teme.vern.hr\/en\/mrznja-ili-ljubav-na-facebooku-analiza-sentimenta-korisnickih-komentara\/\" rel=\"bookmark\">Mr\u017enja ili ljubav na Facebooku: Analiza sentimenta korisni\u010dkih komentara<\/a><\/h2>\t<div class=\"entry-meta entry-meta-divider-dot\">\n\t\t\t<span class=\"posted-by\">\r\n\t\tBy&nbsp;<a href=\"https:\/\/suvremene-teme.vern.hr\/en\/author\/milica-vuckovic\/\" title=\"Posts by Milica Vu\u010dkovi\u0107\" class=\"author url fn\" rel=\"author\">Milica Vu\u010dkovi\u0107<\/a>\t\t<\/span>\r\n\t\t\t\t\t<span class=\"posted-on\">\n\t\t\t\t<time class=\"entry-date published\" datetime=\"2021-04-25T07:42:00+00:00\">25. April 2021.<\/time><time class=\"updated\" datetime=\"2026-04-24T08:21:49+00:00\">24. April 2026.<\/time>\t\t\t<\/span>\n\t\t\t\t<\/div><!-- .entry-meta -->\n\t<\/header><!-- .entry-header -->\n\t<div class=\"entry-summary\">\n\t\t<p>Izvorni znanstveni \u010dlanakhttps:\/\/doi.org\/10.46917\/st.12.1.2 Sa\u017eetak Oslanjaju\u0107i se na ideju kako internet i dru\u0161tvene mre\u017ee mogu pove\u0107ati uklju\u010divanje gra\u0111ana u politiku, u ovom radu poku\u0161avamo odgovoriti koji je dominantan sentiment komentara koje korisnici objavljuju na Facebook stranicama politi\u010dara na funkcijama. Kako bi odgovorili na ovo pitanje, najprije je provedena ra\u010dunalna analiza sentimenta u program NVivo na gotovo&#8230;<\/p>\n\t<\/div><!-- .entry-summary -->\n\t<footer class=\"entry-footer\">\n\t\t\t<div class=\"entry-actions\">\n\t\t\t<p class=\"more-link-wrap\">\n\t\t\t\t<a href=\"https:\/\/suvremene-teme.vern.hr\/en\/mrznja-ili-ljubav-na-facebooku-analiza-sentimenta-korisnickih-komentara\/\" class=\"post-more-link\">\n\t\t\t\t\tVi\u0161e<span class=\"screen-reader-text\"> Mr\u017enja ili ljubav na Facebooku: Analiza sentimenta korisni\u010dkih komentara<\/span><span class=\"kadence-svg-iconset svg-baseline\"><svg aria-hidden=\"true\" class=\"kadence-svg-icon kadence-arrow-right-alt-svg\" fill=\"currentColor\" version=\"1.1\" xmlns=\"http:\/\/www.w3.org\/2000\/svg\" width=\"27\" height=\"28\" viewbox=\"0 0 27 28\"><title>Continue<\/title><path d=\"M27 13.953c0 0.141-0.063 0.281-0.156 0.375l-6 5.531c-0.156 0.141-0.359 0.172-0.547 0.094-0.172-0.078-0.297-0.25-0.297-0.453v-3.5h-19.5c-0.281 0-0.5-0.219-0.5-0.5v-3c0-0.281 0.219-0.5 0.5-0.5h19.5v-3.5c0-0.203 0.109-0.375 0.297-0.453s0.391-0.047 0.547 0.078l6 5.469c0.094 0.094 0.156 0.219 0.156 0.359v0z\"><\/path>\n\t\t\t<\/svg><\/span>\t\t\t\t<\/a>\n\t\t\t<\/p>\n\t\t<\/div><!-- .entry-actions -->\n\t\t<\/footer><!-- .entry-footer -->\t\t<\/div>\n\t<\/article>\n<\/li>\n<li class=\"kb-post-list-item\">\n\t<article class=\"entry content-bg loop-entry post-260 post type-post status-publish format-standard hentry category-11 tag-analiza tag-hrvatske tag-pobjednicki-govor tag-predsjednik tag-republike tag-verbalna-komunikacija\">\n\t\t\t\t<div class=\"entry-content-wrap\">\n\t\t\t<header class=\"entry-header\">\n\t<h2 class=\"entry-title\"><a href=\"https:\/\/suvremene-teme.vern.hr\/en\/analiza-verbalne-komunikacije-i-usporedba-pobjednickih-govora-posljednja-tri-predsjednika-republike-hrvatske\/\" rel=\"bookmark\">Analiza verbalne komunikacije i usporedba pobjedni\u010dkih govora posljednja tri predsjednika Republike Hrvatske<\/a><\/h2>\t<div class=\"entry-meta entry-meta-divider-dot\">\n\t\t\t<span class=\"posted-by\">\r\n\t\tBy&nbsp;<a href=\"https:\/\/suvremene-teme.vern.hr\/en\/author\/stana-odak-krasic\/\" title=\"Posts by Stana Odak Krasi\u0107\" class=\"author url fn\" rel=\"author\">Stana Odak Krasi\u0107<\/a>&nbsp;&#038;&nbsp;<a href=\"https:\/\/suvremene-teme.vern.hr\/en\/author\/valentina-pavlovic\/\" title=\"Posts by Valentina Pavlovi\u0107\" class=\"author url fn\" rel=\"author\">Valentina Pavlovi\u0107<\/a>\t\t<\/span>\r\n\t\t\t\t\t<span class=\"posted-on\">\n\t\t\t\t<time class=\"entry-date published\" datetime=\"2021-04-24T08:02:56+00:00\">24. April 2021.<\/time><time class=\"updated\" datetime=\"2026-04-24T08:21:55+00:00\">24. April 2026.<\/time>\t\t\t<\/span>\n\t\t\t\t<\/div><!-- .entry-meta -->\n\t<\/header><!-- .entry-header -->\n\t<div class=\"entry-summary\">\n\t\t<p>Izvorni znanstveni \u010dlanakhttps:\/\/doi.org\/10.46917\/st.12.1.3 Sa\u017eetak Javni govor dr\u017eavnika oduvijek je fokus analize i tema razmi\u0161ljanjastru\u010dnjaka, ali i medija i gra\u0111ana, pogotovo ako se radi o javnojkomunikaciji najvi\u0161ih dr\u017eavnih instanci. Moderno govorni\u0161tvo i teorijejavne komunikacije u konstantnoj su promjeni, a nove tehnologijerapidno ih vode k oplemenjivanju novitetima, no i k njegovanju ve\u0107ustaljenih standarda. Analiza verbalne komunikacije predsjednikadr\u017eava&#8230;<\/p>\n\t<\/div><!-- .entry-summary -->\n\t<footer class=\"entry-footer\">\n\t\t\t<div class=\"entry-actions\">\n\t\t\t<p class=\"more-link-wrap\">\n\t\t\t\t<a href=\"https:\/\/suvremene-teme.vern.hr\/en\/analiza-verbalne-komunikacije-i-usporedba-pobjednickih-govora-posljednja-tri-predsjednika-republike-hrvatske\/\" class=\"post-more-link\">\n\t\t\t\t\tVi\u0161e<span class=\"screen-reader-text\"> Analiza verbalne komunikacije i usporedba pobjedni\u010dkih govora posljednja tri predsjednika Republike Hrvatske<\/span><span class=\"kadence-svg-iconset svg-baseline\"><svg aria-hidden=\"true\" class=\"kadence-svg-icon kadence-arrow-right-alt-svg\" fill=\"currentColor\" version=\"1.1\" xmlns=\"http:\/\/www.w3.org\/2000\/svg\" width=\"27\" height=\"28\" viewbox=\"0 0 27 28\"><title>Continue<\/title><path d=\"M27 13.953c0 0.141-0.063 0.281-0.156 0.375l-6 5.531c-0.156 0.141-0.359 0.172-0.547 0.094-0.172-0.078-0.297-0.25-0.297-0.453v-3.5h-19.5c-0.281 0-0.5-0.219-0.5-0.5v-3c0-0.281 0.219-0.5 0.5-0.5h19.5v-3.5c0-0.203 0.109-0.375 0.297-0.453s0.391-0.047 0.547 0.078l6 5.469c0.094 0.094 0.156 0.219 0.156 0.359v0z\"><\/path>\n\t\t\t<\/svg><\/span>\t\t\t\t<\/a>\n\t\t\t<\/p>\n\t\t<\/div><!-- .entry-actions -->\n\t\t<\/footer><!-- .entry-footer -->\t\t<\/div>\n\t<\/article>\n<\/li>\n<li class=\"kb-post-list-item\">\n\t<article class=\"entry content-bg loop-entry post-265 post type-post status-publish format-standard hentry category-11 tag-euro tag-europodrucje tag-europska-unija tag-gospodarstvo tag-hnb\">\n\t\t\t\t<div class=\"entry-content-wrap\">\n\t\t\t<header class=\"entry-header\">\n\t<h2 class=\"entry-title\"><a href=\"https:\/\/suvremene-teme.vern.hr\/en\/proces-zamjene-hrvatske-kune-eurom-i-ocekivani-utjecaj-na-gospodarska-kretanja\/\" rel=\"bookmark\">Proces zamjene hrvatske kune eurom i o\u010dekivani utjecaj na gospodarska kretanja<\/a><\/h2>\t<div class=\"entry-meta entry-meta-divider-dot\">\n\t\t\t<span class=\"posted-by\">\r\n\t\tBy&nbsp;<a href=\"https:\/\/suvremene-teme.vern.hr\/en\/author\/petra-siranovic\/\" title=\"Posts by Petra \u0160iranovi\u0107\" class=\"author url fn\" rel=\"author\">Petra \u0160iranovi\u0107<\/a>&nbsp;&#038;&nbsp;<a href=\"https:\/\/suvremene-teme.vern.hr\/en\/author\/vesna-cvitanovic\/\" title=\"Posts by Vesna Cvitanovi\u0107\" class=\"author url fn\" rel=\"author\">Vesna Cvitanovi\u0107<\/a>\t\t<\/span>\r\n\t\t\t\t\t<span class=\"posted-on\">\n\t\t\t\t<time class=\"entry-date published\" datetime=\"2021-04-23T08:11:00+00:00\">23. April 2021.<\/time><time class=\"updated\" datetime=\"2026-04-24T08:22:01+00:00\">24. April 2026.<\/time>\t\t\t<\/span>\n\t\t\t\t<\/div><!-- .entry-meta -->\n\t<\/header><!-- .entry-header -->\n\t<div class=\"entry-summary\">\n\t\t<p>Pregledni radhttps:\/\/doi.org\/10.46917\/st.12.1.4 Sa\u017eetak Zadatak rada je istra\u017eiti tijek operacionalizacije procesa zamjene hrvatske kune eurom i utvrditi realne mogu\u0107nosti Republike Hrvatske za ispunjavanje \u010detiri obvezna Kriterija nominalne konvergencije. Cilj je rada usmjeren na potvr\u0111ivanje hipoteze da \u0107e uvo\u0111enje eura donijeti pozitivne promjene \u017eivotnog standarda hrvatskih gra\u0111ana, kvalitetnu platformu za uspje\u0161nije poslovanje gospodarskih subjekata i pozitivan trend&#8230;<\/p>\n\t<\/div><!-- .entry-summary -->\n\t<footer class=\"entry-footer\">\n\t\t\t<div class=\"entry-actions\">\n\t\t\t<p class=\"more-link-wrap\">\n\t\t\t\t<a href=\"https:\/\/suvremene-teme.vern.hr\/en\/proces-zamjene-hrvatske-kune-eurom-i-ocekivani-utjecaj-na-gospodarska-kretanja\/\" class=\"post-more-link\">\n\t\t\t\t\tVi\u0161e<span class=\"screen-reader-text\"> Proces zamjene hrvatske kune eurom i o\u010dekivani utjecaj na gospodarska kretanja<\/span><span class=\"kadence-svg-iconset svg-baseline\"><svg aria-hidden=\"true\" class=\"kadence-svg-icon kadence-arrow-right-alt-svg\" fill=\"currentColor\" version=\"1.1\" xmlns=\"http:\/\/www.w3.org\/2000\/svg\" width=\"27\" height=\"28\" viewbox=\"0 0 27 28\"><title>Continue<\/title><path d=\"M27 13.953c0 0.141-0.063 0.281-0.156 0.375l-6 5.531c-0.156 0.141-0.359 0.172-0.547 0.094-0.172-0.078-0.297-0.25-0.297-0.453v-3.5h-19.5c-0.281 0-0.5-0.219-0.5-0.5v-3c0-0.281 0.219-0.5 0.5-0.5h19.5v-3.5c0-0.203 0.109-0.375 0.297-0.453s0.391-0.047 0.547 0.078l6 5.469c0.094 0.094 0.156 0.219 0.156 0.359v0z\"><\/path>\n\t\t\t<\/svg><\/span>\t\t\t\t<\/a>\n\t\t\t<\/p>\n\t\t<\/div><!-- .entry-actions -->\n\t\t<\/footer><!-- .entry-footer -->\t\t<\/div>\n\t<\/article>\n<\/li>\n<li class=\"kb-post-list-item\">\n\t<article class=\"entry content-bg loop-entry post-272 post type-post status-publish format-standard hentry category-11 tag-generacija tag-generacija-y tag-generacijske-razlike tag-komunikacijski-nesporazumi tag-preferirani-oblici-komunikacije\">\n\t\t\t\t<div class=\"entry-content-wrap\">\n\t\t\t<header class=\"entry-header\">\n\t<h2 class=\"entry-title\"><a href=\"https:\/\/suvremene-teme.vern.hr\/en\/percepcija-generacijskih-razlika-u-poslovnom-ponasanju-pripadnika-generacija-x-i-y\/\" rel=\"bookmark\">Percepcija generacijskih razlika u poslovnom pona\u0161anju pripadnika generacija X i Y<\/a><\/h2>\t<div class=\"entry-meta entry-meta-divider-dot\">\n\t\t\t<span class=\"posted-by\">\r\n\t\tBy&nbsp;<a href=\"https:\/\/suvremene-teme.vern.hr\/en\/author\/ana-pecanic\/\" title=\"Posts by Ana Pe\u0107ani\u0107\" class=\"author url fn\" rel=\"author\">Ana Pe\u0107ani\u0107<\/a>&nbsp;&#038;&nbsp;<a href=\"https:\/\/suvremene-teme.vern.hr\/en\/author\/irena-miljkovic-krecar\/\" title=\"Posts by Irena Miljkovi\u0107 Kre\u010dar\" class=\"author url fn\" rel=\"author\">Irena Miljkovi\u0107 Kre\u010dar<\/a>\t\t<\/span>\r\n\t\t\t\t\t<span class=\"posted-on\">\n\t\t\t\t<time class=\"entry-date published\" datetime=\"2021-04-22T08:14:00+00:00\">22. April 2021.<\/time><time class=\"updated\" datetime=\"2026-04-24T08:22:20+00:00\">24. April 2026.<\/time>\t\t\t<\/span>\n\t\t\t\t<\/div><!-- .entry-meta -->\n\t<\/header><!-- .entry-header -->\n\t<div class=\"entry-summary\">\n\t\t<p>Pregledni radhttps:\/\/doi.org\/10.46917\/st.12.1.5 Sa\u017eetak Pregledom postoje\u0107e literature mogu\u0107e je zaklju\u010diti kako sekarakteristike i sklonosti pojedinih generacija bitno razlikuju, \u0161to dovodido nesporazuma u poslovnoj komunikaciji. U ovom radu ispitano je 144zaposlenika, pripadnika generacije X i Y radi utvr\u0111ivanja preferiranihoblika komunikacije i u\u010destalosti me\u0111usobnih nesporazuma. Tako\u0111erispitana su me\u0111usobna vi\u0111enja po razli\u010ditim elementima radnogpona\u0161anja, deriviranih iz prija\u0161njih istra\u017eivanja. Rezultati&#8230;<\/p>\n\t<\/div><!-- .entry-summary -->\n\t<footer class=\"entry-footer\">\n\t\t\t<div class=\"entry-actions\">\n\t\t\t<p class=\"more-link-wrap\">\n\t\t\t\t<a href=\"https:\/\/suvremene-teme.vern.hr\/en\/percepcija-generacijskih-razlika-u-poslovnom-ponasanju-pripadnika-generacija-x-i-y\/\" class=\"post-more-link\">\n\t\t\t\t\tVi\u0161e<span class=\"screen-reader-text\"> Percepcija generacijskih razlika u poslovnom pona\u0161anju pripadnika generacija X i Y<\/span><span class=\"kadence-svg-iconset svg-baseline\"><svg aria-hidden=\"true\" class=\"kadence-svg-icon kadence-arrow-right-alt-svg\" fill=\"currentColor\" version=\"1.1\" xmlns=\"http:\/\/www.w3.org\/2000\/svg\" width=\"27\" height=\"28\" viewbox=\"0 0 27 28\"><title>Continue<\/title><path d=\"M27 13.953c0 0.141-0.063 0.281-0.156 0.375l-6 5.531c-0.156 0.141-0.359 0.172-0.547 0.094-0.172-0.078-0.297-0.25-0.297-0.453v-3.5h-19.5c-0.281 0-0.5-0.219-0.5-0.5v-3c0-0.281 0.219-0.5 0.5-0.5h19.5v-3.5c0-0.203 0.109-0.375 0.297-0.453s0.391-0.047 0.547 0.078l6 5.469c0.094 0.094 0.156 0.219 0.156 0.359v0z\"><\/path>\n\t\t\t<\/svg><\/span>\t\t\t\t<\/a>\n\t\t\t<\/p>\n\t\t<\/div><!-- .entry-actions -->\n\t\t<\/footer><!-- .entry-footer -->\t\t<\/div>\n\t<\/article>\n<\/li>\n<li class=\"kb-post-list-item\">\n\t<article class=\"entry content-bg loop-entry post-276 post type-post status-publish format-standard hentry category-11 tag-akteri tag-formulacija-politike tag-institucije tag-strukovno-obrazovanje tag-ustroj\">\n\t\t\t\t<div class=\"entry-content-wrap\">\n\t\t\t<header class=\"entry-header\">\n\t<h2 class=\"entry-title\"><a href=\"https:\/\/suvremene-teme.vern.hr\/en\/institucionalni-ustroj-i-formulacija-politike-srednjeg-strukovnog-obrazovanja-u-hrvatskoj-preliminarna-analiza\/\" rel=\"bookmark\">Institucionalni ustroj i formulacija politike srednjeg strukovnog obrazovanja u Hrvatskoj: preliminarna analiza<\/a><\/h2>\t<div class=\"entry-meta entry-meta-divider-dot\">\n\t\t\t<span class=\"posted-by\">\r\n\t\tBy&nbsp;<a href=\"https:\/\/suvremene-teme.vern.hr\/en\/author\/nikola-bukovic\/\" title=\"Posts by Nikola Bukovi\u0107\" class=\"author url fn\" rel=\"author\">Nikola Bukovi\u0107<\/a>\t\t<\/span>\r\n\t\t\t\t\t<span class=\"posted-on\">\n\t\t\t\t<time class=\"entry-date published\" datetime=\"2021-04-21T08:17:00+00:00\">21. April 2021.<\/time><time class=\"updated\" datetime=\"2026-04-24T08:22:26+00:00\">24. April 2026.<\/time>\t\t\t<\/span>\n\t\t\t\t<\/div><!-- .entry-meta -->\n\t<\/header><!-- .entry-header -->\n\t<div class=\"entry-summary\">\n\t\t<p>Izvorni znanstveni \u010dlanakhttps:\/\/doi.org\/10.46917\/st.12.1.6 Sa\u017eetak Ovaj rad predstavlja preliminarno testiranje eksplanatornog modelaformulacije, a onda i razvoja institucionalnog ustroja politike srednjegstrukovnog obrazovanja u Hrvatskoj. Nalazi su bazirani na analiziliterature i devet dubinskih, polu-strukturiranih intervjua s istra\u017eiva\u010dimai stru\u010dnjacima koji se bave akterima klju\u010dnim za formulaciju ove politike(odgovorna tijela sredi\u0161nje dr\u017eave, \u017eupanije, politi\u010dke stranke, udrugeposlodavaca i sindikati). Prvi dio&#8230;<\/p>\n\t<\/div><!-- .entry-summary -->\n\t<footer class=\"entry-footer\">\n\t\t\t<div class=\"entry-actions\">\n\t\t\t<p class=\"more-link-wrap\">\n\t\t\t\t<a href=\"https:\/\/suvremene-teme.vern.hr\/en\/institucionalni-ustroj-i-formulacija-politike-srednjeg-strukovnog-obrazovanja-u-hrvatskoj-preliminarna-analiza\/\" class=\"post-more-link\">\n\t\t\t\t\tVi\u0161e<span class=\"screen-reader-text\"> Institucionalni ustroj i formulacija politike srednjeg strukovnog obrazovanja u Hrvatskoj: preliminarna analiza<\/span><span class=\"kadence-svg-iconset svg-baseline\"><svg aria-hidden=\"true\" class=\"kadence-svg-icon kadence-arrow-right-alt-svg\" fill=\"currentColor\" version=\"1.1\" xmlns=\"http:\/\/www.w3.org\/2000\/svg\" width=\"27\" height=\"28\" viewbox=\"0 0 27 28\"><title>Continue<\/title><path d=\"M27 13.953c0 0.141-0.063 0.281-0.156 0.375l-6 5.531c-0.156 0.141-0.359 0.172-0.547 0.094-0.172-0.078-0.297-0.25-0.297-0.453v-3.5h-19.5c-0.281 0-0.5-0.219-0.5-0.5v-3c0-0.281 0.219-0.5 0.5-0.5h19.5v-3.5c0-0.203 0.109-0.375 0.297-0.453s0.391-0.047 0.547 0.078l6 5.469c0.094 0.094 0.156 0.219 0.156 0.359v0z\"><\/path>\n\t\t\t<\/svg><\/span>\t\t\t\t<\/a>\n\t\t\t<\/p>\n\t\t<\/div><!-- .entry-actions -->\n\t\t<\/footer><!-- .entry-footer -->\t\t<\/div>\n\t<\/article>\n<\/li>\n<li class=\"kb-post-list-item\">\n\t<article class=\"entry content-bg loop-entry post-285 post type-post status-publish format-standard hentry category-11 tag-neprofitna-organizacija tag-odnosi-s-javnoscu tag-odnosi-s-medijima tag-udruge-osoba-s-invaliditetom\">\n\t\t\t\t<div class=\"entry-content-wrap\">\n\t\t\t<header class=\"entry-header\">\n\t<h2 class=\"entry-title\"><a href=\"https:\/\/suvremene-teme.vern.hr\/en\/odnosi-s-javnoscu-u-hrvatskim-neprofitnim-organizacijama-na-primjeru-udruga-osoba-s-invaliditetom\/\" rel=\"bookmark\">Odnosi s javno\u0161\u0107u u hrvatskim neprofitnim organizacijama na primjeru udruga osoba s invaliditetom<\/a><\/h2>\t<div class=\"entry-meta entry-meta-divider-dot\">\n\t\t\t<span class=\"posted-by\">\r\n\t\tBy&nbsp;<a href=\"https:\/\/suvremene-teme.vern.hr\/en\/author\/ivana-kucina\/\" title=\"Posts by Ivana Ku\u010dina\" class=\"author url fn\" rel=\"author\">Ivana Ku\u010dina<\/a>&nbsp;&#038;&nbsp;<a href=\"https:\/\/suvremene-teme.vern.hr\/en\/author\/kresimir-dabo\/\" title=\"Posts by Kre\u0161imir Dabo\" class=\"author url fn\" rel=\"author\">Kre\u0161imir Dabo<\/a>\t\t<\/span>\r\n\t\t\t\t\t<span class=\"posted-on\">\n\t\t\t\t<time class=\"entry-date published\" datetime=\"2021-04-20T08:26:00+00:00\">20. April 2021.<\/time><time class=\"updated\" datetime=\"2026-04-24T08:22:33+00:00\">24. April 2026.<\/time>\t\t\t<\/span>\n\t\t\t\t<\/div><!-- .entry-meta -->\n\t<\/header><!-- .entry-header -->\n\t<div class=\"entry-summary\">\n\t\t<p>Stru\u010dni radhttps:\/\/doi.org\/10.46917\/st.12.1.7 Sa\u017eetak U Hrvatskoj se razvoj dru\u0161tveno odgovornog pona\u0161anja odvija vrlosporo. Stoga je glavni cilj neprofitnih organizacija izna\u0107i rje\u0161enjaza socijalne probleme koje dr\u017eavne strukture nisu pravovremenodetektirale, dok je njihova misija podr\u0161ka dru\u0161tvu (uglavnommarginalnim skupinama), ja\u010danju humanosti i volonterstva i podizanjusvijesti javnosti o dru\u0161tveno relevantnim pitanjima. Ovaj rad bavi seodnosima s javno\u0161\u0107u u neprofitnim organizacijama&#8230;<\/p>\n\t<\/div><!-- .entry-summary -->\n\t<footer class=\"entry-footer\">\n\t\t\t<div class=\"entry-actions\">\n\t\t\t<p class=\"more-link-wrap\">\n\t\t\t\t<a href=\"https:\/\/suvremene-teme.vern.hr\/en\/odnosi-s-javnoscu-u-hrvatskim-neprofitnim-organizacijama-na-primjeru-udruga-osoba-s-invaliditetom\/\" class=\"post-more-link\">\n\t\t\t\t\tVi\u0161e<span class=\"screen-reader-text\"> Odnosi s javno\u0161\u0107u u hrvatskim neprofitnim organizacijama na primjeru udruga osoba s invaliditetom<\/span><span class=\"kadence-svg-iconset svg-baseline\"><svg aria-hidden=\"true\" class=\"kadence-svg-icon kadence-arrow-right-alt-svg\" fill=\"currentColor\" version=\"1.1\" xmlns=\"http:\/\/www.w3.org\/2000\/svg\" width=\"27\" height=\"28\" viewbox=\"0 0 27 28\"><title>Continue<\/title><path d=\"M27 13.953c0 0.141-0.063 0.281-0.156 0.375l-6 5.531c-0.156 0.141-0.359 0.172-0.547 0.094-0.172-0.078-0.297-0.25-0.297-0.453v-3.5h-19.5c-0.281 0-0.5-0.219-0.5-0.5v-3c0-0.281 0.219-0.5 0.5-0.5h19.5v-3.5c0-0.203 0.109-0.375 0.297-0.453s0.391-0.047 0.547 0.078l6 5.469c0.094 0.094 0.156 0.219 0.156 0.359v0z\"><\/path>\n\t\t\t<\/svg><\/span>\t\t\t\t<\/a>\n\t\t\t<\/p>\n\t\t<\/div><!-- .entry-actions -->\n\t\t<\/footer><!-- .entry-footer -->\t\t<\/div>\n\t<\/article>\n<\/li>\n<li class=\"kb-post-list-item\">\n\t<article class=\"entry content-bg loop-entry post-289 post type-post status-publish format-standard hentry category-11\">\n\t\t\t\t<div class=\"entry-content-wrap\">\n\t\t\t<header class=\"entry-header\">\n\t<h2 class=\"entry-title\"><a href=\"https:\/\/suvremene-teme.vern.hr\/en\/patrick-deneen-zasto-liberalizam-nije-uspio-verbum-split-2020-231-str\/\" rel=\"bookmark\">Patrick Deneen Za\u0161to liberalizam nije uspio? \/ Verbum, Split, 2020., 231 str.<\/a><\/h2>\t<div class=\"entry-meta entry-meta-divider-dot\">\n\t\t\t<span class=\"posted-by\">\r\n\t\tBy&nbsp;<a href=\"https:\/\/suvremene-teme.vern.hr\/en\/author\/barbara-masic\/\" title=\"Posts by Barbara Ma\u0161i\u0107\" class=\"author url fn\" rel=\"author\">Barbara Ma\u0161i\u0107<\/a>\t\t<\/span>\r\n\t\t\t\t\t<span class=\"posted-on\">\n\t\t\t\t<time class=\"entry-date published\" datetime=\"2021-04-19T08:29:00+00:00\">19. April 2021.<\/time><time class=\"updated\" datetime=\"2026-04-24T08:22:39+00:00\">24. April 2026.<\/time>\t\t\t<\/span>\n\t\t\t\t<\/div><!-- .entry-meta -->\n\t<\/header><!-- .entry-header -->\n\t<div class=\"entry-summary\">\n\t\t<p>Recenzija, Prikaz slu\u010daja<\/p>\n\t<\/div><!-- .entry-summary -->\n\t<footer class=\"entry-footer\">\n\t\t\t<div class=\"entry-actions\">\n\t\t\t<p class=\"more-link-wrap\">\n\t\t\t\t<a href=\"https:\/\/suvremene-teme.vern.hr\/en\/patrick-deneen-zasto-liberalizam-nije-uspio-verbum-split-2020-231-str\/\" class=\"post-more-link\">\n\t\t\t\t\tVi\u0161e<span class=\"screen-reader-text\"> Patrick Deneen Za\u0161to liberalizam nije uspio? \/ Verbum, Split, 2020., 231 str.<\/span><span class=\"kadence-svg-iconset svg-baseline\"><svg aria-hidden=\"true\" class=\"kadence-svg-icon kadence-arrow-right-alt-svg\" fill=\"currentColor\" version=\"1.1\" xmlns=\"http:\/\/www.w3.org\/2000\/svg\" width=\"27\" height=\"28\" viewbox=\"0 0 27 28\"><title>Continue<\/title><path d=\"M27 13.953c0 0.141-0.063 0.281-0.156 0.375l-6 5.531c-0.156 0.141-0.359 0.172-0.547 0.094-0.172-0.078-0.297-0.25-0.297-0.453v-3.5h-19.5c-0.281 0-0.5-0.219-0.5-0.5v-3c0-0.281 0.219-0.5 0.5-0.5h19.5v-3.5c0-0.203 0.109-0.375 0.297-0.453s0.391-0.047 0.547 0.078l6 5.469c0.094 0.094 0.156 0.219 0.156 0.359v0z\"><\/path>\n\t\t\t<\/svg><\/span>\t\t\t\t<\/a>\n\t\t\t<\/p>\n\t\t<\/div><!-- .entry-actions -->\n\t\t<\/footer><!-- .entry-footer -->\t\t<\/div>\n\t<\/article>\n<\/li>\n<\/ul><\/div><\/div>\n\n\n\n<div class=\"wp-block-kadence-tab kt-tab-inner-content kt-inner-tab-7 kt-inner-tab_070359-d2\"><div class=\"kt-tab-inner-content-inner\"><style>.kb-posts-id-_4cb2d1-9b .kb-post-list-item{display:grid;}<\/style><ul class=\"wp-block-kadence-posts kb-posts kadence-posts-list kb-posts-id-_4cb2d1-9b content-wrap grid-cols kb-posts-style-boxed grid-sm-col-2 grid-lg-col-2 item-image-style-above\"><li class=\"kb-post-list-item\">\n\t<article class=\"entry content-bg loop-entry post-179 post type-post status-publish format-standard hentry category-9\">\n\t\t\t\t<div class=\"entry-content-wrap\">\n\t\t\t<header class=\"entry-header\">\n\t<h2 class=\"entry-title\"><a href=\"https:\/\/suvremene-teme.vern.hr\/en\/uvodna-rijec\/\" rel=\"bookmark\">Uvodna rije\u010d &#8211; 2020<\/a><\/h2>\t<div class=\"entry-meta entry-meta-divider-dot\">\n\t\t\t<span class=\"posted-by\">\r\n\t\tBy&nbsp;<a href=\"https:\/\/suvremene-teme.vern.hr\/en\/author\/nikolina-borcic\/\" title=\"Posts by Nikolina Bor\u010di\u0107\" class=\"author url fn\" rel=\"author\">Nikolina Bor\u010di\u0107<\/a>\t\t<\/span>\r\n\t\t\t\t\t<span class=\"posted-on\">\n\t\t\t\t<time class=\"entry-date published\" datetime=\"2020-04-25T10:48:00+00:00\">25. April 2020.<\/time><time class=\"updated\" datetime=\"2026-04-24T08:22:45+00:00\">24. April 2026.<\/time>\t\t\t<\/span>\n\t\t\t\t<\/div><!-- .entry-meta -->\n\t<\/header><!-- .entry-header -->\n\t<div class=\"entry-summary\">\n\t\t<p>Vjerujem da \u0107emo ovu 2020. godinu zauvijek pamtiti. Koncepti individualne i\/ili glokalne (eng.glocal) sigurnosti, me\u0111udr\u017eavne komunikacije, politi\u010dke odgovornosti i mnogi drugi mijenjaju seuslijed pandemije koja sa sobom nosi i potencijal brojnih kriza. Kako se mijenjaju koncepti, tako se mijenjaju i paradigme komunikacije. Stare se ru\u0161e, a nove jo\u0161 nisu u potpunosti vidljive.Ovaj broj \u010dasopisa, nastao&#8230;<\/p>\n\t<\/div><!-- .entry-summary -->\n\t<footer class=\"entry-footer\">\n\t\t\t<div class=\"entry-actions\">\n\t\t\t<p class=\"more-link-wrap\">\n\t\t\t\t<a href=\"https:\/\/suvremene-teme.vern.hr\/en\/uvodna-rijec\/\" class=\"post-more-link\">\n\t\t\t\t\tVi\u0161e <span class=\"screen-reader-text\"> Uvodna rije\u010d &#8211; 2020<\/span><span class=\"kadence-svg-iconset svg-baseline\"><svg aria-hidden=\"true\" class=\"kadence-svg-icon kadence-arrow-right-alt-svg\" fill=\"currentColor\" version=\"1.1\" xmlns=\"http:\/\/www.w3.org\/2000\/svg\" width=\"27\" height=\"28\" viewbox=\"0 0 27 28\"><title>Continue<\/title><path d=\"M27 13.953c0 0.141-0.063 0.281-0.156 0.375l-6 5.531c-0.156 0.141-0.359 0.172-0.547 0.094-0.172-0.078-0.297-0.25-0.297-0.453v-3.5h-19.5c-0.281 0-0.5-0.219-0.5-0.5v-3c0-0.281 0.219-0.5 0.5-0.5h19.5v-3.5c0-0.203 0.109-0.375 0.297-0.453s0.391-0.047 0.547 0.078l6 5.469c0.094 0.094 0.156 0.219 0.156 0.359v0z\"><\/path>\n\t\t\t<\/svg><\/span>\t\t\t\t<\/a>\n\t\t\t<\/p>\n\t\t<\/div><!-- .entry-actions -->\n\t\t<\/footer><!-- .entry-footer -->\t\t<\/div>\n\t<\/article>\n<\/li>\n<li class=\"kb-post-list-item\">\n\t<article class=\"entry content-bg loop-entry post-72 post type-post status-publish format-standard hentry category-9 tag-misa-vacic tag-opposition tag-political-scarecrow tag-serbia tag-serbian-right-wing tag-srpska-desnica\">\n\t\t\t\t<div class=\"entry-content-wrap\">\n\t\t\t<header class=\"entry-header\">\n\t<h2 class=\"entry-title\"><a href=\"https:\/\/suvremene-teme.vern.hr\/en\/a-new-political-scarecrow-the-political-program-and-activity-of-the-serbian-right\/\" rel=\"bookmark\">A New Political Scarecrow? The Political Program and Activity of the \u201dSerbian Right\u201c<\/a><\/h2>\t<div class=\"entry-meta entry-meta-divider-dot\">\n\t\t\t<span class=\"posted-by\">\r\n\t\tBy&nbsp;<a href=\"https:\/\/suvremene-teme.vern.hr\/en\/author\/srdan-mladenov-jovanovic\/\" title=\"Posts by Sr\u0111an Mladenov Jovanovi\u0107\" class=\"author url fn\" rel=\"author\">Sr\u0111an Mladenov Jovanovi\u0107<\/a>\t\t<\/span>\r\n\t\t\t\t\t<span class=\"posted-on\">\n\t\t\t\t<time class=\"entry-date published\" datetime=\"2020-04-22T14:11:12+00:00\">22. April 2020.<\/time><time class=\"updated\" datetime=\"2026-04-24T08:22:50+00:00\">24. April 2026.<\/time>\t\t\t<\/span>\n\t\t\t\t<\/div><!-- .entry-meta -->\n\t<\/header><!-- .entry-header -->\n\t<div class=\"entry-summary\">\n\t\t<p>Izvorni znanstveni \u010dlanakhttps:\/\/doi.org\/10.46917\/st.11.1.1 The organization known as Srpska desnica (SD; the Serbian Right Wing) during 2019 become increasingly seen in the Serbian media, as well as receiving augmented visibility on posters throughout the country. With their recent electoral success in the town of Medve\u0111a, as well as their announcement that they are turning into an&#8230;<\/p>\n\t<\/div><!-- .entry-summary -->\n\t<footer class=\"entry-footer\">\n\t\t\t<div class=\"entry-actions\">\n\t\t\t<p class=\"more-link-wrap\">\n\t\t\t\t<a href=\"https:\/\/suvremene-teme.vern.hr\/en\/a-new-political-scarecrow-the-political-program-and-activity-of-the-serbian-right\/\" class=\"post-more-link\">\n\t\t\t\t\tVi\u0161e <span class=\"screen-reader-text\"> A New Political Scarecrow? The Political Program and Activity of the \u201dSerbian Right\u201c<\/span><span class=\"kadence-svg-iconset svg-baseline\"><svg aria-hidden=\"true\" class=\"kadence-svg-icon kadence-arrow-right-alt-svg\" fill=\"currentColor\" version=\"1.1\" xmlns=\"http:\/\/www.w3.org\/2000\/svg\" width=\"27\" height=\"28\" viewbox=\"0 0 27 28\"><title>Continue<\/title><path d=\"M27 13.953c0 0.141-0.063 0.281-0.156 0.375l-6 5.531c-0.156 0.141-0.359 0.172-0.547 0.094-0.172-0.078-0.297-0.25-0.297-0.453v-3.5h-19.5c-0.281 0-0.5-0.219-0.5-0.5v-3c0-0.281 0.219-0.5 0.5-0.5h19.5v-3.5c0-0.203 0.109-0.375 0.297-0.453s0.391-0.047 0.547 0.078l6 5.469c0.094 0.094 0.156 0.219 0.156 0.359v0z\"><\/path>\n\t\t\t<\/svg><\/span>\t\t\t\t<\/a>\n\t\t\t<\/p>\n\t\t<\/div><!-- .entry-actions -->\n\t\t<\/footer><!-- .entry-footer -->\t\t<\/div>\n\t<\/article>\n<\/li>\n<li class=\"kb-post-list-item\">\n\t<article class=\"entry content-bg loop-entry post-437 post type-post status-publish format-standard hentry category-9 tag-iregularne-migracije tag-kriticka-analiza-diskursa tag-predsjednicki-izbori tag-republika-hrvatska tag-sekuritizacija\">\n\t\t\t\t<div class=\"entry-content-wrap\">\n\t\t\t<header class=\"entry-header\">\n\t<h2 class=\"entry-title\"><a href=\"https:\/\/suvremene-teme.vern.hr\/en\/sekuritizacija-iregularnih-migracija-u-kampanji-za-predsjednicke-izbore-u-republici-hrvatskoj-2019-2020\/\" rel=\"bookmark\">Sekuritizacija iregularnih migracija u kampanji za predsjedni\u010dke izbore u Republici Hrvatskoj 2019.\/2020.<\/a><\/h2>\t<div class=\"entry-meta entry-meta-divider-dot\">\n\t\t\t<span class=\"posted-by\">\r\n\t\tBy&nbsp;<a href=\"https:\/\/suvremene-teme.vern.hr\/en\/author\/goran-dzidic\/\" title=\"Posts by Goran D\u017eidi\u0107\" class=\"author url fn\" rel=\"author\">Goran D\u017eidi\u0107<\/a>\t\t<\/span>\r\n\t\t\t\t\t<span class=\"posted-on\">\n\t\t\t\t<time class=\"entry-date published\" datetime=\"2020-04-21T07:39:58+00:00\">21. April 2020.<\/time><time class=\"updated\" datetime=\"2026-04-24T08:22:56+00:00\">24. April 2026.<\/time>\t\t\t<\/span>\n\t\t\t\t<\/div><!-- .entry-meta -->\n\t<\/header><!-- .entry-header -->\n\t<div class=\"entry-summary\">\n\t\t<p>Prethodno priop\u0107enjehttps:\/\/doi.org\/10.46917\/st.11.1.2 Sa\u017eetakNekoliko godina nakon vrhunca migracijske krize iz 2015. godine, ovaj oblik nevojne prijetnje postao je va\u017ean dio politi\u010dke debate na nacionalnoj i nadnacionalnoj razini Europske unije. Republika Hrvatska, kao dr\u017eava koja je dio tzv. balkanskog pravca migracija, nije iznimka. Migracijska kriza iz 2015.\/2016. godine predstavljala je jedno od glavnih pitanja o kojem se&#8230;<\/p>\n\t<\/div><!-- .entry-summary -->\n\t<footer class=\"entry-footer\">\n\t\t\t<div class=\"entry-actions\">\n\t\t\t<p class=\"more-link-wrap\">\n\t\t\t\t<a href=\"https:\/\/suvremene-teme.vern.hr\/en\/sekuritizacija-iregularnih-migracija-u-kampanji-za-predsjednicke-izbore-u-republici-hrvatskoj-2019-2020\/\" class=\"post-more-link\">\n\t\t\t\t\tVi\u0161e <span class=\"screen-reader-text\"> Sekuritizacija iregularnih migracija u kampanji za predsjedni\u010dke izbore u Republici Hrvatskoj 2019.\/2020.<\/span><span class=\"kadence-svg-iconset svg-baseline\"><svg aria-hidden=\"true\" class=\"kadence-svg-icon kadence-arrow-right-alt-svg\" fill=\"currentColor\" version=\"1.1\" xmlns=\"http:\/\/www.w3.org\/2000\/svg\" width=\"27\" height=\"28\" viewbox=\"0 0 27 28\"><title>Continue<\/title><path d=\"M27 13.953c0 0.141-0.063 0.281-0.156 0.375l-6 5.531c-0.156 0.141-0.359 0.172-0.547 0.094-0.172-0.078-0.297-0.25-0.297-0.453v-3.5h-19.5c-0.281 0-0.5-0.219-0.5-0.5v-3c0-0.281 0.219-0.5 0.5-0.5h19.5v-3.5c0-0.203 0.109-0.375 0.297-0.453s0.391-0.047 0.547 0.078l6 5.469c0.094 0.094 0.156 0.219 0.156 0.359v0z\"><\/path>\n\t\t\t<\/svg><\/span>\t\t\t\t<\/a>\n\t\t\t<\/p>\n\t\t<\/div><!-- .entry-actions -->\n\t\t<\/footer><!-- .entry-footer -->\t\t<\/div>\n\t<\/article>\n<\/li>\n<li class=\"kb-post-list-item\">\n\t<article class=\"entry content-bg loop-entry post-441 post type-post status-publish format-standard hentry category-9 tag-globalizacija tag-jezicna-odstupanja tag-kultura tag-transmedijalnost\">\n\t\t\t\t<div class=\"entry-content-wrap\">\n\t\t\t<header class=\"entry-header\">\n\t<h2 class=\"entry-title\"><a href=\"https:\/\/suvremene-teme.vern.hr\/en\/transmedijske-funkcije-filmskih-stilskih-figura-i-jezicnih-odstupanja-od-norme-u-informativnim-televizijskim-emisijama\/\" rel=\"bookmark\">Transmedijske funkcije filmskih stilskih figura i jezi\u010dnih odstupanja od norme u informativnim televizijskim emisijama<\/a><\/h2>\t<div class=\"entry-meta entry-meta-divider-dot\">\n\t\t\t<span class=\"posted-by\">\r\n\t\tBy&nbsp;<a href=\"https:\/\/suvremene-teme.vern.hr\/en\/author\/suncana-tuksar\/\" title=\"Posts by Sun\u010dana Tuksar\" class=\"author url fn\" rel=\"author\">Sun\u010dana Tuksar<\/a>&nbsp;&#038;&nbsp;<a href=\"https:\/\/suvremene-teme.vern.hr\/en\/author\/irena-ostricki-gerber\/\" title=\"Posts by Irena Ostri\u010dki Gerber\" class=\"author url fn\" rel=\"author\">Irena Ostri\u010dki Gerber<\/a>\t\t<\/span>\r\n\t\t\t\t\t<span class=\"posted-on\">\n\t\t\t\t<time class=\"entry-date published\" datetime=\"2020-04-20T07:44:00+00:00\">20. April 2020.<\/time><time class=\"updated\" datetime=\"2026-04-24T08:23:01+00:00\">24. April 2026.<\/time>\t\t\t<\/span>\n\t\t\t\t<\/div><!-- .entry-meta -->\n\t<\/header><!-- .entry-header -->\n\t<div class=\"entry-summary\">\n\t\t<p>Pregledni radhttps:\/\/doi.org\/10.46917\/st.11.1.3 Sa\u017eetak Govorimo li o komunikolo\u0161koj funkciji medija u globalno umre\u017eenom dru\u0161tvu, danas je gotovo nezamislivo promi\u0161ljanje tih funkcija bez problematiziranja njihove transmedijske naravi. Oslanjaju\u0107i se na sociosemioti\u010dku analizu, rad istra\u017euje funkcije leksi\u010dkih odstupanja od jezi\u010dne norme i to u hrvatskom i engleskom jeziku te televiziji i filmu. Svrha rada je ponajprije pokazati na&#8230;<\/p>\n\t<\/div><!-- .entry-summary -->\n\t<footer class=\"entry-footer\">\n\t\t\t<div class=\"entry-actions\">\n\t\t\t<p class=\"more-link-wrap\">\n\t\t\t\t<a href=\"https:\/\/suvremene-teme.vern.hr\/en\/transmedijske-funkcije-filmskih-stilskih-figura-i-jezicnih-odstupanja-od-norme-u-informativnim-televizijskim-emisijama\/\" class=\"post-more-link\">\n\t\t\t\t\tVi\u0161e <span class=\"screen-reader-text\"> Transmedijske funkcije filmskih stilskih figura i jezi\u010dnih odstupanja od norme u informativnim televizijskim emisijama<\/span><span class=\"kadence-svg-iconset svg-baseline\"><svg aria-hidden=\"true\" class=\"kadence-svg-icon kadence-arrow-right-alt-svg\" fill=\"currentColor\" version=\"1.1\" xmlns=\"http:\/\/www.w3.org\/2000\/svg\" width=\"27\" height=\"28\" viewbox=\"0 0 27 28\"><title>Continue<\/title><path d=\"M27 13.953c0 0.141-0.063 0.281-0.156 0.375l-6 5.531c-0.156 0.141-0.359 0.172-0.547 0.094-0.172-0.078-0.297-0.25-0.297-0.453v-3.5h-19.5c-0.281 0-0.5-0.219-0.5-0.5v-3c0-0.281 0.219-0.5 0.5-0.5h19.5v-3.5c0-0.203 0.109-0.375 0.297-0.453s0.391-0.047 0.547 0.078l6 5.469c0.094 0.094 0.156 0.219 0.156 0.359v0z\"><\/path>\n\t\t\t<\/svg><\/span>\t\t\t\t<\/a>\n\t\t\t<\/p>\n\t\t<\/div><!-- .entry-actions -->\n\t\t<\/footer><!-- .entry-footer -->\t\t<\/div>\n\t<\/article>\n<\/li>\n<li class=\"kb-post-list-item\">\n\t<article class=\"entry content-bg loop-entry post-451 post type-post status-publish format-standard hentry category-9 tag-hrvatska tag-knjiznice tag-komunikacijski-resursi tag-odrzivi-turizam\">\n\t\t\t\t<div class=\"entry-content-wrap\">\n\t\t\t<header class=\"entry-header\">\n\t<h2 class=\"entry-title\"><a href=\"https:\/\/suvremene-teme.vern.hr\/en\/uloga-knjiznica-kao-komunikacijskog-resursa-odrzivog-turizma\/\" rel=\"bookmark\">Uloga knji\u017enica kao komunikacijskog resursa odr\u017eivog turizma<\/a><\/h2>\t<div class=\"entry-meta entry-meta-divider-dot\">\n\t\t\t<span class=\"posted-by\">\r\n\t\tBy&nbsp;<a href=\"https:\/\/suvremene-teme.vern.hr\/en\/author\/ivo-tokic\/\" title=\"Posts by Ivo Toki\u0107\" class=\"author url fn\" rel=\"author\">Ivo Toki\u0107<\/a>&nbsp;&#038;&nbsp;<a href=\"https:\/\/suvremene-teme.vern.hr\/en\/author\/ksenija-tokic\/\" title=\"Posts by Ksenija Toki\u0107\" class=\"author url fn\" rel=\"author\">Ksenija Toki\u0107<\/a>\t\t<\/span>\r\n\t\t\t\t\t<span class=\"posted-on\">\n\t\t\t\t<time class=\"entry-date published\" datetime=\"2020-04-19T08:04:07+00:00\">19. April 2020.<\/time><time class=\"updated\" datetime=\"2026-04-24T08:23:08+00:00\">24. April 2026.<\/time>\t\t\t<\/span>\n\t\t\t\t<\/div><!-- .entry-meta -->\n\t<\/header><!-- .entry-header -->\n\t<div class=\"entry-summary\">\n\t\t<p>Pregledni radhttps:\/\/doi.org\/10.46917\/st.11.1.4 Sa\u017eetak Odr\u017eivi razvoj podrazumijeva gospodarski i dru\u0161tveni razvoj zajednice koji je uskla\u0111en s trajnim o\u010duvanjem njezinih prirodnih, ljudskih i dru\u0161tvenih resursa tako da se \u010duva sklad postoje\u0107ih odnosa i kori\u0161tenja resursa, kao i da se omogu\u0107ava njihov daljnji razvoj i kori\u0161tenje u budu\u0107nosti. Kulturna ba\u0161tina jedan je od klju\u010dnih resursa neke zajednice koji&#8230;<\/p>\n\t<\/div><!-- .entry-summary -->\n\t<footer class=\"entry-footer\">\n\t\t\t<div class=\"entry-actions\">\n\t\t\t<p class=\"more-link-wrap\">\n\t\t\t\t<a href=\"https:\/\/suvremene-teme.vern.hr\/en\/uloga-knjiznica-kao-komunikacijskog-resursa-odrzivog-turizma\/\" class=\"post-more-link\">\n\t\t\t\t\tVi\u0161e <span class=\"screen-reader-text\"> Uloga knji\u017enica kao komunikacijskog resursa odr\u017eivog turizma<\/span><span class=\"kadence-svg-iconset svg-baseline\"><svg aria-hidden=\"true\" class=\"kadence-svg-icon kadence-arrow-right-alt-svg\" fill=\"currentColor\" version=\"1.1\" xmlns=\"http:\/\/www.w3.org\/2000\/svg\" width=\"27\" height=\"28\" viewbox=\"0 0 27 28\"><title>Continue<\/title><path d=\"M27 13.953c0 0.141-0.063 0.281-0.156 0.375l-6 5.531c-0.156 0.141-0.359 0.172-0.547 0.094-0.172-0.078-0.297-0.25-0.297-0.453v-3.5h-19.5c-0.281 0-0.5-0.219-0.5-0.5v-3c0-0.281 0.219-0.5 0.5-0.5h19.5v-3.5c0-0.203 0.109-0.375 0.297-0.453s0.391-0.047 0.547 0.078l6 5.469c0.094 0.094 0.156 0.219 0.156 0.359v0z\"><\/path>\n\t\t\t<\/svg><\/span>\t\t\t\t<\/a>\n\t\t\t<\/p>\n\t\t<\/div><!-- .entry-actions -->\n\t\t<\/footer><!-- .entry-footer -->\t\t<\/div>\n\t<\/article>\n<\/li>\n<li class=\"kb-post-list-item\">\n\t<article class=\"entry content-bg loop-entry post-457 post type-post status-publish format-standard hentry category-9 tag-brand tag-branding tag-cultural-tourism tag-intangible-cultural-heritage tag-sibenski-botun\">\n\t\t\t\t<div class=\"entry-content-wrap\">\n\t\t\t<header class=\"entry-header\">\n\t<h2 class=\"entry-title\"><a href=\"https:\/\/suvremene-teme.vern.hr\/en\/potentials-and-possibilities-of-branding-intangible-cultural-heritage-using-the-example-of-sibenski-botun\/\" rel=\"bookmark\">Potentials and Possibilities of Branding Intangible Cultural Heritage Using the Example of \u0160ibenski botun<\/a><\/h2>\t<div class=\"entry-meta entry-meta-divider-dot\">\n\t\t\t<span class=\"posted-by\">\r\n\t\tBy&nbsp;<a href=\"https:\/\/suvremene-teme.vern.hr\/en\/author\/ivana-schildenfeld\/\" title=\"Posts by Ivana Schildenfeld\" class=\"author url fn\" rel=\"author\">Ivana Schildenfeld<\/a>&nbsp;&#038;&nbsp;<a href=\"https:\/\/suvremene-teme.vern.hr\/en\/author\/stana-odak-krasic\/\" title=\"Posts by Stana Odak Krasi\u0107\" class=\"author url fn\" rel=\"author\">Stana Odak Krasi\u0107<\/a>\t\t<\/span>\r\n\t\t\t\t\t<span class=\"posted-on\">\n\t\t\t\t<time class=\"entry-date published\" datetime=\"2020-04-18T08:09:51+00:00\">18. April 2020.<\/time><time class=\"updated\" datetime=\"2026-04-24T08:23:13+00:00\">24. April 2026.<\/time>\t\t\t<\/span>\n\t\t\t\t<\/div><!-- .entry-meta -->\n\t<\/header><!-- .entry-header -->\n\t<div class=\"entry-summary\">\n\t\t<p>Prethodno priop\u0107enjehttps:\/\/doi.org\/10.46917\/st.11.5 Sa\u017eetak The tourist market is expanding quickly and tourists are becoming more demanding and selective. Therefore, tourism requires creating an image and a brand based on an authentic identity by using innovative and enticing ideas that will result in attracting the attention of target audiences. \u201c\u0160ibenski botun\u201d with its historical, social and cultural&#8230;<\/p>\n\t<\/div><!-- .entry-summary -->\n\t<footer class=\"entry-footer\">\n\t\t\t<div class=\"entry-actions\">\n\t\t\t<p class=\"more-link-wrap\">\n\t\t\t\t<a href=\"https:\/\/suvremene-teme.vern.hr\/en\/potentials-and-possibilities-of-branding-intangible-cultural-heritage-using-the-example-of-sibenski-botun\/\" class=\"post-more-link\">\n\t\t\t\t\tVi\u0161e <span class=\"screen-reader-text\"> Potentials and Possibilities of Branding Intangible Cultural Heritage Using the Example of \u0160ibenski botun<\/span><span class=\"kadence-svg-iconset svg-baseline\"><svg aria-hidden=\"true\" class=\"kadence-svg-icon kadence-arrow-right-alt-svg\" fill=\"currentColor\" version=\"1.1\" xmlns=\"http:\/\/www.w3.org\/2000\/svg\" width=\"27\" height=\"28\" viewbox=\"0 0 27 28\"><title>Continue<\/title><path d=\"M27 13.953c0 0.141-0.063 0.281-0.156 0.375l-6 5.531c-0.156 0.141-0.359 0.172-0.547 0.094-0.172-0.078-0.297-0.25-0.297-0.453v-3.5h-19.5c-0.281 0-0.5-0.219-0.5-0.5v-3c0-0.281 0.219-0.5 0.5-0.5h19.5v-3.5c0-0.203 0.109-0.375 0.297-0.453s0.391-0.047 0.547 0.078l6 5.469c0.094 0.094 0.156 0.219 0.156 0.359v0z\"><\/path>\n\t\t\t<\/svg><\/span>\t\t\t\t<\/a>\n\t\t\t<\/p>\n\t\t<\/div><!-- .entry-actions -->\n\t\t<\/footer><!-- .entry-footer -->\t\t<\/div>\n\t<\/article>\n<\/li>\n<li class=\"kb-post-list-item\">\n\t<article class=\"entry content-bg loop-entry post-460 post type-post status-publish format-standard hentry category-9 tag-prikaz-knjige\">\n\t\t\t\t<div class=\"entry-content-wrap\">\n\t\t\t<header class=\"entry-header\">\n\t<h2 class=\"entry-title\"><a href=\"https:\/\/suvremene-teme.vern.hr\/en\/mirela-holy-agencije-za-odnose-s-javnoscu-zagreb-skolska-knjiga-2019-245-str\/\" rel=\"bookmark\">Mirela Holy: Agencije za odnose s javno\u0161\u0107u, Zagreb, \u0160kolska knjiga, 2019., 245 str.<\/a><\/h2>\t<div class=\"entry-meta entry-meta-divider-dot\">\n\t\t\t<span class=\"posted-by\">\r\n\t\tBy&nbsp;<a href=\"https:\/\/suvremene-teme.vern.hr\/en\/author\/stana-odak-krasic\/\" title=\"Posts by Stana Odak Krasi\u0107\" class=\"author url fn\" rel=\"author\">Stana Odak Krasi\u0107<\/a>\t\t<\/span>\r\n\t\t\t\t\t<span class=\"posted-on\">\n\t\t\t\t<time class=\"entry-date published\" datetime=\"2020-04-18T08:13:00+00:00\">18. April 2020.<\/time><time class=\"updated\" datetime=\"2026-04-24T08:23:19+00:00\">24. April 2026.<\/time>\t\t\t<\/span>\n\t\t\t\t<\/div><!-- .entry-meta -->\n\t<\/header><!-- .entry-header -->\n\t<div class=\"entry-summary\">\n\t\t<p>Agencije za odnose s javno\u0161\u0107u doc. dr. sc. Mirele Holy prva je znanstvena knjiga, a i ud\u017ebenik naSveu\u010dili\u0161tu VERN&#8217;, koja se u okviru podru\u010dja odnosa s javno\u0161\u0107u bavi upravo agencijama. Iako jeve\u0107ina tema vezanih uz odnose s javno\u0161\u0107u u teoriji i praksi ve\u0107 obra\u0111ena, ovo je prvo djelo kojese bavi svim aspektima teorije i prakse&#8230;<\/p>\n\t<\/div><!-- .entry-summary -->\n\t<footer class=\"entry-footer\">\n\t\t\t<div class=\"entry-actions\">\n\t\t\t<p class=\"more-link-wrap\">\n\t\t\t\t<a href=\"https:\/\/suvremene-teme.vern.hr\/en\/mirela-holy-agencije-za-odnose-s-javnoscu-zagreb-skolska-knjiga-2019-245-str\/\" class=\"post-more-link\">\n\t\t\t\t\tVi\u0161e <span class=\"screen-reader-text\"> Mirela Holy: Agencije za odnose s javno\u0161\u0107u, Zagreb, \u0160kolska knjiga, 2019., 245 str.<\/span><span class=\"kadence-svg-iconset svg-baseline\"><svg aria-hidden=\"true\" class=\"kadence-svg-icon kadence-arrow-right-alt-svg\" fill=\"currentColor\" version=\"1.1\" xmlns=\"http:\/\/www.w3.org\/2000\/svg\" width=\"27\" height=\"28\" viewbox=\"0 0 27 28\"><title>Continue<\/title><path d=\"M27 13.953c0 0.141-0.063 0.281-0.156 0.375l-6 5.531c-0.156 0.141-0.359 0.172-0.547 0.094-0.172-0.078-0.297-0.25-0.297-0.453v-3.5h-19.5c-0.281 0-0.5-0.219-0.5-0.5v-3c0-0.281 0.219-0.5 0.5-0.5h19.5v-3.5c0-0.203 0.109-0.375 0.297-0.453s0.391-0.047 0.547 0.078l6 5.469c0.094 0.094 0.156 0.219 0.156 0.359v0z\"><\/path>\n\t\t\t<\/svg><\/span>\t\t\t\t<\/a>\n\t\t\t<\/p>\n\t\t<\/div><!-- .entry-actions -->\n\t\t<\/footer><!-- .entry-footer -->\t\t<\/div>\n\t<\/article>\n<\/li>\n<li class=\"kb-post-list-item\">\n\t<article class=\"entry content-bg loop-entry post-463 post type-post status-publish format-standard hentry category-9 tag-prikaz-knjige\">\n\t\t\t\t<div class=\"entry-content-wrap\">\n\t\t\t<header class=\"entry-header\">\n\t<h2 class=\"entry-title\"><a href=\"https:\/\/suvremene-teme.vern.hr\/en\/andreas-malm-fosilni-kapital-uspon-parnog-pogona-i-korijeni-globalnog-zatopljenja-zagreb-fraktura-institut-za-politicku-ekologiju-2018-590-str\/\" rel=\"bookmark\">Andreas Malm: Fosilni kapital: Uspon parnog pogona i korijeni globalnog zatopljenja Zagreb, Fraktura \/ Institut za politi\u010dku ekologiju, 2018., 590 str.<\/a><\/h2>\t<div class=\"entry-meta entry-meta-divider-dot\">\n\t\t\t<span class=\"posted-by\">\r\n\t\tBy&nbsp;<a href=\"https:\/\/suvremene-teme.vern.hr\/en\/author\/mirela-holy\/\" title=\"Posts by Mirela Holy\" class=\"author url fn\" rel=\"author\">Mirela Holy<\/a>\t\t<\/span>\r\n\t\t\t\t\t<span class=\"posted-on\">\n\t\t\t\t<time class=\"entry-date published\" datetime=\"2020-04-17T08:16:00+00:00\">17. April 2020.<\/time><time class=\"updated\" datetime=\"2026-04-24T08:23:24+00:00\">24. April 2026.<\/time>\t\t\t<\/span>\n\t\t\t\t<\/div><!-- .entry-meta -->\n\t<\/header><!-- .entry-header -->\n\t<div class=\"entry-summary\">\n\t\t<p>Recenzija, prikaz slu\u010daja Sa\u017eetakU srpnju 2018. godine, izdava\u010dka je ku\u0107a Fraktura, u suradnji s Institutom za politi\u010dku ekologiju,u okviru Biblioteke Platforma objavila knjigu Fosilni kapital: uspon parnog pogona i korijeniglobalnog zatopljenja \u0161vedskog autora Andreasa Malma; zanimljivu povijesnu analizu o razlozimazamjene obnovljivih izvora energije (hidroenergija) s neobnovljivim, fosilnim izvorima energijekoji su me\u0111u glavnim uzro\u010dnicima klimatskih promjena,&#8230;<\/p>\n\t<\/div><!-- .entry-summary -->\n\t<footer class=\"entry-footer\">\n\t\t\t<div class=\"entry-actions\">\n\t\t\t<p class=\"more-link-wrap\">\n\t\t\t\t<a href=\"https:\/\/suvremene-teme.vern.hr\/en\/andreas-malm-fosilni-kapital-uspon-parnog-pogona-i-korijeni-globalnog-zatopljenja-zagreb-fraktura-institut-za-politicku-ekologiju-2018-590-str\/\" class=\"post-more-link\">\n\t\t\t\t\tVi\u0161e <span class=\"screen-reader-text\"> Andreas Malm: Fosilni kapital: Uspon parnog pogona i korijeni globalnog zatopljenja Zagreb, Fraktura \/ Institut za politi\u010dku ekologiju, 2018., 590 str.<\/span><span class=\"kadence-svg-iconset svg-baseline\"><svg aria-hidden=\"true\" class=\"kadence-svg-icon kadence-arrow-right-alt-svg\" fill=\"currentColor\" version=\"1.1\" xmlns=\"http:\/\/www.w3.org\/2000\/svg\" width=\"27\" height=\"28\" viewbox=\"0 0 27 28\"><title>Continue<\/title><path d=\"M27 13.953c0 0.141-0.063 0.281-0.156 0.375l-6 5.531c-0.156 0.141-0.359 0.172-0.547 0.094-0.172-0.078-0.297-0.25-0.297-0.453v-3.5h-19.5c-0.281 0-0.5-0.219-0.5-0.5v-3c0-0.281 0.219-0.5 0.5-0.5h19.5v-3.5c0-0.203 0.109-0.375 0.297-0.453s0.391-0.047 0.547 0.078l6 5.469c0.094 0.094 0.156 0.219 0.156 0.359v0z\"><\/path>\n\t\t\t<\/svg><\/span>\t\t\t\t<\/a>\n\t\t\t<\/p>\n\t\t<\/div><!-- .entry-actions -->\n\t\t<\/footer><!-- .entry-footer -->\t\t<\/div>\n\t<\/article>\n<\/li>\n<\/ul><\/div><\/div>\n\n\n\n<div class=\"wp-block-kadence-tab kt-tab-inner-content kt-inner-tab-8 kt-inner-tab_892630-57\"><div class=\"kt-tab-inner-content-inner\"><style>.kb-posts-id-_3d6bbb-ba .kb-post-list-item{display:grid;}<\/style><ul class=\"wp-block-kadence-posts kb-posts kadence-posts-list kb-posts-id-_3d6bbb-ba content-wrap grid-cols kb-posts-style-boxed grid-sm-col-2 grid-lg-col-2 item-image-style-above\"><li class=\"kb-post-list-item\">\n\t<article class=\"entry content-bg loop-entry post-562 post type-post status-publish format-standard hentry category-12\">\n\t\t\t\t<div class=\"entry-content-wrap\">\n\t\t\t<header class=\"entry-header\">\n\t<h2 class=\"entry-title\"><a href=\"https:\/\/suvremene-teme.vern.hr\/en\/rijec-urednika\/\" rel=\"bookmark\">Editor\u2019s Note<\/a><\/h2>\t<div class=\"entry-meta entry-meta-divider-dot\">\n\t\t\t<span class=\"posted-by\">\r\n\t\tBy&nbsp;<a href=\"https:\/\/suvremene-teme.vern.hr\/en\/author\/davor-paukovic\/\" title=\"Posts by Davor Paukovi\u0107\" class=\"author url fn\" rel=\"author\">Davor Paukovi\u0107<\/a>\t\t<\/span>\r\n\t\t\t\t\t<span class=\"posted-on\">\n\t\t\t\t<time class=\"entry-date published\" datetime=\"2019-04-27T12:50:00+00:00\">27. April 2019.<\/time><time class=\"updated\" datetime=\"2026-04-24T08:23:30+00:00\">24. April 2026.<\/time>\t\t\t<\/span>\n\t\t\t\t<\/div><!-- .entry-meta -->\n\t<\/header><!-- .entry-header -->\n\t<div class=\"entry-summary\">\n\t\t<p>Dragi \u010ditatelji, pred nama je novi broj Suvremenih tema. U ovom broju donosimo \u010detiri znanstvena \u010dlanka i tri prikaza knjiga. Luka Jovi\u0107, Erik Brezoveci Andreja Sr\u0161en istra\u017euju u kojoj su mjeri programi politi\u010dkih stranaka relevantni za bira\u010dkepreferencije na lokalnim izborima u gradu Zapre\u0161i\u0107u. Marijana Musladin razmatra konceptregionalne sigurnosti na primjeru Sjeverne Makedonije, s posebnim osvrtom&#8230;<\/p>\n\t<\/div><!-- .entry-summary -->\n\t<footer class=\"entry-footer\">\n\t\t\t<div class=\"entry-actions\">\n\t\t\t<p class=\"more-link-wrap\">\n\t\t\t\t<a href=\"https:\/\/suvremene-teme.vern.hr\/en\/rijec-urednika\/\" class=\"post-more-link\">\n\t\t\t\t\tVi\u0161e <span class=\"screen-reader-text\"> Editor\u2019s Note<\/span><span class=\"kadence-svg-iconset svg-baseline\"><svg aria-hidden=\"true\" class=\"kadence-svg-icon kadence-arrow-right-alt-svg\" fill=\"currentColor\" version=\"1.1\" xmlns=\"http:\/\/www.w3.org\/2000\/svg\" width=\"27\" height=\"28\" viewbox=\"0 0 27 28\"><title>Continue<\/title><path d=\"M27 13.953c0 0.141-0.063 0.281-0.156 0.375l-6 5.531c-0.156 0.141-0.359 0.172-0.547 0.094-0.172-0.078-0.297-0.25-0.297-0.453v-3.5h-19.5c-0.281 0-0.5-0.219-0.5-0.5v-3c0-0.281 0.219-0.5 0.5-0.5h19.5v-3.5c0-0.203 0.109-0.375 0.297-0.453s0.391-0.047 0.547 0.078l6 5.469c0.094 0.094 0.156 0.219 0.156 0.359v0z\"><\/path>\n\t\t\t<\/svg><\/span>\t\t\t\t<\/a>\n\t\t\t<\/p>\n\t\t<\/div><!-- .entry-actions -->\n\t\t<\/footer><!-- .entry-footer -->\t\t<\/div>\n\t<\/article>\n<\/li>\n<li class=\"kb-post-list-item\">\n\t<article class=\"entry content-bg loop-entry post-565 post type-post status-publish format-standard hentry category-12 tag-brexit tag-clinton tag-gdpr tag-predvidanje-izbora tag-trump tag-veliki-podaci\">\n\t\t\t\t<div class=\"entry-content-wrap\">\n\t\t\t<header class=\"entry-header\">\n\t<h2 class=\"entry-title\"><a href=\"https:\/\/suvremene-teme.vern.hr\/en\/oraclum-intelligence-systems-case-study-usage-of-big-data-in-the-political-elections-prediction\/\" rel=\"bookmark\">Oraclum Intelligence Systems Case Study: Usage of Big Data in the Political Elections Prediction<\/a><\/h2>\t<div class=\"entry-meta entry-meta-divider-dot\">\n\t\t\t<span class=\"posted-by\">\r\n\t\tBy&nbsp;<a href=\"https:\/\/suvremene-teme.vern.hr\/en\/author\/mirela-holy\/\" title=\"Posts by Mirela Holy\" class=\"author url fn\" rel=\"author\">Mirela Holy<\/a>\t\t<\/span>\r\n\t\t\t\t\t<span class=\"posted-on\">\n\t\t\t\t<time class=\"entry-date published\" datetime=\"2019-04-27T13:00:19+00:00\">27. April 2019.<\/time><time class=\"updated\" datetime=\"2026-04-24T08:23:36+00:00\">24. April 2026.<\/time>\t\t\t<\/span>\n\t\t\t\t<\/div><!-- .entry-meta -->\n\t<\/header><!-- .entry-header -->\n\t<div class=\"entry-summary\">\n\t\t<p>Sa\u017eetak Oraclum Intelligence Systems (OIS) tvrtka je koja koristi podatke s dru\u0161tvenih medija i analizira te informacije u svrhu predvi\u0111anja izbornih rezultata. Tvrtka je uspje\u0161no prognozirala ishode Brexita i predsjedni\u010dkih izbora u SAD-u. Upravo su analiti\u010dari ove tvrtke ispravno predvidjeli rezultate u gotovo svim osciliraju\u0107im saveznim dr\u017eavama (Pensilvanija, Florida, Sjeverna Karolina i Ohio), pa \u010dak&#8230;<\/p>\n\t<\/div><!-- .entry-summary -->\n\t<footer class=\"entry-footer\">\n\t\t\t<div class=\"entry-actions\">\n\t\t\t<p class=\"more-link-wrap\">\n\t\t\t\t<a href=\"https:\/\/suvremene-teme.vern.hr\/en\/oraclum-intelligence-systems-case-study-usage-of-big-data-in-the-political-elections-prediction\/\" class=\"post-more-link\">\n\t\t\t\t\tVi\u0161e <span class=\"screen-reader-text\"> Oraclum Intelligence Systems Case Study: Usage of Big Data in the Political Elections Prediction<\/span><span class=\"kadence-svg-iconset svg-baseline\"><svg aria-hidden=\"true\" class=\"kadence-svg-icon kadence-arrow-right-alt-svg\" fill=\"currentColor\" version=\"1.1\" xmlns=\"http:\/\/www.w3.org\/2000\/svg\" width=\"27\" height=\"28\" viewbox=\"0 0 27 28\"><title>Continue<\/title><path d=\"M27 13.953c0 0.141-0.063 0.281-0.156 0.375l-6 5.531c-0.156 0.141-0.359 0.172-0.547 0.094-0.172-0.078-0.297-0.25-0.297-0.453v-3.5h-19.5c-0.281 0-0.5-0.219-0.5-0.5v-3c0-0.281 0.219-0.5 0.5-0.5h19.5v-3.5c0-0.203 0.109-0.375 0.297-0.453s0.391-0.047 0.547 0.078l6 5.469c0.094 0.094 0.156 0.219 0.156 0.359v0z\"><\/path>\n\t\t\t<\/svg><\/span>\t\t\t\t<\/a>\n\t\t\t<\/p>\n\t\t<\/div><!-- .entry-actions -->\n\t\t<\/footer><!-- .entry-footer -->\t\t<\/div>\n\t<\/article>\n<\/li>\n<li class=\"kb-post-list-item\">\n\t<article class=\"entry content-bg loop-entry post-544 post type-post status-publish format-standard hentry category-12 tag-biracko-tijelo tag-demokratski-proces tag-grad-zapresic tag-lokalni-izbori tag-politika tag-preferencije tag-refleksivna-modernost\">\n\t\t\t\t<div class=\"entry-content-wrap\">\n\t\t\t<header class=\"entry-header\">\n\t<h2 class=\"entry-title\"><a href=\"https:\/\/suvremene-teme.vern.hr\/en\/lokalna-politika-u-republici-hrvatskoj-i-doba-refleksivne-modernosti-primjer-lokalnih-izbora-2017-godine-u-gradu-zapresicu\/\" rel=\"bookmark\">Local politics in the Republic of Croatia and the era of reflexive modernity: an example of the 2017 local elections in the town of Zapre\u0161i\u0107<\/a><\/h2>\t<div class=\"entry-meta entry-meta-divider-dot\">\n\t\t\t<span class=\"posted-by\">\r\n\t\tBy&nbsp;<a href=\"https:\/\/suvremene-teme.vern.hr\/en\/author\/luka-jovic\/\" title=\"Posts by Luka Jovi\u0107\" class=\"author url fn\" rel=\"author\">Luka Jovi\u0107<\/a>\t\t<\/span>\r\n\t\t\t\t\t<span class=\"posted-on\">\n\t\t\t\t<time class=\"entry-date published\" datetime=\"2019-04-27T12:00:00+00:00\">27. April 2019.<\/time><time class=\"updated\" datetime=\"2026-04-24T08:23:42+00:00\">24. April 2026.<\/time>\t\t\t<\/span>\n\t\t\t\t<\/div><!-- .entry-meta -->\n\t<\/header><!-- .entry-header -->\n\t<div class=\"entry-summary\">\n\t\t<p>Sa\u017eetak Ovaj rad polazi od pretpostavke kako bira\u010dko tijelo jedinica lokalne samouprave urbanog podru\u010dja, to\u010dnije grada Zapre\u0161i\u0107a, nije svjesno sli\u010dnosti razmi\u0161ljanja i ideja o pojedinim temama vezanim uz grad u kojemu \u017eive. U tom kontekstu, ciljevi rada jesu ustvrditi va\u017enost politi\u010dkih programa pri odabiru bira\u010dkih preferencija u gradu Zapre\u0161i\u0107u. Drugim rije\u010dima, istra\u017euje se u kojoj&#8230;<\/p>\n\t<\/div><!-- .entry-summary -->\n\t<footer class=\"entry-footer\">\n\t\t\t<div class=\"entry-actions\">\n\t\t\t<p class=\"more-link-wrap\">\n\t\t\t\t<a href=\"https:\/\/suvremene-teme.vern.hr\/en\/lokalna-politika-u-republici-hrvatskoj-i-doba-refleksivne-modernosti-primjer-lokalnih-izbora-2017-godine-u-gradu-zapresicu\/\" class=\"post-more-link\">\n\t\t\t\t\tVi\u0161e <span class=\"screen-reader-text\"> Local politics in the Republic of Croatia and the era of reflexive modernity: an example of the 2017 local elections in the town of Zapre\u0161i\u0107<\/span><span class=\"kadence-svg-iconset svg-baseline\"><svg aria-hidden=\"true\" class=\"kadence-svg-icon kadence-arrow-right-alt-svg\" fill=\"currentColor\" version=\"1.1\" xmlns=\"http:\/\/www.w3.org\/2000\/svg\" width=\"27\" height=\"28\" viewbox=\"0 0 27 28\"><title>Continue<\/title><path d=\"M27 13.953c0 0.141-0.063 0.281-0.156 0.375l-6 5.531c-0.156 0.141-0.359 0.172-0.547 0.094-0.172-0.078-0.297-0.25-0.297-0.453v-3.5h-19.5c-0.281 0-0.5-0.219-0.5-0.5v-3c0-0.281 0.219-0.5 0.5-0.5h19.5v-3.5c0-0.203 0.109-0.375 0.297-0.453s0.391-0.047 0.547 0.078l6 5.469c0.094 0.094 0.156 0.219 0.156 0.359v0z\"><\/path>\n\t\t\t<\/svg><\/span>\t\t\t\t<\/a>\n\t\t\t<\/p>\n\t\t<\/div><!-- .entry-actions -->\n\t\t<\/footer><!-- .entry-footer -->\t\t<\/div>\n\t<\/article>\n<\/li>\n<li class=\"kb-post-list-item\">\n\t<article class=\"entry content-bg loop-entry post-549 post type-post status-publish format-standard hentry category-12 tag-etnicke-podjele tag-ohridski-sporazum tag-regionalna-sigurnost tag-sigurnosni-izazovi tag-sjeverna-makedonija\">\n\t\t\t\t<div class=\"entry-content-wrap\">\n\t\t\t<header class=\"entry-header\">\n\t<h2 class=\"entry-title\"><a href=\"https:\/\/suvremene-teme.vern.hr\/en\/sjeverna-makedonija-u-kontekstu-regionalne-sigurnosti\/\" rel=\"bookmark\">Northern Macedonia in the context of regional security<\/a><\/h2>\t<div class=\"entry-meta entry-meta-divider-dot\">\n\t\t\t<span class=\"posted-by\">\r\n\t\tBy&nbsp;<a href=\"https:\/\/suvremene-teme.vern.hr\/en\/author\/marijana-musladin\/\" title=\"Posts by Marijana Musladin\" class=\"author url fn\" rel=\"author\">Marijana Musladin<\/a>\t\t<\/span>\r\n\t\t\t\t\t<span class=\"posted-on\">\n\t\t\t\t<time class=\"entry-date published\" datetime=\"2019-04-27T12:05:00+00:00\">27. April 2019.<\/time><time class=\"updated\" datetime=\"2026-04-24T08:23:48+00:00\">24. April 2026.<\/time>\t\t\t<\/span>\n\t\t\t\t<\/div><!-- .entry-meta -->\n\t<\/header><!-- .entry-header -->\n\t<div class=\"entry-summary\">\n\t\t<p>Sa\u017eetak U \u010dlanku se razmatra koncept regionalne sigurnosti na primjeru Sjeverne Makedonije, s posebnim osvrtom na odnos albanske nacionalne manjine i makedonske ve\u0107ine. U tom smislu donosi se kratak pregled razvoja njihovih odnosa od raspada Jugoslavije. Kratko \u0107e se objasniti i pozadina sukoba iz 2001. izme\u0111u albanske paravojne nacionalne oslobodila\u010dke vojske i makedonske policije koji&#8230;<\/p>\n\t<\/div><!-- .entry-summary -->\n\t<footer class=\"entry-footer\">\n\t\t\t<div class=\"entry-actions\">\n\t\t\t<p class=\"more-link-wrap\">\n\t\t\t\t<a href=\"https:\/\/suvremene-teme.vern.hr\/en\/sjeverna-makedonija-u-kontekstu-regionalne-sigurnosti\/\" class=\"post-more-link\">\n\t\t\t\t\tVi\u0161e <span class=\"screen-reader-text\"> Northern Macedonia in the context of regional security<\/span><span class=\"kadence-svg-iconset svg-baseline\"><svg aria-hidden=\"true\" class=\"kadence-svg-icon kadence-arrow-right-alt-svg\" fill=\"currentColor\" version=\"1.1\" xmlns=\"http:\/\/www.w3.org\/2000\/svg\" width=\"27\" height=\"28\" viewbox=\"0 0 27 28\"><title>Continue<\/title><path d=\"M27 13.953c0 0.141-0.063 0.281-0.156 0.375l-6 5.531c-0.156 0.141-0.359 0.172-0.547 0.094-0.172-0.078-0.297-0.25-0.297-0.453v-3.5h-19.5c-0.281 0-0.5-0.219-0.5-0.5v-3c0-0.281 0.219-0.5 0.5-0.5h19.5v-3.5c0-0.203 0.109-0.375 0.297-0.453s0.391-0.047 0.547 0.078l6 5.469c0.094 0.094 0.156 0.219 0.156 0.359v0z\"><\/path>\n\t\t\t<\/svg><\/span>\t\t\t\t<\/a>\n\t\t\t<\/p>\n\t\t<\/div><!-- .entry-actions -->\n\t\t<\/footer><!-- .entry-footer -->\t\t<\/div>\n\t<\/article>\n<\/li>\n<li class=\"kb-post-list-item\">\n\t<article class=\"entry content-bg loop-entry post-555 post type-post status-publish format-standard hentry category-12 tag-gallup tag-nastavnici tag-snage tag-strengthsfinder tag-talenti tag-ucenje\">\n\t\t\t\t<div class=\"entry-content-wrap\">\n\t\t\t<header class=\"entry-header\">\n\t<h2 class=\"entry-title\"><a href=\"https:\/\/suvremene-teme.vern.hr\/en\/talenti-nastavnika-veleucilista-vern-prema-gallupovom-clifton-strengthsfinder-2-0-upitniku\/\" rel=\"bookmark\">Talents of VERN\u2019 University of Applied Sciences Teachers According to Gallup Clifton StrengthsFinder 2.0 questionnaire<\/a><\/h2>\t<div class=\"entry-meta entry-meta-divider-dot\">\n\t\t\t<span class=\"posted-by\">\r\n\t\tBy&nbsp;<a href=\"https:\/\/suvremene-teme.vern.hr\/en\/author\/ivana-vrhovski\/\" title=\"Posts by Ivana Vrhovski\" class=\"author url fn\" rel=\"author\">Ivana Vrhovski<\/a>&nbsp;&#038;&nbsp;<a href=\"https:\/\/suvremene-teme.vern.hr\/en\/author\/boris-horvat\/\" title=\"Posts by Boris Horvat\" class=\"author url fn\" rel=\"author\">Boris Horvat<\/a>\t\t<\/span>\r\n\t\t\t\t\t<span class=\"posted-on\">\n\t\t\t\t<time class=\"entry-date published\" datetime=\"2019-04-27T12:18:00+00:00\">27. April 2019.<\/time><time class=\"updated\" datetime=\"2026-04-24T08:23:54+00:00\">24. April 2026.<\/time>\t\t\t<\/span>\n\t\t\t\t<\/div><!-- .entry-meta -->\n\t<\/header><!-- .entry-header -->\n\t<div class=\"entry-summary\">\n\t\t<p>Sa\u017eetak Cilj ovog rada je identificirati talente osobe iz Cliftonovog StrengthsFinder 2.0 upitnika koje se naj\u010de\u0161\u0107e pojavljuju kod nastavnika na Veleu\u010dili\u0161tu VERN\u2019 i usporediti ih prema spolu, katedri kojojpripadaju te involviranosti u poslovne procese. Nastavnici Veleu\u010dili\u0161ta VERN\u2019 (N=59) ispunili su StrengthsFinder 2.0 upitnik i dobili svojih pet klju\u010dnih talenata koji ih opisuju. Distribucija tema uspore\u0111ivana&#8230;<\/p>\n\t<\/div><!-- .entry-summary -->\n\t<footer class=\"entry-footer\">\n\t\t\t<div class=\"entry-actions\">\n\t\t\t<p class=\"more-link-wrap\">\n\t\t\t\t<a href=\"https:\/\/suvremene-teme.vern.hr\/en\/talenti-nastavnika-veleucilista-vern-prema-gallupovom-clifton-strengthsfinder-2-0-upitniku\/\" class=\"post-more-link\">\n\t\t\t\t\tVi\u0161e <span class=\"screen-reader-text\"> Talents of VERN\u2019 University of Applied Sciences Teachers According to Gallup Clifton StrengthsFinder 2.0 questionnaire<\/span><span class=\"kadence-svg-iconset svg-baseline\"><svg aria-hidden=\"true\" class=\"kadence-svg-icon kadence-arrow-right-alt-svg\" fill=\"currentColor\" version=\"1.1\" xmlns=\"http:\/\/www.w3.org\/2000\/svg\" width=\"27\" height=\"28\" viewbox=\"0 0 27 28\"><title>Continue<\/title><path d=\"M27 13.953c0 0.141-0.063 0.281-0.156 0.375l-6 5.531c-0.156 0.141-0.359 0.172-0.547 0.094-0.172-0.078-0.297-0.25-0.297-0.453v-3.5h-19.5c-0.281 0-0.5-0.219-0.5-0.5v-3c0-0.281 0.219-0.5 0.5-0.5h19.5v-3.5c0-0.203 0.109-0.375 0.297-0.453s0.391-0.047 0.547 0.078l6 5.469c0.094 0.094 0.156 0.219 0.156 0.359v0z\"><\/path>\n\t\t\t<\/svg><\/span>\t\t\t\t<\/a>\n\t\t\t<\/p>\n\t\t<\/div><!-- .entry-actions -->\n\t\t<\/footer><!-- .entry-footer -->\t\t<\/div>\n\t<\/article>\n<\/li>\n<li class=\"kb-post-list-item\">\n\t<article class=\"entry content-bg loop-entry post-570 post type-post status-publish format-standard hentry category-12\">\n\t\t\t\t<div class=\"entry-content-wrap\">\n\t\t\t<header class=\"entry-header\">\n\t<h2 class=\"entry-title\"><a href=\"https:\/\/suvremene-teme.vern.hr\/en\/gabrijela-kisicek-retorika-i-politika-jesenski-i-turk-zagreb-2018-203-str\/\" rel=\"bookmark\">Gabrijela Kis\u030cic\u030cek: Retorika i politika, Jesenski i Turk, Zagreb, 2018., 203 str.<\/a><\/h2>\t<div class=\"entry-meta entry-meta-divider-dot\">\n\t\t\t<span class=\"posted-by\">\r\n\t\tBy&nbsp;<a href=\"https:\/\/suvremene-teme.vern.hr\/en\/author\/nikolina-borcic\/\" title=\"Posts by Nikolina Bor\u010di\u0107\" class=\"author url fn\" rel=\"author\">Nikolina Bor\u010di\u0107<\/a>\t\t<\/span>\r\n\t\t\t\t\t<span class=\"posted-on\">\n\t\t\t\t<time class=\"entry-date published\" datetime=\"2019-04-27T13:31:36+00:00\">27. April 2019.<\/time><time class=\"updated\" datetime=\"2026-04-24T08:24:02+00:00\">24. April 2026.<\/time>\t\t\t<\/span>\n\t\t\t\t<\/div><!-- .entry-meta -->\n\t<\/header><!-- .entry-header -->\n\t<div class=\"entry-summary\">\n\t\t<p>Objavljivanje knjige Gabrijele Ki\u0161i\u010dek Retorika i politika 2018. godine u izdanju Jesenski i Turkpredstavlja zna\u010dajan doprinos u naobrazbi profesionalaca koji se bave javnim politi\u010dkim govorom, ali i studenata koji su u potrazi za kvalitetnom retori\u010dkom literaturom. Autorica Gabrijela Ki\u0161i\u010dek svoj retori\u010dki autoritet gradi kao predava\u010dica na Odsjeku za fonetiku Filozofskog fakulteta Sveu\u010dili\u0161ta u Zagrebu, kao&#8230;<\/p>\n\t<\/div><!-- .entry-summary -->\n\t<footer class=\"entry-footer\">\n\t\t\t<div class=\"entry-actions\">\n\t\t\t<p class=\"more-link-wrap\">\n\t\t\t\t<a href=\"https:\/\/suvremene-teme.vern.hr\/en\/gabrijela-kisicek-retorika-i-politika-jesenski-i-turk-zagreb-2018-203-str\/\" class=\"post-more-link\">\n\t\t\t\t\tVi\u0161e <span class=\"screen-reader-text\"> Gabrijela Kis\u030cic\u030cek: Retorika i politika, Jesenski i Turk, Zagreb, 2018., 203 str.<\/span><span class=\"kadence-svg-iconset svg-baseline\"><svg aria-hidden=\"true\" class=\"kadence-svg-icon kadence-arrow-right-alt-svg\" fill=\"currentColor\" version=\"1.1\" xmlns=\"http:\/\/www.w3.org\/2000\/svg\" width=\"27\" height=\"28\" viewbox=\"0 0 27 28\"><title>Continue<\/title><path d=\"M27 13.953c0 0.141-0.063 0.281-0.156 0.375l-6 5.531c-0.156 0.141-0.359 0.172-0.547 0.094-0.172-0.078-0.297-0.25-0.297-0.453v-3.5h-19.5c-0.281 0-0.5-0.219-0.5-0.5v-3c0-0.281 0.219-0.5 0.5-0.5h19.5v-3.5c0-0.203 0.109-0.375 0.297-0.453s0.391-0.047 0.547 0.078l6 5.469c0.094 0.094 0.156 0.219 0.156 0.359v0z\"><\/path>\n\t\t\t<\/svg><\/span>\t\t\t\t<\/a>\n\t\t\t<\/p>\n\t\t<\/div><!-- .entry-actions -->\n\t\t<\/footer><!-- .entry-footer -->\t\t<\/div>\n\t<\/article>\n<\/li>\n<li class=\"kb-post-list-item\">\n\t<article class=\"entry content-bg loop-entry post-573 post type-post status-publish format-standard hentry category-12\">\n\t\t\t\t<div class=\"entry-content-wrap\">\n\t\t\t<header class=\"entry-header\">\n\t<h2 class=\"entry-title\"><a href=\"https:\/\/suvremene-teme.vern.hr\/en\/gerd-leonhard-technology-vs-humanity-the-coming-clash-between-man-and-machine-fast-future-publishing-2016-210-str\/\" rel=\"bookmark\">Gerd Leonhard: Technology vs. Humanity &#8211; The coming clash between man and machine, Fast Future Publishing, 2016, 210 str.<\/a><\/h2>\t<div class=\"entry-meta entry-meta-divider-dot\">\n\t\t\t<span class=\"posted-by\">\r\n\t\tBy&nbsp;<a href=\"https:\/\/suvremene-teme.vern.hr\/en\/author\/boris-hajos\/\" title=\"Posts by Boris Hajo\u0161\" class=\"author url fn\" rel=\"author\">Boris Hajo\u0161<\/a>\t\t<\/span>\r\n\t\t\t\t\t<span class=\"posted-on\">\n\t\t\t\t<time class=\"entry-date published\" datetime=\"2019-04-27T13:38:00+00:00\">27. April 2019.<\/time><time class=\"updated\" datetime=\"2026-04-24T08:24:07+00:00\">24. April 2026.<\/time>\t\t\t<\/span>\n\t\t\t\t<\/div><!-- .entry-meta -->\n\t<\/header><!-- .entry-header -->\n\t<div class=\"entry-summary\">\n\t\t<p>\u017divimo u uzbudljivom i pomalo zastra\u0161uju\u0107em vremenu eksponencijalnih promjena, u kojemje najva\u017enije biti spreman za nepredvidljivu budu\u0107nost. Upozorava nas to ova knjiga poznatog\u0161vicarskog futurologa, govornika i savjetnika za budu\u0107nost, Gerda Leonharda \u010dija tema je odnosljudi i tehnologija. Pisana je \u010ditkim stilom, u kojem autor koristi provokativna retori\u010dka pitanja icitate drugih mislioca, pisaca ili poznatih osoba&#8230;<\/p>\n\t<\/div><!-- .entry-summary -->\n\t<footer class=\"entry-footer\">\n\t\t\t<div class=\"entry-actions\">\n\t\t\t<p class=\"more-link-wrap\">\n\t\t\t\t<a href=\"https:\/\/suvremene-teme.vern.hr\/en\/gerd-leonhard-technology-vs-humanity-the-coming-clash-between-man-and-machine-fast-future-publishing-2016-210-str\/\" class=\"post-more-link\">\n\t\t\t\t\tVi\u0161e <span class=\"screen-reader-text\"> Gerd Leonhard: Technology vs. Humanity &#8211; The coming clash between man and machine, Fast Future Publishing, 2016, 210 str.<\/span><span class=\"kadence-svg-iconset svg-baseline\"><svg aria-hidden=\"true\" class=\"kadence-svg-icon kadence-arrow-right-alt-svg\" fill=\"currentColor\" version=\"1.1\" xmlns=\"http:\/\/www.w3.org\/2000\/svg\" width=\"27\" height=\"28\" viewbox=\"0 0 27 28\"><title>Continue<\/title><path d=\"M27 13.953c0 0.141-0.063 0.281-0.156 0.375l-6 5.531c-0.156 0.141-0.359 0.172-0.547 0.094-0.172-0.078-0.297-0.25-0.297-0.453v-3.5h-19.5c-0.281 0-0.5-0.219-0.5-0.5v-3c0-0.281 0.219-0.5 0.5-0.5h19.5v-3.5c0-0.203 0.109-0.375 0.297-0.453s0.391-0.047 0.547 0.078l6 5.469c0.094 0.094 0.156 0.219 0.156 0.359v0z\"><\/path>\n\t\t\t<\/svg><\/span>\t\t\t\t<\/a>\n\t\t\t<\/p>\n\t\t<\/div><!-- .entry-actions -->\n\t\t<\/footer><!-- .entry-footer -->\t\t<\/div>\n\t<\/article>\n<\/li>\n<li class=\"kb-post-list-item\">\n\t<article class=\"entry content-bg loop-entry post-579 post type-post status-publish format-standard hentry category-12\">\n\t\t\t\t<div class=\"entry-content-wrap\">\n\t\t\t<header class=\"entry-header\">\n\t<h2 class=\"entry-title\"><a href=\"https:\/\/suvremene-teme.vern.hr\/en\/alec-ross-the-industries-of-the-future-simon-schuster-new-york-2017-320-str\/\" rel=\"bookmark\">Alec Ross: The Industries of the Future, Simon &#038; Schuster, New York, 2017, 320 str.<\/a><\/h2>\t<div class=\"entry-meta entry-meta-divider-dot\">\n\t\t\t<span class=\"posted-by\">\r\n\t\tBy&nbsp;<a href=\"https:\/\/suvremene-teme.vern.hr\/en\/author\/josko-lozic\/\" title=\"Posts by Jo\u0161ko Lozi\u0107\" class=\"author url fn\" rel=\"author\">Jo\u0161ko Lozi\u0107<\/a>&nbsp;&#038;&nbsp;<a href=\"https:\/\/suvremene-teme.vern.hr\/en\/author\/ozana-ramljak\/\" title=\"Posts by Ozana Ramljak\" class=\"author url fn\" rel=\"author\">Ozana Ramljak<\/a>\t\t<\/span>\r\n\t\t\t\t\t<span class=\"posted-on\">\n\t\t\t\t<time class=\"entry-date published\" datetime=\"2019-04-27T13:41:00+00:00\">27. April 2019.<\/time><time class=\"updated\" datetime=\"2026-04-24T08:24:20+00:00\">24. April 2026.<\/time>\t\t\t<\/span>\n\t\t\t\t<\/div><!-- .entry-meta -->\n\t<\/header><!-- .entry-header -->\n\t<div class=\"entry-summary\">\n\t\t\t<\/div><!-- .entry-summary -->\n\t<footer class=\"entry-footer\">\n\t\t\t<div class=\"entry-actions\">\n\t\t\t<p class=\"more-link-wrap\">\n\t\t\t\t<a href=\"https:\/\/suvremene-teme.vern.hr\/en\/alec-ross-the-industries-of-the-future-simon-schuster-new-york-2017-320-str\/\" class=\"post-more-link\">\n\t\t\t\t\tVi\u0161e <span class=\"screen-reader-text\"> Alec Ross: The Industries of the Future, Simon &#038; Schuster, New York, 2017, 320 str.<\/span><span class=\"kadence-svg-iconset svg-baseline\"><svg aria-hidden=\"true\" class=\"kadence-svg-icon kadence-arrow-right-alt-svg\" fill=\"currentColor\" version=\"1.1\" xmlns=\"http:\/\/www.w3.org\/2000\/svg\" width=\"27\" height=\"28\" viewbox=\"0 0 27 28\"><title>Continue<\/title><path d=\"M27 13.953c0 0.141-0.063 0.281-0.156 0.375l-6 5.531c-0.156 0.141-0.359 0.172-0.547 0.094-0.172-0.078-0.297-0.25-0.297-0.453v-3.5h-19.5c-0.281 0-0.5-0.219-0.5-0.5v-3c0-0.281 0.219-0.5 0.5-0.5h19.5v-3.5c0-0.203 0.109-0.375 0.297-0.453s0.391-0.047 0.547 0.078l6 5.469c0.094 0.094 0.156 0.219 0.156 0.359v0z\"><\/path>\n\t\t\t<\/svg><\/span>\t\t\t\t<\/a>\n\t\t\t<\/p>\n\t\t<\/div><!-- .entry-actions -->\n\t\t<\/footer><!-- .entry-footer -->\t\t<\/div>\n\t<\/article>\n<\/li>\n<\/ul><\/div><\/div>\n\n\n\n<div class=\"wp-block-kadence-tab kt-tab-inner-content kt-inner-tab-9 kt-inner-tab_932283-97\"><div class=\"kt-tab-inner-content-inner\"><style>.kb-posts-id-_42d47f-5d .kb-post-list-item{display:grid;}<\/style><ul class=\"wp-block-kadence-posts kb-posts kadence-posts-list kb-posts-id-_42d47f-5d content-wrap grid-cols kb-posts-style-boxed grid-sm-col-2 grid-lg-col-2 item-image-style-above\"><li class=\"kb-post-list-item\">\n\t<article class=\"entry content-bg loop-entry post-615 post type-post status-publish format-standard hentry category-13\">\n\t\t\t\t<div class=\"entry-content-wrap\">\n\t\t\t<header class=\"entry-header\">\n\t<h2 class=\"entry-title\"><a href=\"https:\/\/suvremene-teme.vern.hr\/en\/rijec-urednika-2\/\" rel=\"bookmark\">Editor\u2019s Note<\/a><\/h2>\t<div class=\"entry-meta entry-meta-divider-dot\">\n\t\t\t<span class=\"posted-by\">\r\n\t\tBy&nbsp;<a href=\"https:\/\/suvremene-teme.vern.hr\/en\/author\/davor-paukovic\/\" title=\"Posts by Davor Paukovi\u0107\" class=\"author url fn\" rel=\"author\">Davor Paukovi\u0107<\/a>\t\t<\/span>\r\n\t\t\t\t\t<span class=\"posted-on\">\n\t\t\t\t<time class=\"entry-date published\" datetime=\"2018-04-27T14:09:00+00:00\">27. April 2018.<\/time><time class=\"updated\" datetime=\"2026-04-24T08:19:39+00:00\">24. April 2026.<\/time>\t\t\t<\/span>\n\t\t\t\t<\/div><!-- .entry-meta -->\n\t<\/header><!-- .entry-header -->\n\t<div class=\"entry-summary\">\n\t\t<p>Dragi \u010ditatelji, pred nama je novi broj Suvremenih tema. U skladu s politikom \u010dasopisa, nastavljamo s isklju\u010divim fokusom na jugoisto\u010dnu Europu. U ovom broju donosimo pet znanstvenih \u010dlanaka i dva prikaza knjiga. Mirela Holy analizira u kolikoj suse mjeri hrvatski stru\u010dni i znanstveni \u010dlanci iz podru\u010dja dru\u0161tvenih i humanisti\u010dkih znanosti od 2013. godine bavili integrativnim,&#8230;<\/p>\n\t<\/div><!-- .entry-summary -->\n\t<footer class=\"entry-footer\">\n\t\t\t<div class=\"entry-actions\">\n\t\t\t<p class=\"more-link-wrap\">\n\t\t\t\t<a href=\"https:\/\/suvremene-teme.vern.hr\/en\/rijec-urednika-2\/\" class=\"post-more-link\">\n\t\t\t\t\tvi\u0161e <span class=\"screen-reader-text\"> Editor\u2019s Note<\/span><span class=\"kadence-svg-iconset svg-baseline\"><svg aria-hidden=\"true\" class=\"kadence-svg-icon kadence-arrow-right-alt-svg\" fill=\"currentColor\" version=\"1.1\" xmlns=\"http:\/\/www.w3.org\/2000\/svg\" width=\"27\" height=\"28\" viewbox=\"0 0 27 28\"><title>Continue<\/title><path d=\"M27 13.953c0 0.141-0.063 0.281-0.156 0.375l-6 5.531c-0.156 0.141-0.359 0.172-0.547 0.094-0.172-0.078-0.297-0.25-0.297-0.453v-3.5h-19.5c-0.281 0-0.5-0.219-0.5-0.5v-3c0-0.281 0.219-0.5 0.5-0.5h19.5v-3.5c0-0.203 0.109-0.375 0.297-0.453s0.391-0.047 0.547 0.078l6 5.469c0.094 0.094 0.156 0.219 0.156 0.359v0z\"><\/path>\n\t\t\t<\/svg><\/span>\t\t\t\t<\/a>\n\t\t\t<\/p>\n\t\t<\/div><!-- .entry-actions -->\n\t\t<\/footer><!-- .entry-footer -->\t\t<\/div>\n\t<\/article>\n<\/li>\n<li class=\"kb-post-list-item\">\n\t<article class=\"entry content-bg loop-entry post-612 post type-post status-publish format-standard hentry category-13 tag-drustvene-i-humanisticke-znanosti tag-globalizacija tag-integracija tag-multikulturalizam\">\n\t\t\t\t<div class=\"entry-content-wrap\">\n\t\t\t<header class=\"entry-header\">\n\t<h2 class=\"entry-title\"><a href=\"https:\/\/suvremene-teme.vern.hr\/en\/globalizacija-integracija-i-multikulturalizam-interdisciplinarni-pristup\/\" rel=\"bookmark\">Globalizacija, integracija i multikulturalizam: interdisciplinarni pristup<\/a><\/h2>\t<div class=\"entry-meta entry-meta-divider-dot\">\n\t\t\t<span class=\"posted-by\">\r\n\t\tBy&nbsp;<a href=\"https:\/\/suvremene-teme.vern.hr\/en\/author\/mirela-holy\/\" title=\"Posts by Mirela Holy\" class=\"author url fn\" rel=\"author\">Mirela Holy<\/a>\t\t<\/span>\r\n\t\t\t\t\t<span class=\"posted-on\">\n\t\t\t\t<time class=\"entry-date published\" datetime=\"2018-04-27T14:05:00+00:00\">27. April 2018.<\/time><time class=\"updated\" datetime=\"2026-04-24T08:19:44+00:00\">24. April 2026.<\/time>\t\t\t<\/span>\n\t\t\t\t<\/div><!-- .entry-meta -->\n\t<\/header><!-- .entry-header -->\n\t<div class=\"entry-summary\">\n\t\t<p>Sa\u017eetak Globalizacija je kompleksan fenomen koji u velikoj mjeri utje\u010de na suvremeno dru\u0161tvo. Globalizaciju se interpretira ne samo kao paradigmu stvaranja zajedni\u010dkog svjetskog tr\u017ei\u0161ta, ve\u0107 i iz pozicije kulturne i ideolo\u0161ke stvarnosti (\u010ce\u010duk 2002). Hrvatska je kao 28. \u010dlanica Europske unije u posljednjih dvadesetak godina pod sna\u017enim utjecajem integracijskih procesa. Moto Europske unije od 2000&#8230;.<\/p>\n\t<\/div><!-- .entry-summary -->\n\t<footer class=\"entry-footer\">\n\t\t\t<div class=\"entry-actions\">\n\t\t\t<p class=\"more-link-wrap\">\n\t\t\t\t<a href=\"https:\/\/suvremene-teme.vern.hr\/en\/globalizacija-integracija-i-multikulturalizam-interdisciplinarni-pristup\/\" class=\"post-more-link\">\n\t\t\t\t\tvi\u0161e <span class=\"screen-reader-text\"> Globalizacija, integracija i multikulturalizam: interdisciplinarni pristup<\/span><span class=\"kadence-svg-iconset svg-baseline\"><svg aria-hidden=\"true\" class=\"kadence-svg-icon kadence-arrow-right-alt-svg\" fill=\"currentColor\" version=\"1.1\" xmlns=\"http:\/\/www.w3.org\/2000\/svg\" width=\"27\" height=\"28\" viewbox=\"0 0 27 28\"><title>Continue<\/title><path d=\"M27 13.953c0 0.141-0.063 0.281-0.156 0.375l-6 5.531c-0.156 0.141-0.359 0.172-0.547 0.094-0.172-0.078-0.297-0.25-0.297-0.453v-3.5h-19.5c-0.281 0-0.5-0.219-0.5-0.5v-3c0-0.281 0.219-0.5 0.5-0.5h19.5v-3.5c0-0.203 0.109-0.375 0.297-0.453s0.391-0.047 0.547 0.078l6 5.469c0.094 0.094 0.156 0.219 0.156 0.359v0z\"><\/path>\n\t\t\t<\/svg><\/span>\t\t\t\t<\/a>\n\t\t\t<\/p>\n\t\t<\/div><!-- .entry-actions -->\n\t\t<\/footer><!-- .entry-footer -->\t\t<\/div>\n\t<\/article>\n<\/li>\n<li class=\"kb-post-list-item\">\n\t<article class=\"entry content-bg loop-entry post-607 post type-post status-publish format-standard hentry category-13 tag-analiza-sadrzaja tag-framing tag-izbjeglice tag-migranti tag-uokviravanje\">\n\t\t\t\t<div class=\"entry-content-wrap\">\n\t\t\t<header class=\"entry-header\">\n\t<h2 class=\"entry-title\"><a href=\"https:\/\/suvremene-teme.vern.hr\/en\/analiza-medijskog-pracenja-izbjeglicke-krize-u-hrvatskoj-i-interpretacijski-okviri-framing\/\" rel=\"bookmark\">Analiza medijskog pra\u0107enja izbjegli\u010dke krize u Hrvatskoj i interpretacijski okviri (framing)<\/a><\/h2>\t<div class=\"entry-meta entry-meta-divider-dot\">\n\t\t\t<span class=\"posted-by\">\r\n\t\tBy&nbsp;<a href=\"https:\/\/suvremene-teme.vern.hr\/en\/author\/marija-slijepcevic\/\" title=\"Posts by Marija Slijep\u010devi\u0107\" class=\"author url fn\" rel=\"author\">Marija Slijep\u010devi\u0107<\/a>&nbsp;&#038;&nbsp;<a href=\"https:\/\/suvremene-teme.vern.hr\/en\/author\/sanja-fligic\/\" title=\"Posts by Sanja Fligi\u0107\" class=\"author url fn\" rel=\"author\">Sanja Fligi\u0107<\/a>\t\t<\/span>\r\n\t\t\t\t\t<span class=\"posted-on\">\n\t\t\t\t<time class=\"entry-date published\" datetime=\"2018-04-27T14:02:00+00:00\">27. April 2018.<\/time><time class=\"updated\" datetime=\"2026-04-24T08:21:07+00:00\">24. April 2026.<\/time>\t\t\t<\/span>\n\t\t\t\t<\/div><!-- .entry-meta -->\n\t<\/header><!-- .entry-header -->\n\t<div class=\"entry-summary\">\n\t\t<p>Sa\u017eetak Izbjegli\u010dka i migrantska zbivanja 2015. teme su koje su dominirale medijima. Medijskim uokviravanjem, selekcijom i isticanjem nekih vidova percipirane stvarnosti, oblikovan je na\u010din izvje\u0161tavanja koji je mogao imati utjecaja i na percepciju javnosti. Iako postoje istra\u017eivanja koja se bave mjerenjima stavova stanovni\u0161tva prema imigrantima, rje\u0111e su analize sadr\u017eaja medija. Rad ima za cilj istra\u017eiti&#8230;<\/p>\n\t<\/div><!-- .entry-summary -->\n\t<footer class=\"entry-footer\">\n\t\t\t<div class=\"entry-actions\">\n\t\t\t<p class=\"more-link-wrap\">\n\t\t\t\t<a href=\"https:\/\/suvremene-teme.vern.hr\/en\/analiza-medijskog-pracenja-izbjeglicke-krize-u-hrvatskoj-i-interpretacijski-okviri-framing\/\" class=\"post-more-link\">\n\t\t\t\t\tvi\u0161e <span class=\"screen-reader-text\"> Analiza medijskog pra\u0107enja izbjegli\u010dke krize u Hrvatskoj i interpretacijski okviri (framing)<\/span><span class=\"kadence-svg-iconset svg-baseline\"><svg aria-hidden=\"true\" class=\"kadence-svg-icon kadence-arrow-right-alt-svg\" fill=\"currentColor\" version=\"1.1\" xmlns=\"http:\/\/www.w3.org\/2000\/svg\" width=\"27\" height=\"28\" viewbox=\"0 0 27 28\"><title>Continue<\/title><path d=\"M27 13.953c0 0.141-0.063 0.281-0.156 0.375l-6 5.531c-0.156 0.141-0.359 0.172-0.547 0.094-0.172-0.078-0.297-0.25-0.297-0.453v-3.5h-19.5c-0.281 0-0.5-0.219-0.5-0.5v-3c0-0.281 0.219-0.5 0.5-0.5h19.5v-3.5c0-0.203 0.109-0.375 0.297-0.453s0.391-0.047 0.547 0.078l6 5.469c0.094 0.094 0.156 0.219 0.156 0.359v0z\"><\/path>\n\t\t\t<\/svg><\/span>\t\t\t\t<\/a>\n\t\t\t<\/p>\n\t\t<\/div><!-- .entry-actions -->\n\t\t<\/footer><!-- .entry-footer -->\t\t<\/div>\n\t<\/article>\n<\/li>\n<li class=\"kb-post-list-item\">\n\t<article class=\"entry content-bg loop-entry post-603 post type-post status-publish format-standard hentry category-13 tag-eticki-kodeks tag-hrvatske-dnevne-novine tag-medijsko-izvjestavanje tag-obitelj tag-referendum\">\n\t\t\t\t<div class=\"entry-content-wrap\">\n\t\t\t<header class=\"entry-header\">\n\t<h2 class=\"entry-title\"><a href=\"https:\/\/suvremene-teme.vern.hr\/en\/medijski-prijepori-u-objavama-hrvatskih-dnevnih-novina-primjer-izvjestavanja-o-referendumu-o-ustavnoj-definiciji-braka-u-2013-godini\/\" rel=\"bookmark\">Medijski prijepori u objavama hrvatskih dnevnih novina: primjer izvje\u0161tavanja o referendumu o ustavnoj definiciji braka u 2013. godini<\/a><\/h2>\t<div class=\"entry-meta entry-meta-divider-dot\">\n\t\t\t<span class=\"posted-by\">\r\n\t\tBy&nbsp;<a href=\"https:\/\/suvremene-teme.vern.hr\/en\/author\/andelka-raguz\/\" title=\"Posts by An\u0111elka Ragu\u017e\" class=\"author url fn\" rel=\"author\">An\u0111elka Ragu\u017e<\/a>,&nbsp;<a href=\"https:\/\/suvremene-teme.vern.hr\/en\/author\/sebastijan-ivasovic\/\" title=\"Posts by Sebastijan Ivasovi\u0107\" class=\"author url fn\" rel=\"author\">Sebastijan Ivasovi\u0107<\/a>&nbsp;&#038;&nbsp;<a href=\"https:\/\/suvremene-teme.vern.hr\/en\/author\/ema-kukolic\/\" title=\"Posts by Ema Kukoli\u0107\" class=\"author url fn\" rel=\"author\">Ema Kukoli\u0107<\/a>\t\t<\/span>\r\n\t\t\t\t\t<span class=\"posted-on\">\n\t\t\t\t<time class=\"entry-date published\" datetime=\"2018-04-27T13:58:00+00:00\">27. April 2018.<\/time><time class=\"updated\" datetime=\"2026-04-24T08:21:13+00:00\">24. April 2026.<\/time>\t\t\t<\/span>\n\t\t\t\t<\/div><!-- .entry-meta -->\n\t<\/header><!-- .entry-header -->\n\t<div class=\"entry-summary\">\n\t\t<p>Sa\u017eetak Suvremene dru\u0161tvene i gospodarske promjene, suo\u010dile su brak i obitelj s druga\u010dijim izazovima, novi(ji)m medijskim obrascima i na\u010dinima izvje\u0161tavanja, a posljedi\u010dno je tradicionalna obitelj uvr\u0161tena na platformu s izmijenjenim medijskim tretmanom. U radu \u0107e se kroz kontekst dru\u0161tvene situacije u Hrvatskoj, o\u010ditovanoj na primjeru referenduma o ustavnoj definiciji braka, ilustrirati medijski zna\u010daj i ponuditi&#8230;<\/p>\n\t<\/div><!-- .entry-summary -->\n\t<footer class=\"entry-footer\">\n\t\t\t<div class=\"entry-actions\">\n\t\t\t<p class=\"more-link-wrap\">\n\t\t\t\t<a href=\"https:\/\/suvremene-teme.vern.hr\/en\/medijski-prijepori-u-objavama-hrvatskih-dnevnih-novina-primjer-izvjestavanja-o-referendumu-o-ustavnoj-definiciji-braka-u-2013-godini\/\" class=\"post-more-link\">\n\t\t\t\t\tvi\u0161e <span class=\"screen-reader-text\"> Medijski prijepori u objavama hrvatskih dnevnih novina: primjer izvje\u0161tavanja o referendumu o ustavnoj definiciji braka u 2013. godini<\/span><span class=\"kadence-svg-iconset svg-baseline\"><svg aria-hidden=\"true\" class=\"kadence-svg-icon kadence-arrow-right-alt-svg\" fill=\"currentColor\" version=\"1.1\" xmlns=\"http:\/\/www.w3.org\/2000\/svg\" width=\"27\" height=\"28\" viewbox=\"0 0 27 28\"><title>Continue<\/title><path d=\"M27 13.953c0 0.141-0.063 0.281-0.156 0.375l-6 5.531c-0.156 0.141-0.359 0.172-0.547 0.094-0.172-0.078-0.297-0.25-0.297-0.453v-3.5h-19.5c-0.281 0-0.5-0.219-0.5-0.5v-3c0-0.281 0.219-0.5 0.5-0.5h19.5v-3.5c0-0.203 0.109-0.375 0.297-0.453s0.391-0.047 0.547 0.078l6 5.469c0.094 0.094 0.156 0.219 0.156 0.359v0z\"><\/path>\n\t\t\t<\/svg><\/span>\t\t\t\t<\/a>\n\t\t\t<\/p>\n\t\t<\/div><!-- .entry-actions -->\n\t\t<\/footer><!-- .entry-footer -->\t\t<\/div>\n\t<\/article>\n<\/li>\n<li class=\"kb-post-list-item\">\n\t<article class=\"entry content-bg loop-entry post-596 post type-post status-publish format-standard hentry category-13 tag-ostvarivost-socijalnog-poduzetnistva tag-pozeljnost-socijalnog-poduzetnistva tag-prosocijalna-licnost tag-socijalno-poduzetnicka-namjera tag-socijalno-poduzetnistvo\">\n\t\t\t\t<div class=\"entry-content-wrap\">\n\t\t\t<header class=\"entry-header\">\n\t<h2 class=\"entry-title\"><a href=\"https:\/\/suvremene-teme.vern.hr\/en\/provjera-modela-socijalno-poduzetnicke-namjere-na-uzorku-studenata-psihosocijalnog-i-poduzetnickog-smjera\/\" rel=\"bookmark\">Provjera modela socijalno-poduzetni\u010dke namjere na uzorku studenata psihosocijalnog i poduzetni\u010dkog smjera<\/a><\/h2>\t<div class=\"entry-meta entry-meta-divider-dot\">\n\t\t\t<span class=\"posted-by\">\r\n\t\tBy&nbsp;<a href=\"https:\/\/suvremene-teme.vern.hr\/en\/author\/maja-kolega\/\" title=\"Posts by Maja Kolega\" class=\"author url fn\" rel=\"author\">Maja Kolega<\/a>\t\t<\/span>\r\n\t\t\t\t\t<span class=\"posted-on\">\n\t\t\t\t<time class=\"entry-date published\" datetime=\"2018-04-27T13:55:00+00:00\">27. April 2018.<\/time><time class=\"updated\" datetime=\"2026-04-24T08:21:19+00:00\">24. April 2026.<\/time>\t\t\t<\/span>\n\t\t\t\t<\/div><!-- .entry-meta -->\n\t<\/header><!-- .entry-header -->\n\t<div class=\"entry-summary\">\n\t\t<p>Sa\u017eetak Provedenim istra\u017eivanjem testiran je teorijski model socijalno-poduzetni\u010dke namjere. Istra\u017eivanje je provedeno na uzorku od 786 studenata, od kojih je 384 studenata poduzetni\u010dkih, a 402 psihosocijalnih studija. Hijerarhijskom regresijskom analizom potvr\u0111en je teorijski model kod obje grupe studenata. Po\u017eeljnost i ostvarivost socijalnog poduzetni\u0161tva zna\u010dajno doprinose obja\u0161njenju socijalno-poduzetni\u010dke namjere i obja\u0161njavaju 39 % varijance. Empatija i&#8230;<\/p>\n\t<\/div><!-- .entry-summary -->\n\t<footer class=\"entry-footer\">\n\t\t\t<div class=\"entry-actions\">\n\t\t\t<p class=\"more-link-wrap\">\n\t\t\t\t<a href=\"https:\/\/suvremene-teme.vern.hr\/en\/provjera-modela-socijalno-poduzetnicke-namjere-na-uzorku-studenata-psihosocijalnog-i-poduzetnickog-smjera\/\" class=\"post-more-link\">\n\t\t\t\t\tvi\u0161e <span class=\"screen-reader-text\"> Provjera modela socijalno-poduzetni\u010dke namjere na uzorku studenata psihosocijalnog i poduzetni\u010dkog smjera<\/span><span class=\"kadence-svg-iconset svg-baseline\"><svg aria-hidden=\"true\" class=\"kadence-svg-icon kadence-arrow-right-alt-svg\" fill=\"currentColor\" version=\"1.1\" xmlns=\"http:\/\/www.w3.org\/2000\/svg\" width=\"27\" height=\"28\" viewbox=\"0 0 27 28\"><title>Continue<\/title><path d=\"M27 13.953c0 0.141-0.063 0.281-0.156 0.375l-6 5.531c-0.156 0.141-0.359 0.172-0.547 0.094-0.172-0.078-0.297-0.25-0.297-0.453v-3.5h-19.5c-0.281 0-0.5-0.219-0.5-0.5v-3c0-0.281 0.219-0.5 0.5-0.5h19.5v-3.5c0-0.203 0.109-0.375 0.297-0.453s0.391-0.047 0.547 0.078l6 5.469c0.094 0.094 0.156 0.219 0.156 0.359v0z\"><\/path>\n\t\t\t<\/svg><\/span>\t\t\t\t<\/a>\n\t\t\t<\/p>\n\t\t<\/div><!-- .entry-actions -->\n\t\t<\/footer><!-- .entry-footer -->\t\t<\/div>\n\t<\/article>\n<\/li>\n<li class=\"kb-post-list-item\">\n\t<article class=\"entry content-bg loop-entry post-593 post type-post status-publish format-standard hentry category-13 tag-austrija tag-hrvatska tag-institucije tag-strukovno-obrazovanje tag-transfer-politike\">\n\t\t\t\t<div class=\"entry-content-wrap\">\n\t\t\t<header class=\"entry-header\">\n\t<h2 class=\"entry-title\"><a href=\"https:\/\/suvremene-teme.vern.hr\/en\/analiza-mogucnosti-transfera-politike-iz-austrijskog-u-hrvatski-sustav-razvoja-vjestina\/\" rel=\"bookmark\">Analiza mogu\u0107nosti transfera politike iz austrijskog u hrvatski sustav razvoja vje\u0161tina<\/a><\/h2>\t<div class=\"entry-meta entry-meta-divider-dot\">\n\t\t\t<span class=\"posted-by\">\r\n\t\tBy&nbsp;<a href=\"https:\/\/suvremene-teme.vern.hr\/en\/author\/nikola-bukovic\/\" title=\"Posts by Nikola Bukovi\u0107\" class=\"author url fn\" rel=\"author\">Nikola Bukovi\u0107<\/a>\t\t<\/span>\r\n\t\t\t\t\t<span class=\"posted-on\">\n\t\t\t\t<time class=\"entry-date published\" datetime=\"2018-04-27T13:51:35+00:00\">27. April 2018.<\/time><time class=\"updated\" datetime=\"2026-04-24T08:21:24+00:00\">24. April 2026.<\/time>\t\t\t<\/span>\n\t\t\t\t<\/div><!-- .entry-meta -->\n\t<\/header><!-- .entry-header -->\n\t<div class=\"entry-summary\">\n\t\t<p>Sa\u017eetak Osnovno pitanje koje se razmatra u ovom radu jest analiza karakteristika, razlikovnih to\u010daka i mogu\u0107nosti transfera pojedinih elemenata politike razvoja vje\u0161tina iz austrijskog u hrvatski sustav. Analizi autor pristupa oslanjaju\u0107i se na tipologiju sustava razvoja vje\u0161tina u razvijenim industrijskim demokracijama. Ta tipologija koju su razvili Busemeyer i Trampusch razlikuje \u010detiri skupine sustava razvoja vje\u0161tina:&#8230;<\/p>\n\t<\/div><!-- .entry-summary -->\n\t<footer class=\"entry-footer\">\n\t\t\t<div class=\"entry-actions\">\n\t\t\t<p class=\"more-link-wrap\">\n\t\t\t\t<a href=\"https:\/\/suvremene-teme.vern.hr\/en\/analiza-mogucnosti-transfera-politike-iz-austrijskog-u-hrvatski-sustav-razvoja-vjestina\/\" class=\"post-more-link\">\n\t\t\t\t\tvi\u0161e <span class=\"screen-reader-text\"> Analiza mogu\u0107nosti transfera politike iz austrijskog u hrvatski sustav razvoja vje\u0161tina<\/span><span class=\"kadence-svg-iconset svg-baseline\"><svg aria-hidden=\"true\" class=\"kadence-svg-icon kadence-arrow-right-alt-svg\" fill=\"currentColor\" version=\"1.1\" xmlns=\"http:\/\/www.w3.org\/2000\/svg\" width=\"27\" height=\"28\" viewbox=\"0 0 27 28\"><title>Continue<\/title><path d=\"M27 13.953c0 0.141-0.063 0.281-0.156 0.375l-6 5.531c-0.156 0.141-0.359 0.172-0.547 0.094-0.172-0.078-0.297-0.25-0.297-0.453v-3.5h-19.5c-0.281 0-0.5-0.219-0.5-0.5v-3c0-0.281 0.219-0.5 0.5-0.5h19.5v-3.5c0-0.203 0.109-0.375 0.297-0.453s0.391-0.047 0.547 0.078l6 5.469c0.094 0.094 0.156 0.219 0.156 0.359v0z\"><\/path>\n\t\t\t<\/svg><\/span>\t\t\t\t<\/a>\n\t\t\t<\/p>\n\t\t<\/div><!-- .entry-actions -->\n\t\t<\/footer><!-- .entry-footer -->\t\t<\/div>\n\t<\/article>\n<\/li>\n<li class=\"kb-post-list-item\">\n\t<article class=\"entry content-bg loop-entry post-590 post type-post status-publish format-standard hentry category-13\">\n\t\t\t\t<div class=\"entry-content-wrap\">\n\t\t\t<header class=\"entry-header\">\n\t<h2 class=\"entry-title\"><a href=\"https:\/\/suvremene-teme.vern.hr\/en\/siegfried-wiessner-ed-general-theory-of-international-law-volume-1-american-classics-in-international-law-brill-nijhoff-leiden-and-boston-2017-534-str\/\" rel=\"bookmark\">Siegfried Wiessner (ed.): General Theory of International Law, Volume 1, American Classics in International Law, Brill\/Nijhoff, Leiden and Boston, 2017., 534 str.<\/a><\/h2>\t<div class=\"entry-meta entry-meta-divider-dot\">\n\t\t\t<span class=\"posted-by\">\r\n\t\tBy&nbsp;<a href=\"https:\/\/suvremene-teme.vern.hr\/en\/author\/qerim-qerimi\/\" title=\"Posts by Qerim Qerimi\" class=\"author url fn\" rel=\"author\">Qerim Qerimi<\/a>\t\t<\/span>\r\n\t\t\t\t\t<span class=\"posted-on\">\n\t\t\t\t<time class=\"entry-date published\" datetime=\"2018-04-27T13:50:13+00:00\">27. April 2018.<\/time><time class=\"updated\" datetime=\"2026-04-24T08:21:30+00:00\">24. April 2026.<\/time>\t\t\t<\/span>\n\t\t\t\t<\/div><!-- .entry-meta -->\n\t<\/header><!-- .entry-header -->\n\t<div class=\"entry-summary\">\n\t\t\t<\/div><!-- .entry-summary -->\n\t<footer class=\"entry-footer\">\n\t\t\t<div class=\"entry-actions\">\n\t\t\t<p class=\"more-link-wrap\">\n\t\t\t\t<a href=\"https:\/\/suvremene-teme.vern.hr\/en\/siegfried-wiessner-ed-general-theory-of-international-law-volume-1-american-classics-in-international-law-brill-nijhoff-leiden-and-boston-2017-534-str\/\" class=\"post-more-link\">\n\t\t\t\t\tvi\u0161e <span class=\"screen-reader-text\"> Siegfried Wiessner (ed.): General Theory of International Law, Volume 1, American Classics in International Law, Brill\/Nijhoff, Leiden and Boston, 2017., 534 str.<\/span><span class=\"kadence-svg-iconset svg-baseline\"><svg aria-hidden=\"true\" class=\"kadence-svg-icon kadence-arrow-right-alt-svg\" fill=\"currentColor\" version=\"1.1\" xmlns=\"http:\/\/www.w3.org\/2000\/svg\" width=\"27\" height=\"28\" viewbox=\"0 0 27 28\"><title>Continue<\/title><path d=\"M27 13.953c0 0.141-0.063 0.281-0.156 0.375l-6 5.531c-0.156 0.141-0.359 0.172-0.547 0.094-0.172-0.078-0.297-0.25-0.297-0.453v-3.5h-19.5c-0.281 0-0.5-0.219-0.5-0.5v-3c0-0.281 0.219-0.5 0.5-0.5h19.5v-3.5c0-0.203 0.109-0.375 0.297-0.453s0.391-0.047 0.547 0.078l6 5.469c0.094 0.094 0.156 0.219 0.156 0.359v0z\"><\/path>\n\t\t\t<\/svg><\/span>\t\t\t\t<\/a>\n\t\t\t<\/p>\n\t\t<\/div><!-- .entry-actions -->\n\t\t<\/footer><!-- .entry-footer -->\t\t<\/div>\n\t<\/article>\n<\/li>\n<li class=\"kb-post-list-item\">\n\t<article class=\"entry content-bg loop-entry post-587 post type-post status-publish format-standard hentry category-13\">\n\t\t\t\t<div class=\"entry-content-wrap\">\n\t\t\t<header class=\"entry-header\">\n\t<h2 class=\"entry-title\"><a href=\"https:\/\/suvremene-teme.vern.hr\/en\/arun-sundadarajan-the-sharing-economy-and-the-rise-of-crowd-based-capitalism-mit-press-cambridge-2016-256-str\/\" rel=\"bookmark\">Arun Sundadarajan: The Sharing Economy and the Rise of Crowd-Based Capitalism, MIT press, Cambridge, 2016, 256 str.<\/a><\/h2>\t<div class=\"entry-meta entry-meta-divider-dot\">\n\t\t\t<span class=\"posted-by\">\r\n\t\tBy&nbsp;<a href=\"https:\/\/suvremene-teme.vern.hr\/en\/author\/josko-lozic\/\" title=\"Posts by Jo\u0161ko Lozi\u0107\" class=\"author url fn\" rel=\"author\">Jo\u0161ko Lozi\u0107<\/a>\t\t<\/span>\r\n\t\t\t\t\t<span class=\"posted-on\">\n\t\t\t\t<time class=\"entry-date published\" datetime=\"2018-04-27T13:48:49+00:00\">27. April 2018.<\/time><time class=\"updated\" datetime=\"2026-04-24T08:21:36+00:00\">24. April 2026.<\/time>\t\t\t<\/span>\n\t\t\t\t<\/div><!-- .entry-meta -->\n\t<\/header><!-- .entry-header -->\n\t<div class=\"entry-summary\">\n\t\t\t<\/div><!-- .entry-summary -->\n\t<footer class=\"entry-footer\">\n\t\t\t<div class=\"entry-actions\">\n\t\t\t<p class=\"more-link-wrap\">\n\t\t\t\t<a href=\"https:\/\/suvremene-teme.vern.hr\/en\/arun-sundadarajan-the-sharing-economy-and-the-rise-of-crowd-based-capitalism-mit-press-cambridge-2016-256-str\/\" class=\"post-more-link\">\n\t\t\t\t\tvi\u0161e <span class=\"screen-reader-text\"> Arun Sundadarajan: The Sharing Economy and the Rise of Crowd-Based Capitalism, MIT press, Cambridge, 2016, 256 str.<\/span><span class=\"kadence-svg-iconset svg-baseline\"><svg aria-hidden=\"true\" class=\"kadence-svg-icon kadence-arrow-right-alt-svg\" fill=\"currentColor\" version=\"1.1\" xmlns=\"http:\/\/www.w3.org\/2000\/svg\" width=\"27\" height=\"28\" viewbox=\"0 0 27 28\"><title>Continue<\/title><path d=\"M27 13.953c0 0.141-0.063 0.281-0.156 0.375l-6 5.531c-0.156 0.141-0.359 0.172-0.547 0.094-0.172-0.078-0.297-0.25-0.297-0.453v-3.5h-19.5c-0.281 0-0.5-0.219-0.5-0.5v-3c0-0.281 0.219-0.5 0.5-0.5h19.5v-3.5c0-0.203 0.109-0.375 0.297-0.453s0.391-0.047 0.547 0.078l6 5.469c0.094 0.094 0.156 0.219 0.156 0.359v0z\"><\/path>\n\t\t\t<\/svg><\/span>\t\t\t\t<\/a>\n\t\t\t<\/p>\n\t\t<\/div><!-- .entry-actions -->\n\t\t<\/footer><!-- .entry-footer -->\t\t<\/div>\n\t<\/article>\n<\/li>\n<\/ul><\/div><\/div>\n\n\n\n<div class=\"wp-block-kadence-tab kt-tab-inner-content kt-inner-tab-10 kt-inner-tab_a65ad9-0c\"><div class=\"kt-tab-inner-content-inner\"><style>.kb-posts-id-_c354f1-fb .kb-post-list-item{display:grid;}<\/style><ul class=\"wp-block-kadence-posts kb-posts kadence-posts-list kb-posts-id-_c354f1-fb content-wrap grid-cols kb-posts-style-boxed grid-sm-col-2 grid-lg-col-2 item-image-style-above\"><li class=\"kb-post-list-item\">\n\t<article class=\"entry content-bg loop-entry post-651 post type-post status-publish format-standard hentry category-15 tag-akteri-javnih-politika tag-javne-politike tag-policy-analiza tag-policy-studija tag-politologija\">\n\t\t\t\t<div class=\"entry-content-wrap\">\n\t\t\t<header class=\"entry-header\">\n\t<h2 class=\"entry-title\"><a href=\"https:\/\/suvremene-teme.vern.hr\/en\/politoloska-ekspertiza-za-javne-politike\/\" rel=\"bookmark\">Political Science Expertise on Public Policy<\/a><\/h2>\t<div class=\"entry-meta entry-meta-divider-dot\">\n\t\t\t<span class=\"posted-by\">\r\n\t\tBy&nbsp;<a href=\"https:\/\/suvremene-teme.vern.hr\/en\/author\/ana-petek\/\" title=\"Posts by Ana Petek\" class=\"author url fn\" rel=\"author\">Ana Petek<\/a>\t\t<\/span>\r\n\t\t\t\t\t<span class=\"posted-on\">\n\t\t\t\t<time class=\"entry-date published\" datetime=\"2016-04-28T07:56:00+00:00\">28. April 2016.<\/time><time class=\"updated\" datetime=\"2026-04-24T08:20:11+00:00\">24. April 2026.<\/time>\t\t\t<\/span>\n\t\t\t\t<\/div><!-- .entry-meta -->\n\t<\/header><!-- .entry-header -->\n\t<div class=\"entry-summary\">\n\t\t<p>Public policies, as a multi-dimensional and highly complex phenomenon, necessarily make a multidisciplinary research subject. The aim of this paper is to examine what is specific political science knowledge about public policy, and what is the unique contribution of political scientists to policy research and governance to enhance consolidating this young discipline in Southeastern Europe. This paper is a result of a review of policy textbooks...<\/p>\n\t<\/div><!-- .entry-summary -->\n\t<footer class=\"entry-footer\">\n\t\t\t<div class=\"entry-actions\">\n\t\t\t<p class=\"more-link-wrap\">\n\t\t\t\t<a href=\"https:\/\/suvremene-teme.vern.hr\/en\/politoloska-ekspertiza-za-javne-politike\/\" class=\"post-more-link\">\n\t\t\t\t\tPro\u010ditaj vi\u0161e <span class=\"screen-reader-text\"> Political Science Expertise on Public Policy<\/span><span class=\"kadence-svg-iconset svg-baseline\"><svg aria-hidden=\"true\" class=\"kadence-svg-icon kadence-arrow-right-alt-svg\" fill=\"currentColor\" version=\"1.1\" xmlns=\"http:\/\/www.w3.org\/2000\/svg\" width=\"27\" height=\"28\" viewbox=\"0 0 27 28\"><title>Continue<\/title><path d=\"M27 13.953c0 0.141-0.063 0.281-0.156 0.375l-6 5.531c-0.156 0.141-0.359 0.172-0.547 0.094-0.172-0.078-0.297-0.25-0.297-0.453v-3.5h-19.5c-0.281 0-0.5-0.219-0.5-0.5v-3c0-0.281 0.219-0.5 0.5-0.5h19.5v-3.5c0-0.203 0.109-0.375 0.297-0.453s0.391-0.047 0.547 0.078l6 5.469c0.094 0.094 0.156 0.219 0.156 0.359v0z\"><\/path>\n\t\t\t<\/svg><\/span>\t\t\t\t<\/a>\n\t\t\t<\/p>\n\t\t<\/div><!-- .entry-actions -->\n\t\t<\/footer><!-- .entry-footer -->\t\t<\/div>\n\t<\/article>\n<\/li>\n<li class=\"kb-post-list-item\">\n\t<article class=\"entry content-bg loop-entry post-648 post type-post status-publish format-standard hentry category-15 tag-hrvatska tag-kvalitativna-analiza-sadrzaja tag-predsjednicki-inauguracijski-govor tag-slovenija\">\n\t\t\t\t<div class=\"entry-content-wrap\">\n\t\t\t<header class=\"entry-header\">\n\t<h2 class=\"entry-title\"><a href=\"https:\/\/suvremene-teme.vern.hr\/en\/analiza-inauguracijskih-predsjednickih-govora-u-hrvatskoj-i-sloveniji-od-1997-do-2014\/\" rel=\"bookmark\">Analysis of Inaugural Presidential Addresses in Croatia and Slovenia from 1997 to 2014<\/a><\/h2>\t<div class=\"entry-meta entry-meta-divider-dot\">\n\t\t\t<span class=\"posted-by\">\r\n\t\tBy&nbsp;<a href=\"https:\/\/suvremene-teme.vern.hr\/en\/author\/domagoj-bebic\/\" title=\"Posts by Domagoj Bebi\u0107\" class=\"author url fn\" rel=\"author\">Domagoj Bebi\u0107<\/a>&nbsp;&#038;&nbsp;<a href=\"https:\/\/suvremene-teme.vern.hr\/en\/author\/marija-volarevic\/\" title=\"Posts by Marija Volarevi\u0107\" class=\"author url fn\" rel=\"author\">Marija Volarevi\u0107<\/a>\t\t<\/span>\r\n\t\t\t\t\t<span class=\"posted-on\">\n\t\t\t\t<time class=\"entry-date published\" datetime=\"2016-04-28T07:40:00+00:00\">28. April 2016.<\/time><time class=\"updated\" datetime=\"2026-04-24T08:20:18+00:00\">24. April 2026.<\/time>\t\t\t<\/span>\n\t\t\t\t<\/div><!-- .entry-meta -->\n\t<\/header><!-- .entry-header -->\n\t<div class=\"entry-summary\">\n\t\t<p>Inaugural addresses are important tools in political communication because, unlike other presidential addresses, inaugural addresses are given at the beginning of the term and are considered programmatic. Since their secession from Yugoslavia, Croatia and Slovenia have followed different paths of democratic consolidation. The purpose of this paper is to compare the topics emphasized in recent Croatian and Slovenian presidential inaugural addresses...<\/p>\n\t<\/div><!-- .entry-summary -->\n\t<footer class=\"entry-footer\">\n\t\t\t<div class=\"entry-actions\">\n\t\t\t<p class=\"more-link-wrap\">\n\t\t\t\t<a href=\"https:\/\/suvremene-teme.vern.hr\/en\/analiza-inauguracijskih-predsjednickih-govora-u-hrvatskoj-i-sloveniji-od-1997-do-2014\/\" class=\"post-more-link\">\n\t\t\t\t\tPro\u010ditaj vi\u0161e <span class=\"screen-reader-text\"> Analysis of Inaugural Presidential Addresses in Croatia and Slovenia from 1997 to 2014<\/span><span class=\"kadence-svg-iconset svg-baseline\"><svg aria-hidden=\"true\" class=\"kadence-svg-icon kadence-arrow-right-alt-svg\" fill=\"currentColor\" version=\"1.1\" xmlns=\"http:\/\/www.w3.org\/2000\/svg\" width=\"27\" height=\"28\" viewbox=\"0 0 27 28\"><title>Continue<\/title><path d=\"M27 13.953c0 0.141-0.063 0.281-0.156 0.375l-6 5.531c-0.156 0.141-0.359 0.172-0.547 0.094-0.172-0.078-0.297-0.25-0.297-0.453v-3.5h-19.5c-0.281 0-0.5-0.219-0.5-0.5v-3c0-0.281 0.219-0.5 0.5-0.5h19.5v-3.5c0-0.203 0.109-0.375 0.297-0.453s0.391-0.047 0.547 0.078l6 5.469c0.094 0.094 0.156 0.219 0.156 0.359v0z\"><\/path>\n\t\t\t<\/svg><\/span>\t\t\t\t<\/a>\n\t\t\t<\/p>\n\t\t<\/div><!-- .entry-actions -->\n\t\t<\/footer><!-- .entry-footer -->\t\t<\/div>\n\t<\/article>\n<\/li>\n<li class=\"kb-post-list-item\">\n\t<article class=\"entry content-bg loop-entry post-643 post type-post status-publish format-standard hentry category-15 tag-hrvatska tag-integrirana-komunikacija tag-politicka-komunikacija tag-sinergija tag-srbija tag-stranka tag-strategija\">\n\t\t\t\t<div class=\"entry-content-wrap\">\n\t\t\t<header class=\"entry-header\">\n\t<h2 class=\"entry-title\"><a href=\"https:\/\/suvremene-teme.vern.hr\/en\/politicke-stranke-i-integrirano-komuniciranje-u-hrvatskoj-i-srbiji\/\" rel=\"bookmark\">Political Parties and Integrated Communication in Croatia and Serbia<\/a><\/h2>\t<div class=\"entry-meta entry-meta-divider-dot\">\n\t\t\t<span class=\"posted-by\">\r\n\t\tBy&nbsp;<a href=\"https:\/\/suvremene-teme.vern.hr\/en\/author\/mirela-holy\/\" title=\"Posts by Mirela Holy\" class=\"author url fn\" rel=\"author\">Mirela Holy<\/a>\t\t<\/span>\r\n\t\t\t\t\t<span class=\"posted-on\">\n\t\t\t\t<time class=\"entry-date published\" datetime=\"2016-04-28T07:37:00+00:00\">28. April 2016.<\/time><time class=\"updated\" datetime=\"2026-04-24T08:20:24+00:00\">24. April 2026.<\/time>\t\t\t<\/span>\n\t\t\t\t<\/div><!-- .entry-meta -->\n\t<\/header><!-- .entry-header -->\n\t<div class=\"entry-summary\">\n\t\t<p>Integrated Marketing Communication appeared in the 1980s in the United States, and is nowadays, besides companies, also used by political parties, because they recognized the importance of the synergic effects of advertising and public relations, but also of integrating the audience in the activities of the party. This paper makes use of questionnaires and content analysis of hypertext in order to examine...<\/p>\n\t<\/div><!-- .entry-summary -->\n\t<footer class=\"entry-footer\">\n\t\t\t<div class=\"entry-actions\">\n\t\t\t<p class=\"more-link-wrap\">\n\t\t\t\t<a href=\"https:\/\/suvremene-teme.vern.hr\/en\/politicke-stranke-i-integrirano-komuniciranje-u-hrvatskoj-i-srbiji\/\" class=\"post-more-link\">\n\t\t\t\t\tPro\u010ditaj vi\u0161e <span class=\"screen-reader-text\"> Political Parties and Integrated Communication in Croatia and Serbia<\/span><span class=\"kadence-svg-iconset svg-baseline\"><svg aria-hidden=\"true\" class=\"kadence-svg-icon kadence-arrow-right-alt-svg\" fill=\"currentColor\" version=\"1.1\" xmlns=\"http:\/\/www.w3.org\/2000\/svg\" width=\"27\" height=\"28\" viewbox=\"0 0 27 28\"><title>Continue<\/title><path d=\"M27 13.953c0 0.141-0.063 0.281-0.156 0.375l-6 5.531c-0.156 0.141-0.359 0.172-0.547 0.094-0.172-0.078-0.297-0.25-0.297-0.453v-3.5h-19.5c-0.281 0-0.5-0.219-0.5-0.5v-3c0-0.281 0.219-0.5 0.5-0.5h19.5v-3.5c0-0.203 0.109-0.375 0.297-0.453s0.391-0.047 0.547 0.078l6 5.469c0.094 0.094 0.156 0.219 0.156 0.359v0z\"><\/path>\n\t\t\t<\/svg><\/span>\t\t\t\t<\/a>\n\t\t\t<\/p>\n\t\t<\/div><!-- .entry-actions -->\n\t\t<\/footer><!-- .entry-footer -->\t\t<\/div>\n\t<\/article>\n<\/li>\n<li class=\"kb-post-list-item\">\n\t<article class=\"entry content-bg loop-entry post-636 post type-post status-publish format-standard hentry category-15 tag-drugi-svjetski-rat tag-gospic tag-jugoslavija tag-kolektivno-sjecanje tag-komemorativne-prakse tag-lika\">\n\t\t\t\t<div class=\"entry-content-wrap\">\n\t\t\t<header class=\"entry-header\">\n\t<h2 class=\"entry-title\"><a href=\"https:\/\/suvremene-teme.vern.hr\/en\/lokalna-sjecanja-na-ratno-nasilje-komemoracije-drugoga-svjetskog-rata-u-gospicu\/\" rel=\"bookmark\">Local Memories of Wartime Violence: Commemorating World War Two in Gospi\u0107<\/a><\/h2>\t<div class=\"entry-meta entry-meta-divider-dot\">\n\t\t\t<span class=\"posted-by\">\r\n\t\tBy&nbsp;<a href=\"https:\/\/suvremene-teme.vern.hr\/en\/author\/mila-dragojevic\/\" title=\"Posts by Mila Dragojevi\u0107\" class=\"author url fn\" rel=\"author\">Mila Dragojevi\u0107<\/a>&nbsp;&#038;&nbsp;<a href=\"https:\/\/suvremene-teme.vern.hr\/en\/author\/vjeran-pavlakovic\/\" title=\"Posts by Vjeran Pavlakovi\u0107\" class=\"author url fn\" rel=\"author\">Vjeran Pavlakovi\u0107<\/a>\t\t<\/span>\r\n\t\t\t\t\t<span class=\"posted-on\">\n\t\t\t\t<time class=\"entry-date published\" datetime=\"2016-04-28T07:30:00+00:00\">28. April 2016.<\/time><time class=\"updated\" datetime=\"2026-04-24T08:20:32+00:00\">24. April 2026.<\/time>\t\t\t<\/span>\n\t\t\t\t<\/div><!-- .entry-meta -->\n\t<\/header><!-- .entry-header -->\n\t<div class=\"entry-summary\">\n\t\t<p>How do dominant state narratives influence commemorative practices in local communities in different historical periods? We address this question by carrying out a study of World War Two commemorations in Gospi\u0107 in two distinct periods of a political regime transition. The study is based on the documents from the archive of Gospi\u0107, articles from the local paper, existing scholarly publications on this area, as well as reports from state institutions...<\/p>\n\t<\/div><!-- .entry-summary -->\n\t<footer class=\"entry-footer\">\n\t\t\t<div class=\"entry-actions\">\n\t\t\t<p class=\"more-link-wrap\">\n\t\t\t\t<a href=\"https:\/\/suvremene-teme.vern.hr\/en\/lokalna-sjecanja-na-ratno-nasilje-komemoracije-drugoga-svjetskog-rata-u-gospicu\/\" class=\"post-more-link\">\n\t\t\t\t\tPro\u010ditaj vi\u0161e <span class=\"screen-reader-text\"> Local Memories of Wartime Violence: Commemorating World War Two in Gospi\u0107<\/span><span class=\"kadence-svg-iconset svg-baseline\"><svg aria-hidden=\"true\" class=\"kadence-svg-icon kadence-arrow-right-alt-svg\" fill=\"currentColor\" version=\"1.1\" xmlns=\"http:\/\/www.w3.org\/2000\/svg\" width=\"27\" height=\"28\" viewbox=\"0 0 27 28\"><title>Continue<\/title><path d=\"M27 13.953c0 0.141-0.063 0.281-0.156 0.375l-6 5.531c-0.156 0.141-0.359 0.172-0.547 0.094-0.172-0.078-0.297-0.25-0.297-0.453v-3.5h-19.5c-0.281 0-0.5-0.219-0.5-0.5v-3c0-0.281 0.219-0.5 0.5-0.5h19.5v-3.5c0-0.203 0.109-0.375 0.297-0.453s0.391-0.047 0.547 0.078l6 5.469c0.094 0.094 0.156 0.219 0.156 0.359v0z\"><\/path>\n\t\t\t<\/svg><\/span>\t\t\t\t<\/a>\n\t\t\t<\/p>\n\t\t<\/div><!-- .entry-actions -->\n\t\t<\/footer><!-- .entry-footer -->\t\t<\/div>\n\t<\/article>\n<\/li>\n<li class=\"kb-post-list-item\">\n\t<article class=\"entry content-bg loop-entry post-632 post type-post status-publish format-standard hentry category-15 tag-medunarodni-odnosi tag-medunarodni-poredak tag-teorija-medunarodnih-odnosa\">\n\t\t\t\t<div class=\"entry-content-wrap\">\n\t\t\t<header class=\"entry-header\">\n\t<h2 class=\"entry-title\"><a href=\"https:\/\/suvremene-teme.vern.hr\/en\/petar-popovic-kriza-medunarodnog-poretka-21-stoljeca\/\" rel=\"bookmark\">Petar Popovi\u0107: The Crisis of the International Order of the 21st Century<\/a><\/h2>\t<div class=\"entry-meta entry-meta-divider-dot\">\n\t\t\t<span class=\"posted-by\">\r\n\t\tBy&nbsp;<a href=\"https:\/\/suvremene-teme.vern.hr\/en\/author\/borna-zguric\/\" title=\"Posts by Borna Zguri\u0107\" class=\"author url fn\" rel=\"author\">Borna Zguri\u0107<\/a>\t\t<\/span>\r\n\t\t\t\t\t<span class=\"posted-on\">\n\t\t\t\t<time class=\"entry-date published\" datetime=\"2016-04-28T07:26:00+00:00\">28. April 2016.<\/time><time class=\"updated\" datetime=\"2026-04-24T08:20:37+00:00\">24. April 2026.<\/time>\t\t\t<\/span>\n\t\t\t\t<\/div><!-- .entry-meta -->\n\t<\/header><!-- .entry-header -->\n\t<div class=\"entry-summary\">\n\t\t\t<\/div><!-- .entry-summary -->\n\t<footer class=\"entry-footer\">\n\t\t\t<div class=\"entry-actions\">\n\t\t\t<p class=\"more-link-wrap\">\n\t\t\t\t<a href=\"https:\/\/suvremene-teme.vern.hr\/en\/petar-popovic-kriza-medunarodnog-poretka-21-stoljeca\/\" class=\"post-more-link\">\n\t\t\t\t\tPro\u010ditaj vi\u0161e <span class=\"screen-reader-text\"> Petar Popovi\u0107: The Crisis of the International Order of the 21st Century<\/span><span class=\"kadence-svg-iconset svg-baseline\"><svg aria-hidden=\"true\" class=\"kadence-svg-icon kadence-arrow-right-alt-svg\" fill=\"currentColor\" version=\"1.1\" xmlns=\"http:\/\/www.w3.org\/2000\/svg\" width=\"27\" height=\"28\" viewbox=\"0 0 27 28\"><title>Continue<\/title><path d=\"M27 13.953c0 0.141-0.063 0.281-0.156 0.375l-6 5.531c-0.156 0.141-0.359 0.172-0.547 0.094-0.172-0.078-0.297-0.25-0.297-0.453v-3.5h-19.5c-0.281 0-0.5-0.219-0.5-0.5v-3c0-0.281 0.219-0.5 0.5-0.5h19.5v-3.5c0-0.203 0.109-0.375 0.297-0.453s0.391-0.047 0.547 0.078l6 5.469c0.094 0.094 0.156 0.219 0.156 0.359v0z\"><\/path>\n\t\t\t<\/svg><\/span>\t\t\t\t<\/a>\n\t\t\t<\/p>\n\t\t<\/div><!-- .entry-actions -->\n\t\t<\/footer><!-- .entry-footer -->\t\t<\/div>\n\t<\/article>\n<\/li>\n<li class=\"kb-post-list-item\">\n\t<article class=\"entry content-bg loop-entry post-629 post type-post status-publish format-standard hentry category-15 tag-bliski-istok tag-egipat tag-irak tag-izrael tag-libanon tag-orijent tag-palestina tag-sirija\">\n\t\t\t\t<div class=\"entry-content-wrap\">\n\t\t\t<header class=\"entry-header\">\n\t<h2 class=\"entry-title\"><a href=\"https:\/\/suvremene-teme.vern.hr\/en\/mirjana-kasapovic-ur-bliski-istok-politika-i-povijest\/\" rel=\"bookmark\">Mirjana Kasapovi\u0107 (ed.): Middle East: Politics and History<\/a><\/h2>\t<div class=\"entry-meta entry-meta-divider-dot\">\n\t\t\t<span class=\"posted-by\">\r\n\t\tBy&nbsp;<a href=\"https:\/\/suvremene-teme.vern.hr\/en\/author\/hanan-nanic\/\" title=\"Posts by Hanan Nani\u0107\" class=\"author url fn\" rel=\"author\">Hanan Nani\u0107<\/a>\t\t<\/span>\r\n\t\t\t\t\t<span class=\"posted-on\">\n\t\t\t\t<time class=\"entry-date published\" datetime=\"2016-04-28T07:22:00+00:00\">28. April 2016.<\/time><time class=\"updated\" datetime=\"2026-04-24T08:20:43+00:00\">24. April 2026.<\/time>\t\t\t<\/span>\n\t\t\t\t<\/div><!-- .entry-meta -->\n\t<\/header><!-- .entry-header -->\n\t<div class=\"entry-summary\">\n\t\t\t<\/div><!-- .entry-summary -->\n\t<footer class=\"entry-footer\">\n\t\t\t<div class=\"entry-actions\">\n\t\t\t<p class=\"more-link-wrap\">\n\t\t\t\t<a href=\"https:\/\/suvremene-teme.vern.hr\/en\/mirjana-kasapovic-ur-bliski-istok-politika-i-povijest\/\" class=\"post-more-link\">\n\t\t\t\t\tPro\u010ditaj vi\u0161e <span class=\"screen-reader-text\"> Mirjana Kasapovi\u0107 (ed.): Middle East: Politics and History<\/span><span class=\"kadence-svg-iconset svg-baseline\"><svg aria-hidden=\"true\" class=\"kadence-svg-icon kadence-arrow-right-alt-svg\" fill=\"currentColor\" version=\"1.1\" xmlns=\"http:\/\/www.w3.org\/2000\/svg\" width=\"27\" height=\"28\" viewbox=\"0 0 27 28\"><title>Continue<\/title><path d=\"M27 13.953c0 0.141-0.063 0.281-0.156 0.375l-6 5.531c-0.156 0.141-0.359 0.172-0.547 0.094-0.172-0.078-0.297-0.25-0.297-0.453v-3.5h-19.5c-0.281 0-0.5-0.219-0.5-0.5v-3c0-0.281 0.219-0.5 0.5-0.5h19.5v-3.5c0-0.203 0.109-0.375 0.297-0.453s0.391-0.047 0.547 0.078l6 5.469c0.094 0.094 0.156 0.219 0.156 0.359v0z\"><\/path>\n\t\t\t<\/svg><\/span>\t\t\t\t<\/a>\n\t\t\t<\/p>\n\t\t<\/div><!-- .entry-actions -->\n\t\t<\/footer><!-- .entry-footer -->\t\t<\/div>\n\t<\/article>\n<\/li>\n<li class=\"kb-post-list-item\">\n\t<article class=\"entry content-bg loop-entry post-622 post type-post status-publish format-standard hentry category-15 tag-europska-unija tag-hrvatska tag-islam tag-politika tag-religija tag-sekularizam\">\n\t\t\t\t<div class=\"entry-content-wrap\">\n\t\t\t<header class=\"entry-header\">\n\t<h2 class=\"entry-title\"><a href=\"https:\/\/suvremene-teme.vern.hr\/en\/hrvoje-spehar-ur-europski-sekularni-identiteti-zbornik-radova-jean-monnet-modula-sekularna-europa-europski-sekularni-identiteti\/\" rel=\"bookmark\">Hrvoje \u0160pehar (ed.): European secular identities: proceedings of the Jean Monnet module Secular Europe: European secular identities<\/a><\/h2>\t<div class=\"entry-meta entry-meta-divider-dot\">\n\t\t\t<span class=\"posted-by\">\r\n\t\tBy&nbsp;<a href=\"https:\/\/suvremene-teme.vern.hr\/en\/author\/mirela-radonjic\/\" title=\"Posts by Mirela Radonji\u0107\" class=\"author url fn\" rel=\"author\">Mirela Radonji\u0107<\/a>\t\t<\/span>\r\n\t\t\t\t\t<span class=\"posted-on\">\n\t\t\t\t<time class=\"entry-date published\" datetime=\"2016-04-28T07:15:19+00:00\">28. April 2016.<\/time><time class=\"updated\" datetime=\"2026-04-24T08:20:49+00:00\">24. April 2026.<\/time>\t\t\t<\/span>\n\t\t\t\t<\/div><!-- .entry-meta -->\n\t<\/header><!-- .entry-header -->\n\t<div class=\"entry-summary\">\n\t\t\t<\/div><!-- .entry-summary -->\n\t<footer class=\"entry-footer\">\n\t\t\t<div class=\"entry-actions\">\n\t\t\t<p class=\"more-link-wrap\">\n\t\t\t\t<a href=\"https:\/\/suvremene-teme.vern.hr\/en\/hrvoje-spehar-ur-europski-sekularni-identiteti-zbornik-radova-jean-monnet-modula-sekularna-europa-europski-sekularni-identiteti\/\" class=\"post-more-link\">\n\t\t\t\t\tPro\u010ditaj vi\u0161e <span class=\"screen-reader-text\"> Hrvoje \u0160pehar (ed.): European secular identities: proceedings of the Jean Monnet module Secular Europe: European secular identities<\/span><span class=\"kadence-svg-iconset svg-baseline\"><svg aria-hidden=\"true\" class=\"kadence-svg-icon kadence-arrow-right-alt-svg\" fill=\"currentColor\" version=\"1.1\" xmlns=\"http:\/\/www.w3.org\/2000\/svg\" width=\"27\" height=\"28\" viewbox=\"0 0 27 28\"><title>Continue<\/title><path d=\"M27 13.953c0 0.141-0.063 0.281-0.156 0.375l-6 5.531c-0.156 0.141-0.359 0.172-0.547 0.094-0.172-0.078-0.297-0.25-0.297-0.453v-3.5h-19.5c-0.281 0-0.5-0.219-0.5-0.5v-3c0-0.281 0.219-0.5 0.5-0.5h19.5v-3.5c0-0.203 0.109-0.375 0.297-0.453s0.391-0.047 0.547 0.078l6 5.469c0.094 0.094 0.156 0.219 0.156 0.359v0z\"><\/path>\n\t\t\t<\/svg><\/span>\t\t\t\t<\/a>\n\t\t\t<\/p>\n\t\t<\/div><!-- .entry-actions -->\n\t\t<\/footer><!-- .entry-footer -->\t\t<\/div>\n\t<\/article>\n<\/li>\n<\/ul><\/div><\/div>\n\n\n\n<div class=\"wp-block-kadence-tab kt-tab-inner-content kt-inner-tab-11 kt-inner-tab_333bad-d1\"><div class=\"kt-tab-inner-content-inner\"><style>.kb-posts-id-_d1f5dc-dc .kb-post-list-item{display:grid;}<\/style><ul class=\"wp-block-kadence-posts kb-posts kadence-posts-list kb-posts-id-_d1f5dc-dc content-wrap grid-cols kb-posts-style-boxed grid-sm-col-2 grid-lg-col-2 item-image-style-above\"><li class=\"kb-post-list-item\">\n\t<article class=\"entry content-bg loop-entry post-703 post type-post status-publish format-standard hentry category-17 tag-europski-poslovi tag-hrvatski-sabor tag-lisabonski-ugovor tag-nacionalni-parlamenti tag-parlamentarni-nadzor\">\n\t\t\t\t<div class=\"entry-content-wrap\">\n\t\t\t<header class=\"entry-header\">\n\t<h2 class=\"entry-title\"><a href=\"https:\/\/suvremene-teme.vern.hr\/en\/posredno-ukljucivanje-nacionalnih-parlamenata-u-europski-zakonodavni-proces-prioritet-hrvatskoga-sabora-u-europskim-poslovima\/\" rel=\"bookmark\">Indirect Inclusion of National Parliaments in the European Lawmaking Process: Croatian Parliament Priorities in European Affairs<\/a><\/h2>\t<div class=\"entry-meta entry-meta-divider-dot\">\n\t\t\t<span class=\"posted-by\">\r\n\t\tBy&nbsp;<a href=\"https:\/\/suvremene-teme.vern.hr\/en\/author\/tatjana-briski\/\" title=\"Posts by Tatjana Bri\u0161ki\" class=\"author url fn\" rel=\"author\">Tatjana Bri\u0161ki<\/a>&nbsp;&#038;&nbsp;<a href=\"https:\/\/suvremene-teme.vern.hr\/en\/author\/jelena-spiljak\/\" title=\"Posts by Jelena \u0160piljak\" class=\"author url fn\" rel=\"author\">Jelena \u0160piljak<\/a>\t\t<\/span>\r\n\t\t\t\t\t<span class=\"posted-on\">\n\t\t\t\t<time class=\"entry-date published\" datetime=\"2014-04-28T08:50:00+00:00\">28. April 2014.<\/time><time class=\"updated\" datetime=\"2026-04-24T08:18:09+00:00\">24. April 2026.<\/time>\t\t\t<\/span>\n\t\t\t\t<\/div><!-- .entry-meta -->\n\t<\/header><!-- .entry-header -->\n\t<div class=\"entry-summary\">\n\t\t<p>The Treaty of Lisbon vested the national parliaments of EU Member States with the possibility of direct participation in the European legislative process, thus attempting to overcome the Union\u2019s democratic deficit. Earlier national parliaments only disposed with the possibility of indirect involvement in the EU affairs, through the scrutiny of governmental actions in the EU institutions...<\/p>\n\t<\/div><!-- .entry-summary -->\n\t<footer class=\"entry-footer\">\n\t\t\t<div class=\"entry-actions\">\n\t\t\t<p class=\"more-link-wrap\">\n\t\t\t\t<a href=\"https:\/\/suvremene-teme.vern.hr\/en\/posredno-ukljucivanje-nacionalnih-parlamenata-u-europski-zakonodavni-proces-prioritet-hrvatskoga-sabora-u-europskim-poslovima\/\" class=\"post-more-link\">\n\t\t\t\t\tVi\u0161e <span class=\"screen-reader-text\"> Indirect Inclusion of National Parliaments in the European Lawmaking Process: Croatian Parliament Priorities in European Affairs<\/span><span class=\"kadence-svg-iconset svg-baseline\"><svg aria-hidden=\"true\" class=\"kadence-svg-icon kadence-arrow-right-alt-svg\" fill=\"currentColor\" version=\"1.1\" xmlns=\"http:\/\/www.w3.org\/2000\/svg\" width=\"27\" height=\"28\" viewbox=\"0 0 27 28\"><title>Continue<\/title><path d=\"M27 13.953c0 0.141-0.063 0.281-0.156 0.375l-6 5.531c-0.156 0.141-0.359 0.172-0.547 0.094-0.172-0.078-0.297-0.25-0.297-0.453v-3.5h-19.5c-0.281 0-0.5-0.219-0.5-0.5v-3c0-0.281 0.219-0.5 0.5-0.5h19.5v-3.5c0-0.203 0.109-0.375 0.297-0.453s0.391-0.047 0.547 0.078l6 5.469c0.094 0.094 0.156 0.219 0.156 0.359v0z\"><\/path>\n\t\t\t<\/svg><\/span>\t\t\t\t<\/a>\n\t\t\t<\/p>\n\t\t<\/div><!-- .entry-actions -->\n\t\t<\/footer><!-- .entry-footer -->\t\t<\/div>\n\t<\/article>\n<\/li>\n<li class=\"kb-post-list-item\">\n\t<article class=\"entry content-bg loop-entry post-700 post type-post status-publish format-standard hentry category-17 tag-izvannastavne-aktivnosti tag-kljucne-kompetencije tag-studentska-perspektiva tag-volontiranje tag-vrednovanje\">\n\t\t\t\t<div class=\"entry-content-wrap\">\n\t\t\t<header class=\"entry-header\">\n\t<h2 class=\"entry-title\"><a href=\"https:\/\/suvremene-teme.vern.hr\/en\/vrednovanje-izvannastavnih-aktivnosti-pogled-iz-studentske-perspektive\/\" rel=\"bookmark\">Assessing Extracurricular Activities: &amp;e Students\u2019 Perspective<\/a><\/h2>\t<div class=\"entry-meta entry-meta-divider-dot\">\n\t\t\t<span class=\"posted-by\">\r\n\t\tBy&nbsp;<a href=\"https:\/\/suvremene-teme.vern.hr\/en\/author\/vilma-kotlar\/\" title=\"Posts by Vilma Kotlar\" class=\"author url fn\" rel=\"author\">Vilma Kotlar<\/a>&nbsp;&#038;&nbsp;<a href=\"https:\/\/suvremene-teme.vern.hr\/en\/author\/bojana-culum\/\" title=\"Posts by Bojana \u0106ulum\" class=\"author url fn\" rel=\"author\">Bojana \u0106ulum<\/a>\t\t<\/span>\r\n\t\t\t\t\t<span class=\"posted-on\">\n\t\t\t\t<time class=\"entry-date published\" datetime=\"2014-04-28T08:46:00+00:00\">28. April 2014.<\/time><time class=\"updated\" datetime=\"2026-04-24T08:18:16+00:00\">24. April 2026.<\/time>\t\t\t<\/span>\n\t\t\t\t<\/div><!-- .entry-meta -->\n\t<\/header><!-- .entry-header -->\n\t<div class=\"entry-summary\">\n\t\t<p>Many studies conducted in the past 30 years point to a significant contribution\nof extracurricular activities to the development of generic skills in children and\nyoung adults. At the same time, the connection between key competences related to lifelong learning, academic succes...<\/p>\n\t<\/div><!-- .entry-summary -->\n\t<footer class=\"entry-footer\">\n\t\t\t<div class=\"entry-actions\">\n\t\t\t<p class=\"more-link-wrap\">\n\t\t\t\t<a href=\"https:\/\/suvremene-teme.vern.hr\/en\/vrednovanje-izvannastavnih-aktivnosti-pogled-iz-studentske-perspektive\/\" class=\"post-more-link\">\n\t\t\t\t\tVi\u0161e <span class=\"screen-reader-text\"> Assessing Extracurricular Activities: &amp;e Students\u2019 Perspective<\/span><span class=\"kadence-svg-iconset svg-baseline\"><svg aria-hidden=\"true\" class=\"kadence-svg-icon kadence-arrow-right-alt-svg\" fill=\"currentColor\" version=\"1.1\" xmlns=\"http:\/\/www.w3.org\/2000\/svg\" width=\"27\" height=\"28\" viewbox=\"0 0 27 28\"><title>Continue<\/title><path d=\"M27 13.953c0 0.141-0.063 0.281-0.156 0.375l-6 5.531c-0.156 0.141-0.359 0.172-0.547 0.094-0.172-0.078-0.297-0.25-0.297-0.453v-3.5h-19.5c-0.281 0-0.5-0.219-0.5-0.5v-3c0-0.281 0.219-0.5 0.5-0.5h19.5v-3.5c0-0.203 0.109-0.375 0.297-0.453s0.391-0.047 0.547 0.078l6 5.469c0.094 0.094 0.156 0.219 0.156 0.359v0z\"><\/path>\n\t\t\t<\/svg><\/span>\t\t\t\t<\/a>\n\t\t\t<\/p>\n\t\t<\/div><!-- .entry-actions -->\n\t\t<\/footer><!-- .entry-footer -->\t\t<\/div>\n\t<\/article>\n<\/li>\n<li class=\"kb-post-list-item\">\n\t<article class=\"entry content-bg loop-entry post-695 post type-post status-publish format-standard hentry category-17 tag-mladi tag-politicka-kompetencija tag-politicka-participacija tag-zagreb\">\n\t\t\t\t<div class=\"entry-content-wrap\">\n\t\t\t<header class=\"entry-header\">\n\t<h2 class=\"entry-title\"><a href=\"https:\/\/suvremene-teme.vern.hr\/en\/znam-da-nista-ne-znam-politicka-kompetencija-i-politicka-participacija-medu-mladima-u-zagrebu\/\" rel=\"bookmark\">\u201cI know that I don't know anything\u201c: Political Competences and Political Participation among Zagreb Youth<\/a><\/h2>\t<div class=\"entry-meta entry-meta-divider-dot\">\n\t\t\t<span class=\"posted-by\">\r\n\t\tBy&nbsp;<a href=\"https:\/\/suvremene-teme.vern.hr\/en\/author\/marko-kovacic\/\" title=\"Posts by Marko Kova\u010di\u0107\" class=\"author url fn\" rel=\"author\">Marko Kova\u010di\u0107<\/a>&nbsp;&#038;&nbsp;<a href=\"https:\/\/suvremene-teme.vern.hr\/en\/author\/ivana-vrbat\/\" title=\"Posts by Ivana Vrbat\" class=\"author url fn\" rel=\"author\">Ivana Vrbat<\/a>\t\t<\/span>\r\n\t\t\t\t\t<span class=\"posted-on\">\n\t\t\t\t<time class=\"entry-date published\" datetime=\"2014-04-28T08:41:00+00:00\">28. April 2014.<\/time><time class=\"updated\" datetime=\"2026-04-24T08:18:22+00:00\">24. April 2026.<\/time>\t\t\t<\/span>\n\t\t\t\t<\/div><!-- .entry-meta -->\n\t<\/header><!-- .entry-header -->\n\t<div class=\"entry-summary\">\n\t\t<p>Researchers have always found young people interesting as an indicator of the state of a society. Attitudes, values, competences and behavior of young people are considered a sort of litmus paper that can adequately explained wider social tendencies of a given society. This paper analyzes political competencies and political participation of Zagreb youth. Political competencies and political participation are two characteristics of quality of functioning...<\/p>\n\t<\/div><!-- .entry-summary -->\n\t<footer class=\"entry-footer\">\n\t\t\t<div class=\"entry-actions\">\n\t\t\t<p class=\"more-link-wrap\">\n\t\t\t\t<a href=\"https:\/\/suvremene-teme.vern.hr\/en\/znam-da-nista-ne-znam-politicka-kompetencija-i-politicka-participacija-medu-mladima-u-zagrebu\/\" class=\"post-more-link\">\n\t\t\t\t\tVi\u0161e <span class=\"screen-reader-text\"> \u201cI know that I don't know anything\u201c: Political Competences and Political Participation among Zagreb Youth<\/span><span class=\"kadence-svg-iconset svg-baseline\"><svg aria-hidden=\"true\" class=\"kadence-svg-icon kadence-arrow-right-alt-svg\" fill=\"currentColor\" version=\"1.1\" xmlns=\"http:\/\/www.w3.org\/2000\/svg\" width=\"27\" height=\"28\" viewbox=\"0 0 27 28\"><title>Continue<\/title><path d=\"M27 13.953c0 0.141-0.063 0.281-0.156 0.375l-6 5.531c-0.156 0.141-0.359 0.172-0.547 0.094-0.172-0.078-0.297-0.25-0.297-0.453v-3.5h-19.5c-0.281 0-0.5-0.219-0.5-0.5v-3c0-0.281 0.219-0.5 0.5-0.5h19.5v-3.5c0-0.203 0.109-0.375 0.297-0.453s0.391-0.047 0.547 0.078l6 5.469c0.094 0.094 0.156 0.219 0.156 0.359v0z\"><\/path>\n\t\t\t<\/svg><\/span>\t\t\t\t<\/a>\n\t\t\t<\/p>\n\t\t<\/div><!-- .entry-actions -->\n\t\t<\/footer><!-- .entry-footer -->\t\t<\/div>\n\t<\/article>\n<\/li>\n<li class=\"kb-post-list-item\">\n\t<article class=\"entry content-bg loop-entry post-690 post type-post status-publish format-standard hentry category-17 tag-istra tag-istrijanstvo tag-multikulturalizam tag-regionalni-identiteti\">\n\t\t\t\t<div class=\"entry-content-wrap\">\n\t\t\t<header class=\"entry-header\">\n\t<h2 class=\"entry-title\"><a href=\"https:\/\/suvremene-teme.vern.hr\/en\/geopoliticka-pozadina-istrijanstva-analiza-istarskoga-regionalnog-izjasnjavanja\/\" rel=\"bookmark\">A Geopolitical Background of \u201cIstrianism\u201c: An Analysis of Istrian Regional Identification<\/a><\/h2>\t<div class=\"entry-meta entry-meta-divider-dot\">\n\t\t\t<span class=\"posted-by\">\r\n\t\tBy&nbsp;<a href=\"https:\/\/suvremene-teme.vern.hr\/en\/author\/marta-zorko\/\" title=\"Posts by Marta Zorko\" class=\"author url fn\" rel=\"author\">Marta Zorko<\/a>&nbsp;&#038;&nbsp;<a href=\"https:\/\/suvremene-teme.vern.hr\/en\/author\/matija-fontana\/\" title=\"Posts by Matija Fontana\" class=\"author url fn\" rel=\"author\">Matija Fontana<\/a>\t\t<\/span>\r\n\t\t\t\t\t<span class=\"posted-on\">\n\t\t\t\t<time class=\"entry-date published\" datetime=\"2014-04-28T08:36:00+00:00\">28. April 2014.<\/time><time class=\"updated\" datetime=\"2026-04-24T08:18:35+00:00\">24. April 2026.<\/time>\t\t\t<\/span>\n\t\t\t\t<\/div><!-- .entry-meta -->\n\t<\/header><!-- .entry-header -->\n\t<div class=\"entry-summary\">\n\t\t<p>This paper examines the background of regional affiliation in Istria, more exactly, the Istria County in the last twenty years. Analysis of the data from three consecutive censuses (1991, 2001 and 2011), as well as analysis of results from local elections in period 1993 -2013, demonstrated three facts related to regional identity affiliation in Istria...<\/p>\n\t<\/div><!-- .entry-summary -->\n\t<footer class=\"entry-footer\">\n\t\t\t<div class=\"entry-actions\">\n\t\t\t<p class=\"more-link-wrap\">\n\t\t\t\t<a href=\"https:\/\/suvremene-teme.vern.hr\/en\/geopoliticka-pozadina-istrijanstva-analiza-istarskoga-regionalnog-izjasnjavanja\/\" class=\"post-more-link\">\n\t\t\t\t\tVi\u0161e <span class=\"screen-reader-text\"> A Geopolitical Background of \u201cIstrianism\u201c: An Analysis of Istrian Regional Identification<\/span><span class=\"kadence-svg-iconset svg-baseline\"><svg aria-hidden=\"true\" class=\"kadence-svg-icon kadence-arrow-right-alt-svg\" fill=\"currentColor\" version=\"1.1\" xmlns=\"http:\/\/www.w3.org\/2000\/svg\" width=\"27\" height=\"28\" viewbox=\"0 0 27 28\"><title>Continue<\/title><path d=\"M27 13.953c0 0.141-0.063 0.281-0.156 0.375l-6 5.531c-0.156 0.141-0.359 0.172-0.547 0.094-0.172-0.078-0.297-0.25-0.297-0.453v-3.5h-19.5c-0.281 0-0.5-0.219-0.5-0.5v-3c0-0.281 0.219-0.5 0.5-0.5h19.5v-3.5c0-0.203 0.109-0.375 0.297-0.453s0.391-0.047 0.547 0.078l6 5.469c0.094 0.094 0.156 0.219 0.156 0.359v0z\"><\/path>\n\t\t\t<\/svg><\/span>\t\t\t\t<\/a>\n\t\t\t<\/p>\n\t\t<\/div><!-- .entry-actions -->\n\t\t<\/footer><!-- .entry-footer -->\t\t<\/div>\n\t<\/article>\n<\/li>\n<li class=\"kb-post-list-item\">\n\t<article class=\"entry content-bg loop-entry post-683 post type-post status-publish format-standard hentry category-17 tag-bosna-i-hercegovina tag-bosnjaci tag-hrvati tag-medunarodna-zajednica tag-srbi\">\n\t\t\t\t<div class=\"entry-content-wrap\">\n\t\t\t<header class=\"entry-header\">\n\t<h2 class=\"entry-title\"><a href=\"https:\/\/suvremene-teme.vern.hr\/en\/uzroci-medunarodne-neucinkovitosti-u-bosni-i-hercegovini-1992-2014\/\" rel=\"bookmark\">Causes of Internation Ineffectiveness in Bosnia and Herzegovina (1992-2014)<\/a><\/h2>\t<div class=\"entry-meta entry-meta-divider-dot\">\n\t\t\t<span class=\"posted-by\">\r\n\t\tBy&nbsp;<a href=\"https:\/\/suvremene-teme.vern.hr\/en\/author\/sasa-mrduljas\/\" title=\"Posts by Sa\u0161a Mrdulja\u0161\" class=\"author url fn\" rel=\"author\">Sa\u0161a Mrdulja\u0161<\/a>\t\t<\/span>\r\n\t\t\t\t\t<span class=\"posted-on\">\n\t\t\t\t<time class=\"entry-date published\" datetime=\"2014-04-28T08:30:00+00:00\">28. April 2014.<\/time><time class=\"updated\" datetime=\"2026-04-24T08:18:29+00:00\">24. April 2026.<\/time>\t\t\t<\/span>\n\t\t\t\t<\/div><!-- .entry-meta -->\n\t<\/header><!-- .entry-header -->\n\t<div class=\"entry-summary\">\n\t\t<p>The engagement of the international community in Bosnia and Herzegovina started twenty years ago and does not show any signs of ending. Its main goal is to create an internal polity architecture which would harmonize interethnic relations in this country and thus enable stability and prosperity.<\/p>\n\t<\/div><!-- .entry-summary -->\n\t<footer class=\"entry-footer\">\n\t\t\t<div class=\"entry-actions\">\n\t\t\t<p class=\"more-link-wrap\">\n\t\t\t\t<a href=\"https:\/\/suvremene-teme.vern.hr\/en\/uzroci-medunarodne-neucinkovitosti-u-bosni-i-hercegovini-1992-2014\/\" class=\"post-more-link\">\n\t\t\t\t\tVi\u0161e <span class=\"screen-reader-text\"> Causes of Internation Ineffectiveness in Bosnia and Herzegovina (1992-2014)<\/span><span class=\"kadence-svg-iconset svg-baseline\"><svg aria-hidden=\"true\" class=\"kadence-svg-icon kadence-arrow-right-alt-svg\" fill=\"currentColor\" version=\"1.1\" xmlns=\"http:\/\/www.w3.org\/2000\/svg\" width=\"27\" height=\"28\" viewbox=\"0 0 27 28\"><title>Continue<\/title><path d=\"M27 13.953c0 0.141-0.063 0.281-0.156 0.375l-6 5.531c-0.156 0.141-0.359 0.172-0.547 0.094-0.172-0.078-0.297-0.25-0.297-0.453v-3.5h-19.5c-0.281 0-0.5-0.219-0.5-0.5v-3c0-0.281 0.219-0.5 0.5-0.5h19.5v-3.5c0-0.203 0.109-0.375 0.297-0.453s0.391-0.047 0.547 0.078l6 5.469c0.094 0.094 0.156 0.219 0.156 0.359v0z\"><\/path>\n\t\t\t<\/svg><\/span>\t\t\t\t<\/a>\n\t\t\t<\/p>\n\t\t<\/div><!-- .entry-actions -->\n\t\t<\/footer><!-- .entry-footer -->\t\t<\/div>\n\t<\/article>\n<\/li>\n<li class=\"kb-post-list-item\">\n\t<article class=\"entry content-bg loop-entry post-679 post type-post status-publish format-standard hentry category-17 tag-arapske-zemlje tag-crna-gora tag-investicije tag-racionalni-izbor tag-vanjska-politika\">\n\t\t\t\t<div class=\"entry-content-wrap\">\n\t\t\t<header class=\"entry-header\">\n\t<h2 class=\"entry-title\"><a href=\"https:\/\/suvremene-teme.vern.hr\/en\/analiza-vanjske-politike-crna-gora-i-arapske-zemlje\/\" rel=\"bookmark\">Foreign Policy Analysis: Montenegrin-Arab Relations<\/a><\/h2>\t<div class=\"entry-meta entry-meta-divider-dot\">\n\t\t\t<span class=\"posted-by\">\r\n\t\tBy&nbsp;<a href=\"https:\/\/suvremene-teme.vern.hr\/en\/author\/jelisaveta-blagojevic\/\" title=\"Posts by Jelisaveta Blagojevi\u0107\" class=\"author url fn\" rel=\"author\">Jelisaveta Blagojevi\u0107<\/a>\t\t<\/span>\r\n\t\t\t\t\t<span class=\"posted-on\">\n\t\t\t\t<time class=\"entry-date published\" datetime=\"2014-04-28T08:23:00+00:00\">28. April 2014.<\/time><time class=\"updated\" datetime=\"2026-04-24T08:18:51+00:00\">24. April 2026.<\/time>\t\t\t<\/span>\n\t\t\t\t<\/div><!-- .entry-meta -->\n\t<\/header><!-- .entry-header -->\n\t<div class=\"entry-summary\">\n\t\t<p>This paper presents a conceptual analysis of the main external and internal determinants of foreign policy, basic theoretical approaches to foreign policy decision-making with regard to the pros and cons approach based on rational choice, which suggests establishing causality between the decision and the defined aim. In this context, the focus of this paper is on relations between foreign policy decision of Montenegro...<\/p>\n\t<\/div><!-- .entry-summary -->\n\t<footer class=\"entry-footer\">\n\t\t\t<div class=\"entry-actions\">\n\t\t\t<p class=\"more-link-wrap\">\n\t\t\t\t<a href=\"https:\/\/suvremene-teme.vern.hr\/en\/analiza-vanjske-politike-crna-gora-i-arapske-zemlje\/\" class=\"post-more-link\">\n\t\t\t\t\tVi\u0161e <span class=\"screen-reader-text\"> Foreign Policy Analysis: Montenegrin-Arab Relations<\/span><span class=\"kadence-svg-iconset svg-baseline\"><svg aria-hidden=\"true\" class=\"kadence-svg-icon kadence-arrow-right-alt-svg\" fill=\"currentColor\" version=\"1.1\" xmlns=\"http:\/\/www.w3.org\/2000\/svg\" width=\"27\" height=\"28\" viewbox=\"0 0 27 28\"><title>Continue<\/title><path d=\"M27 13.953c0 0.141-0.063 0.281-0.156 0.375l-6 5.531c-0.156 0.141-0.359 0.172-0.547 0.094-0.172-0.078-0.297-0.25-0.297-0.453v-3.5h-19.5c-0.281 0-0.5-0.219-0.5-0.5v-3c0-0.281 0.219-0.5 0.5-0.5h19.5v-3.5c0-0.203 0.109-0.375 0.297-0.453s0.391-0.047 0.547 0.078l6 5.469c0.094 0.094 0.156 0.219 0.156 0.359v0z\"><\/path>\n\t\t\t<\/svg><\/span>\t\t\t\t<\/a>\n\t\t\t<\/p>\n\t\t<\/div><!-- .entry-actions -->\n\t\t<\/footer><!-- .entry-footer -->\t\t<\/div>\n\t<\/article>\n<\/li>\n<li class=\"kb-post-list-item\">\n\t<article class=\"entry content-bg loop-entry post-676 post type-post status-publish format-standard hentry category-17 tag-izgradnja-nacije tag-jugoistocna-europa tag-politike-identiteta\">\n\t\t\t\t<div class=\"entry-content-wrap\">\n\t\t\t<header class=\"entry-header\">\n\t<h2 class=\"entry-title\"><a href=\"https:\/\/suvremene-teme.vern.hr\/en\/pal-kolsto-ur-strategije-simbolicke-izgradnje-nacije-u-jugoistocnoj-europi\/\" rel=\"bookmark\">P\u00e5l Kolst\u00f8 (ur.): Strategies of Symbolic Nation-building in South Eastern Europe<\/a><\/h2>\t<div class=\"entry-meta entry-meta-divider-dot\">\n\t\t\t<span class=\"posted-by\">\r\n\t\tBy&nbsp;<a href=\"https:\/\/suvremene-teme.vern.hr\/en\/author\/ana-ljubojevic\/\" title=\"Posts by Ana Ljubojevi\u0107\" class=\"author url fn\" rel=\"author\">Ana Ljubojevi\u0107<\/a>\t\t<\/span>\r\n\t\t\t\t\t<span class=\"posted-on\">\n\t\t\t\t<time class=\"entry-date published\" datetime=\"2014-04-28T08:20:00+00:00\">28. April 2014.<\/time><time class=\"updated\" datetime=\"2026-04-24T08:18:58+00:00\">24. April 2026.<\/time>\t\t\t<\/span>\n\t\t\t\t<\/div><!-- .entry-meta -->\n\t<\/header><!-- .entry-header -->\n\t<div class=\"entry-summary\">\n\t\t\t<\/div><!-- .entry-summary -->\n\t<footer class=\"entry-footer\">\n\t\t\t<div class=\"entry-actions\">\n\t\t\t<p class=\"more-link-wrap\">\n\t\t\t\t<a href=\"https:\/\/suvremene-teme.vern.hr\/en\/pal-kolsto-ur-strategije-simbolicke-izgradnje-nacije-u-jugoistocnoj-europi\/\" class=\"post-more-link\">\n\t\t\t\t\tVi\u0161e <span class=\"screen-reader-text\"> P\u00e5l Kolst\u00f8 (ur.): Strategies of Symbolic Nation-building in South Eastern Europe<\/span><span class=\"kadence-svg-iconset svg-baseline\"><svg aria-hidden=\"true\" class=\"kadence-svg-icon kadence-arrow-right-alt-svg\" fill=\"currentColor\" version=\"1.1\" xmlns=\"http:\/\/www.w3.org\/2000\/svg\" width=\"27\" height=\"28\" viewbox=\"0 0 27 28\"><title>Continue<\/title><path d=\"M27 13.953c0 0.141-0.063 0.281-0.156 0.375l-6 5.531c-0.156 0.141-0.359 0.172-0.547 0.094-0.172-0.078-0.297-0.25-0.297-0.453v-3.5h-19.5c-0.281 0-0.5-0.219-0.5-0.5v-3c0-0.281 0.219-0.5 0.5-0.5h19.5v-3.5c0-0.203 0.109-0.375 0.297-0.453s0.391-0.047 0.547 0.078l6 5.469c0.094 0.094 0.156 0.219 0.156 0.359v0z\"><\/path>\n\t\t\t<\/svg><\/span>\t\t\t\t<\/a>\n\t\t\t<\/p>\n\t\t<\/div><!-- .entry-actions -->\n\t\t<\/footer><!-- .entry-footer -->\t\t<\/div>\n\t<\/article>\n<\/li>\n<li class=\"kb-post-list-item\">\n\t<article class=\"entry content-bg loop-entry post-671 post type-post status-publish format-standard hentry category-17 tag-bugarska tag-hrvatska tag-italija tag-izborni-sustav tag-kombinirani-izborni-sustavi tag-njemacka\">\n\t\t\t\t<div class=\"entry-content-wrap\">\n\t\t\t<header class=\"entry-header\">\n\t<h2 class=\"entry-title\"><a href=\"https:\/\/suvremene-teme.vern.hr\/en\/mirjana-kasapovic-kombinirani-izborni-sustavi-u-europi-1945-2014\/\" rel=\"bookmark\">Mirjana Kasapovi\u0107: Combined Electoral Systems in Europe 1945-2014.<\/a><\/h2>\t<div class=\"entry-meta entry-meta-divider-dot\">\n\t\t\t<span class=\"posted-by\">\r\n\t\tBy&nbsp;<a href=\"https:\/\/suvremene-teme.vern.hr\/en\/author\/david-kukovec\/\" title=\"Posts by David Kukovec\" class=\"author url fn\" rel=\"author\">David Kukovec<\/a>\t\t<\/span>\r\n\t\t\t\t\t<span class=\"posted-on\">\n\t\t\t\t<time class=\"entry-date published\" datetime=\"2014-04-28T08:15:00+00:00\">28. April 2014.<\/time><time class=\"updated\" datetime=\"2026-04-24T08:19:50+00:00\">24. April 2026.<\/time>\t\t\t<\/span>\n\t\t\t\t<\/div><!-- .entry-meta -->\n\t<\/header><!-- .entry-header -->\n\t<div class=\"entry-summary\">\n\t\t\t<\/div><!-- .entry-summary -->\n\t<footer class=\"entry-footer\">\n\t\t\t<div class=\"entry-actions\">\n\t\t\t<p class=\"more-link-wrap\">\n\t\t\t\t<a href=\"https:\/\/suvremene-teme.vern.hr\/en\/mirjana-kasapovic-kombinirani-izborni-sustavi-u-europi-1945-2014\/\" class=\"post-more-link\">\n\t\t\t\t\tVi\u0161e <span class=\"screen-reader-text\"> Mirjana Kasapovi\u0107: Combined Electoral Systems in Europe 1945-2014.<\/span><span class=\"kadence-svg-iconset svg-baseline\"><svg aria-hidden=\"true\" class=\"kadence-svg-icon kadence-arrow-right-alt-svg\" fill=\"currentColor\" version=\"1.1\" xmlns=\"http:\/\/www.w3.org\/2000\/svg\" width=\"27\" height=\"28\" viewbox=\"0 0 27 28\"><title>Continue<\/title><path d=\"M27 13.953c0 0.141-0.063 0.281-0.156 0.375l-6 5.531c-0.156 0.141-0.359 0.172-0.547 0.094-0.172-0.078-0.297-0.25-0.297-0.453v-3.5h-19.5c-0.281 0-0.5-0.219-0.5-0.5v-3c0-0.281 0.219-0.5 0.5-0.5h19.5v-3.5c0-0.203 0.109-0.375 0.297-0.453s0.391-0.047 0.547 0.078l6 5.469c0.094 0.094 0.156 0.219 0.156 0.359v0z\"><\/path>\n\t\t\t<\/svg><\/span>\t\t\t\t<\/a>\n\t\t\t<\/p>\n\t\t<\/div><!-- .entry-actions -->\n\t\t<\/footer><!-- .entry-footer -->\t\t<\/div>\n\t<\/article>\n<\/li>\n<li class=\"kb-post-list-item\">\n\t<article class=\"entry content-bg loop-entry post-666 post type-post status-publish format-standard hentry category-17 tag-idealizam tag-kant tag-liberalizam tag-medunarodni-odnosi tag-teorija-medunarodnih-odnosa\">\n\t\t\t\t<div class=\"entry-content-wrap\">\n\t\t\t<header class=\"entry-header\">\n\t<h2 class=\"entry-title\"><a href=\"https:\/\/suvremene-teme.vern.hr\/en\/dejan-jovic-ur-liberalne-teorije-medunarodnih-odnosa\/\" rel=\"bookmark\">Dejan Jovi\u0107 (ed.): Liberal theories of international relations<\/a><\/h2>\t<div class=\"entry-meta entry-meta-divider-dot\">\n\t\t\t<span class=\"posted-by\">\r\n\t\tBy&nbsp;<a href=\"https:\/\/suvremene-teme.vern.hr\/en\/author\/apolonija-rihtaric\/\" title=\"Posts by Apolonija Rihtari\u0107\" class=\"author url fn\" rel=\"author\">Apolonija Rihtari\u0107<\/a>\t\t<\/span>\r\n\t\t\t\t\t<span class=\"posted-on\">\n\t\t\t\t<time class=\"entry-date published\" datetime=\"2016-04-28T08:12:00+00:00\">28. April 2016.<\/time><time class=\"updated\" datetime=\"2026-04-24T08:19:56+00:00\">24. April 2026.<\/time>\t\t\t<\/span>\n\t\t\t\t<\/div><!-- .entry-meta -->\n\t<\/header><!-- .entry-header -->\n\t<div class=\"entry-summary\">\n\t\t\t<\/div><!-- .entry-summary -->\n\t<footer class=\"entry-footer\">\n\t\t\t<div class=\"entry-actions\">\n\t\t\t<p class=\"more-link-wrap\">\n\t\t\t\t<a href=\"https:\/\/suvremene-teme.vern.hr\/en\/dejan-jovic-ur-liberalne-teorije-medunarodnih-odnosa\/\" class=\"post-more-link\">\n\t\t\t\t\tVi\u0161e <span class=\"screen-reader-text\"> Dejan Jovi\u0107 (ed.): Liberal theories of international relations<\/span><span class=\"kadence-svg-iconset svg-baseline\"><svg aria-hidden=\"true\" class=\"kadence-svg-icon kadence-arrow-right-alt-svg\" fill=\"currentColor\" version=\"1.1\" xmlns=\"http:\/\/www.w3.org\/2000\/svg\" width=\"27\" height=\"28\" viewbox=\"0 0 27 28\"><title>Continue<\/title><path d=\"M27 13.953c0 0.141-0.063 0.281-0.156 0.375l-6 5.531c-0.156 0.141-0.359 0.172-0.547 0.094-0.172-0.078-0.297-0.25-0.297-0.453v-3.5h-19.5c-0.281 0-0.5-0.219-0.5-0.5v-3c0-0.281 0.219-0.5 0.5-0.5h19.5v-3.5c0-0.203 0.109-0.375 0.297-0.453s0.391-0.047 0.547 0.078l6 5.469c0.094 0.094 0.156 0.219 0.156 0.359v0z\"><\/path>\n\t\t\t<\/svg><\/span>\t\t\t\t<\/a>\n\t\t\t<\/p>\n\t\t<\/div><!-- .entry-actions -->\n\t\t<\/footer><!-- .entry-footer -->\t\t<\/div>\n\t<\/article>\n<\/li>\n<li class=\"kb-post-list-item\">\n\t<article class=\"entry content-bg loop-entry post-663 post type-post status-publish format-standard hentry category-17 tag-autoritarni-rezim tag-demokratizacija tag-europeizacija tag-jugoistocna-europa tag-liberalizacija tag-tranzicija\">\n\t\t\t\t<div class=\"entry-content-wrap\">\n\t\t\t<header class=\"entry-header\">\n\t<h2 class=\"entry-title\"><a href=\"https:\/\/suvremene-teme.vern.hr\/en\/danijela-dolenec-demokratske-institucije-i-autoritarna-vladavina-u-jugoistocnoj-europi\/\" rel=\"bookmark\">Danijela Dolenec: Democratic Institutions and Authoritarian Rule in Southeast Europe<\/a><\/h2>\t<div class=\"entry-meta entry-meta-divider-dot\">\n\t\t\t<span class=\"posted-by\">\r\n\t\tBy&nbsp;<a href=\"https:\/\/suvremene-teme.vern.hr\/en\/author\/davor-paukovic\/\" title=\"Posts by Davor Paukovi\u0107\" class=\"author url fn\" rel=\"author\">Davor Paukovi\u0107<\/a>\t\t<\/span>\r\n\t\t\t\t\t<span class=\"posted-on\">\n\t\t\t\t<time class=\"entry-date published\" datetime=\"2014-04-28T08:09:00+00:00\">28. April 2014.<\/time><time class=\"updated\" datetime=\"2026-04-24T08:20:54+00:00\">24. April 2026.<\/time>\t\t\t<\/span>\n\t\t\t\t<\/div><!-- .entry-meta -->\n\t<\/header><!-- .entry-header -->\n\t<div class=\"entry-summary\">\n\t\t\t<\/div><!-- .entry-summary -->\n\t<footer class=\"entry-footer\">\n\t\t\t<div class=\"entry-actions\">\n\t\t\t<p class=\"more-link-wrap\">\n\t\t\t\t<a href=\"https:\/\/suvremene-teme.vern.hr\/en\/danijela-dolenec-demokratske-institucije-i-autoritarna-vladavina-u-jugoistocnoj-europi\/\" class=\"post-more-link\">\n\t\t\t\t\tVi\u0161e <span class=\"screen-reader-text\"> Danijela Dolenec: Democratic Institutions and Authoritarian Rule in Southeast Europe<\/span><span class=\"kadence-svg-iconset svg-baseline\"><svg aria-hidden=\"true\" class=\"kadence-svg-icon kadence-arrow-right-alt-svg\" fill=\"currentColor\" version=\"1.1\" xmlns=\"http:\/\/www.w3.org\/2000\/svg\" width=\"27\" height=\"28\" viewbox=\"0 0 27 28\"><title>Continue<\/title><path d=\"M27 13.953c0 0.141-0.063 0.281-0.156 0.375l-6 5.531c-0.156 0.141-0.359 0.172-0.547 0.094-0.172-0.078-0.297-0.25-0.297-0.453v-3.5h-19.5c-0.281 0-0.5-0.219-0.5-0.5v-3c0-0.281 0.219-0.5 0.5-0.5h19.5v-3.5c0-0.203 0.109-0.375 0.297-0.453s0.391-0.047 0.547 0.078l6 5.469c0.094 0.094 0.156 0.219 0.156 0.359v0z\"><\/path>\n\t\t\t<\/svg><\/span>\t\t\t\t<\/a>\n\t\t\t<\/p>\n\t\t<\/div><!-- .entry-actions -->\n\t\t<\/footer><!-- .entry-footer -->\t\t<\/div>\n\t<\/article>\n<\/li>\n<li class=\"kb-post-list-item\">\n\t<article class=\"entry content-bg loop-entry post-659 post type-post status-publish format-standard hentry category-17 tag-identitet tag-istra tag-italija tag-teritorij\">\n\t\t\t\t<div class=\"entry-content-wrap\">\n\t\t\t<header class=\"entry-header\">\n\t<h2 class=\"entry-title\"><a href=\"https:\/\/suvremene-teme.vern.hr\/en\/viseslav-raos-teritorijalnost-i-identitet-istarski-demokratski-sabor-i-sjeverna-liga\/\" rel=\"bookmark\">Vi\u0161eslav Raos: Territoriality and Identity: Istrian Democratic Parliament and the Northern League<\/a><\/h2>\t<div class=\"entry-meta entry-meta-divider-dot\">\n\t\t\t<span class=\"posted-by\">\r\n\t\tBy&nbsp;<a href=\"https:\/\/suvremene-teme.vern.hr\/en\/author\/mirela-radonjic\/\" title=\"Posts by Mirela Radonji\u0107\" class=\"author url fn\" rel=\"author\">Mirela Radonji\u0107<\/a>\t\t<\/span>\r\n\t\t\t\t\t<span class=\"posted-on\">\n\t\t\t\t<time class=\"entry-date published\" datetime=\"2014-04-28T08:05:00+00:00\">28. April 2014.<\/time><time class=\"updated\" datetime=\"2026-04-24T08:21:01+00:00\">24. April 2026.<\/time>\t\t\t<\/span>\n\t\t\t\t<\/div><!-- .entry-meta -->\n\t<\/header><!-- .entry-header -->\n\t<div class=\"entry-summary\">\n\t\t\t<\/div><!-- .entry-summary -->\n\t<footer class=\"entry-footer\">\n\t\t\t<div class=\"entry-actions\">\n\t\t\t<p class=\"more-link-wrap\">\n\t\t\t\t<a href=\"https:\/\/suvremene-teme.vern.hr\/en\/viseslav-raos-teritorijalnost-i-identitet-istarski-demokratski-sabor-i-sjeverna-liga\/\" class=\"post-more-link\">\n\t\t\t\t\tVi\u0161e <span class=\"screen-reader-text\"> Vi\u0161eslav Raos: Territoriality and Identity: Istrian Democratic Parliament and the Northern League<\/span><span class=\"kadence-svg-iconset svg-baseline\"><svg aria-hidden=\"true\" class=\"kadence-svg-icon kadence-arrow-right-alt-svg\" fill=\"currentColor\" version=\"1.1\" xmlns=\"http:\/\/www.w3.org\/2000\/svg\" width=\"27\" height=\"28\" viewbox=\"0 0 27 28\"><title>Continue<\/title><path d=\"M27 13.953c0 0.141-0.063 0.281-0.156 0.375l-6 5.531c-0.156 0.141-0.359 0.172-0.547 0.094-0.172-0.078-0.297-0.25-0.297-0.453v-3.5h-19.5c-0.281 0-0.5-0.219-0.5-0.5v-3c0-0.281 0.219-0.5 0.5-0.5h19.5v-3.5c0-0.203 0.109-0.375 0.297-0.453s0.391-0.047 0.547 0.078l6 5.469c0.094 0.094 0.156 0.219 0.156 0.359v0z\"><\/path>\n\t\t\t<\/svg><\/span>\t\t\t\t<\/a>\n\t\t\t<\/p>\n\t\t<\/div><!-- .entry-actions -->\n\t\t<\/footer><!-- .entry-footer -->\t\t<\/div>\n\t<\/article>\n<\/li>\n<\/ul><\/div><\/div>\n\n\n\n<div class=\"wp-block-kadence-tab kt-tab-inner-content kt-inner-tab-12 kt-inner-tab_d27220-23\"><div class=\"kt-tab-inner-content-inner\"><style>.kb-posts-id-_bfb942-dd .kb-post-list-item{display:grid;}<\/style><ul class=\"wp-block-kadence-posts kb-posts kadence-posts-list kb-posts-id-_bfb942-dd content-wrap grid-cols kb-posts-style-boxed grid-sm-col-2 grid-lg-col-2 item-image-style-above\"><li class=\"kb-post-list-item\">\n\t<article class=\"entry content-bg loop-entry post-739 post type-post status-publish format-standard hentry category-18 tag-engleska-skola tag-hedley-bull tag-medunarodno-drustvo tag-medunarodno-pravo tag-prirodno-pravo tag-rat tag-ravnoteza-snaga tag-vestfalski-sustav\">\n\t\t\t\t<div class=\"entry-content-wrap\">\n\t\t\t<header class=\"entry-header\">\n\t<h2 class=\"entry-title\"><a href=\"https:\/\/suvremene-teme.vern.hr\/en\/spekulativni-pristup-institucijama-medunarodnog-drustva\/\" rel=\"bookmark\">A Speculative Approach to the Institutions of the International Society<\/a><\/h2>\t<div class=\"entry-meta entry-meta-divider-dot\">\n\t\t\t<span class=\"posted-by\">\r\n\t\tBy&nbsp;<a href=\"https:\/\/suvremene-teme.vern.hr\/en\/author\/petar-popovic\/\" title=\"Posts by Petar Popovi\u0107\" class=\"author url fn\" rel=\"author\">Petar Popovi\u0107<\/a>\t\t<\/span>\r\n\t\t\t\t\t<span class=\"posted-on\">\n\t\t\t\t<time class=\"entry-date published\" datetime=\"2013-04-28T10:12:00+00:00\">28. April 2013.<\/time><time class=\"updated\" datetime=\"2026-04-24T08:16:20+00:00\">24. April 2026.<\/time>\t\t\t<\/span>\n\t\t\t\t<\/div><!-- .entry-meta -->\n\t<\/header><!-- .entry-header -->\n\t<div class=\"entry-summary\">\n\t\t<p>The English School of International Relations represents an infinite source for the ongoing research of the \u201cinternational society\u201d concept. The paper speculatively examines three international society institutions: war, balance of power and international law; in order to indicate contemporary \u201cscientific\u201d (mostly realist) limitations to the terminological understanding of the international society concept.<\/p>\n\t<\/div><!-- .entry-summary -->\n\t<footer class=\"entry-footer\">\n\t\t\t<div class=\"entry-actions\">\n\t\t\t<p class=\"more-link-wrap\">\n\t\t\t\t<a href=\"https:\/\/suvremene-teme.vern.hr\/en\/spekulativni-pristup-institucijama-medunarodnog-drustva\/\" class=\"post-more-link\">\n\t\t\t\t\tVi\u0161e <span class=\"screen-reader-text\"> A Speculative Approach to the Institutions of the International Society<\/span><span class=\"kadence-svg-iconset svg-baseline\"><svg aria-hidden=\"true\" class=\"kadence-svg-icon kadence-arrow-right-alt-svg\" fill=\"currentColor\" version=\"1.1\" xmlns=\"http:\/\/www.w3.org\/2000\/svg\" width=\"27\" height=\"28\" viewbox=\"0 0 27 28\"><title>Continue<\/title><path d=\"M27 13.953c0 0.141-0.063 0.281-0.156 0.375l-6 5.531c-0.156 0.141-0.359 0.172-0.547 0.094-0.172-0.078-0.297-0.25-0.297-0.453v-3.5h-19.5c-0.281 0-0.5-0.219-0.5-0.5v-3c0-0.281 0.219-0.5 0.5-0.5h19.5v-3.5c0-0.203 0.109-0.375 0.297-0.453s0.391-0.047 0.547 0.078l6 5.469c0.094 0.094 0.156 0.219 0.156 0.359v0z\"><\/path>\n\t\t\t<\/svg><\/span>\t\t\t\t<\/a>\n\t\t\t<\/p>\n\t\t<\/div><!-- .entry-actions -->\n\t\t<\/footer><!-- .entry-footer -->\t\t<\/div>\n\t<\/article>\n<\/li>\n<li class=\"kb-post-list-item\">\n\t<article class=\"entry content-bg loop-entry post-736 post type-post status-publish format-standard hentry category-18 tag-gradanski-rat tag-immanuel-kant tag-irak tag-liberalna-demokracija tag-teorija-demokratskog-mira\">\n\t\t\t\t<div class=\"entry-content-wrap\">\n\t\t\t<header class=\"entry-header\">\n\t<h2 class=\"entry-title\"><a href=\"https:\/\/suvremene-teme.vern.hr\/en\/teorija-demokratskog-mira-put-prema-gradanskom-ratu-studija-slucaja-iraka\/\" rel=\"bookmark\">Democratic Peace Theory: A Path Towards Civil War: The Case of Iraq<\/a><\/h2>\t<div class=\"entry-meta entry-meta-divider-dot\">\n\t\t\t<span class=\"posted-by\">\r\n\t\tBy&nbsp;<a href=\"https:\/\/suvremene-teme.vern.hr\/en\/author\/borna-zguric\/\" title=\"Posts by Borna Zguri\u0107\" class=\"author url fn\" rel=\"author\">Borna Zguri\u0107<\/a>\t\t<\/span>\r\n\t\t\t\t\t<span class=\"posted-on\">\n\t\t\t\t<time class=\"entry-date published\" datetime=\"2013-04-28T10:02:00+00:00\">28. April 2013.<\/time><time class=\"updated\" datetime=\"2026-04-24T08:16:26+00:00\">24. April 2026.<\/time>\t\t\t<\/span>\n\t\t\t\t<\/div><!-- .entry-meta -->\n\t<\/header><!-- .entry-header -->\n\t<div class=\"entry-summary\">\n\t\t<p>The author suggests that the liberal paradigm of democratic peace is problematic in explaining the international reality. Democratization does not necessarily lead toward peace, but quite the contrary, induces wars, primarily in the sense of \u201cjust wars\u201d with the aim of toppling down authoritarian regimes. Also, the paper shows that democracies do go to war<\/p>\n\t<\/div><!-- .entry-summary -->\n\t<footer class=\"entry-footer\">\n\t\t\t<div class=\"entry-actions\">\n\t\t\t<p class=\"more-link-wrap\">\n\t\t\t\t<a href=\"https:\/\/suvremene-teme.vern.hr\/en\/teorija-demokratskog-mira-put-prema-gradanskom-ratu-studija-slucaja-iraka\/\" class=\"post-more-link\">\n\t\t\t\t\tVi\u0161e <span class=\"screen-reader-text\"> Democratic Peace Theory: A Path Towards Civil War: The Case of Iraq<\/span><span class=\"kadence-svg-iconset svg-baseline\"><svg aria-hidden=\"true\" class=\"kadence-svg-icon kadence-arrow-right-alt-svg\" fill=\"currentColor\" version=\"1.1\" xmlns=\"http:\/\/www.w3.org\/2000\/svg\" width=\"27\" height=\"28\" viewbox=\"0 0 27 28\"><title>Continue<\/title><path d=\"M27 13.953c0 0.141-0.063 0.281-0.156 0.375l-6 5.531c-0.156 0.141-0.359 0.172-0.547 0.094-0.172-0.078-0.297-0.25-0.297-0.453v-3.5h-19.5c-0.281 0-0.5-0.219-0.5-0.5v-3c0-0.281 0.219-0.5 0.5-0.5h19.5v-3.5c0-0.203 0.109-0.375 0.297-0.453s0.391-0.047 0.547 0.078l6 5.469c0.094 0.094 0.156 0.219 0.156 0.359v0z\"><\/path>\n\t\t\t<\/svg><\/span>\t\t\t\t<\/a>\n\t\t\t<\/p>\n\t\t<\/div><!-- .entry-actions -->\n\t\t<\/footer><!-- .entry-footer -->\t\t<\/div>\n\t<\/article>\n<\/li>\n<li class=\"kb-post-list-item\">\n\t<article class=\"entry content-bg loop-entry post-733 post type-post status-publish format-standard hentry category-18 tag-elitne-organizacije tag-korporativna-diplomacija tag-lobiranje tag-malteski-red tag-simbolicka-moc tag-slobodni-zidari tag-utilitarna-moc\">\n\t\t\t\t<div class=\"entry-content-wrap\">\n\t\t\t<header class=\"entry-header\">\n\t<h2 class=\"entry-title\"><a href=\"https:\/\/suvremene-teme.vern.hr\/en\/od-tajnog-do-javnog-moc-elitnih-organizacija-simbolicka-moc-i-korporativna-diplomacija\/\" rel=\"bookmark\">From the Secret to the Public: The Power of Elite Organizations: Symbolic Power and Corporative Diplomacy<\/a><\/h2>\t<div class=\"entry-meta entry-meta-divider-dot\">\n\t\t\t<span class=\"posted-by\">\r\n\t\tBy&nbsp;<a href=\"https:\/\/suvremene-teme.vern.hr\/en\/author\/marin-juricevic\/\" title=\"Posts by Marin Juri\u010devi\u0107\" class=\"author url fn\" rel=\"author\">Marin Juri\u010devi\u0107<\/a>&nbsp;&#038;&nbsp;<a href=\"https:\/\/suvremene-teme.vern.hr\/en\/author\/vedran-obucina\/\" title=\"Posts by Vedran Obu\u0107ina\" class=\"author url fn\" rel=\"author\">Vedran Obu\u0107ina<\/a>\t\t<\/span>\r\n\t\t\t\t\t<span class=\"posted-on\">\n\t\t\t\t<time class=\"entry-date published\" datetime=\"2013-04-28T09:49:00+00:00\">28. April 2013.<\/time><time class=\"updated\" datetime=\"2026-04-24T08:19:03+00:00\">24. April 2026.<\/time>\t\t\t<\/span>\n\t\t\t\t<\/div><!-- .entry-meta -->\n\t<\/header><!-- .entry-header -->\n\t<div class=\"entry-summary\">\n\t\t<p>Chivalric orders and self-styled orders have been part of silent diplomacy for centuries and show remarkable resilience to change. Chivalric orders are based on historical legitimacy, while self-styled orders are a result of democratic change brought by the American and French Revolution. Their power in society is a research topic of many scientific and quasi-scientific discussions and studies, many of which use the term of secret societies...<\/p>\n\t<\/div><!-- .entry-summary -->\n\t<footer class=\"entry-footer\">\n\t\t\t<div class=\"entry-actions\">\n\t\t\t<p class=\"more-link-wrap\">\n\t\t\t\t<a href=\"https:\/\/suvremene-teme.vern.hr\/en\/od-tajnog-do-javnog-moc-elitnih-organizacija-simbolicka-moc-i-korporativna-diplomacija\/\" class=\"post-more-link\">\n\t\t\t\t\tVi\u0161e <span class=\"screen-reader-text\"> From the Secret to the Public: The Power of Elite Organizations: Symbolic Power and Corporative Diplomacy<\/span><span class=\"kadence-svg-iconset svg-baseline\"><svg aria-hidden=\"true\" class=\"kadence-svg-icon kadence-arrow-right-alt-svg\" fill=\"currentColor\" version=\"1.1\" xmlns=\"http:\/\/www.w3.org\/2000\/svg\" width=\"27\" height=\"28\" viewbox=\"0 0 27 28\"><title>Continue<\/title><path d=\"M27 13.953c0 0.141-0.063 0.281-0.156 0.375l-6 5.531c-0.156 0.141-0.359 0.172-0.547 0.094-0.172-0.078-0.297-0.25-0.297-0.453v-3.5h-19.5c-0.281 0-0.5-0.219-0.5-0.5v-3c0-0.281 0.219-0.5 0.5-0.5h19.5v-3.5c0-0.203 0.109-0.375 0.297-0.453s0.391-0.047 0.547 0.078l6 5.469c0.094 0.094 0.156 0.219 0.156 0.359v0z\"><\/path>\n\t\t\t<\/svg><\/span>\t\t\t\t<\/a>\n\t\t\t<\/p>\n\t\t<\/div><!-- .entry-actions -->\n\t\t<\/footer><!-- .entry-footer -->\t\t<\/div>\n\t<\/article>\n<\/li>\n<li class=\"kb-post-list-item\">\n\t<article class=\"entry content-bg loop-entry post-727 post type-post status-publish format-standard hentry category-18 tag-domovinski-rat tag-francuska tag-mirovna-misija tag-rat-u-bosni-i-hercegovini tag-unprofor tag-vanjska-politika\">\n\t\t\t\t<div class=\"entry-content-wrap\">\n\t\t\t<header class=\"entry-header\">\n\t<h2 class=\"entry-title\"><a href=\"https:\/\/suvremene-teme.vern.hr\/en\/znacajke-francuskog-sudjelovanja-u-misiji-unprofor-a-1992-1995\/\" rel=\"bookmark\">The Characteristics of the French Involvement in the 1992-1995 UNPROFOR Mission<\/a><\/h2>\t<div class=\"entry-meta entry-meta-divider-dot\">\n\t\t\t<span class=\"posted-by\">\r\n\t\tBy&nbsp;<a href=\"https:\/\/suvremene-teme.vern.hr\/en\/author\/vladimir-filipovic\/\" title=\"Posts by Vladimir Filipovi\u0107\" class=\"author url fn\" rel=\"author\">Vladimir Filipovi\u0107<\/a>\t\t<\/span>\r\n\t\t\t\t\t<span class=\"posted-on\">\n\t\t\t\t<time class=\"entry-date published\" datetime=\"2013-04-28T09:44:24+00:00\">28. April 2013.<\/time><time class=\"updated\" datetime=\"2026-04-24T08:19:08+00:00\">24. April 2026.<\/time>\t\t\t<\/span>\n\t\t\t\t<\/div><!-- .entry-meta -->\n\t<\/header><!-- .entry-header -->\n\t<div class=\"entry-summary\">\n\t\t<p>This paper discusses some characteristics of the involvement of French troops in the United Nations Mission in Croatia and Bosnia-Herzegovina from 1992 to 1995. It addresses the question of motives of French policy makers regarding their decision to voluntarily send troops to partake in the United Nations mission. The subject matter is analyzed from the perspective of the neorealist...<\/p>\n\t<\/div><!-- .entry-summary -->\n\t<footer class=\"entry-footer\">\n\t\t\t<div class=\"entry-actions\">\n\t\t\t<p class=\"more-link-wrap\">\n\t\t\t\t<a href=\"https:\/\/suvremene-teme.vern.hr\/en\/znacajke-francuskog-sudjelovanja-u-misiji-unprofor-a-1992-1995\/\" class=\"post-more-link\">\n\t\t\t\t\tVi\u0161e <span class=\"screen-reader-text\"> The Characteristics of the French Involvement in the 1992-1995 UNPROFOR Mission<\/span><span class=\"kadence-svg-iconset svg-baseline\"><svg aria-hidden=\"true\" class=\"kadence-svg-icon kadence-arrow-right-alt-svg\" fill=\"currentColor\" version=\"1.1\" xmlns=\"http:\/\/www.w3.org\/2000\/svg\" width=\"27\" height=\"28\" viewbox=\"0 0 27 28\"><title>Continue<\/title><path d=\"M27 13.953c0 0.141-0.063 0.281-0.156 0.375l-6 5.531c-0.156 0.141-0.359 0.172-0.547 0.094-0.172-0.078-0.297-0.25-0.297-0.453v-3.5h-19.5c-0.281 0-0.5-0.219-0.5-0.5v-3c0-0.281 0.219-0.5 0.5-0.5h19.5v-3.5c0-0.203 0.109-0.375 0.297-0.453s0.391-0.047 0.547 0.078l6 5.469c0.094 0.094 0.156 0.219 0.156 0.359v0z\"><\/path>\n\t\t\t<\/svg><\/span>\t\t\t\t<\/a>\n\t\t\t<\/p>\n\t\t<\/div><!-- .entry-actions -->\n\t\t<\/footer><!-- .entry-footer -->\t\t<\/div>\n\t<\/article>\n<\/li>\n<li class=\"kb-post-list-item\">\n\t<article class=\"entry content-bg loop-entry post-723 post type-post status-publish format-standard hentry category-18 tag-ishodi-ucenja tag-kompetencije tag-kurikulum tag-kurikulumski-pristup\">\n\t\t\t\t<div class=\"entry-content-wrap\">\n\t\t\t<header class=\"entry-header\">\n\t<h2 class=\"entry-title\"><a href=\"https:\/\/suvremene-teme.vern.hr\/en\/modeli-kompetencija-za-drustvo-znanja\/\" rel=\"bookmark\">Competency Models for a Knowledge-Based Society<\/a><\/h2>\t<div class=\"entry-meta entry-meta-divider-dot\">\n\t\t\t<span class=\"posted-by\">\r\n\t\tBy&nbsp;<a href=\"https:\/\/suvremene-teme.vern.hr\/en\/author\/marta-racic\/\" title=\"Posts by Marta Ra\u010di\u0107\" class=\"author url fn\" rel=\"author\">Marta Ra\u010di\u0107<\/a>\t\t<\/span>\r\n\t\t\t\t\t<span class=\"posted-on\">\n\t\t\t\t<time class=\"entry-date published\" datetime=\"2013-04-28T09:39:00+00:00\">28. April 2013.<\/time><time class=\"updated\" datetime=\"2026-04-24T08:19:14+00:00\">24. April 2026.<\/time>\t\t\t<\/span>\n\t\t\t\t<\/div><!-- .entry-meta -->\n\t<\/header><!-- .entry-header -->\n\t<div class=\"entry-summary\">\n\t\t<p>Competencies, learning outcomes and curriculum approaches are very important in the field of national education, and they are dominant in pedagogical theory and reality since the beginning of the EU accession process. Educational politics act and change the national educational system under the influence of the politics and the necessary social process of Europeanization.<\/p>\n\t<\/div><!-- .entry-summary -->\n\t<footer class=\"entry-footer\">\n\t\t\t<div class=\"entry-actions\">\n\t\t\t<p class=\"more-link-wrap\">\n\t\t\t\t<a href=\"https:\/\/suvremene-teme.vern.hr\/en\/modeli-kompetencija-za-drustvo-znanja\/\" class=\"post-more-link\">\n\t\t\t\t\tVi\u0161e <span class=\"screen-reader-text\"> Competency Models for a Knowledge-Based Society<\/span><span class=\"kadence-svg-iconset svg-baseline\"><svg aria-hidden=\"true\" class=\"kadence-svg-icon kadence-arrow-right-alt-svg\" fill=\"currentColor\" version=\"1.1\" xmlns=\"http:\/\/www.w3.org\/2000\/svg\" width=\"27\" height=\"28\" viewbox=\"0 0 27 28\"><title>Continue<\/title><path d=\"M27 13.953c0 0.141-0.063 0.281-0.156 0.375l-6 5.531c-0.156 0.141-0.359 0.172-0.547 0.094-0.172-0.078-0.297-0.25-0.297-0.453v-3.5h-19.5c-0.281 0-0.5-0.219-0.5-0.5v-3c0-0.281 0.219-0.5 0.5-0.5h19.5v-3.5c0-0.203 0.109-0.375 0.297-0.453s0.391-0.047 0.547 0.078l6 5.469c0.094 0.094 0.156 0.219 0.156 0.359v0z\"><\/path>\n\t\t\t<\/svg><\/span>\t\t\t\t<\/a>\n\t\t\t<\/p>\n\t\t<\/div><!-- .entry-actions -->\n\t\t<\/footer><!-- .entry-footer -->\t\t<\/div>\n\t<\/article>\n<\/li>\n<li class=\"kb-post-list-item\">\n\t<article class=\"entry content-bg loop-entry post-719 post type-post status-publish format-standard hentry category-18 tag-socijalna-poduzeca tag-socijalno-poduzetnistvo\">\n\t\t\t\t<div class=\"entry-content-wrap\">\n\t\t\t<header class=\"entry-header\">\n\t<h2 class=\"entry-title\"><a href=\"https:\/\/suvremene-teme.vern.hr\/en\/4-emes-ova-medunarodna-istrazivacka-konferencija-o-socijalnim-poduzecima-ako-ne-za-profit-za-sto-i-kako\/\" rel=\"bookmark\">4. EMES-ova me\u0111unarodna istra\u017eiva\u010dka konferencija o socijalnim poduze\u0107ima: ako ne za profit, za \u0161to? i kako?<\/a><\/h2>\t<div class=\"entry-meta entry-meta-divider-dot\">\n\t\t\t<span class=\"posted-by\">\r\n\t\tBy&nbsp;<a href=\"https:\/\/suvremene-teme.vern.hr\/en\/author\/davorka-vidovic\/\" title=\"Posts by Davorka Vidovi\u0107\" class=\"author url fn\" rel=\"author\">Davorka Vidovi\u0107<\/a>\t\t<\/span>\r\n\t\t\t\t\t<span class=\"posted-on\">\n\t\t\t\t<time class=\"entry-date published\" datetime=\"2013-04-28T09:31:00+00:00\">28. April 2013.<\/time><time class=\"updated\" datetime=\"2026-04-24T08:19:20+00:00\">24. April 2026.<\/time>\t\t\t<\/span>\n\t\t\t\t<\/div><!-- .entry-meta -->\n\t<\/header><!-- .entry-header -->\n\t<div class=\"entry-summary\">\n\t\t\t<\/div><!-- .entry-summary -->\n\t<footer class=\"entry-footer\">\n\t\t\t<div class=\"entry-actions\">\n\t\t\t<p class=\"more-link-wrap\">\n\t\t\t\t<a href=\"https:\/\/suvremene-teme.vern.hr\/en\/4-emes-ova-medunarodna-istrazivacka-konferencija-o-socijalnim-poduzecima-ako-ne-za-profit-za-sto-i-kako\/\" class=\"post-more-link\">\n\t\t\t\t\tVi\u0161e <span class=\"screen-reader-text\"> 4. EMES-ova me\u0111unarodna istra\u017eiva\u010dka konferencija o socijalnim poduze\u0107ima: ako ne za profit, za \u0161to? i kako?<\/span><span class=\"kadence-svg-iconset svg-baseline\"><svg aria-hidden=\"true\" class=\"kadence-svg-icon kadence-arrow-right-alt-svg\" fill=\"currentColor\" version=\"1.1\" xmlns=\"http:\/\/www.w3.org\/2000\/svg\" width=\"27\" height=\"28\" viewbox=\"0 0 27 28\"><title>Continue<\/title><path d=\"M27 13.953c0 0.141-0.063 0.281-0.156 0.375l-6 5.531c-0.156 0.141-0.359 0.172-0.547 0.094-0.172-0.078-0.297-0.25-0.297-0.453v-3.5h-19.5c-0.281 0-0.5-0.219-0.5-0.5v-3c0-0.281 0.219-0.5 0.5-0.5h19.5v-3.5c0-0.203 0.109-0.375 0.297-0.453s0.391-0.047 0.547 0.078l6 5.469c0.094 0.094 0.156 0.219 0.156 0.359v0z\"><\/path>\n\t\t\t<\/svg><\/span>\t\t\t\t<\/a>\n\t\t\t<\/p>\n\t\t<\/div><!-- .entry-actions -->\n\t\t<\/footer><!-- .entry-footer -->\t\t<\/div>\n\t<\/article>\n<\/li>\n<li class=\"kb-post-list-item\">\n\t<article class=\"entry content-bg loop-entry post-715 post type-post status-publish format-standard hentry category-18 tag-balkan tag-kina\">\n\t\t\t\t<div class=\"entry-content-wrap\">\n\t\t\t<header class=\"entry-header\">\n\t<h2 class=\"entry-title\"><a href=\"https:\/\/suvremene-teme.vern.hr\/en\/jasna-plevnik-stjepan-mesic-i-ljubo-jurcic-kina-na-balkanu\/\" rel=\"bookmark\">Jasna Plevnik, Stjepan Mesi\u0107 i Ljubo Jur\u010di\u0107: Kina na Balkanu<\/a><\/h2>\t<div class=\"entry-meta entry-meta-divider-dot\">\n\t\t\t<span class=\"posted-by\">\r\n\t\tBy&nbsp;<a href=\"https:\/\/suvremene-teme.vern.hr\/en\/author\/borna-zguric\/\" title=\"Posts by Borna Zguri\u0107\" class=\"author url fn\" rel=\"author\">Borna Zguri\u0107<\/a>\t\t<\/span>\r\n\t\t\t\t\t<span class=\"posted-on\">\n\t\t\t\t<time class=\"entry-date published\" datetime=\"2013-04-28T09:28:00+00:00\">28. April 2013.<\/time><time class=\"updated\" datetime=\"2026-04-24T08:19:26+00:00\">24. April 2026.<\/time>\t\t\t<\/span>\n\t\t\t\t<\/div><!-- .entry-meta -->\n\t<\/header><!-- .entry-header -->\n\t<div class=\"entry-summary\">\n\t\t\t<\/div><!-- .entry-summary -->\n\t<footer class=\"entry-footer\">\n\t\t\t<div class=\"entry-actions\">\n\t\t\t<p class=\"more-link-wrap\">\n\t\t\t\t<a href=\"https:\/\/suvremene-teme.vern.hr\/en\/jasna-plevnik-stjepan-mesic-i-ljubo-jurcic-kina-na-balkanu\/\" class=\"post-more-link\">\n\t\t\t\t\tVi\u0161e <span class=\"screen-reader-text\"> Jasna Plevnik, Stjepan Mesi\u0107 i Ljubo Jur\u010di\u0107: Kina na Balkanu<\/span><span class=\"kadence-svg-iconset svg-baseline\"><svg aria-hidden=\"true\" class=\"kadence-svg-icon kadence-arrow-right-alt-svg\" fill=\"currentColor\" version=\"1.1\" xmlns=\"http:\/\/www.w3.org\/2000\/svg\" width=\"27\" height=\"28\" viewbox=\"0 0 27 28\"><title>Continue<\/title><path d=\"M27 13.953c0 0.141-0.063 0.281-0.156 0.375l-6 5.531c-0.156 0.141-0.359 0.172-0.547 0.094-0.172-0.078-0.297-0.25-0.297-0.453v-3.5h-19.5c-0.281 0-0.5-0.219-0.5-0.5v-3c0-0.281 0.219-0.5 0.5-0.5h19.5v-3.5c0-0.203 0.109-0.375 0.297-0.453s0.391-0.047 0.547 0.078l6 5.469c0.094 0.094 0.156 0.219 0.156 0.359v0z\"><\/path>\n\t\t\t<\/svg><\/span>\t\t\t\t<\/a>\n\t\t\t<\/p>\n\t\t<\/div><!-- .entry-actions -->\n\t\t<\/footer><!-- .entry-footer -->\t\t<\/div>\n\t<\/article>\n<\/li>\n<li class=\"kb-post-list-item\">\n\t<article class=\"entry content-bg loop-entry post-710 post type-post status-publish format-standard hentry category-18 tag-hrvatska-demokratska-zajednica tag-laburisticka-stranka tag-prezidencijalizacija-politickih-stranaka tag-spanjolski-socijalisti\">\n\t\t\t\t<div class=\"entry-content-wrap\">\n\t\t\t<header class=\"entry-header\">\n\t<h2 class=\"entry-title\"><a href=\"https:\/\/suvremene-teme.vern.hr\/en\/dario-nikic-cakar-prezidencijalizacija-politickih-stranaka\/\" rel=\"bookmark\">Dario Niki\u0107 \u010cakar: Prezidencijalizacija politi\u010dkih stranaka<\/a><\/h2>\t<div class=\"entry-meta entry-meta-divider-dot\">\n\t\t\t<span class=\"posted-by\">\r\n\t\tBy&nbsp;<a href=\"https:\/\/suvremene-teme.vern.hr\/en\/author\/viseslav-raos\/\" title=\"Posts by Vi\u0161eslav Raos\" class=\"author url fn\" rel=\"author\">Vi\u0161eslav Raos<\/a>\t\t<\/span>\r\n\t\t\t\t\t<span class=\"posted-on\">\n\t\t\t\t<time class=\"entry-date published\" datetime=\"2013-04-28T09:24:00+00:00\">28. April 2013.<\/time><time class=\"updated\" datetime=\"2026-04-24T08:19:32+00:00\">24. April 2026.<\/time>\t\t\t<\/span>\n\t\t\t\t<\/div><!-- .entry-meta -->\n\t<\/header><!-- .entry-header -->\n\t<div class=\"entry-summary\">\n\t\t\t<\/div><!-- .entry-summary -->\n\t<footer class=\"entry-footer\">\n\t\t\t<div class=\"entry-actions\">\n\t\t\t<p class=\"more-link-wrap\">\n\t\t\t\t<a href=\"https:\/\/suvremene-teme.vern.hr\/en\/dario-nikic-cakar-prezidencijalizacija-politickih-stranaka\/\" class=\"post-more-link\">\n\t\t\t\t\tVi\u0161e <span class=\"screen-reader-text\"> Dario Niki\u0107 \u010cakar: Prezidencijalizacija politi\u010dkih stranaka<\/span><span class=\"kadence-svg-iconset svg-baseline\"><svg aria-hidden=\"true\" class=\"kadence-svg-icon kadence-arrow-right-alt-svg\" fill=\"currentColor\" version=\"1.1\" xmlns=\"http:\/\/www.w3.org\/2000\/svg\" width=\"27\" height=\"28\" viewbox=\"0 0 27 28\"><title>Continue<\/title><path d=\"M27 13.953c0 0.141-0.063 0.281-0.156 0.375l-6 5.531c-0.156 0.141-0.359 0.172-0.547 0.094-0.172-0.078-0.297-0.25-0.297-0.453v-3.5h-19.5c-0.281 0-0.5-0.219-0.5-0.5v-3c0-0.281 0.219-0.5 0.5-0.5h19.5v-3.5c0-0.203 0.109-0.375 0.297-0.453s0.391-0.047 0.547 0.078l6 5.469c0.094 0.094 0.156 0.219 0.156 0.359v0z\"><\/path>\n\t\t\t<\/svg><\/span>\t\t\t\t<\/a>\n\t\t\t<\/p>\n\t\t<\/div><!-- .entry-actions -->\n\t\t<\/footer><!-- .entry-footer -->\t\t<\/div>\n\t<\/article>\n<\/li>\n<\/ul><\/div><\/div>\n\n\n\n<div class=\"wp-block-kadence-tab kt-tab-inner-content kt-inner-tab-13 kt-inner-tab_f45fad-2c\"><div class=\"kt-tab-inner-content-inner\"><style>.kb-posts-id-_369da5-bc .kb-post-list-item{display:grid;}<\/style><ul class=\"wp-block-kadence-posts kb-posts kadence-posts-list kb-posts-id-_369da5-bc content-wrap grid-cols kb-posts-style-boxed grid-sm-col-2 grid-lg-col-2 item-image-style-above\"><li class=\"kb-post-list-item\">\n\t<article class=\"entry content-bg loop-entry post-774 post type-post status-publish format-standard hentry category-19 tag-democratic-transition tag-ethnocentrism tag-nation-state tag-nationalism tag-post-communist-societies\">\n\t\t\t\t<div class=\"entry-content-wrap\">\n\t\t\t<header class=\"entry-header\">\n\t<h2 class=\"entry-title\"><a href=\"https:\/\/suvremene-teme.vern.hr\/en\/nationalism-in-croatian-transition-to-democracy-between-structural-conditionality-and-the-impact-of-legacy-of-history-and-political-culture\/\" rel=\"bookmark\">Nationalism in Croatian Transition to Democracy: Between Structural Conditionality and the Impact of Legacy of History and Political Culture<\/a><\/h2>\t<div class=\"entry-meta entry-meta-divider-dot\">\n\t\t\t<span class=\"posted-by\">\r\n\t\tBy&nbsp;<a href=\"https:\/\/suvremene-teme.vern.hr\/en\/author\/pero-maldini\/\" title=\"Posts by Pero Maldini\" class=\"author url fn\" rel=\"author\">Pero Maldini<\/a>\t\t<\/span>\r\n\t\t\t\t\t<span class=\"posted-on\">\n\t\t\t\t<time class=\"entry-date published\" datetime=\"2012-04-28T11:15:00+00:00\">28. April 2012.<\/time><time class=\"updated\" datetime=\"2026-04-24T08:16:32+00:00\">24. April 2026.<\/time>\t\t\t<\/span>\n\t\t\t\t<\/div><!-- .entry-meta -->\n\t<\/header><!-- .entry-header -->\n\t<div class=\"entry-summary\">\n\t\t<p>Sa\u017eetak Nationalism has marked the democratic transition of many post-communistsocieties, including Croatia. It showed its liberal character by fostering democratic change and achieving national independence, but it also manifested itself as exclusive ethnocentrism, which considerably slowed down the democratization process and imposed itself as its main characteristic. The author challenges the view that ethnocentrism as&#8230;<\/p>\n\t<\/div><!-- .entry-summary -->\n\t<footer class=\"entry-footer\">\n\t\t\t<div class=\"entry-actions\">\n\t\t\t<p class=\"more-link-wrap\">\n\t\t\t\t<a href=\"https:\/\/suvremene-teme.vern.hr\/en\/nationalism-in-croatian-transition-to-democracy-between-structural-conditionality-and-the-impact-of-legacy-of-history-and-political-culture\/\" class=\"post-more-link\">\n\t\t\t\t\tVi\u0161e<span class=\"screen-reader-text\"> Nationalism in Croatian Transition to Democracy: Between Structural Conditionality and the Impact of Legacy of History and Political Culture<\/span><span class=\"kadence-svg-iconset svg-baseline\"><svg aria-hidden=\"true\" class=\"kadence-svg-icon kadence-arrow-right-alt-svg\" fill=\"currentColor\" version=\"1.1\" xmlns=\"http:\/\/www.w3.org\/2000\/svg\" width=\"27\" height=\"28\" viewbox=\"0 0 27 28\"><title>Continue<\/title><path d=\"M27 13.953c0 0.141-0.063 0.281-0.156 0.375l-6 5.531c-0.156 0.141-0.359 0.172-0.547 0.094-0.172-0.078-0.297-0.25-0.297-0.453v-3.5h-19.5c-0.281 0-0.5-0.219-0.5-0.5v-3c0-0.281 0.219-0.5 0.5-0.5h19.5v-3.5c0-0.203 0.109-0.375 0.297-0.453s0.391-0.047 0.547 0.078l6 5.469c0.094 0.094 0.156 0.219 0.156 0.359v0z\"><\/path>\n\t\t\t<\/svg><\/span>\t\t\t\t<\/a>\n\t\t\t<\/p>\n\t\t<\/div><!-- .entry-actions -->\n\t\t<\/footer><!-- .entry-footer -->\t\t<\/div>\n\t<\/article>\n<\/li>\n<li class=\"kb-post-list-item\">\n\t<article class=\"entry content-bg loop-entry post-771 post type-post status-publish format-standard hentry category-19 tag-genocide tag-happiness tag-international-community tag-loser-psychology\">\n\t\t\t\t<div class=\"entry-content-wrap\">\n\t\t\t<header class=\"entry-header\">\n\t<h2 class=\"entry-title\"><a href=\"https:\/\/suvremene-teme.vern.hr\/en\/genocide-intent-motivation-and-types\/\" rel=\"bookmark\">Genocide: Intent, Motivation and Types<\/a><\/h2>\t<div class=\"entry-meta entry-meta-divider-dot\">\n\t\t\t<span class=\"posted-by\">\r\n\t\tBy&nbsp;<a href=\"https:\/\/suvremene-teme.vern.hr\/en\/author\/vahram-ayvazyan\/\" title=\"Posts by Vahram Ayvazyan\" class=\"author url fn\" rel=\"author\">Vahram Ayvazyan<\/a>\t\t<\/span>\r\n\t\t\t\t\t<span class=\"posted-on\">\n\t\t\t\t<time class=\"entry-date published\" datetime=\"2012-04-28T11:14:00+00:00\">28. April 2012.<\/time><time class=\"updated\" datetime=\"2026-04-24T08:16:42+00:00\">24. April 2026.<\/time>\t\t\t<\/span>\n\t\t\t\t<\/div><!-- .entry-meta -->\n\t<\/header><!-- .entry-header -->\n\t<div class=\"entry-summary\">\n\t\t<p>Sa\u017eetak Genocide is a complicated social, political and psychological phenomenon. Findings by a number of scholars show that all types of genocides are interdependent and cannot appear in pure types alone. This paper argues that the loser psychology is one major factor for developing a genocidal intent in society. Society, facing harsh realities, feels defeated&#8230;<\/p>\n\t<\/div><!-- .entry-summary -->\n\t<footer class=\"entry-footer\">\n\t\t\t<div class=\"entry-actions\">\n\t\t\t<p class=\"more-link-wrap\">\n\t\t\t\t<a href=\"https:\/\/suvremene-teme.vern.hr\/en\/genocide-intent-motivation-and-types\/\" class=\"post-more-link\">\n\t\t\t\t\tVi\u0161e<span class=\"screen-reader-text\"> Genocide: Intent, Motivation and Types<\/span><span class=\"kadence-svg-iconset svg-baseline\"><svg aria-hidden=\"true\" class=\"kadence-svg-icon kadence-arrow-right-alt-svg\" fill=\"currentColor\" version=\"1.1\" xmlns=\"http:\/\/www.w3.org\/2000\/svg\" width=\"27\" height=\"28\" viewbox=\"0 0 27 28\"><title>Continue<\/title><path d=\"M27 13.953c0 0.141-0.063 0.281-0.156 0.375l-6 5.531c-0.156 0.141-0.359 0.172-0.547 0.094-0.172-0.078-0.297-0.25-0.297-0.453v-3.5h-19.5c-0.281 0-0.5-0.219-0.5-0.5v-3c0-0.281 0.219-0.5 0.5-0.5h19.5v-3.5c0-0.203 0.109-0.375 0.297-0.453s0.391-0.047 0.547 0.078l6 5.469c0.094 0.094 0.156 0.219 0.156 0.359v0z\"><\/path>\n\t\t\t<\/svg><\/span>\t\t\t\t<\/a>\n\t\t\t<\/p>\n\t\t<\/div><!-- .entry-actions -->\n\t\t<\/footer><!-- .entry-footer -->\t\t<\/div>\n\t<\/article>\n<\/li>\n<li class=\"kb-post-list-item\">\n\t<article class=\"entry content-bg loop-entry post-765 post type-post status-publish format-standard hentry category-19 tag-europska-unija tag-nato tag-pametna-obrana tag-regionalna-sigurnost tag-udruzivanje-i-dijeljenje\">\n\t\t\t\t<div class=\"entry-content-wrap\">\n\t\t\t<header class=\"entry-header\">\n\t<h2 class=\"entry-title\"><a href=\"https:\/\/suvremene-teme.vern.hr\/en\/perspektive-jacanja-suradnje-nato-a-i-europske-unije-u-kontekstu-regionalne-i-globalne-sigurnosti\/\" rel=\"bookmark\">Perspektive ja\u010danja suradnje NATO-a i Europske unije u kontekstu regionalne i globalne sigurnosti<\/a><\/h2>\t<div class=\"entry-meta entry-meta-divider-dot\">\n\t\t\t<span class=\"posted-by\">\r\n\t\tBy&nbsp;<a href=\"https:\/\/suvremene-teme.vern.hr\/en\/author\/lada-glavas-kovacic\/\" title=\"Posts by Lada Glava\u0161 Kova\u010di\u0107\" class=\"author url fn\" rel=\"author\">Lada Glava\u0161 Kova\u010di\u0107<\/a>\t\t<\/span>\r\n\t\t\t\t\t<span class=\"posted-on\">\n\t\t\t\t<time class=\"entry-date published\" datetime=\"2012-04-28T10:56:00+00:00\">28. April 2012.<\/time><time class=\"updated\" datetime=\"2026-04-24T08:16:48+00:00\">24. April 2026.<\/time>\t\t\t<\/span>\n\t\t\t\t<\/div><!-- .entry-meta -->\n\t<\/header><!-- .entry-header -->\n\t<div class=\"entry-summary\">\n\t\t<p>Sa\u017eetak Euroatlantska zajednica se suo\u010dava s novim izazovima \u2013 u trenutku kada se SAD sve vi\u0161e okre\u0107u podru\u010dju Azije i Pacifika, europske dr\u017eave \u0107e morati preuzeti znatno vi\u0161e odgovornosti u osiguranju europske sigurnosti. S obzirom da \u0107e se zaokret u obrambenoj politici SAD-a odraziti na transatlantske i euroatlantske odnose, te \u010dak dovesti do \u201erepozicioniranja\u201c SAD-a&#8230;<\/p>\n\t<\/div><!-- .entry-summary -->\n\t<footer class=\"entry-footer\">\n\t\t\t<div class=\"entry-actions\">\n\t\t\t<p class=\"more-link-wrap\">\n\t\t\t\t<a href=\"https:\/\/suvremene-teme.vern.hr\/en\/perspektive-jacanja-suradnje-nato-a-i-europske-unije-u-kontekstu-regionalne-i-globalne-sigurnosti\/\" class=\"post-more-link\">\n\t\t\t\t\tVi\u0161e<span class=\"screen-reader-text\"> Perspektive ja\u010danja suradnje NATO-a i Europske unije u kontekstu regionalne i globalne sigurnosti<\/span><span class=\"kadence-svg-iconset svg-baseline\"><svg aria-hidden=\"true\" class=\"kadence-svg-icon kadence-arrow-right-alt-svg\" fill=\"currentColor\" version=\"1.1\" xmlns=\"http:\/\/www.w3.org\/2000\/svg\" width=\"27\" height=\"28\" viewbox=\"0 0 27 28\"><title>Continue<\/title><path d=\"M27 13.953c0 0.141-0.063 0.281-0.156 0.375l-6 5.531c-0.156 0.141-0.359 0.172-0.547 0.094-0.172-0.078-0.297-0.25-0.297-0.453v-3.5h-19.5c-0.281 0-0.5-0.219-0.5-0.5v-3c0-0.281 0.219-0.5 0.5-0.5h19.5v-3.5c0-0.203 0.109-0.375 0.297-0.453s0.391-0.047 0.547 0.078l6 5.469c0.094 0.094 0.156 0.219 0.156 0.359v0z\"><\/path>\n\t\t\t<\/svg><\/span>\t\t\t\t<\/a>\n\t\t\t<\/p>\n\t\t<\/div><!-- .entry-actions -->\n\t\t<\/footer><!-- .entry-footer -->\t\t<\/div>\n\t<\/article>\n<\/li>\n<li class=\"kb-post-list-item\">\n\t<article class=\"entry content-bg loop-entry post-761 post type-post status-publish format-standard hentry category-19 tag-civilizations tag-dialogue tag-global-politics tag-neo-ottomanism\">\n\t\t\t\t<div class=\"entry-content-wrap\">\n\t\t\t<header class=\"entry-header\">\n\t<h2 class=\"entry-title\"><a href=\"https:\/\/suvremene-teme.vern.hr\/en\/davutoglu-thinking-depth-and-global-political-activism-as-new-grand-strategy\/\" rel=\"bookmark\">Davuto\u011flu: Thinking Depth and Global Political Activism as New Grand Strategy<\/a><\/h2>\t<div class=\"entry-meta entry-meta-divider-dot\">\n\t\t\t<span class=\"posted-by\">\r\n\t\tBy&nbsp;<a href=\"https:\/\/suvremene-teme.vern.hr\/en\/author\/ali-pajaziti\/\" title=\"Posts by Ali Pajaziti\" class=\"author url fn\" rel=\"author\">Ali Pajaziti<\/a>\t\t<\/span>\r\n\t\t\t\t\t<span class=\"posted-on\">\n\t\t\t\t<time class=\"entry-date published\" datetime=\"2012-04-28T10:50:00+00:00\">28. April 2012.<\/time><time class=\"updated\" datetime=\"2026-04-24T08:16:55+00:00\">24. April 2026.<\/time>\t\t\t<\/span>\n\t\t\t\t<\/div><!-- .entry-meta -->\n\t<\/header><!-- .entry-header -->\n\t<div class=\"entry-summary\">\n\t\t<p>Sa\u017eetak This paper is an analytical synopsis of Ahmet Davuto\u011flu\u2019s pro-civilizationalactivism, an essay on this globally recognized diplomat and expert in the fieldof international relations, history of political thought and political philosophy.Davuto\u011flu is an author of the strategic doctrine of new Turkey as global actorwith neo-Ottomanist Geist. It shows his multidimensional approach to civilizations and&#8230;<\/p>\n\t<\/div><!-- .entry-summary -->\n\t<footer class=\"entry-footer\">\n\t\t\t<div class=\"entry-actions\">\n\t\t\t<p class=\"more-link-wrap\">\n\t\t\t\t<a href=\"https:\/\/suvremene-teme.vern.hr\/en\/davutoglu-thinking-depth-and-global-political-activism-as-new-grand-strategy\/\" class=\"post-more-link\">\n\t\t\t\t\tVi\u0161e<span class=\"screen-reader-text\"> Davuto\u011flu: Thinking Depth and Global Political Activism as New Grand Strategy<\/span><span class=\"kadence-svg-iconset svg-baseline\"><svg aria-hidden=\"true\" class=\"kadence-svg-icon kadence-arrow-right-alt-svg\" fill=\"currentColor\" version=\"1.1\" xmlns=\"http:\/\/www.w3.org\/2000\/svg\" width=\"27\" height=\"28\" viewbox=\"0 0 27 28\"><title>Continue<\/title><path d=\"M27 13.953c0 0.141-0.063 0.281-0.156 0.375l-6 5.531c-0.156 0.141-0.359 0.172-0.547 0.094-0.172-0.078-0.297-0.25-0.297-0.453v-3.5h-19.5c-0.281 0-0.5-0.219-0.5-0.5v-3c0-0.281 0.219-0.5 0.5-0.5h19.5v-3.5c0-0.203 0.109-0.375 0.297-0.453s0.391-0.047 0.547 0.078l6 5.469c0.094 0.094 0.156 0.219 0.156 0.359v0z\"><\/path>\n\t\t\t<\/svg><\/span>\t\t\t\t<\/a>\n\t\t\t<\/p>\n\t\t<\/div><!-- .entry-actions -->\n\t\t<\/footer><!-- .entry-footer -->\t\t<\/div>\n\t<\/article>\n<\/li>\n<li class=\"kb-post-list-item\">\n\t<article class=\"entry content-bg loop-entry post-757 post type-post status-publish format-standard hentry category-19 tag-bosnia-and-herzegovina tag-paternal-function tag-trauma-transmission tag-war-trauma\">\n\t\t\t\t<div class=\"entry-content-wrap\">\n\t\t\t<header class=\"entry-header\">\n\t<h2 class=\"entry-title\"><a href=\"https:\/\/suvremene-teme.vern.hr\/en\/transmission-of-traumatic-experiences-in-the-families-of-war-survivors-from-bosnia-and-herzegovina\/\" rel=\"bookmark\">Transmission of traumatic experiences in the families of war survivors from Bosnia and Herzegovina<\/a><\/h2>\t<div class=\"entry-meta entry-meta-divider-dot\">\n\t\t\t<span class=\"posted-by\">\r\n\t\tBy&nbsp;<a href=\"https:\/\/suvremene-teme.vern.hr\/en\/author\/kalina-jordanova\/\" title=\"Posts by Kalina Jordanova\" class=\"author url fn\" rel=\"author\">Kalina Jordanova<\/a>\t\t<\/span>\r\n\t\t\t\t\t<span class=\"posted-on\">\n\t\t\t\t<time class=\"entry-date published\" datetime=\"2012-04-28T10:45:00+00:00\">28. April 2012.<\/time><time class=\"updated\" datetime=\"2026-04-24T08:17:02+00:00\">24. April 2026.<\/time>\t\t\t<\/span>\n\t\t\t\t<\/div><!-- .entry-meta -->\n\t<\/header><!-- .entry-header -->\n\t<div class=\"entry-summary\">\n\t\t<p>Sa\u017eetak This paper explores the process of transmitting war experiences from parents to children in the contemporary Bosnian context. It is informed by studies in psychoanalysis and cultural anthropology. Using in-depth interviews with families, family trees and children\u2019s drawings, I try to understand why and how parents communicate their traumatic memories to their children, and&#8230;<\/p>\n\t<\/div><!-- .entry-summary -->\n\t<footer class=\"entry-footer\">\n\t\t\t<div class=\"entry-actions\">\n\t\t\t<p class=\"more-link-wrap\">\n\t\t\t\t<a href=\"https:\/\/suvremene-teme.vern.hr\/en\/transmission-of-traumatic-experiences-in-the-families-of-war-survivors-from-bosnia-and-herzegovina\/\" class=\"post-more-link\">\n\t\t\t\t\tVi\u0161e<span class=\"screen-reader-text\"> Transmission of traumatic experiences in the families of war survivors from Bosnia and Herzegovina<\/span><span class=\"kadence-svg-iconset svg-baseline\"><svg aria-hidden=\"true\" class=\"kadence-svg-icon kadence-arrow-right-alt-svg\" fill=\"currentColor\" version=\"1.1\" xmlns=\"http:\/\/www.w3.org\/2000\/svg\" width=\"27\" height=\"28\" viewbox=\"0 0 27 28\"><title>Continue<\/title><path d=\"M27 13.953c0 0.141-0.063 0.281-0.156 0.375l-6 5.531c-0.156 0.141-0.359 0.172-0.547 0.094-0.172-0.078-0.297-0.25-0.297-0.453v-3.5h-19.5c-0.281 0-0.5-0.219-0.5-0.5v-3c0-0.281 0.219-0.5 0.5-0.5h19.5v-3.5c0-0.203 0.109-0.375 0.297-0.453s0.391-0.047 0.547 0.078l6 5.469c0.094 0.094 0.156 0.219 0.156 0.359v0z\"><\/path>\n\t\t\t<\/svg><\/span>\t\t\t\t<\/a>\n\t\t\t<\/p>\n\t\t<\/div><!-- .entry-actions -->\n\t\t<\/footer><!-- .entry-footer -->\t\t<\/div>\n\t<\/article>\n<\/li>\n<li class=\"kb-post-list-item\">\n\t<article class=\"entry content-bg loop-entry post-753 post type-post status-publish format-standard hentry category-19 tag-conditionality tag-eu tag-neighborhood-policy tag-western-balkans\">\n\t\t\t\t<div class=\"entry-content-wrap\">\n\t\t\t<header class=\"entry-header\">\n\t<h2 class=\"entry-title\"><a href=\"https:\/\/suvremene-teme.vern.hr\/en\/gergana-noutcheva-european-foreign-policy-and-the-challenges-of-balkan-accession-conditionality-legitimacy-and-compliance\/\" rel=\"bookmark\">Gergana Noutcheva: European Foreign Policy and the Challenges of Balkan Accession: Conditionality, Legitimacy and Compliance<\/a><\/h2>\t<div class=\"entry-meta entry-meta-divider-dot\">\n\t\t\t<span class=\"posted-by\">\r\n\t\tBy&nbsp;<a href=\"https:\/\/suvremene-teme.vern.hr\/en\/author\/ivo-krizic\/\" title=\"Posts by Ivo Kri\u017ei\u0107\" class=\"author url fn\" rel=\"author\">Ivo Kri\u017ei\u0107<\/a>\t\t<\/span>\r\n\t\t\t\t\t<span class=\"posted-on\">\n\t\t\t\t<time class=\"entry-date published\" datetime=\"2012-04-28T10:39:00+00:00\">28. April 2012.<\/time><time class=\"updated\" datetime=\"2026-04-24T08:17:12+00:00\">24. April 2026.<\/time>\t\t\t<\/span>\n\t\t\t\t<\/div><!-- .entry-meta -->\n\t<\/header><!-- .entry-header -->\n\t<div class=\"entry-summary\">\n\t\t<p>Sa\u017eetak In this book Gergana Noutcheva aims to increase knowledge on the impact of EU policy in its neighboring countries. The author is an associate professor in International Relations and European Foreign Policy at the University of Maastricht. Her research focuses on the EU enlargement and neighborhood policy, in particular the impact of the EU&#8230;<\/p>\n\t<\/div><!-- .entry-summary -->\n\t<footer class=\"entry-footer\">\n\t\t\t<div class=\"entry-actions\">\n\t\t\t<p class=\"more-link-wrap\">\n\t\t\t\t<a href=\"https:\/\/suvremene-teme.vern.hr\/en\/gergana-noutcheva-european-foreign-policy-and-the-challenges-of-balkan-accession-conditionality-legitimacy-and-compliance\/\" class=\"post-more-link\">\n\t\t\t\t\tVi\u0161e<span class=\"screen-reader-text\"> Gergana Noutcheva: European Foreign Policy and the Challenges of Balkan Accession: Conditionality, Legitimacy and Compliance<\/span><span class=\"kadence-svg-iconset svg-baseline\"><svg aria-hidden=\"true\" class=\"kadence-svg-icon kadence-arrow-right-alt-svg\" fill=\"currentColor\" version=\"1.1\" xmlns=\"http:\/\/www.w3.org\/2000\/svg\" width=\"27\" height=\"28\" viewbox=\"0 0 27 28\"><title>Continue<\/title><path d=\"M27 13.953c0 0.141-0.063 0.281-0.156 0.375l-6 5.531c-0.156 0.141-0.359 0.172-0.547 0.094-0.172-0.078-0.297-0.25-0.297-0.453v-3.5h-19.5c-0.281 0-0.5-0.219-0.5-0.5v-3c0-0.281 0.219-0.5 0.5-0.5h19.5v-3.5c0-0.203 0.109-0.375 0.297-0.453s0.391-0.047 0.547 0.078l6 5.469c0.094 0.094 0.156 0.219 0.156 0.359v0z\"><\/path>\n\t\t\t<\/svg><\/span>\t\t\t\t<\/a>\n\t\t\t<\/p>\n\t\t<\/div><!-- .entry-actions -->\n\t\t<\/footer><!-- .entry-footer -->\t\t<\/div>\n\t<\/article>\n<\/li>\n<li class=\"kb-post-list-item\">\n\t<article class=\"entry content-bg loop-entry post-750 post type-post status-publish format-standard hentry category-19 tag-albanski-jezik tag-hrvatski-jezik tag-jezicna-politika tag-jugoslavija tag-makedonski-jezik tag-nacionalni-identitet tag-slovenski-jezik tag-srpski-jezik\">\n\t\t\t\t<div class=\"entry-content-wrap\">\n\t\t\t<header class=\"entry-header\">\n\t<h2 class=\"entry-title\"><a href=\"https:\/\/suvremene-teme.vern.hr\/en\/ksenija-cvetkovic-sander-sprachpolitik-und-nationale-identitat-im-sozialistischen-jugoslawien-1945-1991-serbokroatisch-albanisch-makedonisch-und-slowenisch\/\" rel=\"bookmark\">Ksenija Cvetkovi\u0107-Sander: Sprachpolitik und nationale Identit\u00e4t im sozialistischen Jugoslawien (1945-1991): Serbokroatisch, Albanisch, Makedonisch und Slowenisch<\/a><\/h2>\t<div class=\"entry-meta entry-meta-divider-dot\">\n\t\t\t<span class=\"posted-by\">\r\n\t\tBy&nbsp;<a href=\"https:\/\/suvremene-teme.vern.hr\/en\/author\/viseslav-raos\/\" title=\"Posts by Vi\u0161eslav Raos\" class=\"author url fn\" rel=\"author\">Vi\u0161eslav Raos<\/a>\t\t<\/span>\r\n\t\t\t\t\t<span class=\"posted-on\">\n\t\t\t\t<time class=\"entry-date published\" datetime=\"2012-04-28T10:35:00+00:00\">28. April 2012.<\/time><time class=\"updated\" datetime=\"2026-04-24T08:17:18+00:00\">24. April 2026.<\/time>\t\t\t<\/span>\n\t\t\t\t<\/div><!-- .entry-meta -->\n\t<\/header><!-- .entry-header -->\n\t<div class=\"entry-summary\">\n\t\t<p>Sa\u017eetak Knjiga Ksenije Cvetkovi\u0107-Sander na sustavan i precizan na\u010din donosi historiografsku analizu jezi\u010dne politike i jezi\u010dne problematike u Drugoj Jugoslaviji, s posebnim naglaskom na hrvatsko-srpskim jezi\u010dnim odnosima.<\/p>\n\t<\/div><!-- .entry-summary -->\n\t<footer class=\"entry-footer\">\n\t\t\t<div class=\"entry-actions\">\n\t\t\t<p class=\"more-link-wrap\">\n\t\t\t\t<a href=\"https:\/\/suvremene-teme.vern.hr\/en\/ksenija-cvetkovic-sander-sprachpolitik-und-nationale-identitat-im-sozialistischen-jugoslawien-1945-1991-serbokroatisch-albanisch-makedonisch-und-slowenisch\/\" class=\"post-more-link\">\n\t\t\t\t\tVi\u0161e<span class=\"screen-reader-text\"> Ksenija Cvetkovi\u0107-Sander: Sprachpolitik und nationale Identit\u00e4t im sozialistischen Jugoslawien (1945-1991): Serbokroatisch, Albanisch, Makedonisch und Slowenisch<\/span><span class=\"kadence-svg-iconset svg-baseline\"><svg aria-hidden=\"true\" class=\"kadence-svg-icon kadence-arrow-right-alt-svg\" fill=\"currentColor\" version=\"1.1\" xmlns=\"http:\/\/www.w3.org\/2000\/svg\" width=\"27\" height=\"28\" viewbox=\"0 0 27 28\"><title>Continue<\/title><path d=\"M27 13.953c0 0.141-0.063 0.281-0.156 0.375l-6 5.531c-0.156 0.141-0.359 0.172-0.547 0.094-0.172-0.078-0.297-0.25-0.297-0.453v-3.5h-19.5c-0.281 0-0.5-0.219-0.5-0.5v-3c0-0.281 0.219-0.5 0.5-0.5h19.5v-3.5c0-0.203 0.109-0.375 0.297-0.453s0.391-0.047 0.547 0.078l6 5.469c0.094 0.094 0.156 0.219 0.156 0.359v0z\"><\/path>\n\t\t\t<\/svg><\/span>\t\t\t\t<\/a>\n\t\t\t<\/p>\n\t\t<\/div><!-- .entry-actions -->\n\t\t<\/footer><!-- .entry-footer -->\t\t<\/div>\n\t<\/article>\n<\/li>\n<\/ul><\/div><\/div>\n\n\n\n<div class=\"wp-block-kadence-tab kt-tab-inner-content kt-inner-tab-14 kt-inner-tab_44a67d-e5\"><div class=\"kt-tab-inner-content-inner\"><style>.kb-posts-id-_21d490-ca .kb-post-list-item{display:grid;}<\/style><ul class=\"wp-block-kadence-posts kb-posts kadence-posts-list kb-posts-id-_21d490-ca content-wrap grid-cols kb-posts-style-boxed grid-sm-col-2 grid-lg-col-2 item-image-style-above\"><li class=\"kb-post-list-item\">\n\t<article class=\"entry content-bg loop-entry post-810 post type-post status-publish format-standard hentry category-20 tag-esencijalizam tag-normativni-modeli-demokracije tag-politicko-predstavljanje tag-rodni-paritet\">\n\t\t\t\t<div class=\"entry-content-wrap\">\n\t\t\t<header class=\"entry-header\">\n\t<h2 class=\"entry-title\"><a href=\"https:\/\/suvremene-teme.vern.hr\/en\/feminizam-i-demokracija-stoje-li-zene-iza-zenskih-predstavnica\/\" rel=\"bookmark\">Feminism and Democracy: Are There Women behind Women Representatives?<\/a><\/h2>\t<div class=\"entry-meta entry-meta-divider-dot\">\n\t\t\t<span class=\"posted-by\">\r\n\t\tBy&nbsp;<a href=\"https:\/\/suvremene-teme.vern.hr\/en\/author\/nikolina-jozanc\/\" title=\"Posts by Nikolina Jo\u017eanc\" class=\"author url fn\" rel=\"author\">Nikolina Jo\u017eanc<\/a>\t\t<\/span>\r\n\t\t\t\t\t<span class=\"posted-on\">\n\t\t\t\t<time class=\"entry-date published\" datetime=\"2011-04-28T12:44:00+00:00\">28. April 2011.<\/time><time class=\"updated\" datetime=\"2026-04-24T08:13:16+00:00\">24. April 2026.<\/time>\t\t\t<\/span>\n\t\t\t\t<\/div><!-- .entry-meta -->\n\t<\/header><!-- .entry-header -->\n\t<div class=\"entry-summary\">\n\t\t<p>The article examines demands for gender parity in political representation and the ways in which they respond to the frequent charges of essentialism implicit to such demands. The first part addresses arguments that have tried to avoid evoking the difference between men and women by simply appealing to justice between sexes.<\/p>\n\t<\/div><!-- .entry-summary -->\n\t<footer class=\"entry-footer\">\n\t\t\t<div class=\"entry-actions\">\n\t\t\t<p class=\"more-link-wrap\">\n\t\t\t\t<a href=\"https:\/\/suvremene-teme.vern.hr\/en\/feminizam-i-demokracija-stoje-li-zene-iza-zenskih-predstavnica\/\" class=\"post-more-link\">\n\t\t\t\t\tVi\u0161e<span class=\"screen-reader-text\"> Feminism and Democracy: Are There Women behind Women Representatives?<\/span><span class=\"kadence-svg-iconset svg-baseline\"><svg aria-hidden=\"true\" class=\"kadence-svg-icon kadence-arrow-right-alt-svg\" fill=\"currentColor\" version=\"1.1\" xmlns=\"http:\/\/www.w3.org\/2000\/svg\" width=\"27\" height=\"28\" viewbox=\"0 0 27 28\"><title>Continue<\/title><path d=\"M27 13.953c0 0.141-0.063 0.281-0.156 0.375l-6 5.531c-0.156 0.141-0.359 0.172-0.547 0.094-0.172-0.078-0.297-0.25-0.297-0.453v-3.5h-19.5c-0.281 0-0.5-0.219-0.5-0.5v-3c0-0.281 0.219-0.5 0.5-0.5h19.5v-3.5c0-0.203 0.109-0.375 0.297-0.453s0.391-0.047 0.547 0.078l6 5.469c0.094 0.094 0.156 0.219 0.156 0.359v0z\"><\/path>\n\t\t\t<\/svg><\/span>\t\t\t\t<\/a>\n\t\t\t<\/p>\n\t\t<\/div><!-- .entry-actions -->\n\t\t<\/footer><!-- .entry-footer -->\t\t<\/div>\n\t<\/article>\n<\/li>\n<li class=\"kb-post-list-item\">\n\t<article class=\"entry content-bg loop-entry post-805 post type-post status-publish format-standard hentry category-20 tag-audiovizualna-magnituda tag-audiovizualna-trauma tag-spektakl tag-strah\">\n\t\t\t\t<div class=\"entry-content-wrap\">\n\t\t\t<header class=\"entry-header\">\n\t<h2 class=\"entry-title\"><a href=\"https:\/\/suvremene-teme.vern.hr\/en\/ponovno-citanje-drustva-spektakla-nakon-11-rujna\/\" rel=\"bookmark\">Revisiting the Society of the Spectacle in the post-9\/11 world<\/a><\/h2>\t<div class=\"entry-meta entry-meta-divider-dot\">\n\t\t\t<span class=\"posted-by\">\r\n\t\tBy&nbsp;<a href=\"https:\/\/suvremene-teme.vern.hr\/en\/author\/miroslav-kosovic\/\" title=\"Posts by Miroslav Kosovi\u0107\" class=\"author url fn\" rel=\"author\">Miroslav Kosovi\u0107<\/a>\t\t<\/span>\r\n\t\t\t\t\t<span class=\"posted-on\">\n\t\t\t\t<time class=\"entry-date published\" datetime=\"2011-04-28T12:39:00+00:00\">28. April 2011.<\/time><time class=\"updated\" datetime=\"2026-04-23T08:17:13+00:00\">23. April 2026.<\/time>\t\t\t<\/span>\n\t\t\t\t<\/div><!-- .entry-meta -->\n\t<\/header><!-- .entry-header -->\n\t<div class=\"entry-summary\">\n\t\t<p>In this paper I aim to revisit and add my own contribution to the theory of the spectacle by comparing Guy Debord\u2019s model of the spectacle introduced in his book \u201cThe Society of the Spectacle\u201d with a new type of spectacle \u2013 the spectacle of fear, here epitomized by the 9\/11.<\/p>\n\t<\/div><!-- .entry-summary -->\n\t<footer class=\"entry-footer\">\n\t\t\t<div class=\"entry-actions\">\n\t\t\t<p class=\"more-link-wrap\">\n\t\t\t\t<a href=\"https:\/\/suvremene-teme.vern.hr\/en\/ponovno-citanje-drustva-spektakla-nakon-11-rujna\/\" class=\"post-more-link\">\n\t\t\t\t\tVi\u0161e<span class=\"screen-reader-text\"> Revisiting the Society of the Spectacle in the post-9\/11 world<\/span><span class=\"kadence-svg-iconset svg-baseline\"><svg aria-hidden=\"true\" class=\"kadence-svg-icon kadence-arrow-right-alt-svg\" fill=\"currentColor\" version=\"1.1\" xmlns=\"http:\/\/www.w3.org\/2000\/svg\" width=\"27\" height=\"28\" viewbox=\"0 0 27 28\"><title>Continue<\/title><path d=\"M27 13.953c0 0.141-0.063 0.281-0.156 0.375l-6 5.531c-0.156 0.141-0.359 0.172-0.547 0.094-0.172-0.078-0.297-0.25-0.297-0.453v-3.5h-19.5c-0.281 0-0.5-0.219-0.5-0.5v-3c0-0.281 0.219-0.5 0.5-0.5h19.5v-3.5c0-0.203 0.109-0.375 0.297-0.453s0.391-0.047 0.547 0.078l6 5.469c0.094 0.094 0.156 0.219 0.156 0.359v0z\"><\/path>\n\t\t\t<\/svg><\/span>\t\t\t\t<\/a>\n\t\t\t<\/p>\n\t\t<\/div><!-- .entry-actions -->\n\t\t<\/footer><!-- .entry-footer -->\t\t<\/div>\n\t<\/article>\n<\/li>\n<li class=\"kb-post-list-item\">\n\t<article class=\"entry content-bg loop-entry post-800 post type-post status-publish format-standard hentry category-20 tag-albanci tag-kosovo tag-osnivacki-mit tag-politika-identiteta tag-sjecanje\">\n\t\t\t\t<div class=\"entry-content-wrap\">\n\t\t\t<header class=\"entry-header\">\n\t<h2 class=\"entry-title\"><a href=\"https:\/\/suvremene-teme.vern.hr\/en\/the-war-of-the-myths-creating-the-founding-myth-of-kosovo-albanians\/\" rel=\"bookmark\">The War of the Myths: Creating the Founding Myth of Kosovo Albanians<\/a><\/h2>\t<div class=\"entry-meta entry-meta-divider-dot\">\n\t\t\t<span class=\"posted-by\">\r\n\t\tBy&nbsp;<a href=\"https:\/\/suvremene-teme.vern.hr\/en\/author\/vedran-obucina\/\" title=\"Posts by Vedran Obu\u0107ina\" class=\"author url fn\" rel=\"author\">Vedran Obu\u0107ina<\/a>\t\t<\/span>\r\n\t\t\t\t\t<span class=\"posted-on\">\n\t\t\t\t<time class=\"entry-date published\" datetime=\"2011-04-28T12:35:00+00:00\">28. April 2011.<\/time><time class=\"updated\" datetime=\"2026-04-24T08:17:26+00:00\">24. April 2026.<\/time>\t\t\t<\/span>\n\t\t\t\t<\/div><!-- .entry-meta -->\n\t<\/header><!-- .entry-header -->\n\t<div class=\"entry-summary\">\n\t\t<p>A distinctive Albanian character is present in shaping of Kosovo\u2019s statehood. The official politics of history and identity diminish the importance of other ethnic communities and focuses on Albanian mythology, represented by mixture of contemporary and historical personalities, events, places and memories.<\/p>\n\t<\/div><!-- .entry-summary -->\n\t<footer class=\"entry-footer\">\n\t\t\t<div class=\"entry-actions\">\n\t\t\t<p class=\"more-link-wrap\">\n\t\t\t\t<a href=\"https:\/\/suvremene-teme.vern.hr\/en\/the-war-of-the-myths-creating-the-founding-myth-of-kosovo-albanians\/\" class=\"post-more-link\">\n\t\t\t\t\tVi\u0161e<span class=\"screen-reader-text\"> The War of the Myths: Creating the Founding Myth of Kosovo Albanians<\/span><span class=\"kadence-svg-iconset svg-baseline\"><svg aria-hidden=\"true\" class=\"kadence-svg-icon kadence-arrow-right-alt-svg\" fill=\"currentColor\" version=\"1.1\" xmlns=\"http:\/\/www.w3.org\/2000\/svg\" width=\"27\" height=\"28\" viewbox=\"0 0 27 28\"><title>Continue<\/title><path d=\"M27 13.953c0 0.141-0.063 0.281-0.156 0.375l-6 5.531c-0.156 0.141-0.359 0.172-0.547 0.094-0.172-0.078-0.297-0.25-0.297-0.453v-3.5h-19.5c-0.281 0-0.5-0.219-0.5-0.5v-3c0-0.281 0.219-0.5 0.5-0.5h19.5v-3.5c0-0.203 0.109-0.375 0.297-0.453s0.391-0.047 0.547 0.078l6 5.469c0.094 0.094 0.156 0.219 0.156 0.359v0z\"><\/path>\n\t\t\t<\/svg><\/span>\t\t\t\t<\/a>\n\t\t\t<\/p>\n\t\t<\/div><!-- .entry-actions -->\n\t\t<\/footer><!-- .entry-footer -->\t\t<\/div>\n\t<\/article>\n<\/li>\n<li class=\"kb-post-list-item\">\n\t<article class=\"entry content-bg loop-entry post-795 post type-post status-publish format-standard hentry category-20 tag-drzavotvorni-ciljevi tag-hrvati tag-muslimani-bosnjaci tag-srbi tag-unutrasnje-uredenje-bosne-i-hercegovine tag-vladajuce-bosansko-hercegovacke-stranke\">\n\t\t\t\t<div class=\"entry-content-wrap\">\n\t\t\t<header class=\"entry-header\">\n\t<h2 class=\"entry-title\"><a href=\"https:\/\/suvremene-teme.vern.hr\/en\/doprinos-vladajucih-bosansko-hercegovackih-stranaka-izbijanju-rata-u-bosni-i-hercegovini\/\" rel=\"bookmark\">The Contribution of Ruling Bosnian and Herzegovinian Political Parties to the Outbreak of War in Bosnia and Herzegovina<\/a><\/h2>\t<div class=\"entry-meta entry-meta-divider-dot\">\n\t\t\t<span class=\"posted-by\">\r\n\t\tBy&nbsp;<a href=\"https:\/\/suvremene-teme.vern.hr\/en\/author\/sasa-mrduljas\/\" title=\"Posts by Sa\u0161a Mrdulja\u0161\" class=\"author url fn\" rel=\"author\">Sa\u0161a Mrdulja\u0161<\/a>\t\t<\/span>\r\n\t\t\t\t\t<span class=\"posted-on\">\n\t\t\t\t<time class=\"entry-date published\" datetime=\"2011-04-28T12:28:47+00:00\">28. April 2011.<\/time><time class=\"updated\" datetime=\"2026-04-24T08:17:39+00:00\">24. April 2026.<\/time>\t\t\t<\/span>\n\t\t\t\t<\/div><!-- .entry-meta -->\n\t<\/header><!-- .entry-header -->\n\t<div class=\"entry-summary\">\n\t\t<p>According to the essential part of its constitutional makeup (1974 Constitution) the Socialist Republic of Bosnia and Herzegovina (B-H) was defined as an entity of three constitutional, sovereign and mutually equal peoples: Croats, Serbs and Muslims (Bosniaks). Such a political and legal model was meant to ensure full protection of national interests of all three peoples...<\/p>\n\t<\/div><!-- .entry-summary -->\n\t<footer class=\"entry-footer\">\n\t\t\t<div class=\"entry-actions\">\n\t\t\t<p class=\"more-link-wrap\">\n\t\t\t\t<a href=\"https:\/\/suvremene-teme.vern.hr\/en\/doprinos-vladajucih-bosansko-hercegovackih-stranaka-izbijanju-rata-u-bosni-i-hercegovini\/\" class=\"post-more-link\">\n\t\t\t\t\tVi\u0161e<span class=\"screen-reader-text\"> The Contribution of Ruling Bosnian and Herzegovinian Political Parties to the Outbreak of War in Bosnia and Herzegovina<\/span><span class=\"kadence-svg-iconset svg-baseline\"><svg aria-hidden=\"true\" class=\"kadence-svg-icon kadence-arrow-right-alt-svg\" fill=\"currentColor\" version=\"1.1\" xmlns=\"http:\/\/www.w3.org\/2000\/svg\" width=\"27\" height=\"28\" viewbox=\"0 0 27 28\"><title>Continue<\/title><path d=\"M27 13.953c0 0.141-0.063 0.281-0.156 0.375l-6 5.531c-0.156 0.141-0.359 0.172-0.547 0.094-0.172-0.078-0.297-0.25-0.297-0.453v-3.5h-19.5c-0.281 0-0.5-0.219-0.5-0.5v-3c0-0.281 0.219-0.5 0.5-0.5h19.5v-3.5c0-0.203 0.109-0.375 0.297-0.453s0.391-0.047 0.547 0.078l6 5.469c0.094 0.094 0.156 0.219 0.156 0.359v0z\"><\/path>\n\t\t\t<\/svg><\/span>\t\t\t\t<\/a>\n\t\t\t<\/p>\n\t\t<\/div><!-- .entry-actions -->\n\t\t<\/footer><!-- .entry-footer -->\t\t<\/div>\n\t<\/article>\n<\/li>\n<li class=\"kb-post-list-item\">\n\t<article class=\"entry content-bg loop-entry post-791 post type-post status-publish format-standard hentry category-20 tag-eu tag-europska-susjedska-politika tag-istocno-partnerstvo tag-juzni-kavkaz\">\n\t\t\t\t<div class=\"entry-content-wrap\">\n\t\t\t<header class=\"entry-header\">\n\t<h2 class=\"entry-title\"><a href=\"https:\/\/suvremene-teme.vern.hr\/en\/europska-unija-i-juzni-kavkaz-armenija-azerbajdzan-gruzija\/\" rel=\"bookmark\">European Union and South Caucasus (Armenia, Azerbaijan and Georgia)<\/a><\/h2>\t<div class=\"entry-meta entry-meta-divider-dot\">\n\t\t\t<span class=\"posted-by\">\r\n\t\tBy&nbsp;<a href=\"https:\/\/suvremene-teme.vern.hr\/en\/author\/marijana-musladin\/\" title=\"Posts by Marijana Musladin\" class=\"author url fn\" rel=\"author\">Marijana Musladin<\/a>\t\t<\/span>\r\n\t\t\t\t\t<span class=\"posted-on\">\n\t\t\t\t<time class=\"entry-date published\" datetime=\"2011-04-28T12:16:00+00:00\">28. April 2011.<\/time><time class=\"updated\" datetime=\"2026-04-24T08:17:54+00:00\">24. April 2026.<\/time>\t\t\t<\/span>\n\t\t\t\t<\/div><!-- .entry-meta -->\n\t<\/header><!-- .entry-header -->\n\t<div class=\"entry-summary\">\n\t\t<p>This paper will show the development of bilateral relations between the European Union and the countries of South Caucasus (Armenia, Azerbaijan and Georgia)...<\/p>\n\t<\/div><!-- .entry-summary -->\n\t<footer class=\"entry-footer\">\n\t\t\t<div class=\"entry-actions\">\n\t\t\t<p class=\"more-link-wrap\">\n\t\t\t\t<a href=\"https:\/\/suvremene-teme.vern.hr\/en\/europska-unija-i-juzni-kavkaz-armenija-azerbajdzan-gruzija\/\" class=\"post-more-link\">\n\t\t\t\t\tVi\u0161e<span class=\"screen-reader-text\"> European Union and South Caucasus (Armenia, Azerbaijan and Georgia)<\/span><span class=\"kadence-svg-iconset svg-baseline\"><svg aria-hidden=\"true\" class=\"kadence-svg-icon kadence-arrow-right-alt-svg\" fill=\"currentColor\" version=\"1.1\" xmlns=\"http:\/\/www.w3.org\/2000\/svg\" width=\"27\" height=\"28\" viewbox=\"0 0 27 28\"><title>Continue<\/title><path d=\"M27 13.953c0 0.141-0.063 0.281-0.156 0.375l-6 5.531c-0.156 0.141-0.359 0.172-0.547 0.094-0.172-0.078-0.297-0.25-0.297-0.453v-3.5h-19.5c-0.281 0-0.5-0.219-0.5-0.5v-3c0-0.281 0.219-0.5 0.5-0.5h19.5v-3.5c0-0.203 0.109-0.375 0.297-0.453s0.391-0.047 0.547 0.078l6 5.469c0.094 0.094 0.156 0.219 0.156 0.359v0z\"><\/path>\n\t\t\t<\/svg><\/span>\t\t\t\t<\/a>\n\t\t\t<\/p>\n\t\t<\/div><!-- .entry-actions -->\n\t\t<\/footer><!-- .entry-footer -->\t\t<\/div>\n\t<\/article>\n<\/li>\n<li class=\"kb-post-list-item\">\n\t<article class=\"entry content-bg loop-entry post-785 post type-post status-publish format-standard hentry category-20 tag-centri-gravitacije tag-lokalno-stanovnistvo tag-pobunjenici tag-protupobunjenicka-operacija tag-sad tag-saveznici tag-sssr\">\n\t\t\t\t<div class=\"entry-content-wrap\">\n\t\t\t<header class=\"entry-header\">\n\t<h2 class=\"entry-title\"><a href=\"https:\/\/suvremene-teme.vern.hr\/en\/politicka-dimenzija-protupobunjenicke-operacije-usporedba-dviju-protupobunjenickih-operacija-u-afganistanu\/\" rel=\"bookmark\">The Political Dimension of Counterinsurgency Operations: A Comparison of Two Counterinsurgency Operations in Afghanistan<\/a><\/h2>\t<div class=\"entry-meta entry-meta-divider-dot\">\n\t\t\t<span class=\"posted-by\">\r\n\t\tBy&nbsp;<a href=\"https:\/\/suvremene-teme.vern.hr\/en\/author\/antonija-buntak\/\" title=\"Posts by Antonija Buntak\" class=\"author url fn\" rel=\"author\">Antonija Buntak<\/a>&nbsp;&#038;&nbsp;<a href=\"https:\/\/suvremene-teme.vern.hr\/en\/author\/robert-mikac\/\" title=\"Posts by Robert Mikac\" class=\"author url fn\" rel=\"author\">Robert Mikac<\/a>\t\t<\/span>\r\n\t\t\t\t\t<span class=\"posted-on\">\n\t\t\t\t<time class=\"entry-date published\" datetime=\"2011-04-28T12:08:00+00:00\">28. April 2011.<\/time><time class=\"updated\" datetime=\"2026-04-24T08:18:00+00:00\">24. April 2026.<\/time>\t\t\t<\/span>\n\t\t\t\t<\/div><!-- .entry-meta -->\n\t<\/header><!-- .entry-header -->\n\t<div class=\"entry-summary\">\n\t\t<p>The USSR intervention in Afghanistan from 1979 to 1989 and the current Allied US-led intervention in the same country have many different characteristics but also a lot of common features. The causes and the final goals for setting them in motion differ as much as their initial approaches but with the passage of time they have both grown into counterinsurgency operations.<\/p>\n\t<\/div><!-- .entry-summary -->\n\t<footer class=\"entry-footer\">\n\t\t\t<div class=\"entry-actions\">\n\t\t\t<p class=\"more-link-wrap\">\n\t\t\t\t<a href=\"https:\/\/suvremene-teme.vern.hr\/en\/politicka-dimenzija-protupobunjenicke-operacije-usporedba-dviju-protupobunjenickih-operacija-u-afganistanu\/\" class=\"post-more-link\">\n\t\t\t\t\tVi\u0161e<span class=\"screen-reader-text\"> The Political Dimension of Counterinsurgency Operations: A Comparison of Two Counterinsurgency Operations in Afghanistan<\/span><span class=\"kadence-svg-iconset svg-baseline\"><svg aria-hidden=\"true\" class=\"kadence-svg-icon kadence-arrow-right-alt-svg\" fill=\"currentColor\" version=\"1.1\" xmlns=\"http:\/\/www.w3.org\/2000\/svg\" width=\"27\" height=\"28\" viewbox=\"0 0 27 28\"><title>Continue<\/title><path d=\"M27 13.953c0 0.141-0.063 0.281-0.156 0.375l-6 5.531c-0.156 0.141-0.359 0.172-0.547 0.094-0.172-0.078-0.297-0.25-0.297-0.453v-3.5h-19.5c-0.281 0-0.5-0.219-0.5-0.5v-3c0-0.281 0.219-0.5 0.5-0.5h19.5v-3.5c0-0.203 0.109-0.375 0.297-0.453s0.391-0.047 0.547 0.078l6 5.469c0.094 0.094 0.156 0.219 0.156 0.359v0z\"><\/path>\n\t\t\t<\/svg><\/span>\t\t\t\t<\/a>\n\t\t\t<\/p>\n\t\t<\/div><!-- .entry-actions -->\n\t\t<\/footer><!-- .entry-footer -->\t\t<\/div>\n\t<\/article>\n<\/li>\n<li class=\"kb-post-list-item\">\n\t<article class=\"entry content-bg loop-entry post-778 post type-post status-publish format-standard hentry category-20 tag-bosna-i-hercegovina tag-identitet tag-multikulturalizam tag-sarajevo\">\n\t\t\t\t<div class=\"entry-content-wrap\">\n\t\t\t<header class=\"entry-header\">\n\t<h2 class=\"entry-title\"><a href=\"https:\/\/suvremene-teme.vern.hr\/en\/sarajevo-a-bosnian-kaleidoscope\/\" rel=\"bookmark\">Sarajevo: A Bosnian Kaleidoscope<\/a><\/h2>\t<div class=\"entry-meta entry-meta-divider-dot\">\n\t\t\t<span class=\"posted-by\">\r\n\t\tBy&nbsp;<a href=\"https:\/\/suvremene-teme.vern.hr\/en\/author\/fran-markowitz\/\" title=\"Posts by Fran Markowitz\" class=\"author url fn\" rel=\"author\">Fran Markowitz<\/a>\t\t<\/span>\r\n\t\t\t\t\t<span class=\"posted-on\">\n\t\t\t\t<time class=\"entry-date published\" datetime=\"2011-04-28T11:28:00+00:00\">28. April 2011.<\/time><time class=\"updated\" datetime=\"2026-04-24T08:44:33+00:00\">24. April 2026.<\/time>\t\t\t<\/span>\n\t\t\t\t<\/div><!-- .entry-meta -->\n\t<\/header><!-- .entry-header -->\n\t<div class=\"entry-summary\">\n\t\t<p>Book Review: Fran Markowitz: Sarajevo: A Bosnian Kaleidoscope<\/p>\n\t<\/div><!-- .entry-summary -->\n\t<footer class=\"entry-footer\">\n\t\t\t<div class=\"entry-actions\">\n\t\t\t<p class=\"more-link-wrap\">\n\t\t\t\t<a href=\"https:\/\/suvremene-teme.vern.hr\/en\/sarajevo-a-bosnian-kaleidoscope\/\" class=\"post-more-link\">\n\t\t\t\t\tVi\u0161e<span class=\"screen-reader-text\"> Sarajevo: A Bosnian Kaleidoscope<\/span><span class=\"kadence-svg-iconset svg-baseline\"><svg aria-hidden=\"true\" class=\"kadence-svg-icon kadence-arrow-right-alt-svg\" fill=\"currentColor\" version=\"1.1\" xmlns=\"http:\/\/www.w3.org\/2000\/svg\" width=\"27\" height=\"28\" viewbox=\"0 0 27 28\"><title>Continue<\/title><path d=\"M27 13.953c0 0.141-0.063 0.281-0.156 0.375l-6 5.531c-0.156 0.141-0.359 0.172-0.547 0.094-0.172-0.078-0.297-0.25-0.297-0.453v-3.5h-19.5c-0.281 0-0.5-0.219-0.5-0.5v-3c0-0.281 0.219-0.5 0.5-0.5h19.5v-3.5c0-0.203 0.109-0.375 0.297-0.453s0.391-0.047 0.547 0.078l6 5.469c0.094 0.094 0.156 0.219 0.156 0.359v0z\"><\/path>\n\t\t\t<\/svg><\/span>\t\t\t\t<\/a>\n\t\t\t<\/p>\n\t\t<\/div><!-- .entry-actions -->\n\t\t<\/footer><!-- .entry-footer -->\t\t<\/div>\n\t<\/article>\n<\/li>\n<\/ul><\/div><\/div>\n\n\n\n<div class=\"wp-block-kadence-tab kt-tab-inner-content kt-inner-tab-15 kt-inner-tab_6e0abb-d7\"><div class=\"kt-tab-inner-content-inner\"><style>.kb-posts-id-_146133-91 .kb-post-list-item{display:grid;}<\/style><ul class=\"wp-block-kadence-posts kb-posts kadence-posts-list kb-posts-id-_146133-91 content-wrap grid-cols kb-posts-style-boxed grid-sm-col-2 grid-lg-col-2 item-image-style-above\"><li class=\"kb-post-list-item\">\n\t<article class=\"entry content-bg loop-entry post-842 post type-post status-publish format-standard hentry category-21 tag-ethno-nationalism tag-heidelberg-conflict-barometers tag-muslim-civilization tag-old-and-new-terrorism tag-terrorism-as-rational-choice tag-terrorism-in-the-name-of-god\">\n\t\t\t\t<div class=\"entry-content-wrap\">\n\t\t\t<header class=\"entry-header\">\n\t<h2 class=\"entry-title\"><a href=\"https:\/\/suvremene-teme.vern.hr\/en\/the-new-patterns-of-warfare-terrorism-against-innocent-civilians\/\" rel=\"bookmark\">The New Patterns of Warfare: Terrorism against Innocent Civilians<\/a><\/h2>\t<div class=\"entry-meta entry-meta-divider-dot\">\n\t\t\t<span class=\"posted-by\">\r\n\t\tBy&nbsp;<a href=\"https:\/\/suvremene-teme.vern.hr\/en\/author\/jan-erik-lane\/\" title=\"Posts by Jan-Erik Lane\" class=\"author url fn\" rel=\"author\">Jan-Erik Lane<\/a>\t\t<\/span>\r\n\t\t\t\t\t<span class=\"posted-on\">\n\t\t\t\t<time class=\"entry-date published\" datetime=\"2010-04-28T13:35:00+00:00\">28. April 2010.<\/time><time class=\"updated\" datetime=\"2026-04-24T08:13:23+00:00\">24. April 2026.<\/time>\t\t\t<\/span>\n\t\t\t\t<\/div><!-- .entry-meta -->\n\t<\/header><!-- .entry-header -->\n\t<div class=\"entry-summary\">\n\t\t<p>Sa\u017eetak Terrorism surfaces in a most brutal manner in the global conflicts inthe early 21st century. It is a question of a new form of terrorism that is different from classical terrorism by the French and Russian revolutionaries. This new form of struggle by religious fundamentalists and ethno-nationalists occurs in a band of countries from&#8230;<\/p>\n\t<\/div><!-- .entry-summary -->\n\t<footer class=\"entry-footer\">\n\t\t\t<div class=\"entry-actions\">\n\t\t\t<p class=\"more-link-wrap\">\n\t\t\t\t<a href=\"https:\/\/suvremene-teme.vern.hr\/en\/the-new-patterns-of-warfare-terrorism-against-innocent-civilians\/\" class=\"post-more-link\">\n\t\t\t\t\tVi\u0161e<span class=\"screen-reader-text\"> The New Patterns of Warfare: Terrorism against Innocent Civilians<\/span><span class=\"kadence-svg-iconset svg-baseline\"><svg aria-hidden=\"true\" class=\"kadence-svg-icon kadence-arrow-right-alt-svg\" fill=\"currentColor\" version=\"1.1\" xmlns=\"http:\/\/www.w3.org\/2000\/svg\" width=\"27\" height=\"28\" viewbox=\"0 0 27 28\"><title>Continue<\/title><path d=\"M27 13.953c0 0.141-0.063 0.281-0.156 0.375l-6 5.531c-0.156 0.141-0.359 0.172-0.547 0.094-0.172-0.078-0.297-0.25-0.297-0.453v-3.5h-19.5c-0.281 0-0.5-0.219-0.5-0.5v-3c0-0.281 0.219-0.5 0.5-0.5h19.5v-3.5c0-0.203 0.109-0.375 0.297-0.453s0.391-0.047 0.547 0.078l6 5.469c0.094 0.094 0.156 0.219 0.156 0.359v0z\"><\/path>\n\t\t\t<\/svg><\/span>\t\t\t\t<\/a>\n\t\t\t<\/p>\n\t\t<\/div><!-- .entry-actions -->\n\t\t<\/footer><!-- .entry-footer -->\t\t<\/div>\n\t<\/article>\n<\/li>\n<li class=\"kb-post-list-item\">\n\t<article class=\"entry content-bg loop-entry post-838 post type-post status-publish format-standard hentry category-21 tag-chaos tag-international-politics tag-liberalism tag-realism\">\n\t\t\t\t<div class=\"entry-content-wrap\">\n\t\t\t<header class=\"entry-header\">\n\t<h2 class=\"entry-title\"><a href=\"https:\/\/suvremene-teme.vern.hr\/en\/mapping-international-chaos\/\" rel=\"bookmark\">Mapping International Chaos<\/a><\/h2>\t<div class=\"entry-meta entry-meta-divider-dot\">\n\t\t\t<span class=\"posted-by\">\r\n\t\tBy&nbsp;<a href=\"https:\/\/suvremene-teme.vern.hr\/en\/author\/dylan-kissane\/\" title=\"Posts by Dylan Kissane\" class=\"author url fn\" rel=\"author\">Dylan Kissane<\/a>\t\t<\/span>\r\n\t\t\t\t\t<span class=\"posted-on\">\n\t\t\t\t<time class=\"entry-date published\" datetime=\"2010-04-28T13:33:00+00:00\">28. April 2010.<\/time><time class=\"updated\" datetime=\"2026-04-24T08:13:29+00:00\">24. April 2026.<\/time>\t\t\t<\/span>\n\t\t\t\t<\/div><!-- .entry-meta -->\n\t<\/header><!-- .entry-header -->\n\t<div class=\"entry-summary\">\n\t\t<p>Sa\u017eetak Mapping is inherently a subjective and exclusionary practice as thecartographer decides which elements of the world are included and which can safely be ignored. Similarly, when an international relations theorist describes a new theory it is necessary to define the elements which are essential to understanding the complexities of an international political system, explain&#8230;<\/p>\n\t<\/div><!-- .entry-summary -->\n\t<footer class=\"entry-footer\">\n\t\t\t<div class=\"entry-actions\">\n\t\t\t<p class=\"more-link-wrap\">\n\t\t\t\t<a href=\"https:\/\/suvremene-teme.vern.hr\/en\/mapping-international-chaos\/\" class=\"post-more-link\">\n\t\t\t\t\tVi\u0161e<span class=\"screen-reader-text\"> Mapping International Chaos<\/span><span class=\"kadence-svg-iconset svg-baseline\"><svg aria-hidden=\"true\" class=\"kadence-svg-icon kadence-arrow-right-alt-svg\" fill=\"currentColor\" version=\"1.1\" xmlns=\"http:\/\/www.w3.org\/2000\/svg\" width=\"27\" height=\"28\" viewbox=\"0 0 27 28\"><title>Continue<\/title><path d=\"M27 13.953c0 0.141-0.063 0.281-0.156 0.375l-6 5.531c-0.156 0.141-0.359 0.172-0.547 0.094-0.172-0.078-0.297-0.25-0.297-0.453v-3.5h-19.5c-0.281 0-0.5-0.219-0.5-0.5v-3c0-0.281 0.219-0.5 0.5-0.5h19.5v-3.5c0-0.203 0.109-0.375 0.297-0.453s0.391-0.047 0.547 0.078l6 5.469c0.094 0.094 0.156 0.219 0.156 0.359v0z\"><\/path>\n\t\t\t<\/svg><\/span>\t\t\t\t<\/a>\n\t\t\t<\/p>\n\t\t<\/div><!-- .entry-actions -->\n\t\t<\/footer><!-- .entry-footer -->\t\t<\/div>\n\t<\/article>\n<\/li>\n<li class=\"kb-post-list-item\">\n\t<article class=\"entry content-bg loop-entry post-832 post type-post status-publish format-standard hentry category-21 tag-epistemology tag-knowledge tag-methodology tag-reflexivity tag-social-theory tag-sociology tag-spokespersonship\">\n\t\t\t\t<div class=\"entry-content-wrap\">\n\t\t\t<header class=\"entry-header\">\n\t<h2 class=\"entry-title\"><a href=\"https:\/\/suvremene-teme.vern.hr\/en\/reflections-on-reflexivity-sociological-issues-and-perspective\/\" rel=\"bookmark\">Reflections on Reflexivity: Sociological Issues and Perspective<\/a><\/h2>\t<div class=\"entry-meta entry-meta-divider-dot\">\n\t\t\t<span class=\"posted-by\">\r\n\t\tBy&nbsp;<a href=\"https:\/\/suvremene-teme.vern.hr\/en\/author\/charalambos-tsekeris\/\" title=\"Posts by Charalambos Tsekeris\" class=\"author url fn\" rel=\"author\">Charalambos Tsekeris<\/a>\t\t<\/span>\r\n\t\t\t\t\t<span class=\"posted-on\">\n\t\t\t\t<time class=\"entry-date published\" datetime=\"2010-04-28T13:19:00+00:00\">28. April 2010.<\/time><time class=\"updated\" datetime=\"2026-04-24T08:13:34+00:00\">24. April 2026.<\/time>\t\t\t<\/span>\n\t\t\t\t<\/div><!-- .entry-meta -->\n\t<\/header><!-- .entry-header -->\n\t<div class=\"entry-summary\">\n\t\t<p>Sa\u017eetak This paper attempts to comprehensively concentrate and criticallyreflect upon the theoretical and methodological conception of sociological reflexivity. It thus concisely presents some relevant debates on reflexivity\u2019s most influential sociological and epistemological definitions, as well as on its varied and complex relationship with the contentious notions of the self and spokespersonship. The conceptual elaboration on&#8230;<\/p>\n\t<\/div><!-- .entry-summary -->\n\t<footer class=\"entry-footer\">\n\t\t\t<div class=\"entry-actions\">\n\t\t\t<p class=\"more-link-wrap\">\n\t\t\t\t<a href=\"https:\/\/suvremene-teme.vern.hr\/en\/reflections-on-reflexivity-sociological-issues-and-perspective\/\" class=\"post-more-link\">\n\t\t\t\t\tVi\u0161e<span class=\"screen-reader-text\"> Reflections on Reflexivity: Sociological Issues and Perspective<\/span><span class=\"kadence-svg-iconset svg-baseline\"><svg aria-hidden=\"true\" class=\"kadence-svg-icon kadence-arrow-right-alt-svg\" fill=\"currentColor\" version=\"1.1\" xmlns=\"http:\/\/www.w3.org\/2000\/svg\" width=\"27\" height=\"28\" viewbox=\"0 0 27 28\"><title>Continue<\/title><path d=\"M27 13.953c0 0.141-0.063 0.281-0.156 0.375l-6 5.531c-0.156 0.141-0.359 0.172-0.547 0.094-0.172-0.078-0.297-0.25-0.297-0.453v-3.5h-19.5c-0.281 0-0.5-0.219-0.5-0.5v-3c0-0.281 0.219-0.5 0.5-0.5h19.5v-3.5c0-0.203 0.109-0.375 0.297-0.453s0.391-0.047 0.547 0.078l6 5.469c0.094 0.094 0.156 0.219 0.156 0.359v0z\"><\/path>\n\t\t\t<\/svg><\/span>\t\t\t\t<\/a>\n\t\t\t<\/p>\n\t\t<\/div><!-- .entry-actions -->\n\t\t<\/footer><!-- .entry-footer -->\t\t<\/div>\n\t<\/article>\n<\/li>\n<li class=\"kb-post-list-item\">\n\t<article class=\"entry content-bg loop-entry post-825 post type-post status-publish format-standard hentry category-21 tag-cultural-reproduction tag-handicraft-production tag-mapuche-people\">\n\t\t\t\t<div class=\"entry-content-wrap\">\n\t\t\t<header class=\"entry-header\">\n\t<h2 class=\"entry-title\"><a href=\"https:\/\/suvremene-teme.vern.hr\/en\/mapuche-handicrafts-trading-production-of-sense-and-socio-cultural-reproduction\/\" rel=\"bookmark\">Mapuche handicrafts trading: Production of sense and socio-cultural reproduction<\/a><\/h2>\t<div class=\"entry-meta entry-meta-divider-dot\">\n\t\t\t<span class=\"posted-by\">\r\n\t\tBy&nbsp;<a href=\"https:\/\/suvremene-teme.vern.hr\/en\/author\/juan-carlos-radovich\/\" title=\"Posts by Juan Carlos Radovich\" class=\"author url fn\" rel=\"author\">Juan Carlos Radovich<\/a>,&nbsp;<a href=\"https:\/\/suvremene-teme.vern.hr\/en\/author\/alejandro-balazote\/\" title=\"Posts by Alejandro Balazote\" class=\"author url fn\" rel=\"author\">Alejandro Balazote<\/a>&nbsp;&#038;&nbsp;<a href=\"https:\/\/suvremene-teme.vern.hr\/en\/author\/monica-rotman\/\" title=\"Posts by Monica Rotman\" class=\"author url fn\" rel=\"author\">Monica Rotman<\/a>\t\t<\/span>\r\n\t\t\t\t\t<span class=\"posted-on\">\n\t\t\t\t<time class=\"entry-date published\" datetime=\"2010-04-28T13:15:00+00:00\">28. April 2010.<\/time><time class=\"updated\" datetime=\"2026-04-24T08:13:41+00:00\">24. April 2026.<\/time>\t\t\t<\/span>\n\t\t\t\t<\/div><!-- .entry-meta -->\n\t<\/header><!-- .entry-header -->\n\t<div class=\"entry-summary\">\n\t\t<p>Sa\u017eetak The aim of this article is to study the characteristics and the dynamics of different ways of trade of handicrafts used by the producers belonging to the Mapuche communities in Lacar and Huiliches Departments in the Province of Neuquen, Argentina. The trade of handicrafts is of vital importance for the inhabitants of these areas&#8230;<\/p>\n\t<\/div><!-- .entry-summary -->\n\t<footer class=\"entry-footer\">\n\t\t\t<div class=\"entry-actions\">\n\t\t\t<p class=\"more-link-wrap\">\n\t\t\t\t<a href=\"https:\/\/suvremene-teme.vern.hr\/en\/mapuche-handicrafts-trading-production-of-sense-and-socio-cultural-reproduction\/\" class=\"post-more-link\">\n\t\t\t\t\tVi\u0161e<span class=\"screen-reader-text\"> Mapuche handicrafts trading: Production of sense and socio-cultural reproduction<\/span><span class=\"kadence-svg-iconset svg-baseline\"><svg aria-hidden=\"true\" class=\"kadence-svg-icon kadence-arrow-right-alt-svg\" fill=\"currentColor\" version=\"1.1\" xmlns=\"http:\/\/www.w3.org\/2000\/svg\" width=\"27\" height=\"28\" viewbox=\"0 0 27 28\"><title>Continue<\/title><path d=\"M27 13.953c0 0.141-0.063 0.281-0.156 0.375l-6 5.531c-0.156 0.141-0.359 0.172-0.547 0.094-0.172-0.078-0.297-0.25-0.297-0.453v-3.5h-19.5c-0.281 0-0.5-0.219-0.5-0.5v-3c0-0.281 0.219-0.5 0.5-0.5h19.5v-3.5c0-0.203 0.109-0.375 0.297-0.453s0.391-0.047 0.547 0.078l6 5.469c0.094 0.094 0.156 0.219 0.156 0.359v0z\"><\/path>\n\t\t\t<\/svg><\/span>\t\t\t\t<\/a>\n\t\t\t<\/p>\n\t\t<\/div><!-- .entry-actions -->\n\t\t<\/footer><!-- .entry-footer -->\t\t<\/div>\n\t<\/article>\n<\/li>\n<li class=\"kb-post-list-item\">\n\t<article class=\"entry content-bg loop-entry post-820 post type-post status-publish format-standard hentry category-21 tag-novi-postav-u-jasenovcu tag-politike-proslosti tag-univerzalizacija-i-europeizacija-holokausta\">\n\t\t\t\t<div class=\"entry-content-wrap\">\n\t\t\t<header class=\"entry-header\">\n\t<h2 class=\"entry-title\"><a href=\"https:\/\/suvremene-teme.vern.hr\/en\/univerzalizacija-holokausta-na-primjeru-hrvatske-politike-proslosti-i-spomen-podrucja-jasenovac\/\" rel=\"bookmark\">Univerzalizacija holokausta na primjeru hrvatske politike pro\u0161losti i spomen-podru\u010dja Jasenovac<\/a><\/h2>\t<div class=\"entry-meta entry-meta-divider-dot\">\n\t\t\t<span class=\"posted-by\">\r\n\t\tBy&nbsp;<a href=\"https:\/\/suvremene-teme.vern.hr\/en\/author\/ljiljana-radonic\/\" title=\"Posts by Ljiljana Radoni\u0107\" class=\"author url fn\" rel=\"author\">Ljiljana Radoni\u0107<\/a>\t\t<\/span>\r\n\t\t\t\t\t<span class=\"posted-on\">\n\t\t\t\t<time class=\"entry-date published\" datetime=\"2010-04-28T13:12:00+00:00\">28. April 2010.<\/time><time class=\"updated\" datetime=\"2026-04-24T08:13:47+00:00\">24. April 2026.<\/time>\t\t\t<\/span>\n\t\t\t\t<\/div><!-- .entry-meta -->\n\t<\/header><!-- .entry-header -->\n\t<div class=\"entry-summary\">\n\t\t<p>Sa\u017eetak Posljednjih godina u Europi raste broj interdisciplinarnih studija okolektivnom pam\u0107enju, posebno u vezi s holokaustom. Ovaj \u010dlanak se bavi novijim trendovima univerzalizacije i europeizacije holokausta kao negativnog mita o novoosnovanoj Europi nakon 1945. godine. Druga strana tog razvoja je njihov napet odnos prema novim postsocijalisti\u010dkim naracijama u isto\u010dnoj i jugoisto\u010dnoj Europi. Te fenomene analizirati&#8230;<\/p>\n\t<\/div><!-- .entry-summary -->\n\t<footer class=\"entry-footer\">\n\t\t\t<div class=\"entry-actions\">\n\t\t\t<p class=\"more-link-wrap\">\n\t\t\t\t<a href=\"https:\/\/suvremene-teme.vern.hr\/en\/univerzalizacija-holokausta-na-primjeru-hrvatske-politike-proslosti-i-spomen-podrucja-jasenovac\/\" class=\"post-more-link\">\n\t\t\t\t\tVi\u0161e<span class=\"screen-reader-text\"> Univerzalizacija holokausta na primjeru hrvatske politike pro\u0161losti i spomen-podru\u010dja Jasenovac<\/span><span class=\"kadence-svg-iconset svg-baseline\"><svg aria-hidden=\"true\" class=\"kadence-svg-icon kadence-arrow-right-alt-svg\" fill=\"currentColor\" version=\"1.1\" xmlns=\"http:\/\/www.w3.org\/2000\/svg\" width=\"27\" height=\"28\" viewbox=\"0 0 27 28\"><title>Continue<\/title><path d=\"M27 13.953c0 0.141-0.063 0.281-0.156 0.375l-6 5.531c-0.156 0.141-0.359 0.172-0.547 0.094-0.172-0.078-0.297-0.25-0.297-0.453v-3.5h-19.5c-0.281 0-0.5-0.219-0.5-0.5v-3c0-0.281 0.219-0.5 0.5-0.5h19.5v-3.5c0-0.203 0.109-0.375 0.297-0.453s0.391-0.047 0.547 0.078l6 5.469c0.094 0.094 0.156 0.219 0.156 0.359v0z\"><\/path>\n\t\t\t<\/svg><\/span>\t\t\t\t<\/a>\n\t\t\t<\/p>\n\t\t<\/div><!-- .entry-actions -->\n\t\t<\/footer><!-- .entry-footer -->\t\t<\/div>\n\t<\/article>\n<\/li>\n<li class=\"kb-post-list-item\">\n\t<article class=\"entry content-bg loop-entry post-816 post type-post status-publish format-standard hentry category-21\">\n\t\t\t\t<div class=\"entry-content-wrap\">\n\t\t\t<header class=\"entry-header\">\n\t<h2 class=\"entry-title\"><a href=\"https:\/\/suvremene-teme.vern.hr\/en\/myths-about-borders-and-the-reconciliation-moment\/\" rel=\"bookmark\">Myths about Borders and the Reconciliation Moment<\/a><\/h2>\t<div class=\"entry-meta entry-meta-divider-dot\">\n\t\t\t<span class=\"posted-by\">\r\n\t\tBy&nbsp;<a href=\"https:\/\/suvremene-teme.vern.hr\/en\/author\/darko-gavrilovic\/\" title=\"Posts by Darko Gavrilovi\u0107\" class=\"author url fn\" rel=\"author\">Darko Gavrilovi\u0107<\/a>\t\t<\/span>\r\n\t\t\t\t\t<span class=\"posted-on\">\n\t\t\t\t<time class=\"entry-date published\" datetime=\"2010-04-28T13:02:00+00:00\">28. April 2010.<\/time><time class=\"updated\" datetime=\"2026-04-24T08:14:32+00:00\">24. April 2026.<\/time>\t\t\t<\/span>\n\t\t\t\t<\/div><!-- .entry-meta -->\n\t<\/header><!-- .entry-header -->\n\t<div class=\"entry-summary\">\n\t\t<p>Sa\u017eetak This article deals with the relevant historical and political myths, especially myths about borders, firstly regarding the nationalistic movements within the FPRY\/SFRY (including political emigration myths), and the myths and counter-myths concerning the new states created in the 1990s. Methodologically, this article emphasizes the dynamics of these myths and observes them in their continuous&#8230;<\/p>\n\t<\/div><!-- .entry-summary -->\n\t<footer class=\"entry-footer\">\n\t\t\t<div class=\"entry-actions\">\n\t\t\t<p class=\"more-link-wrap\">\n\t\t\t\t<a href=\"https:\/\/suvremene-teme.vern.hr\/en\/myths-about-borders-and-the-reconciliation-moment\/\" class=\"post-more-link\">\n\t\t\t\t\tVi\u0161e<span class=\"screen-reader-text\"> Myths about Borders and the Reconciliation Moment<\/span><span class=\"kadence-svg-iconset svg-baseline\"><svg aria-hidden=\"true\" class=\"kadence-svg-icon kadence-arrow-right-alt-svg\" fill=\"currentColor\" version=\"1.1\" xmlns=\"http:\/\/www.w3.org\/2000\/svg\" width=\"27\" height=\"28\" viewbox=\"0 0 27 28\"><title>Continue<\/title><path d=\"M27 13.953c0 0.141-0.063 0.281-0.156 0.375l-6 5.531c-0.156 0.141-0.359 0.172-0.547 0.094-0.172-0.078-0.297-0.25-0.297-0.453v-3.5h-19.5c-0.281 0-0.5-0.219-0.5-0.5v-3c0-0.281 0.219-0.5 0.5-0.5h19.5v-3.5c0-0.203 0.109-0.375 0.297-0.453s0.391-0.047 0.547 0.078l6 5.469c0.094 0.094 0.156 0.219 0.156 0.359v0z\"><\/path>\n\t\t\t<\/svg><\/span>\t\t\t\t<\/a>\n\t\t\t<\/p>\n\t\t<\/div><!-- .entry-actions -->\n\t\t<\/footer><!-- .entry-footer -->\t\t<\/div>\n\t<\/article>\n<\/li>\n<li class=\"kb-post-list-item\">\n\t<article class=\"entry content-bg loop-entry post-813 post type-post status-publish format-standard hentry category-21 tag-hrvatska tag-politika-proslosti tag-suocavanje-s-prosloscu tag-univerzalizacija-holokausta\">\n\t\t\t\t<div class=\"entry-content-wrap\">\n\t\t\t<header class=\"entry-header\">\n\t<h2 class=\"entry-title\"><a href=\"https:\/\/suvremene-teme.vern.hr\/en\/krieg-um-die-erinnerung-kroatische-vergangenheitspolitik-zwischen-revisionismus-und-europaischen-standards\/\" rel=\"bookmark\">Krieg um die Erinnerung: Kroatische Vergangenheitspolitik zwischen Revisionismus und europ\u00e4ischen Standards<\/a><\/h2>\t<div class=\"entry-meta entry-meta-divider-dot\">\n\t\t\t<span class=\"posted-by\">\r\n\t\tBy&nbsp;<a href=\"https:\/\/suvremene-teme.vern.hr\/en\/author\/viseslav-raos\/\" title=\"Posts by Vi\u0161eslav Raos\" class=\"author url fn\" rel=\"author\">Vi\u0161eslav Raos<\/a>\t\t<\/span>\r\n\t\t\t\t\t<span class=\"posted-on\">\n\t\t\t\t<time class=\"entry-date published\" datetime=\"2010-04-28T12:56:00+00:00\">28. April 2010.<\/time><time class=\"updated\" datetime=\"2026-04-24T08:14:46+00:00\">24. April 2026.<\/time>\t\t\t<\/span>\n\t\t\t\t<\/div><!-- .entry-meta -->\n\t<\/header><!-- .entry-header -->\n\t<div class=\"entry-summary\">\n\t\t<p>Sa\u017eetak Prikaz knjige Ljiljane Radoni\u0107:Krieg um die Erinnerung: Kroatische Vergangenheitspolitikzwischen Revisionismus und europ\u00e4ischen Standards.<\/p>\n\t<\/div><!-- .entry-summary -->\n\t<footer class=\"entry-footer\">\n\t\t\t<div class=\"entry-actions\">\n\t\t\t<p class=\"more-link-wrap\">\n\t\t\t\t<a href=\"https:\/\/suvremene-teme.vern.hr\/en\/krieg-um-die-erinnerung-kroatische-vergangenheitspolitik-zwischen-revisionismus-und-europaischen-standards\/\" class=\"post-more-link\">\n\t\t\t\t\tVi\u0161e<span class=\"screen-reader-text\"> Krieg um die Erinnerung: Kroatische Vergangenheitspolitik zwischen Revisionismus und europ\u00e4ischen Standards<\/span><span class=\"kadence-svg-iconset svg-baseline\"><svg aria-hidden=\"true\" class=\"kadence-svg-icon kadence-arrow-right-alt-svg\" fill=\"currentColor\" version=\"1.1\" xmlns=\"http:\/\/www.w3.org\/2000\/svg\" width=\"27\" height=\"28\" viewbox=\"0 0 27 28\"><title>Continue<\/title><path d=\"M27 13.953c0 0.141-0.063 0.281-0.156 0.375l-6 5.531c-0.156 0.141-0.359 0.172-0.547 0.094-0.172-0.078-0.297-0.25-0.297-0.453v-3.5h-19.5c-0.281 0-0.5-0.219-0.5-0.5v-3c0-0.281 0.219-0.5 0.5-0.5h19.5v-3.5c0-0.203 0.109-0.375 0.297-0.453s0.391-0.047 0.547 0.078l6 5.469c0.094 0.094 0.156 0.219 0.156 0.359v0z\"><\/path>\n\t\t\t<\/svg><\/span>\t\t\t\t<\/a>\n\t\t\t<\/p>\n\t\t<\/div><!-- .entry-actions -->\n\t\t<\/footer><!-- .entry-footer -->\t\t<\/div>\n\t<\/article>\n<\/li>\n<\/ul><\/div><\/div>\n\n\n\n<div class=\"wp-block-kadence-tab kt-tab-inner-content kt-inner-tab-16 kt-inner-tab_da9892-d3\"><div class=\"kt-tab-inner-content-inner\"><style>.kb-posts-id-_0faeae-e5 .kb-post-list-item{display:grid;}<\/style><ul class=\"wp-block-kadence-posts kb-posts kadence-posts-list kb-posts-id-_0faeae-e5 content-wrap grid-cols kb-posts-style-boxed grid-sm-col-2 grid-lg-col-2 item-image-style-above\"><li class=\"kb-post-list-item\">\n\t<article class=\"entry content-bg loop-entry post-874 post type-post status-publish format-standard hentry category-22 tag-pakistan tag-stavovi tag-studentice tag-televizijsko-oglasavanje\">\n\t\t\t\t<div class=\"entry-content-wrap\">\n\t\t\t<header class=\"entry-header\">\n\t<h2 class=\"entry-title\"><a href=\"https:\/\/suvremene-teme.vern.hr\/en\/razumijevanje-stavova-studentica-prema-televizijskom-oglasavanju-u-pakistanu\/\" rel=\"bookmark\">Understanding Female College Students\u2019 Mind-set towards Television Advertising in Pakistan<\/a><\/h2>\t<div class=\"entry-meta entry-meta-divider-dot\">\n\t\t\t<span class=\"posted-by\">\r\n\t\tBy&nbsp;<a href=\"https:\/\/suvremene-teme.vern.hr\/en\/author\/jamshed-khattak\/\" title=\"Posts by Jamshed Khattak\" class=\"author url fn\" rel=\"author\">Jamshed Khattak<\/a>&nbsp;&#038;&nbsp;<a href=\"https:\/\/suvremene-teme.vern.hr\/en\/author\/aslam-khan\/\" title=\"Posts by Aslam Khan\" class=\"author url fn\" rel=\"author\">Aslam Khan<\/a>\t\t<\/span>\r\n\t\t\t\t\t<span class=\"posted-on\">\n\t\t\t\t<time class=\"entry-date published\" datetime=\"2009-04-28T14:10:00+00:00\">28. April 2009.<\/time><time class=\"updated\" datetime=\"2026-04-24T08:15:28+00:00\">24. April 2026.<\/time>\t\t\t<\/span>\n\t\t\t\t<\/div><!-- .entry-meta -->\n\t<\/header><!-- .entry-header -->\n\t<div class=\"entry-summary\">\n\t\t<p>Purpose: This study examined the consequences and impact that television advertising has upon the general attitude of female college students towards television advertising in Pakistan. The data was collected from randomly selected 299 female college students. Methods: The respondents from five metropolitan cities like Peshawar, Islamabad,Rawalpindi, Quetta and Karachi were asked to answer a self-administered questionnaire.<\/p>\n\t<\/div><!-- .entry-summary -->\n\t<footer class=\"entry-footer\">\n\t\t\t<div class=\"entry-actions\">\n\t\t\t<p class=\"more-link-wrap\">\n\t\t\t\t<a href=\"https:\/\/suvremene-teme.vern.hr\/en\/razumijevanje-stavova-studentica-prema-televizijskom-oglasavanju-u-pakistanu\/\" class=\"post-more-link\">\n\t\t\t\t\tVi\u0161e<span class=\"screen-reader-text\"> Understanding Female College Students\u2019 Mind-set towards Television Advertising in Pakistan<\/span><span class=\"kadence-svg-iconset svg-baseline\"><svg aria-hidden=\"true\" class=\"kadence-svg-icon kadence-arrow-right-alt-svg\" fill=\"currentColor\" version=\"1.1\" xmlns=\"http:\/\/www.w3.org\/2000\/svg\" width=\"27\" height=\"28\" viewbox=\"0 0 27 28\"><title>Continue<\/title><path d=\"M27 13.953c0 0.141-0.063 0.281-0.156 0.375l-6 5.531c-0.156 0.141-0.359 0.172-0.547 0.094-0.172-0.078-0.297-0.25-0.297-0.453v-3.5h-19.5c-0.281 0-0.5-0.219-0.5-0.5v-3c0-0.281 0.219-0.5 0.5-0.5h19.5v-3.5c0-0.203 0.109-0.375 0.297-0.453s0.391-0.047 0.547 0.078l6 5.469c0.094 0.094 0.156 0.219 0.156 0.359v0z\"><\/path>\n\t\t\t<\/svg><\/span>\t\t\t\t<\/a>\n\t\t\t<\/p>\n\t\t<\/div><!-- .entry-actions -->\n\t\t<\/footer><!-- .entry-footer -->\t\t<\/div>\n\t<\/article>\n<\/li>\n<li class=\"kb-post-list-item\">\n\t<article class=\"entry content-bg loop-entry post-868 post type-post status-publish format-standard hentry category-22 tag-diskurs tag-kriza tag-neoliberalizam tag-upravljanje tag-zdravstvena-zastita\">\n\t\t\t\t<div class=\"entry-content-wrap\">\n\t\t\t<header class=\"entry-header\">\n\t<h2 class=\"entry-title\"><a href=\"https:\/\/suvremene-teme.vern.hr\/en\/diskurs-o-krizi-zdravstvenog-sustava-i-novi-model-upravljanja-zdravstvenom-zastitom-u-quebecu\/\" rel=\"bookmark\">The Discourse on the \u201cCrisis of the Health Care System\u201d and the New Governance Model of Health Care in Quebec<\/a><\/h2>\t<div class=\"entry-meta entry-meta-divider-dot\">\n\t\t\t<span class=\"posted-by\">\r\n\t\tBy&nbsp;<a href=\"https:\/\/suvremene-teme.vern.hr\/en\/author\/sabina-stan\/\" title=\"Posts by Sabina Stan\" class=\"author url fn\" rel=\"author\">Sabina Stan<\/a>\t\t<\/span>\r\n\t\t\t\t\t<span class=\"posted-on\">\n\t\t\t\t<time class=\"entry-date published\" datetime=\"2009-04-28T14:07:00+00:00\">28. April 2009.<\/time><time class=\"updated\" datetime=\"2026-04-24T08:15:34+00:00\">24. April 2026.<\/time>\t\t\t<\/span>\n\t\t\t\t<\/div><!-- .entry-meta -->\n\t<\/header><!-- .entry-header -->\n\t<div class=\"entry-summary\">\n\t\t<p>During the last decade, public discourse on the \u201ccrisis of the health care system\u201d in Quebec and Canada soared to the extent that the crisis has come to be seen by many Quebeckers and Canadians as an enduring feature of their health care sector...<\/p>\n\t<\/div><!-- .entry-summary -->\n\t<footer class=\"entry-footer\">\n\t\t\t<div class=\"entry-actions\">\n\t\t\t<p class=\"more-link-wrap\">\n\t\t\t\t<a href=\"https:\/\/suvremene-teme.vern.hr\/en\/diskurs-o-krizi-zdravstvenog-sustava-i-novi-model-upravljanja-zdravstvenom-zastitom-u-quebecu\/\" class=\"post-more-link\">\n\t\t\t\t\tVi\u0161e<span class=\"screen-reader-text\"> The Discourse on the \u201cCrisis of the Health Care System\u201d and the New Governance Model of Health Care in Quebec<\/span><span class=\"kadence-svg-iconset svg-baseline\"><svg aria-hidden=\"true\" class=\"kadence-svg-icon kadence-arrow-right-alt-svg\" fill=\"currentColor\" version=\"1.1\" xmlns=\"http:\/\/www.w3.org\/2000\/svg\" width=\"27\" height=\"28\" viewbox=\"0 0 27 28\"><title>Continue<\/title><path d=\"M27 13.953c0 0.141-0.063 0.281-0.156 0.375l-6 5.531c-0.156 0.141-0.359 0.172-0.547 0.094-0.172-0.078-0.297-0.25-0.297-0.453v-3.5h-19.5c-0.281 0-0.5-0.219-0.5-0.5v-3c0-0.281 0.219-0.5 0.5-0.5h19.5v-3.5c0-0.203 0.109-0.375 0.297-0.453s0.391-0.047 0.547 0.078l6 5.469c0.094 0.094 0.156 0.219 0.156 0.359v0z\"><\/path>\n\t\t\t<\/svg><\/span>\t\t\t\t<\/a>\n\t\t\t<\/p>\n\t\t<\/div><!-- .entry-actions -->\n\t\t<\/footer><!-- .entry-footer -->\t\t<\/div>\n\t<\/article>\n<\/li>\n<li class=\"kb-post-list-item\">\n\t<article class=\"entry content-bg loop-entry post-864 post type-post status-publish format-standard hentry category-22 tag-drustvena-i-politicka-participacija tag-fatalizam tag-pouzdanje tag-povjerenje tag-socijalni-kapital\">\n\t\t\t\t<div class=\"entry-content-wrap\">\n\t\t\t<header class=\"entry-header\">\n\t<h2 class=\"entry-title\"><a href=\"https:\/\/suvremene-teme.vern.hr\/en\/pad-povjerenja-u-postkomunistickim-drustvima-slucaj-bugarske-i-rusije\/\" rel=\"bookmark\">The Decline of Trust in Post-communist Societies: The Case of Bulgaria and Russia<\/a><\/h2>\t<div class=\"entry-meta entry-meta-divider-dot\">\n\t\t\t<span class=\"posted-by\">\r\n\t\tBy&nbsp;<a href=\"https:\/\/suvremene-teme.vern.hr\/en\/author\/plamena-pehlivanova\/\" title=\"Posts by Plamena Pehlivanova\" class=\"author url fn\" rel=\"author\">Plamena Pehlivanova<\/a>\t\t<\/span>\r\n\t\t\t\t\t<span class=\"posted-on\">\n\t\t\t\t<time class=\"entry-date published\" datetime=\"2009-04-28T14:01:00+00:00\">28. April 2009.<\/time><time class=\"updated\" datetime=\"2026-04-24T08:15:40+00:00\">24. April 2026.<\/time>\t\t\t<\/span>\n\t\t\t\t<\/div><!-- .entry-meta -->\n\t<\/header><!-- .entry-header -->\n\t<div class=\"entry-summary\">\n\t\t<p>After the fall of communism in Bulgaria and Russia, the form of underground communities still remained in the collective consciousness, as people became even more secluded around their tight circles of family and friends. The family bonds became the new cradle of trust that might have resulted in the low levels of bridging and out-group trust. Trust toward government institutions and formal organisations have dramatically declined...<\/p>\n\t<\/div><!-- .entry-summary -->\n\t<footer class=\"entry-footer\">\n\t\t\t<div class=\"entry-actions\">\n\t\t\t<p class=\"more-link-wrap\">\n\t\t\t\t<a href=\"https:\/\/suvremene-teme.vern.hr\/en\/pad-povjerenja-u-postkomunistickim-drustvima-slucaj-bugarske-i-rusije\/\" class=\"post-more-link\">\n\t\t\t\t\tVi\u0161e<span class=\"screen-reader-text\"> The Decline of Trust in Post-communist Societies: The Case of Bulgaria and Russia<\/span><span class=\"kadence-svg-iconset svg-baseline\"><svg aria-hidden=\"true\" class=\"kadence-svg-icon kadence-arrow-right-alt-svg\" fill=\"currentColor\" version=\"1.1\" xmlns=\"http:\/\/www.w3.org\/2000\/svg\" width=\"27\" height=\"28\" viewbox=\"0 0 27 28\"><title>Continue<\/title><path d=\"M27 13.953c0 0.141-0.063 0.281-0.156 0.375l-6 5.531c-0.156 0.141-0.359 0.172-0.547 0.094-0.172-0.078-0.297-0.25-0.297-0.453v-3.5h-19.5c-0.281 0-0.5-0.219-0.5-0.5v-3c0-0.281 0.219-0.5 0.5-0.5h19.5v-3.5c0-0.203 0.109-0.375 0.297-0.453s0.391-0.047 0.547 0.078l6 5.469c0.094 0.094 0.156 0.219 0.156 0.359v0z\"><\/path>\n\t\t\t<\/svg><\/span>\t\t\t\t<\/a>\n\t\t\t<\/p>\n\t\t<\/div><!-- .entry-actions -->\n\t\t<\/footer><!-- .entry-footer -->\t\t<\/div>\n\t<\/article>\n<\/li>\n<li class=\"kb-post-list-item\">\n\t<article class=\"entry content-bg loop-entry post-859 post type-post status-publish format-standard hentry category-22\">\n\t\t\t\t<div class=\"entry-content-wrap\">\n\t\t\t<header class=\"entry-header\">\n\t<h2 class=\"entry-title\"><a href=\"https:\/\/suvremene-teme.vern.hr\/en\/oblik-drzavnog-uredenja-bosne-i-hercegovine-po-cutileirovom-planu-18-ozujka-1992-medunarodne-zaj\/\" rel=\"bookmark\">International Community Polity Proposal for Bosnia and Herzegovina according to Cutileiro\u2019s Plan (March 18, 1992)<\/a><\/h2>\t<div class=\"entry-meta entry-meta-divider-dot\">\n\t\t\t<span class=\"posted-by\">\r\n\t\tBy&nbsp;<a href=\"https:\/\/suvremene-teme.vern.hr\/en\/author\/sasa-mrduljas\/\" title=\"Posts by Sa\u0161a Mrdulja\u0161\" class=\"author url fn\" rel=\"author\">Sa\u0161a Mrdulja\u0161<\/a>\t\t<\/span>\r\n\t\t\t\t\t<span class=\"posted-on\">\n\t\t\t\t<time class=\"entry-date published\" datetime=\"2009-04-28T13:57:00+00:00\">28. April 2009.<\/time><time class=\"updated\" datetime=\"2026-04-24T08:15:45+00:00\">24. April 2026.<\/time>\t\t\t<\/span>\n\t\t\t\t<\/div><!-- .entry-meta -->\n\t<\/header><!-- .entry-header -->\n\t<div class=\"entry-summary\">\n\t\t<p>During the final phase of the breakup of Yugoslavia, in circumstances\nwhich have led to independence of its republics and were largely characterised by Serbian hegemonic aggression towards Croatia, a final chrystallisation of political goals of the three Bosnian-Herzegovinian ethnicites. By the end of 1991, Serbs agree to the creation of a Serbian political entity on two thirds of Bosnian-Herzegovinian territory with a possibility of merging with Serbia...<\/p>\n\t<\/div><!-- .entry-summary -->\n\t<footer class=\"entry-footer\">\n\t\t\t<div class=\"entry-actions\">\n\t\t\t<p class=\"more-link-wrap\">\n\t\t\t\t<a href=\"https:\/\/suvremene-teme.vern.hr\/en\/oblik-drzavnog-uredenja-bosne-i-hercegovine-po-cutileirovom-planu-18-ozujka-1992-medunarodne-zaj\/\" class=\"post-more-link\">\n\t\t\t\t\tVi\u0161e<span class=\"screen-reader-text\"> International Community Polity Proposal for Bosnia and Herzegovina according to Cutileiro\u2019s Plan (March 18, 1992)<\/span><span class=\"kadence-svg-iconset svg-baseline\"><svg aria-hidden=\"true\" class=\"kadence-svg-icon kadence-arrow-right-alt-svg\" fill=\"currentColor\" version=\"1.1\" xmlns=\"http:\/\/www.w3.org\/2000\/svg\" width=\"27\" height=\"28\" viewbox=\"0 0 27 28\"><title>Continue<\/title><path d=\"M27 13.953c0 0.141-0.063 0.281-0.156 0.375l-6 5.531c-0.156 0.141-0.359 0.172-0.547 0.094-0.172-0.078-0.297-0.25-0.297-0.453v-3.5h-19.5c-0.281 0-0.5-0.219-0.5-0.5v-3c0-0.281 0.219-0.5 0.5-0.5h19.5v-3.5c0-0.203 0.109-0.375 0.297-0.453s0.391-0.047 0.547 0.078l6 5.469c0.094 0.094 0.156 0.219 0.156 0.359v0z\"><\/path>\n\t\t\t<\/svg><\/span>\t\t\t\t<\/a>\n\t\t\t<\/p>\n\t\t<\/div><!-- .entry-actions -->\n\t\t<\/footer><!-- .entry-footer -->\t\t<\/div>\n\t<\/article>\n<\/li>\n<li class=\"kb-post-list-item\">\n\t<article class=\"entry content-bg loop-entry post-853 post type-post status-publish format-standard hentry category-22 tag-bosna-i-hercegovina tag-daytonski-sporazum tag-izbori tag-izborni-sustav tag-politicki-i-tehnicki-problemi\">\n\t\t\t\t<div class=\"entry-content-wrap\">\n\t\t\t<header class=\"entry-header\">\n\t<h2 class=\"entry-title\"><a href=\"https:\/\/suvremene-teme.vern.hr\/en\/izborni-sustav-bosne-i-hercegovine-kratki-prikaz-politickog-pitanja-i-ili-tehnickog-nesuglasja\/\" rel=\"bookmark\">The Electoral System of Bosnia and Herzegovina: A Short Review of Political Matter and\/or Technical Perplexion<\/a><\/h2>\t<div class=\"entry-meta entry-meta-divider-dot\">\n\t\t\t<span class=\"posted-by\">\r\n\t\tBy&nbsp;<a href=\"https:\/\/suvremene-teme.vern.hr\/en\/author\/maja-sahadzic\/\" title=\"Posts by Maja Sahad\u017ei\u0107\" class=\"author url fn\" rel=\"author\">Maja Sahad\u017ei\u0107<\/a>\t\t<\/span>\r\n\t\t\t\t\t<span class=\"posted-on\">\n\t\t\t\t<time class=\"entry-date published\" datetime=\"2009-04-28T13:50:00+00:00\">28. April 2009.<\/time><time class=\"updated\" datetime=\"2026-04-24T08:15:52+00:00\">24. April 2026.<\/time>\t\t\t<\/span>\n\t\t\t\t<\/div><!-- .entry-meta -->\n\t<\/header><!-- .entry-header -->\n\t<div class=\"entry-summary\">\n\t\t<p>The Dayton Proximity Talks were held in the Wright - Patterson Air Force Base in Ohio, USA from 1-21 November 1995. They resulted with the General Framework Agreement for Peace in Bosnia and Herzegovina (e.g. Dayton Peace Accords, Dayton Peace Agreement) that was signed by the Republic of Bosnia and Herzegovina, the Republic of Croatia and the Federal Republic of Yugoslavia and witnessed by USA, UK, Germany...<\/p>\n\t<\/div><!-- .entry-summary -->\n\t<footer class=\"entry-footer\">\n\t\t\t<div class=\"entry-actions\">\n\t\t\t<p class=\"more-link-wrap\">\n\t\t\t\t<a href=\"https:\/\/suvremene-teme.vern.hr\/en\/izborni-sustav-bosne-i-hercegovine-kratki-prikaz-politickog-pitanja-i-ili-tehnickog-nesuglasja\/\" class=\"post-more-link\">\n\t\t\t\t\tVi\u0161e<span class=\"screen-reader-text\"> The Electoral System of Bosnia and Herzegovina: A Short Review of Political Matter and\/or Technical Perplexion<\/span><span class=\"kadence-svg-iconset svg-baseline\"><svg aria-hidden=\"true\" class=\"kadence-svg-icon kadence-arrow-right-alt-svg\" fill=\"currentColor\" version=\"1.1\" xmlns=\"http:\/\/www.w3.org\/2000\/svg\" width=\"27\" height=\"28\" viewbox=\"0 0 27 28\"><title>Continue<\/title><path d=\"M27 13.953c0 0.141-0.063 0.281-0.156 0.375l-6 5.531c-0.156 0.141-0.359 0.172-0.547 0.094-0.172-0.078-0.297-0.25-0.297-0.453v-3.5h-19.5c-0.281 0-0.5-0.219-0.5-0.5v-3c0-0.281 0.219-0.5 0.5-0.5h19.5v-3.5c0-0.203 0.109-0.375 0.297-0.453s0.391-0.047 0.547 0.078l6 5.469c0.094 0.094 0.156 0.219 0.156 0.359v0z\"><\/path>\n\t\t\t<\/svg><\/span>\t\t\t\t<\/a>\n\t\t\t<\/p>\n\t\t<\/div><!-- .entry-actions -->\n\t\t<\/footer><!-- .entry-footer -->\t\t<\/div>\n\t<\/article>\n<\/li>\n<li class=\"kb-post-list-item\">\n\t<article class=\"entry content-bg loop-entry post-849 post type-post status-publish format-standard hentry category-22 tag-europsko-drustvo-se tag-europsko-pravo-trgovackih-drustava tag-jedinstveni-ekonomski-prostor tag-sporazum-o-stabilizaciji-i-pridruzivanju tag-unutrasnje-trziste tag-uskladivanje\">\n\t\t\t\t<div class=\"entry-content-wrap\">\n\t\t\t<header class=\"entry-header\">\n\t<h2 class=\"entry-title\"><a href=\"https:\/\/suvremene-teme.vern.hr\/en\/uskladenost-pravnih-propisa-o-dionickim-drustvima-u-bosni-i-hercegovini-s-uredbom-o-statutu-europskog-drustva-u-svjetlu-izmjena-nacionalnog-zakonodavstva-o-trgovackim-drustvima\/\" rel=\"bookmark\">Coordination between the regulation of public limited liability companies in Bosnia and Herzegovina and the Council Regulation on the Statute for an European company in the light of amendments of national legislation on companies<\/a><\/h2>\t<div class=\"entry-meta entry-meta-divider-dot\">\n\t\t\t<span class=\"posted-by\">\r\n\t\tBy&nbsp;<a href=\"https:\/\/suvremene-teme.vern.hr\/en\/author\/ivana-grubesic\/\" title=\"Posts by Ivana Grube\u0161i\u0107\" class=\"author url fn\" rel=\"author\">Ivana Grube\u0161i\u0107<\/a>\t\t<\/span>\r\n\t\t\t\t\t<span class=\"posted-on\">\n\t\t\t\t<time class=\"entry-date published\" datetime=\"2009-04-28T13:47:00+00:00\">28. April 2009.<\/time><time class=\"updated\" datetime=\"2026-04-24T08:15:58+00:00\">24. April 2026.<\/time>\t\t\t<\/span>\n\t\t\t\t<\/div><!-- .entry-meta -->\n\t<\/header><!-- .entry-header -->\n\t<div class=\"entry-summary\">\n\t\t<p>With the goal of successfully integrating into the internal EU market in mind, by becoming a signatory of Stabilisation and Association Agreement on June 16, 2009, Bosnia and Herzegovina took on the responsibility of undertaking prescribed measures to enable a functional market economy to take roots by establishing a single economic space based on four freedoms of movement.<\/p>\n\t<\/div><!-- .entry-summary -->\n\t<footer class=\"entry-footer\">\n\t\t\t<div class=\"entry-actions\">\n\t\t\t<p class=\"more-link-wrap\">\n\t\t\t\t<a href=\"https:\/\/suvremene-teme.vern.hr\/en\/uskladenost-pravnih-propisa-o-dionickim-drustvima-u-bosni-i-hercegovini-s-uredbom-o-statutu-europskog-drustva-u-svjetlu-izmjena-nacionalnog-zakonodavstva-o-trgovackim-drustvima\/\" class=\"post-more-link\">\n\t\t\t\t\tVi\u0161e<span class=\"screen-reader-text\"> Coordination between the regulation of public limited liability companies in Bosnia and Herzegovina and the Council Regulation on the Statute for an European company in the light of amendments of national legislation on companies<\/span><span class=\"kadence-svg-iconset svg-baseline\"><svg aria-hidden=\"true\" class=\"kadence-svg-icon kadence-arrow-right-alt-svg\" fill=\"currentColor\" version=\"1.1\" xmlns=\"http:\/\/www.w3.org\/2000\/svg\" width=\"27\" height=\"28\" viewbox=\"0 0 27 28\"><title>Continue<\/title><path d=\"M27 13.953c0 0.141-0.063 0.281-0.156 0.375l-6 5.531c-0.156 0.141-0.359 0.172-0.547 0.094-0.172-0.078-0.297-0.25-0.297-0.453v-3.5h-19.5c-0.281 0-0.5-0.219-0.5-0.5v-3c0-0.281 0.219-0.5 0.5-0.5h19.5v-3.5c0-0.203 0.109-0.375 0.297-0.453s0.391-0.047 0.547 0.078l6 5.469c0.094 0.094 0.156 0.219 0.156 0.359v0z\"><\/path>\n\t\t\t<\/svg><\/span>\t\t\t\t<\/a>\n\t\t\t<\/p>\n\t\t<\/div><!-- .entry-actions -->\n\t\t<\/footer><!-- .entry-footer -->\t\t<\/div>\n\t<\/article>\n<\/li>\n<li class=\"kb-post-list-item\">\n\t<article class=\"entry content-bg loop-entry post-846 post type-post status-publish format-standard hentry category-22 tag-bosna-i-hercegovina tag-daytonski-sporazum tag-scenariji-buducnosti\">\n\t\t\t\t<div class=\"entry-content-wrap\">\n\t\t\t<header class=\"entry-header\">\n\t<h2 class=\"entry-title\"><a href=\"https:\/\/suvremene-teme.vern.hr\/en\/medunarodna-zajednica-i-scenariji-buducnosti-za-bosnu-i-hercegovinu\/\" rel=\"bookmark\">The International Community and Future Scenarios for Bosnia and Herzegovina<\/a><\/h2>\t<div class=\"entry-meta entry-meta-divider-dot\">\n\t\t\t<span class=\"posted-by\">\r\n\t\tBy&nbsp;<a href=\"https:\/\/suvremene-teme.vern.hr\/en\/author\/andelko-milardovic\/\" title=\"Posts by An\u0111elko Milardovi\u0107\" class=\"author url fn\" rel=\"author\">An\u0111elko Milardovi\u0107<\/a>\t\t<\/span>\r\n\t\t\t\t\t<span class=\"posted-on\">\n\t\t\t\t<time class=\"entry-date published\" datetime=\"2009-04-28T13:38:00+00:00\">28. April 2009.<\/time><time class=\"updated\" datetime=\"2026-04-24T08:16:04+00:00\">24. April 2026.<\/time>\t\t\t<\/span>\n\t\t\t\t<\/div><!-- .entry-meta -->\n\t<\/header><!-- .entry-header -->\n\t<div class=\"entry-summary\">\n\t\t<p>This conference paper, presented at Panel 3 \u201cThe future role of the International Community in Bosnia and Herzegovina\u201d as part of the international conference \u201cBosnia &amp; Herzegovina - a Road towards Stabilization, Prosperity and European Integration\u201c organised by the Hungarian Institute of International Affairs and held on November 5-6, 2009 in Budapest, Hungary,<\/p>\n\t<\/div><!-- .entry-summary -->\n\t<footer class=\"entry-footer\">\n\t\t\t<div class=\"entry-actions\">\n\t\t\t<p class=\"more-link-wrap\">\n\t\t\t\t<a href=\"https:\/\/suvremene-teme.vern.hr\/en\/medunarodna-zajednica-i-scenariji-buducnosti-za-bosnu-i-hercegovinu\/\" class=\"post-more-link\">\n\t\t\t\t\tVi\u0161e<span class=\"screen-reader-text\"> The International Community and Future Scenarios for Bosnia and Herzegovina<\/span><span class=\"kadence-svg-iconset svg-baseline\"><svg aria-hidden=\"true\" class=\"kadence-svg-icon kadence-arrow-right-alt-svg\" fill=\"currentColor\" version=\"1.1\" xmlns=\"http:\/\/www.w3.org\/2000\/svg\" width=\"27\" height=\"28\" viewbox=\"0 0 27 28\"><title>Continue<\/title><path d=\"M27 13.953c0 0.141-0.063 0.281-0.156 0.375l-6 5.531c-0.156 0.141-0.359 0.172-0.547 0.094-0.172-0.078-0.297-0.25-0.297-0.453v-3.5h-19.5c-0.281 0-0.5-0.219-0.5-0.5v-3c0-0.281 0.219-0.5 0.5-0.5h19.5v-3.5c0-0.203 0.109-0.375 0.297-0.453s0.391-0.047 0.547 0.078l6 5.469c0.094 0.094 0.156 0.219 0.156 0.359v0z\"><\/path>\n\t\t\t<\/svg><\/span>\t\t\t\t<\/a>\n\t\t\t<\/p>\n\t\t<\/div><!-- .entry-actions -->\n\t\t<\/footer><!-- .entry-footer -->\t\t<\/div>\n\t<\/article>\n<\/li>\n<\/ul><\/div><\/div>\n\n\n\n<div class=\"wp-block-kadence-tab kt-tab-inner-content kt-inner-tab-17 kt-inner-tab_84dd15-6b\"><div class=\"kt-tab-inner-content-inner\"><style>.kb-posts-id-_9b63cb-5c .kb-post-list-item{display:grid;}<\/style><ul class=\"wp-block-kadence-posts kb-posts kadence-posts-list kb-posts-id-_9b63cb-5c content-wrap grid-cols kb-posts-style-boxed grid-sm-col-2 grid-lg-col-2 item-image-style-above\"><li class=\"kb-post-list-item\">\n\t<article class=\"entry content-bg loop-entry post-917 post type-post status-publish format-standard hentry category-23\">\n\t\t\t\t<div class=\"entry-content-wrap\">\n\t\t\t<header class=\"entry-header\">\n\t<h2 class=\"entry-title\"><a href=\"https:\/\/suvremene-teme.vern.hr\/en\/postmoderno-drustvo-koje-su-temeljne-vrijednosne-orijentacije\/\" rel=\"bookmark\">The Post-Modern Society: Which are the Basic Value-Orientations?<\/a><\/h2>\t<div class=\"entry-meta entry-meta-divider-dot\">\n\t\t\t<span class=\"posted-by\">\r\n\t\tBy&nbsp;<a href=\"https:\/\/suvremene-teme.vern.hr\/en\/author\/jan-erik-lane\/\" title=\"Posts by Jan-Erik Lane\" class=\"author url fn\" rel=\"author\">Jan-Erik Lane<\/a>&nbsp;&#038;&nbsp;<a href=\"https:\/\/suvremene-teme.vern.hr\/en\/author\/frank-reber\/\" title=\"Posts by Frank Reber\" class=\"author url fn\" rel=\"author\">Frank Reber<\/a>\t\t<\/span>\r\n\t\t\t\t\t<span class=\"posted-on\">\n\t\t\t\t<time class=\"entry-date published\" datetime=\"2008-04-29T07:59:00+00:00\">29. April 2008.<\/time><time class=\"updated\" datetime=\"2026-04-24T08:12:49+00:00\">24. April 2026.<\/time>\t\t\t<\/span>\n\t\t\t\t<\/div><!-- .entry-meta -->\n\t<\/header><!-- .entry-header -->\n\t<div class=\"entry-summary\">\n\t\t<p>Political behaviour like voting or allegiance to political parties is today less a function of the social structure and more an expression of the value orientations that the electorate harbours. The new research into political culture has resulted in numerous findings concerning the role of dominant value orientations like post-materialism, trust and gender or egalitarianism as well as individualism...<\/p>\n\t<\/div><!-- .entry-summary -->\n\t<footer class=\"entry-footer\">\n\t\t\t<div class=\"entry-actions\">\n\t\t\t<p class=\"more-link-wrap\">\n\t\t\t\t<a href=\"https:\/\/suvremene-teme.vern.hr\/en\/postmoderno-drustvo-koje-su-temeljne-vrijednosne-orijentacije\/\" class=\"post-more-link\">\n\t\t\t\t\tVi\u0161e<span class=\"screen-reader-text\"> The Post-Modern Society: Which are the Basic Value-Orientations?<\/span><span class=\"kadence-svg-iconset svg-baseline\"><svg aria-hidden=\"true\" class=\"kadence-svg-icon kadence-arrow-right-alt-svg\" fill=\"currentColor\" version=\"1.1\" xmlns=\"http:\/\/www.w3.org\/2000\/svg\" width=\"27\" height=\"28\" viewbox=\"0 0 27 28\"><title>Continue<\/title><path d=\"M27 13.953c0 0.141-0.063 0.281-0.156 0.375l-6 5.531c-0.156 0.141-0.359 0.172-0.547 0.094-0.172-0.078-0.297-0.25-0.297-0.453v-3.5h-19.5c-0.281 0-0.5-0.219-0.5-0.5v-3c0-0.281 0.219-0.5 0.5-0.5h19.5v-3.5c0-0.203 0.109-0.375 0.297-0.453s0.391-0.047 0.547 0.078l6 5.469c0.094 0.094 0.156 0.219 0.156 0.359v0z\"><\/path>\n\t\t\t<\/svg><\/span>\t\t\t\t<\/a>\n\t\t\t<\/p>\n\t\t<\/div><!-- .entry-actions -->\n\t\t<\/footer><!-- .entry-footer -->\t\t<\/div>\n\t<\/article>\n<\/li>\n<li class=\"kb-post-list-item\">\n\t<article class=\"entry content-bg loop-entry post-910 post type-post status-publish format-standard hentry category-23 tag-14-kongres tag-raspad-jugoslavije tag-skj\">\n\t\t\t\t<div class=\"entry-content-wrap\">\n\t\t\t<header class=\"entry-header\">\n\t<h2 class=\"entry-title\"><a href=\"https:\/\/suvremene-teme.vern.hr\/en\/sazetak\/\" rel=\"bookmark\">Last Congress of the League of Communists of Yugoslavia: Causes, Consequences and Course of Dissolution<\/a><\/h2>\t<div class=\"entry-meta entry-meta-divider-dot\">\n\t\t\t<span class=\"posted-by\">\r\n\t\tBy&nbsp;<a href=\"https:\/\/suvremene-teme.vern.hr\/en\/author\/davor-paukovic\/\" title=\"Posts by Davor Paukovi\u0107\" class=\"author url fn\" rel=\"author\">Davor Paukovi\u0107<\/a>\t\t<\/span>\r\n\t\t\t\t\t<span class=\"posted-on\">\n\t\t\t\t<time class=\"entry-date published\" datetime=\"2008-04-29T07:51:00+00:00\">29. April 2008.<\/time><time class=\"updated\" datetime=\"2026-04-24T08:13:01+00:00\">24. April 2026.<\/time>\t\t\t<\/span>\n\t\t\t\t<\/div><!-- .entry-meta -->\n\t<\/header><!-- .entry-header -->\n\t<div class=\"entry-summary\">\n\t\t<p>During the eighties, Yugoslavia was faced with a growing crisis that has put into question the survival of the federation. Conflicting strategies of the future Yugoslavia, based in the republic League of Communists, have finally separated on the 14th LCY extraordinary Congress in January 1990.<\/p>\n\t<\/div><!-- .entry-summary -->\n\t<footer class=\"entry-footer\">\n\t\t\t<div class=\"entry-actions\">\n\t\t\t<p class=\"more-link-wrap\">\n\t\t\t\t<a href=\"https:\/\/suvremene-teme.vern.hr\/en\/sazetak\/\" class=\"post-more-link\">\n\t\t\t\t\tVi\u0161e<span class=\"screen-reader-text\"> Last Congress of the League of Communists of Yugoslavia: Causes, Consequences and Course of Dissolution<\/span><span class=\"kadence-svg-iconset svg-baseline\"><svg aria-hidden=\"true\" class=\"kadence-svg-icon kadence-arrow-right-alt-svg\" fill=\"currentColor\" version=\"1.1\" xmlns=\"http:\/\/www.w3.org\/2000\/svg\" width=\"27\" height=\"28\" viewbox=\"0 0 27 28\"><title>Continue<\/title><path d=\"M27 13.953c0 0.141-0.063 0.281-0.156 0.375l-6 5.531c-0.156 0.141-0.359 0.172-0.547 0.094-0.172-0.078-0.297-0.25-0.297-0.453v-3.5h-19.5c-0.281 0-0.5-0.219-0.5-0.5v-3c0-0.281 0.219-0.5 0.5-0.5h19.5v-3.5c0-0.203 0.109-0.375 0.297-0.453s0.391-0.047 0.547 0.078l6 5.469c0.094 0.094 0.156 0.219 0.156 0.359v0z\"><\/path>\n\t\t\t<\/svg><\/span>\t\t\t\t<\/a>\n\t\t\t<\/p>\n\t\t<\/div><!-- .entry-actions -->\n\t\t<\/footer><!-- .entry-footer -->\t\t<\/div>\n\t<\/article>\n<\/li>\n<li class=\"kb-post-list-item\">\n\t<article class=\"entry content-bg loop-entry post-906 post type-post status-publish format-standard hentry category-23 tag-intersekcionalnost tag-kucne-pomocnice tag-rodna-nejednakost tag-socijalna-drzava tag-socijalna-iskljucenost tag-sukob-posao-obitelj tag-trziste-rada\">\n\t\t\t\t<div class=\"entry-content-wrap\">\n\t\t\t<header class=\"entry-header\">\n\t<h2 class=\"entry-title\"><a href=\"https:\/\/suvremene-teme.vern.hr\/en\/sirenje-javnog-sustava-pomoci-u-kucanstvu-pilot-projekt-u-sloveniji\/\" rel=\"bookmark\">Expanding the Public System of Household Assistance: a Pilot Experiment in Slovenia<\/a><\/h2>\t<div class=\"entry-meta entry-meta-divider-dot\">\n\t\t\t<span class=\"posted-by\">\r\n\t\tBy&nbsp;<a href=\"https:\/\/suvremene-teme.vern.hr\/en\/author\/majda-hrzenjak\/\" title=\"Posts by Majda Hr\u017eenjak\" class=\"author url fn\" rel=\"author\">Majda Hr\u017eenjak<\/a>\t\t<\/span>\r\n\t\t\t\t\t<span class=\"posted-on\">\n\t\t\t\t<time class=\"entry-date published\" datetime=\"2008-04-29T07:45:00+00:00\">29. April 2008.<\/time><time class=\"updated\" datetime=\"2026-04-23T06:09:00+00:00\">23. April 2026.<\/time>\t\t\t<\/span>\n\t\t\t\t<\/div><!-- .entry-meta -->\n\t<\/header><!-- .entry-header -->\n\t<div class=\"entry-summary\">\n\t\t<p>Irregular paid domestic workers with their activity in domestic\nsphere and domestic work, reorganize notions of welfare and the\nrelationship between domestic and paid work in European societies in a fundamentally private, anti-egalitarian and exclusionary way. In the EU policies, the regulation of informal domestic work is deemed...<\/p>\n\t<\/div><!-- .entry-summary -->\n\t<footer class=\"entry-footer\">\n\t\t\t<div class=\"entry-actions\">\n\t\t\t<p class=\"more-link-wrap\">\n\t\t\t\t<a href=\"https:\/\/suvremene-teme.vern.hr\/en\/sirenje-javnog-sustava-pomoci-u-kucanstvu-pilot-projekt-u-sloveniji\/\" class=\"post-more-link\">\n\t\t\t\t\tVi\u0161e<span class=\"screen-reader-text\"> Expanding the Public System of Household Assistance: a Pilot Experiment in Slovenia<\/span><span class=\"kadence-svg-iconset svg-baseline\"><svg aria-hidden=\"true\" class=\"kadence-svg-icon kadence-arrow-right-alt-svg\" fill=\"currentColor\" version=\"1.1\" xmlns=\"http:\/\/www.w3.org\/2000\/svg\" width=\"27\" height=\"28\" viewbox=\"0 0 27 28\"><title>Continue<\/title><path d=\"M27 13.953c0 0.141-0.063 0.281-0.156 0.375l-6 5.531c-0.156 0.141-0.359 0.172-0.547 0.094-0.172-0.078-0.297-0.25-0.297-0.453v-3.5h-19.5c-0.281 0-0.5-0.219-0.5-0.5v-3c0-0.281 0.219-0.5 0.5-0.5h19.5v-3.5c0-0.203 0.109-0.375 0.297-0.453s0.391-0.047 0.547 0.078l6 5.469c0.094 0.094 0.156 0.219 0.156 0.359v0z\"><\/path>\n\t\t\t<\/svg><\/span>\t\t\t\t<\/a>\n\t\t\t<\/p>\n\t\t<\/div><!-- .entry-actions -->\n\t\t<\/footer><!-- .entry-footer -->\t\t<\/div>\n\t<\/article>\n<\/li>\n<li class=\"kb-post-list-item\">\n\t<article class=\"entry content-bg loop-entry post-901 post type-post status-publish format-standard hentry category-23 tag-enkulturacija tag-ljudski-mozak tag-pojedinac tag-proces-pamcenja\">\n\t\t\t\t<div class=\"entry-content-wrap\">\n\t\t\t<header class=\"entry-header\">\n\t<h2 class=\"entry-title\"><a href=\"https:\/\/suvremene-teme.vern.hr\/en\/enkulturacija-i-degenerativni-princip\/\" rel=\"bookmark\">Enculturation and the Degenerative Principle<\/a><\/h2>\t<div class=\"entry-meta entry-meta-divider-dot\">\n\t\t\t<span class=\"posted-by\">\r\n\t\tBy&nbsp;<a href=\"https:\/\/suvremene-teme.vern.hr\/en\/author\/daniel-washburn\/\" title=\"Posts by Daniel Washburn\" class=\"author url fn\" rel=\"author\">Daniel Washburn<\/a>\t\t<\/span>\r\n\t\t\t\t\t<span class=\"posted-on\">\n\t\t\t\t<time class=\"entry-date published\" datetime=\"2008-04-28T14:38:00+00:00\">28. April 2008.<\/time><time class=\"updated\" datetime=\"2026-04-24T08:13:09+00:00\">24. April 2026.<\/time>\t\t\t<\/span>\n\t\t\t\t<\/div><!-- .entry-meta -->\n\t<\/header><!-- .entry-header -->\n\t<div class=\"entry-summary\">\n\t\t<p>The model of enculturation I propose operates with a claim that individuals are intrinsically idiosyncratic. Support for individual idiosyncrasy begins at the level of neurons and goes on to encompass inter-individual phenomena. I draw on cognitive and social theory to support my position. In particular I consider the work of neurologist Gerald Edelman (2004) and his \u201ctheory of neuronal group selection\u201d (TNGS) and Sahlins (2000) and his theory of culture...<\/p>\n\t<\/div><!-- .entry-summary -->\n\t<footer class=\"entry-footer\">\n\t\t\t<div class=\"entry-actions\">\n\t\t\t<p class=\"more-link-wrap\">\n\t\t\t\t<a href=\"https:\/\/suvremene-teme.vern.hr\/en\/enkulturacija-i-degenerativni-princip\/\" class=\"post-more-link\">\n\t\t\t\t\tVi\u0161e<span class=\"screen-reader-text\"> Enculturation and the Degenerative Principle<\/span><span class=\"kadence-svg-iconset svg-baseline\"><svg aria-hidden=\"true\" class=\"kadence-svg-icon kadence-arrow-right-alt-svg\" fill=\"currentColor\" version=\"1.1\" xmlns=\"http:\/\/www.w3.org\/2000\/svg\" width=\"27\" height=\"28\" viewbox=\"0 0 27 28\"><title>Continue<\/title><path d=\"M27 13.953c0 0.141-0.063 0.281-0.156 0.375l-6 5.531c-0.156 0.141-0.359 0.172-0.547 0.094-0.172-0.078-0.297-0.25-0.297-0.453v-3.5h-19.5c-0.281 0-0.5-0.219-0.5-0.5v-3c0-0.281 0.219-0.5 0.5-0.5h19.5v-3.5c0-0.203 0.109-0.375 0.297-0.453s0.391-0.047 0.547 0.078l6 5.469c0.094 0.094 0.156 0.219 0.156 0.359v0z\"><\/path>\n\t\t\t<\/svg><\/span>\t\t\t\t<\/a>\n\t\t\t<\/p>\n\t\t<\/div><!-- .entry-actions -->\n\t\t<\/footer><!-- .entry-footer -->\t\t<\/div>\n\t<\/article>\n<\/li>\n<li class=\"kb-post-list-item\">\n\t<article class=\"entry content-bg loop-entry post-898 post type-post status-publish format-standard hentry category-23 tag-odgoj-i-obrazovanje-za-odrzivi-razvoj tag-stavovi-studenata-o-odrzivom-razvoju\">\n\t\t\t\t<div class=\"entry-content-wrap\">\n\t\t\t<header class=\"entry-header\">\n\t<h2 class=\"entry-title\"><a href=\"https:\/\/suvremene-teme.vern.hr\/en\/nisam-sigurna-sto-je-ali-je-bitno-analiza-stavova-studenata-sveucilista-u-rijeci-o-odrzivom-razvoju\/\" rel=\"bookmark\">\u201cI\u2019m not sure what it is, but it is important\u201d - Analysis of the Attitudes of Students of University of Rijeka in Terms of Sustainable Development<\/a><\/h2>\t<div class=\"entry-meta entry-meta-divider-dot\">\n\t\t\t<span class=\"posted-by\">\r\n\t\tBy&nbsp;<a href=\"https:\/\/suvremene-teme.vern.hr\/en\/author\/nena-roncevic\/\" title=\"Posts by Nena Ron\u010devi\u0107\" class=\"author url fn\" rel=\"author\">Nena Ron\u010devi\u0107<\/a>,&nbsp;<a href=\"https:\/\/suvremene-teme.vern.hr\/en\/author\/jasminka-ledic\/\" title=\"Posts by Jasminka Ledi\u0107\" class=\"author url fn\" rel=\"author\">Jasminka Ledi\u0107<\/a>&nbsp;&#038;&nbsp;<a href=\"https:\/\/suvremene-teme.vern.hr\/en\/author\/bojana-culum\/\" title=\"Posts by Bojana \u0106ulum\" class=\"author url fn\" rel=\"author\">Bojana \u0106ulum<\/a>\t\t<\/span>\r\n\t\t\t\t\t<span class=\"posted-on\">\n\t\t\t\t<time class=\"entry-date published\" datetime=\"2008-04-28T14:32:00+00:00\">28. April 2008.<\/time><time class=\"updated\" datetime=\"2026-04-23T06:07:56+00:00\">23. April 2026.<\/time>\t\t\t<\/span>\n\t\t\t\t<\/div><!-- .entry-meta -->\n\t<\/header><!-- .entry-header -->\n\t<div class=\"entry-summary\">\n\t\t<p>Theoretical part of this paper consists of a coherent overview of different approaches and definitions of sustainable development and analyses of the role that higher education institutions (should) play in promoting the sustainable development. Furthermore, relevant research results regarding this concept are presented. The empirical part of paper analyses results of a pilot study conducted in 2007 at the University of Rijeka on a sample of 105 students.<\/p>\n\t<\/div><!-- .entry-summary -->\n\t<footer class=\"entry-footer\">\n\t\t\t<div class=\"entry-actions\">\n\t\t\t<p class=\"more-link-wrap\">\n\t\t\t\t<a href=\"https:\/\/suvremene-teme.vern.hr\/en\/nisam-sigurna-sto-je-ali-je-bitno-analiza-stavova-studenata-sveucilista-u-rijeci-o-odrzivom-razvoju\/\" class=\"post-more-link\">\n\t\t\t\t\tVi\u0161e<span class=\"screen-reader-text\"> \u201cI\u2019m not sure what it is, but it is important\u201d - Analysis of the Attitudes of Students of University of Rijeka in Terms of Sustainable Development<\/span><span class=\"kadence-svg-iconset svg-baseline\"><svg aria-hidden=\"true\" class=\"kadence-svg-icon kadence-arrow-right-alt-svg\" fill=\"currentColor\" version=\"1.1\" xmlns=\"http:\/\/www.w3.org\/2000\/svg\" width=\"27\" height=\"28\" viewbox=\"0 0 27 28\"><title>Continue<\/title><path d=\"M27 13.953c0 0.141-0.063 0.281-0.156 0.375l-6 5.531c-0.156 0.141-0.359 0.172-0.547 0.094-0.172-0.078-0.297-0.25-0.297-0.453v-3.5h-19.5c-0.281 0-0.5-0.219-0.5-0.5v-3c0-0.281 0.219-0.5 0.5-0.5h19.5v-3.5c0-0.203 0.109-0.375 0.297-0.453s0.391-0.047 0.547 0.078l6 5.469c0.094 0.094 0.156 0.219 0.156 0.359v0z\"><\/path>\n\t\t\t<\/svg><\/span>\t\t\t\t<\/a>\n\t\t\t<\/p>\n\t\t<\/div><!-- .entry-actions -->\n\t\t<\/footer><!-- .entry-footer -->\t\t<\/div>\n\t<\/article>\n<\/li>\n<li class=\"kb-post-list-item\">\n\t<article class=\"entry content-bg loop-entry post-887 post type-post status-publish format-standard hentry category-23\">\n\t\t\t\t<div class=\"entry-content-wrap\">\n\t\t\t<header class=\"entry-header\">\n\t<h2 class=\"entry-title\"><a href=\"https:\/\/suvremene-teme.vern.hr\/en\/usporedba-geopolitickog-znacenja-post-hladnoratovskih-krugova-prosirenja-nato-a\/\" rel=\"bookmark\">Comparison of Geopolitical Significance of Post Cold War Rounds of Enlargement of NATO<\/a><\/h2>\t<div class=\"entry-meta entry-meta-divider-dot\">\n\t\t\t<span class=\"posted-by\">\r\n\t\tBy&nbsp;<a href=\"https:\/\/suvremene-teme.vern.hr\/en\/author\/petar-kurecic\/\" title=\"Posts by Petar Kure\u010di\u0107\" class=\"author url fn\" rel=\"author\">Petar Kure\u010di\u0107<\/a>\t\t<\/span>\r\n\t\t\t\t\t<span class=\"posted-on\">\n\t\t\t\t<time class=\"entry-date published\" datetime=\"2009-04-28T14:21:00+00:00\">28. April 2009.<\/time><time class=\"updated\" datetime=\"2026-04-24T08:14:53+00:00\">24. April 2026.<\/time>\t\t\t<\/span>\n\t\t\t\t<\/div><!-- .entry-meta -->\n\t<\/header><!-- .entry-header -->\n\t<div class=\"entry-summary\">\n\t\t<p>In the Post-Cold War era, NATO enlargements occurred in two rounds. Ten new member states joined NATO. These enlargements represent a major asset to the...<\/p>\n\t<\/div><!-- .entry-summary -->\n\t<footer class=\"entry-footer\">\n\t\t\t<div class=\"entry-actions\">\n\t\t\t<p class=\"more-link-wrap\">\n\t\t\t\t<a href=\"https:\/\/suvremene-teme.vern.hr\/en\/usporedba-geopolitickog-znacenja-post-hladnoratovskih-krugova-prosirenja-nato-a\/\" class=\"post-more-link\">\n\t\t\t\t\tVi\u0161e<span class=\"screen-reader-text\"> Comparison of Geopolitical Significance of Post Cold War Rounds of Enlargement of NATO<\/span><span class=\"kadence-svg-iconset svg-baseline\"><svg aria-hidden=\"true\" class=\"kadence-svg-icon kadence-arrow-right-alt-svg\" fill=\"currentColor\" version=\"1.1\" xmlns=\"http:\/\/www.w3.org\/2000\/svg\" width=\"27\" height=\"28\" viewbox=\"0 0 27 28\"><title>Continue<\/title><path d=\"M27 13.953c0 0.141-0.063 0.281-0.156 0.375l-6 5.531c-0.156 0.141-0.359 0.172-0.547 0.094-0.172-0.078-0.297-0.25-0.297-0.453v-3.5h-19.5c-0.281 0-0.5-0.219-0.5-0.5v-3c0-0.281 0.219-0.5 0.5-0.5h19.5v-3.5c0-0.203 0.109-0.375 0.297-0.453s0.391-0.047 0.547 0.078l6 5.469c0.094 0.094 0.156 0.219 0.156 0.359v0z\"><\/path>\n\t\t\t<\/svg><\/span>\t\t\t\t<\/a>\n\t\t\t<\/p>\n\t\t<\/div><!-- .entry-actions -->\n\t\t<\/footer><!-- .entry-footer -->\t\t<\/div>\n\t<\/article>\n<\/li>\n<li class=\"kb-post-list-item\">\n\t<article class=\"entry content-bg loop-entry post-883 post type-post status-publish format-standard hentry category-23\">\n\t\t\t\t<div class=\"entry-content-wrap\">\n\t\t\t<header class=\"entry-header\">\n\t<h2 class=\"entry-title\"><a href=\"https:\/\/suvremene-teme.vern.hr\/en\/anne-phillips-multiculturalism-without-culture\/\" rel=\"bookmark\">Anne Phillips: Multiculturalism without Culture<\/a><\/h2>\t<div class=\"entry-meta entry-meta-divider-dot\">\n\t\t\t<span class=\"posted-by\">\r\n\t\tBy&nbsp;<a href=\"https:\/\/suvremene-teme.vern.hr\/en\/author\/nikolina-jozanc\/\" title=\"Posts by Nikolina Jo\u017eanc\" class=\"author url fn\" rel=\"author\">Nikolina Jo\u017eanc<\/a>\t\t<\/span>\r\n\t\t\t\t\t<span class=\"posted-on\">\n\t\t\t\t<time class=\"entry-date published\" datetime=\"2009-04-28T14:16:00+00:00\">28. April 2009.<\/time><time class=\"updated\" datetime=\"2026-04-24T08:15:02+00:00\">24. April 2026.<\/time>\t\t\t<\/span>\n\t\t\t\t<\/div><!-- .entry-meta -->\n\t<\/header><!-- .entry-header -->\n\t<div class=\"entry-summary\">\n\t\t\t<\/div><!-- .entry-summary -->\n\t<footer class=\"entry-footer\">\n\t\t\t<div class=\"entry-actions\">\n\t\t\t<p class=\"more-link-wrap\">\n\t\t\t\t<a href=\"https:\/\/suvremene-teme.vern.hr\/en\/anne-phillips-multiculturalism-without-culture\/\" class=\"post-more-link\">\n\t\t\t\t\tVi\u0161e<span class=\"screen-reader-text\"> Anne Phillips: Multiculturalism without Culture<\/span><span class=\"kadence-svg-iconset svg-baseline\"><svg aria-hidden=\"true\" class=\"kadence-svg-icon kadence-arrow-right-alt-svg\" fill=\"currentColor\" version=\"1.1\" xmlns=\"http:\/\/www.w3.org\/2000\/svg\" width=\"27\" height=\"28\" viewbox=\"0 0 27 28\"><title>Continue<\/title><path d=\"M27 13.953c0 0.141-0.063 0.281-0.156 0.375l-6 5.531c-0.156 0.141-0.359 0.172-0.547 0.094-0.172-0.078-0.297-0.25-0.297-0.453v-3.5h-19.5c-0.281 0-0.5-0.219-0.5-0.5v-3c0-0.281 0.219-0.5 0.5-0.5h19.5v-3.5c0-0.203 0.109-0.375 0.297-0.453s0.391-0.047 0.547 0.078l6 5.469c0.094 0.094 0.156 0.219 0.156 0.359v0z\"><\/path>\n\t\t\t<\/svg><\/span>\t\t\t\t<\/a>\n\t\t\t<\/p>\n\t\t<\/div><!-- .entry-actions -->\n\t\t<\/footer><!-- .entry-footer -->\t\t<\/div>\n\t<\/article>\n<\/li>\n<li class=\"kb-post-list-item\">\n\t<article class=\"entry content-bg loop-entry post-890 post type-post status-publish format-standard hentry category-23 tag-drzava tag-hegemonija tag-imperij tag-imperijalnost tag-suverenitet\">\n\t\t\t\t<div class=\"entry-content-wrap\">\n\t\t\t<header class=\"entry-header\">\n\t<h2 class=\"entry-title\"><a href=\"https:\/\/suvremene-teme.vern.hr\/en\/imperij-kao-predmet-politoloske-analize\/\" rel=\"bookmark\">Empire as a Subject of Political Science Analysis<\/a><\/h2>\t<div class=\"entry-meta entry-meta-divider-dot\">\n\t\t\t<span class=\"posted-by\">\r\n\t\tBy&nbsp;<a href=\"https:\/\/suvremene-teme.vern.hr\/en\/author\/viseslav-raos\/\" title=\"Posts by Vi\u0161eslav Raos\" class=\"author url fn\" rel=\"author\">Vi\u0161eslav Raos<\/a>\t\t<\/span>\r\n\t\t\t\t\t<span class=\"posted-on\">\n\t\t\t\t<time class=\"entry-date published\" datetime=\"2008-04-28T14:27:00+00:00\">28. April 2008.<\/time><time class=\"updated\" datetime=\"2026-04-24T08:16:09+00:00\">24. April 2026.<\/time>\t\t\t<\/span>\n\t\t\t\t<\/div><!-- .entry-meta -->\n\t<\/header><!-- .entry-header -->\n\t<div class=\"entry-summary\">\n\t\t<p>This paper seeks to clarify conceptual and practical differences between the empire and imperial structures and the state and its determinants. The empire is historically and geographically differentiated and then interlinked with the concept of hegemony.<\/p>\n\t<\/div><!-- .entry-summary -->\n\t<footer class=\"entry-footer\">\n\t\t\t<div class=\"entry-actions\">\n\t\t\t<p class=\"more-link-wrap\">\n\t\t\t\t<a href=\"https:\/\/suvremene-teme.vern.hr\/en\/imperij-kao-predmet-politoloske-analize\/\" class=\"post-more-link\">\n\t\t\t\t\tVi\u0161e<span class=\"screen-reader-text\"> Empire as a Subject of Political Science Analysis<\/span><span class=\"kadence-svg-iconset svg-baseline\"><svg aria-hidden=\"true\" class=\"kadence-svg-icon kadence-arrow-right-alt-svg\" fill=\"currentColor\" version=\"1.1\" xmlns=\"http:\/\/www.w3.org\/2000\/svg\" width=\"27\" height=\"28\" viewbox=\"0 0 27 28\"><title>Continue<\/title><path d=\"M27 13.953c0 0.141-0.063 0.281-0.156 0.375l-6 5.531c-0.156 0.141-0.359 0.172-0.547 0.094-0.172-0.078-0.297-0.25-0.297-0.453v-3.5h-19.5c-0.281 0-0.5-0.219-0.5-0.5v-3c0-0.281 0.219-0.5 0.5-0.5h19.5v-3.5c0-0.203 0.109-0.375 0.297-0.453s0.391-0.047 0.547 0.078l6 5.469c0.094 0.094 0.156 0.219 0.156 0.359v0z\"><\/path>\n\t\t\t<\/svg><\/span>\t\t\t\t<\/a>\n\t\t\t<\/p>\n\t\t<\/div><!-- .entry-actions -->\n\t\t<\/footer><!-- .entry-footer -->\t\t<\/div>\n\t<\/article>\n<\/li>\n<li class=\"kb-post-list-item\">\n\t<article class=\"entry content-bg loop-entry post-878 post type-post status-publish format-standard hentry category-23\">\n\t\t\t\t<div class=\"entry-content-wrap\">\n\t\t\t<header class=\"entry-header\">\n\t<h2 class=\"entry-title\"><a href=\"https:\/\/suvremene-teme.vern.hr\/en\/daniel-hamilton-i-gerhard-mangott-ur-the-wider-black-sea-region-in-the-21st-century-strategic-economic-and-energy-perspectives\/\" rel=\"bookmark\">Daniel Hamilton i Gerhard Mangott (ur.) The Wider Black Sea Region in the 21st Century: Strategic, Economic and Energy Perspectives<\/a><\/h2>\t<div class=\"entry-meta entry-meta-divider-dot\">\n\t\t\t<span class=\"posted-by\">\r\n\t\tBy&nbsp;<a href=\"https:\/\/suvremene-teme.vern.hr\/en\/author\/viseslav-raos\/\" title=\"Posts by Vi\u0161eslav Raos\" class=\"author url fn\" rel=\"author\">Vi\u0161eslav Raos<\/a>\t\t<\/span>\r\n\t\t\t\t\t<span class=\"posted-on\">\n\t\t\t\t<time class=\"entry-date published\" datetime=\"2008-04-28T14:14:00+00:00\">28. April 2008.<\/time><time class=\"updated\" datetime=\"2026-04-24T08:16:15+00:00\">24. April 2026.<\/time>\t\t\t<\/span>\n\t\t\t\t<\/div><!-- .entry-meta -->\n\t<\/header><!-- .entry-header -->\n\t<div class=\"entry-summary\">\n\t\t\t<\/div><!-- .entry-summary -->\n\t<footer class=\"entry-footer\">\n\t\t\t<div class=\"entry-actions\">\n\t\t\t<p class=\"more-link-wrap\">\n\t\t\t\t<a href=\"https:\/\/suvremene-teme.vern.hr\/en\/daniel-hamilton-i-gerhard-mangott-ur-the-wider-black-sea-region-in-the-21st-century-strategic-economic-and-energy-perspectives\/\" class=\"post-more-link\">\n\t\t\t\t\tVi\u0161e<span class=\"screen-reader-text\"> Daniel Hamilton i Gerhard Mangott (ur.) The Wider Black Sea Region in the 21st Century: Strategic, Economic and Energy Perspectives<\/span><span class=\"kadence-svg-iconset svg-baseline\"><svg aria-hidden=\"true\" class=\"kadence-svg-icon kadence-arrow-right-alt-svg\" fill=\"currentColor\" version=\"1.1\" xmlns=\"http:\/\/www.w3.org\/2000\/svg\" width=\"27\" height=\"28\" viewbox=\"0 0 27 28\"><title>Continue<\/title><path d=\"M27 13.953c0 0.141-0.063 0.281-0.156 0.375l-6 5.531c-0.156 0.141-0.359 0.172-0.547 0.094-0.172-0.078-0.297-0.25-0.297-0.453v-3.5h-19.5c-0.281 0-0.5-0.219-0.5-0.5v-3c0-0.281 0.219-0.5 0.5-0.5h19.5v-3.5c0-0.203 0.109-0.375 0.297-0.453s0.391-0.047 0.547 0.078l6 5.469c0.094 0.094 0.156 0.219 0.156 0.359v0z\"><\/path>\n\t\t\t<\/svg><\/span>\t\t\t\t<\/a>\n\t\t\t<\/p>\n\t\t<\/div><!-- .entry-actions -->\n\t\t<\/footer><!-- .entry-footer -->\t\t<\/div>\n\t<\/article>\n<\/li>\n<\/ul><\/div><\/div>\n<\/div><\/div><\/div>","protected":false},"excerpt":{"rendered":"","protected":false},"author":6,"featured_media":0,"parent":0,"menu_order":0,"comment_status":"closed","ping_status":"closed","template":"","meta":{"_kad_post_transparent":"","_kad_post_title":"","_kad_post_layout":"","_kad_post_sidebar_id":"","_kad_post_content_style":"","_kad_post_vertical_padding":"","_kad_post_feature":"","_kad_post_feature_position":"","_kad_post_header":false,"_kad_post_footer":false,"_kad_post_classname":"","footnotes":""},"coauthors":[589],"class_list":["post-134","page","type-page","status-publish","hentry"],"_links":{"self":[{"href":"https:\/\/suvremene-teme.vern.hr\/en\/wp-json\/wp\/v2\/pages\/134","targetHints":{"allow":["GET"]}}],"collection":[{"href":"https:\/\/suvremene-teme.vern.hr\/en\/wp-json\/wp\/v2\/pages"}],"about":[{"href":"https:\/\/suvremene-teme.vern.hr\/en\/wp-json\/wp\/v2\/types\/page"}],"author":[{"embeddable":true,"href":"https:\/\/suvremene-teme.vern.hr\/en\/wp-json\/wp\/v2\/users\/6"}],"replies":[{"embeddable":true,"href":"https:\/\/suvremene-teme.vern.hr\/en\/wp-json\/wp\/v2\/comments?post=134"}],"version-history":[{"count":59,"href":"https:\/\/suvremene-teme.vern.hr\/en\/wp-json\/wp\/v2\/pages\/134\/revisions"}],"predecessor-version":[{"id":1530,"href":"https:\/\/suvremene-teme.vern.hr\/en\/wp-json\/wp\/v2\/pages\/134\/revisions\/1530"}],"wp:attachment":[{"href":"https:\/\/suvremene-teme.vern.hr\/en\/wp-json\/wp\/v2\/media?parent=134"}],"wp:term":[{"taxonomy":"author","embeddable":true,"href":"https:\/\/suvremene-teme.vern.hr\/en\/wp-json\/wp\/v2\/coauthors?post=134"}],"curies":[{"name":"wp","href":"https:\/\/api.w.org\/{rel}","templated":true}]}}